{"id":530,"date":"2023-01-20T08:21:58","date_gmt":"2023-01-20T11:21:58","guid":{"rendered":"https:\/\/lajes.ticetb.com.br\/transparente\/index\/?page_id=530"},"modified":"2025-04-25T09:14:52","modified_gmt":"2025-04-25T12:14:52","slug":"legislacao-covid-19","status":"publish","type":"page","link":"https:\/\/lajes.rn.gov.br\/transparente\/index\/legislacao-covid-19\/","title":{"rendered":"Legisla\u00e7\u00e3o COVID-19"},"content":{"rendered":"<div align=\"right\">|\u00a0<strong><a href=\"\/feed\" target=\"_blank\" rel=\"noopener\">XML\u2193<\/a><\/strong>\u00a0| <a href=\"https:\/\/lajes.rn.gov.br\/transparente\/index\/wp-content\/uploads\/2025\/04\/export.csv\" target=\"_blank\" rel=\"noopener\">\u00a0<strong>CSV\u2193<\/strong><\/a>\u00a0| <a href=\"?print=pdf\" target=\"_blank\" rel=\"noopener\"><strong>PDF<\/strong>\u2193<\/a>\u00a0\u00a0| <a href=\"?print=print\" target=\"_blank\" rel=\"noopener\"><strong>IMPRIMIR<\/strong>\u2193<\/a>\u00a0\u00a0|<\/div>\n<p>&nbsp;<\/p>\n<div class=\"pt-cv-wrapper\"><div class=\"pt-cv-view pt-cv-grid pt-cv-colsys\" id=\"pt-cv-view-cb4a32dbks\"><div data-id=\"pt-cv-page-1\" class=\"pt-cv-page\" data-cvc=\"1\"><div class=\"col-md-12 col-sm-12 col-xs-12 pt-cv-content-item pt-cv-1-col\" ><div class='pt-cv-ifield'><p class=\"pt-cv-title\"><a href=\"https:\/\/lajes.rn.gov.br\/transparente\/index\/decreto-municipal-no-016-2022-gp-dispoe-sobre-normas-para-o-enfretamento-da-pandemia-do-covid19-no-ambito-municipal-e-das-outras-providencias\/\" class=\"_self\" target=\"_self\" >DECRETO MUNICIPAL N\u00ba 016\/2022 \u2013 GP &#8211; \u201cDisp\u00f5e sobre normas para o enfretamento da Pandemia do Covid19 no \u00e2mbito municipal, e das outras provid\u00eancias\u201d<\/a><\/p><\/div><\/div>\n<div class=\"col-md-12 col-sm-12 col-xs-12 pt-cv-content-item pt-cv-1-col\" ><div class='pt-cv-ifield'><p class=\"pt-cv-title\"><a href=\"https:\/\/lajes.rn.gov.br\/transparente\/index\/decreto-municipal-no-014-2022-gp-republicado-por-incorrecao\/\" class=\"_self\" target=\"_self\" >DECRETO MUNICIPAL N\u00ba 014\/2022 \u2013 GP &#8211; REPUBLICADO POR INCORRE\u00c7\u00c3O<\/a><\/p><\/div><\/div>\n<div class=\"col-md-12 col-sm-12 col-xs-12 pt-cv-content-item pt-cv-1-col\" ><div class='pt-cv-ifield'><p class=\"pt-cv-title\"><a href=\"https:\/\/lajes.rn.gov.br\/transparente\/index\/decreto-municipal-no-014-2022-gp-dispoe-sobre-normas-para-o-enfretamento-da-pandemia-do-covid19-no-ambito-municipal-e-das-outras-providencias\/\" class=\"_self\" target=\"_self\" >DECRETO MUNICIPAL N\u00ba 014\/2022 \u2013 GP &#8211; \u201cDisp\u00f5e sobre normas para o enfretamento da Pandemia do Covid19 no \u00e2mbito municipal, e das outras provid\u00eancias\u201d<\/a><\/p><\/div><\/div>\n<div class=\"col-md-12 col-sm-12 col-xs-12 pt-cv-content-item pt-cv-1-col\" ><div class='pt-cv-ifield'><p class=\"pt-cv-title\"><a href=\"https:\/\/lajes.rn.gov.br\/transparente\/index\/decreto-municipal-n-029-2021-gp-dispoe-sobre-normas-para-o-enfretamento-da-pandemia-do-covid-19-no-ambito-municipal-e-das-outras-providencias\/\" class=\"_self\" target=\"_self\" >DECRETO MUNICIPAL N\u00b0 029\/2021 \u2013 GP &#8211; Disp\u00f5e sobre normas para o enfretamento da Pandemia do COVID-19 no \u00e2mbito municipal, e das outras provid\u00eancias.<\/a><\/p><\/div><\/div>\n<div class=\"col-md-12 col-sm-12 col-xs-12 pt-cv-content-item pt-cv-1-col\" ><div class='pt-cv-ifield'><p class=\"pt-cv-title\"><a href=\"https:\/\/lajes.rn.gov.br\/transparente\/index\/decreto-municipal-n-028-2021-gp-dispoe-sobre-normas-para-o-enfretamento-da-pandemia-do-covid-19-no-ambito-municipal-e-das-outras-providencias\/\" class=\"_self\" target=\"_self\" >DECRETO MUNICIPAL N\u00b0 028\/2021 &#8211; GP &#8211; Disp\u00f5e sobre normas para o enfretamento da Pandemia do COVID-19 no \u00e2mbito municipal, e das outras provid\u00eancias.<\/a><\/p><\/div><\/div>\n<div class=\"col-md-12 col-sm-12 col-xs-12 pt-cv-content-item pt-cv-1-col\" ><div class='pt-cv-ifield'><p class=\"pt-cv-title\"><a href=\"https:\/\/lajes.rn.gov.br\/transparente\/index\/decreto-municipal-n-027-2021-gp-dispoe-sobre-normas-para-o-enfretamento-da-pandemia-do-covid-19-no-ambito-municipal-e-da-outras-providencias\/\" class=\"_self\" target=\"_self\" >DECRETO MUNICIPAL N\u00b0 027\/2021 &#8211; GP &#8211; Disp\u00f5e sobre normas para o enfretamento da Pandemia do COVID-19 no \u00e2mbito municipal, e da outras provid\u00eancias.<\/a><\/p><\/div><\/div>\n<div class=\"col-md-12 col-sm-12 col-xs-12 pt-cv-content-item pt-cv-1-col\" ><div class='pt-cv-ifield'><p class=\"pt-cv-title\"><a href=\"https:\/\/lajes.rn.gov.br\/transparente\/index\/decreto-municipal-n-025-2021-gp-dispoe-sobre-normas-para-o-enfretamento-da-pandemia-do-covid19-no-ambito-municipal-e-da-outras-providencias\/\" class=\"_self\" target=\"_self\" >DECRETO MUNICIPAL N\u00b0 025\/2021 &#8211; GP &#8211; Disp\u00f5e sobre normas para o enfretamento da Pandemia do Covid19 no \u00e2mbito municipal, e da outras provid\u00eancias.<\/a><\/p><\/div><\/div>\n<div class=\"col-md-12 col-sm-12 col-xs-12 pt-cv-content-item pt-cv-1-col\" ><div class='pt-cv-ifield'><p class=\"pt-cv-title\"><a href=\"https:\/\/lajes.rn.gov.br\/transparente\/index\/decreto-municipal-n-024-2021-gp-dispoe-sobre-normas-para-o-enfretamento-da-pandemia-do-covid-19-no-ambito-municipal-e-da-outras-providencias\/\" class=\"_self\" target=\"_self\" >DECRETO MUNICIPAL N\u00b0 024\/2021 &#8211; GP &#8211; Disp\u00f5e sobre normas para o enfretamento da Pandemia do COVID-19 no \u00e2mbito municipal, e da outras provid\u00eancias.<\/a><\/p><\/div><\/div>\n<div class=\"col-md-12 col-sm-12 col-xs-12 pt-cv-content-item pt-cv-1-col\" ><div class='pt-cv-ifield'><p class=\"pt-cv-title\"><a href=\"https:\/\/lajes.rn.gov.br\/transparente\/index\/decreto-municipal-n-021-2021-gp-republicado-por-incorrecao\/\" class=\"_self\" target=\"_self\" >DECRETO MUNICIPAL N\u00b0 021\/2021 \u2013 GP \u2013 REPUBLICADO POR INCORRE\u00c7\u00c3O<\/a><\/p><\/div><\/div>\n<div class=\"col-md-12 col-sm-12 col-xs-12 pt-cv-content-item pt-cv-1-col\" ><div class='pt-cv-ifield'><p class=\"pt-cv-title\"><a href=\"https:\/\/lajes.rn.gov.br\/transparente\/index\/decreto-municipal-n-021-2021-gp-dispoe-sobre-normas-para-o-enfretamento-da-pandemia-do-covid-19-no-ambito-municipal-e-da-outras-providencias\/\" class=\"_self\" target=\"_self\" >DECRETO MUNICIPAL N\u00b0 021\/2021 \u2013 GP &#8211; Disp\u00f5e sobre normas para o enfretamento da Pandemia do COVID-19 no \u00e2mbito municipal, e da outras provid\u00eancias.<\/a><\/p><\/div><\/div>\n<div class=\"col-md-12 col-sm-12 col-xs-12 pt-cv-content-item pt-cv-1-col\" ><div class='pt-cv-ifield'><p class=\"pt-cv-title\"><a href=\"https:\/\/lajes.rn.gov.br\/transparente\/index\/decreto-municipal-n-015-2021-gp-dispoe-sobre-normas-para-o-enfretamento-da-pandemia-do-covid-19-no-ambito-municipal-e-da-outras-providencias\/\" class=\"_self\" target=\"_self\" >DECRETO MUNICIPAL N\u00b0 015\/2021 &#8211; GP &#8211; Disp\u00f5e sobre normas para o enfretamento da Pandemia do COVID-19 no \u00e2mbito municipal, e da outras provid\u00eancias.<\/a><\/p><\/div><\/div>\n<div class=\"col-md-12 col-sm-12 col-xs-12 pt-cv-content-item pt-cv-1-col\" ><div class='pt-cv-ifield'><p class=\"pt-cv-title\"><a href=\"https:\/\/lajes.rn.gov.br\/transparente\/index\/lei-municipal-n-870-2021-dispoe-sobre-a-obrigatoriedade-de-divulgacao-diaria-de-boletim-exclusivo-sobre-dados-de-vacinacao-no-combate-a-doenca-covid-19-no-ambito-do-municipio-de-lajes-e-da-out\/\" class=\"_self\" target=\"_self\" >LEI MUNICIPAL N\u00b0 870\/2021 &#8211; Disp\u00f5e sobre a obrigatoriedade de divulga\u00e7\u00e3o di\u00e1ria de boletim exclusivo sobre dados de vacina\u00e7\u00e3o no combate \u00e0 doen\u00e7a COVID-19 no \u00e2mbito do Munic\u00edpio de Lajes e d\u00e1 outras provid\u00eancias<\/a><\/p><\/div><\/div>\n<div class=\"col-md-12 col-sm-12 col-xs-12 pt-cv-content-item pt-cv-1-col\" ><div class='pt-cv-ifield'><p class=\"pt-cv-title\"><a href=\"https:\/\/lajes.rn.gov.br\/transparente\/index\/lei-municipal-n-871-2021-dispoe-sobre-a-obrigatoriedade-de-divulgacao-diaria-de-boletim-epidemiologico-sobre-a-doenca-cov-d-19-no-ambito-do-municipio-de-lajes-e-da-outras-providencia\/\" class=\"_self\" target=\"_self\" >LEI MUNICIPAL N\u00b0 871\/2021 &#8211; Disp\u00f5e sobre a obrigatoriedade de\u00a0divulga\u00e7\u00e3o di\u00e1ria de boletim epidemiol\u00f3gico sobre \u00e0\u00a0doen\u00e7a COV\/D-19 no \u00e2mbito do Munic\u00edpio de Lajes e d\u00e1 outras provid\u00eancias.<\/a><\/p><\/div><\/div>\n<div class=\"col-md-12 col-sm-12 col-xs-12 pt-cv-content-item pt-cv-1-col\" ><div class='pt-cv-ifield'><p class=\"pt-cv-title\"><a href=\"https:\/\/lajes.rn.gov.br\/transparente\/index\/decreto-municipal-n-014-2021-gp-dispoe-sobre-normas-para-o-enfretamento-da-pandemia-do-covid-19-no-ambito-municipal-e-das-outras-providencias\/\" class=\"_self\" target=\"_self\" >DECRETO MUNICIPAL N\u00b0 014\/2021 &#8211; GP &#8211; Disp\u00f5e sobre normas para o enfretamento da Pandemia do COVID-19 no \u00e2mbito municipal, e das outras provid\u00eancias.<\/a><\/p><\/div><\/div>\n<div class=\"col-md-12 col-sm-12 col-xs-12 pt-cv-content-item pt-cv-1-col\" ><div class='pt-cv-ifield'><p class=\"pt-cv-title\"><a href=\"https:\/\/lajes.rn.gov.br\/transparente\/index\/decreto-municipal-n-012-2021-gp-dispoe-sobre-medidas-de-isolamento-social-em-carater-excepcional-e-temporario-destinadas-ao-enfrentamento-da-pandemia-do-novo-coronavirus-no-ambito\/\" class=\"_self\" target=\"_self\" >DECRETO MUNICIPAL N\u00b0 012\/2021 \u2013 GP &#8211; Disp\u00f5e sobre medidas de isolamento social, em car\u00e1ter excepcional e tempor\u00e1rio, destinadas ao enfrentamento da pandemia do novo coronav\u00edrus, no \u00e2mbito do Munic\u00edpio de Lajes\/RN.<\/a><\/p><\/div><\/div><\/div><\/div>\n<div class=\" pt-cv-pagination-wrapper\"><ul class=\"pt-cv-pagination pt-cv-ajax pagination\" data-totalpages=\"2\" data-currentpage=\"1\" data-sid=\"cb4a32dbks\" data-unid=\"\" data-isblock=\"\" data-postid=\"\"><li class=\"active\"><a href=\"#\">1<\/a><\/li>\n\t<li ><a class=\"\" href=\"https:\/\/lajes.rn.gov.br\/transparente\/index\/wp-json\/wp\/v2\/pages\/530\/?_page=2\">2<\/a><\/li>\n\t<li ><a class=\" \" href=\"https:\/\/lajes.rn.gov.br\/transparente\/index\/wp-json\/wp\/v2\/pages\/530\/?_page=2\">&rsaquo;<\/a><\/li>\n\t<\/ul><img decoding=\"async\" width=\"15\" height=\"15\" class=\"pt-cv-spinner\" alt=\"Carregando...;\" src=\"data:image\/gif;base64,R0lGODlhDwAPALMPAMrKygwMDJOTkz09PZWVla+vr3p6euTk5M7OzuXl5TMzMwAAAJmZmWZmZszMzP\/\/\/yH\/C05FVFNDQVBFMi4wAwEAAAAh+QQFCgAPACwAAAAADwAPAAAEQvDJaZaZOIcV8iQK8VRX4iTYoAwZ4iCYoAjZ4RxejhVNoT+mRGP4cyF4Pp0N98sBGIBMEMOotl6YZ3S61Bmbkm4mAgAh+QQFCgAPACwAAAAADQANAAAENPDJSRSZeA418itN8QiK8BiLITVsFiyBBIoYqnoewAD4xPw9iY4XLGYSjkQR4UAUD45DLwIAIfkEBQoADwAsAAAAAA8ACQAABC\/wyVlamTi3nSdgwFNdhEJgTJoNyoB9ISYoQmdjiZPcj7EYCAeCF1gEDo4Dz2eIAAAh+QQFCgAPACwCAAAADQANAAAEM\/DJBxiYeLKdX3IJZT1FU0iIg2RNKx3OkZVnZ98ToRD4MyiDnkAh6BkNC0MvsAj0kMpHBAAh+QQFCgAPACwGAAAACQAPAAAEMDC59KpFDll73HkAA2wVY5KgiK5b0RRoI6MuzG6EQqCDMlSGheEhUAgqgUUAFRySIgAh+QQFCgAPACwCAAIADQANAAAEM\/DJKZNLND\/kkKaHc3xk+QAMYDKsiaqmZCxGVjSFFCxB1vwy2oOgIDxuucxAMTAJFAJNBAAh+QQFCgAPACwAAAYADwAJAAAEMNAs86q1yaWwwv2Ig0jUZx3OYa4XoRAfwADXoAwfo1+CIjyFRuEho60aSNYlOPxEAAAh+QQFCgAPACwAAAIADQANAAAENPA9s4y8+IUVcqaWJ4qEQozSoAzoIyhCK2NFU2SJk0hNnyEOhKR2AzAAj4Pj4GE4W0bkJQIAOw==\" \/><div class=\"clear pt-cv-clear-pagination\"><\/div><\/div><\/div>\n","protected":false},"excerpt":{"rendered":"<p>|\u00a0XML\u2193\u00a0| \u00a0CSV\u2193\u00a0| PDF\u2193\u00a0\u00a0| IMPRIMIR\u2193\u00a0\u00a0| &nbsp;<\/p>\n","protected":false},"author":3,"featured_media":0,"parent":0,"menu_order":0,"comment_status":"closed","ping_status":"closed","template":"","meta":{"ocean_post_layout":"","ocean_both_sidebars_style":"","ocean_both_sidebars_content_width":0,"ocean_both_sidebars_sidebars_width":0,"ocean_sidebar":"0","ocean_second_sidebar":"0","ocean_disable_margins":"enable","ocean_add_body_class":"","ocean_shortcode_before_top_bar":"","ocean_shortcode_after_top_bar":"","ocean_shortcode_before_header":"","ocean_shortcode_after_header":"","ocean_has_shortcode":"","ocean_shortcode_after_title":"","ocean_shortcode_before_footer_widgets":"","ocean_shortcode_after_footer_widgets":"","ocean_shortcode_before_footer_bottom":"","ocean_shortcode_after_footer_bottom":"","ocean_display_top_bar":"default","ocean_display_header":"default","ocean_header_style":"","ocean_center_header_left_menu":"0","ocean_custom_header_template":"0","ocean_custom_logo":0,"ocean_custom_retina_logo":0,"ocean_custom_logo_max_width":0,"ocean_custom_logo_tablet_max_width":0,"ocean_custom_logo_mobile_max_width":0,"ocean_custom_logo_max_height":0,"ocean_custom_logo_tablet_max_height":0,"ocean_custom_logo_mobile_max_height":0,"ocean_header_custom_menu":"0","ocean_menu_typo_font_family":"0","ocean_menu_typo_font_subset":"","ocean_menu_typo_font_size":0,"ocean_menu_typo_font_size_tablet":0,"ocean_menu_typo_font_size_mobile":0,"ocean_menu_typo_font_size_unit":"px","ocean_menu_typo_font_weight":"","ocean_menu_typo_font_weight_tablet":"","ocean_menu_typo_font_weight_mobile":"","ocean_menu_typo_transform":"","ocean_menu_typo_transform_tablet":"","ocean_menu_typo_transform_mobile":"","ocean_menu_typo_line_height":0,"ocean_menu_typo_line_height_tablet":0,"ocean_menu_typo_line_height_mobile":0,"ocean_menu_typo_line_height_unit":"","ocean_menu_typo_spacing":0,"ocean_menu_typo_spacing_tablet":0,"ocean_menu_typo_spacing_mobile":0,"ocean_menu_typo_spacing_unit":"","ocean_menu_link_color":"","ocean_menu_link_color_hover":"","ocean_menu_link_color_active":"","ocean_menu_link_background":"","ocean_menu_link_hover_background":"","ocean_menu_link_active_background":"","ocean_menu_social_links_bg":"","ocean_menu_social_hover_links_bg":"","ocean_menu_social_links_color":"","ocean_menu_social_hover_links_color":"","ocean_disable_title":"default","ocean_disable_heading":"default","ocean_post_title":"","ocean_post_subheading":"","ocean_post_title_style":"","ocean_post_title_background_color":"","ocean_post_title_background":0,"ocean_post_title_bg_image_position":"","ocean_post_title_bg_image_attachment":"","ocean_post_title_bg_image_repeat":"","ocean_post_title_bg_image_size":"","ocean_post_title_height":0,"ocean_post_title_bg_overlay":0.5,"ocean_post_title_bg_overlay_color":"","ocean_disable_breadcrumbs":"default","ocean_breadcrumbs_color":"","ocean_breadcrumbs_separator_color":"","ocean_breadcrumbs_links_color":"","ocean_breadcrumbs_links_hover_color":"","ocean_display_footer_widgets":"default","ocean_display_footer_bottom":"default","ocean_custom_footer_template":"0","footnotes":""},"class_list":["post-530","page","type-page","status-publish","hentry","entry"],"_links":{"self":[{"href":"https:\/\/lajes.rn.gov.br\/transparente\/index\/wp-json\/wp\/v2\/pages\/530","targetHints":{"allow":["GET"]}}],"collection":[{"href":"https:\/\/lajes.rn.gov.br\/transparente\/index\/wp-json\/wp\/v2\/pages"}],"about":[{"href":"https:\/\/lajes.rn.gov.br\/transparente\/index\/wp-json\/wp\/v2\/types\/page"}],"author":[{"embeddable":true,"href":"https:\/\/lajes.rn.gov.br\/transparente\/index\/wp-json\/wp\/v2\/users\/3"}],"replies":[{"embeddable":true,"href":"https:\/\/lajes.rn.gov.br\/transparente\/index\/wp-json\/wp\/v2\/comments?post=530"}],"version-history":[{"count":3,"href":"https:\/\/lajes.rn.gov.br\/transparente\/index\/wp-json\/wp\/v2\/pages\/530\/revisions"}],"predecessor-version":[{"id":36819,"href":"https:\/\/lajes.rn.gov.br\/transparente\/index\/wp-json\/wp\/v2\/pages\/530\/revisions\/36819"}],"wp:attachment":[{"href":"https:\/\/lajes.rn.gov.br\/transparente\/index\/wp-json\/wp\/v2\/media?parent=530"}],"curies":[{"name":"wp","href":"https:\/\/api.w.org\/{rel}","templated":true}]}}