{"id":435,"date":"2023-01-19T17:06:44","date_gmt":"2023-01-19T20:06:44","guid":{"rendered":"https:\/\/lajes.ticetb.com.br\/transparente\/index\/?page_id=435"},"modified":"2025-04-25T09:22:41","modified_gmt":"2025-04-25T12:22:41","slug":"legislacao","status":"publish","type":"page","link":"https:\/\/lajes.rn.gov.br\/transparente\/index\/legislacao\/","title":{"rendered":"Legisla\u00e7\u00e3o"},"content":{"rendered":"<div align=\"right\">|\u00a0<strong><a href=\"\/feed\" target=\"_blank\" rel=\"noopener\">XML\u2193<\/a><\/strong>\u00a0| <a href=\"https:\/\/lajes.rn.gov.br\/transparente\/index\/wp-content\/uploads\/2025\/04\/export.csv\" target=\"_blank\" rel=\"noopener\">\u00a0<strong>CSV\u2193<\/strong><\/a>\u00a0| <a href=\"?print=pdf\" target=\"_blank\" rel=\"noopener\"><strong>PDF<\/strong>\u2193<\/a>\u00a0\u00a0| <a href=\"?print=print\" target=\"_blank\" rel=\"noopener\"><strong>IMPRIMIR<\/strong>\u2193<\/a>\u00a0\u00a0|<\/div>\n<p>&nbsp;<\/p>\n<div class=\"pt-cv-wrapper\"><div class=\"pt-cv-view pt-cv-grid pt-cv-colsys\" id=\"pt-cv-view-c97ebf5x9a\"><div data-id=\"pt-cv-page-1\" class=\"pt-cv-page\" data-cvc=\"1\"><div class=\"col-md-12 col-sm-12 col-xs-12 pt-cv-content-item pt-cv-1-col\" ><div class='pt-cv-ifield'><p class=\"pt-cv-title\"><a href=\"https:\/\/lajes.rn.gov.br\/transparente\/index\/lei-municipal-no-1-058-2026-dispoe-sobre-a-alteracao-dos-artigos-2o-3o-e-4o-da-lei-no-1-052-de-09-de-marco-de-2026-que-trata-do-parcelamento-e-reparcelamento-de-debitos-do-municipio-de-lajes-rn-c\/\" class=\"_self\" target=\"_self\" >LEI MUNICIPAL N\u00ba 1.058\/2026 &#8211; Disp\u00f5e sobre a altera\u00e7\u00e3o dos artigos 2\u00ba, 3\u00ba e 4\u00ba, da Lei n\u00ba 1.052 de 09 de mar\u00e7o de 2026, que trata do parcelamento e reparcelamento de d\u00e9bitos do Munic\u00edpio de Lajes\/RN com seu Regime Pr\u00f3prio de Previd\u00eancia Social &#8211; RPPS<\/a><\/p><\/div><\/div>\n<div class=\"col-md-12 col-sm-12 col-xs-12 pt-cv-content-item pt-cv-1-col\" ><div class='pt-cv-ifield'><p class=\"pt-cv-title\"><a href=\"https:\/\/lajes.rn.gov.br\/transparente\/index\/lei-municipal-no-1-059-2026-dispoe-sobre-a-alteracao-do-valor-da-verba-indenizatoria-para-exercicio-da-atividade-parlamentar-desvincula-o-seu-reajuste-automatico-de-indices-inflacionarios-e-da-outr\/\" class=\"_self\" target=\"_self\" >LEI MUNICIPAL N\u00ba 1.059\/2026 &#8211; Disp\u00f5e sobre a altera\u00e7\u00e3o do valor da Verba Indenizat\u00f3ria para exerc\u00edcio da atividade parlamentar, desvincula o seu reajuste autom\u00e1tico de \u00edndices inflacion\u00e1rios e d\u00e1 outras provid\u00eancias.<\/a><\/p><\/div><\/div>\n<div class=\"col-md-12 col-sm-12 col-xs-12 pt-cv-content-item pt-cv-1-col\" ><div class='pt-cv-ifield'><p class=\"pt-cv-title\"><a href=\"https:\/\/lajes.rn.gov.br\/transparente\/index\/resolucao-no-001-2026-reprograma-os-saldos-financeiros-do-fundo-municipal-de-assistencia-social\/\" class=\"_self\" target=\"_self\" >RESOLU\u00c7\u00c3O N\u00ba 001\/2026 &#8211; Reprograma os Saldos Financeiros do Fundo Municipal de Assist\u00eancia Social.<\/a><\/p><\/div><\/div>\n<div class=\"col-md-12 col-sm-12 col-xs-12 pt-cv-content-item pt-cv-1-col\" ><div class='pt-cv-ifield'><p class=\"pt-cv-title\"><a href=\"https:\/\/lajes.rn.gov.br\/transparente\/index\/resolucao-no-002-2026-define-criterios-para-oferta-de-pescado-no-periodo-pascal-no-municipio-de-lajes-rn\/\" class=\"_self\" target=\"_self\" >RESOLU\u00c7\u00c3O N\u00ba 002\/2026 &#8211; Define crit\u00e9rios para oferta de pescado no per\u00edodo Pascal no munic\u00edpio de Lajes\/RN.<\/a><\/p><\/div><\/div>\n<div class=\"col-md-12 col-sm-12 col-xs-12 pt-cv-content-item pt-cv-1-col\" ><div class='pt-cv-ifield'><p class=\"pt-cv-title\"><a href=\"https:\/\/lajes.rn.gov.br\/transparente\/index\/resolucao-no-003-2026-dispoe-sobre-a-aprovacao-do-plano-municipal-de-assistencia-social-de-lajes-rn-quadrienio-2026-2029\/\" class=\"_self\" target=\"_self\" >RESOLU\u00c7\u00c3O N\u00ba 003\/2026 &#8211; Disp\u00f5e sobre a Aprova\u00e7\u00e3o do Plano Municipal de Assist\u00eancia Social de Lajes\/RN &#8211; Quadri\u00eanio 2026-2029.<\/a><\/p><\/div><\/div>\n<div class=\"col-md-12 col-sm-12 col-xs-12 pt-cv-content-item pt-cv-1-col\" ><div class='pt-cv-ifield'><p class=\"pt-cv-title\"><a href=\"https:\/\/lajes.rn.gov.br\/transparente\/index\/decreto-no-005-2026-dispoe-sobre-a-instituicao-do-programa-espaco-crescer-centro-intersetorial-de-desenvolvimento-infantil-no-ambito-da-administracao-publica-municipal-e-da-outras-pr\/\" class=\"_self\" target=\"_self\" >DECRETO N\u00ba 005\/2026 &#8211; Disp\u00f5e sobre a institui\u00e7\u00e3o do Programa &#8220;Espa\u00e7o Crescer \u2013 Centro Intersetorial de Desenvolvimento Infantil&#8221;, no \u00e2mbito da Administra\u00e7\u00e3o P\u00fablica Municipal, e d\u00e1 outras provid\u00eancias.<\/a><\/p><\/div><\/div>\n<div class=\"col-md-12 col-sm-12 col-xs-12 pt-cv-content-item pt-cv-1-col\" ><div class='pt-cv-ifield'><p class=\"pt-cv-title\"><a href=\"https:\/\/lajes.rn.gov.br\/transparente\/index\/portaria-no-124-2026-conceder-licenca-premio-ao-servidora-publicoa-municipal-e-da-outras-providencias\/\" class=\"_self\" target=\"_self\" >PORTARIA N\u00ba 124\/2026 &#8211; Conceder licen\u00e7a pr\u00eamio ao servidor(a) p\u00fablico(a) municipal, e d\u00e1 outras provid\u00eancias.<\/a><\/p><\/div><\/div>\n<div class=\"col-md-12 col-sm-12 col-xs-12 pt-cv-content-item pt-cv-1-col\" ><div class='pt-cv-ifield'><p class=\"pt-cv-title\"><a href=\"https:\/\/lajes.rn.gov.br\/transparente\/index\/portaria-no-122-2026-dispoe-sobre-a-prorrogacao-da-convocacao-do-servidor-eletivo-bruno-richel-de-araujo-e-da-outras-providencias\/\" class=\"_self\" target=\"_self\" >PORTARIA N\u00ba 122\/2026 &#8211; Disp\u00f5e sobre a prorroga\u00e7\u00e3o da convoca\u00e7\u00e3o do servidor eletivo BRUNO RICHEL DE ARA\u00daJO, e d\u00e1 outras provid\u00eancias.<\/a><\/p><\/div><\/div>\n<div class=\"col-md-12 col-sm-12 col-xs-12 pt-cv-content-item pt-cv-1-col\" ><div class='pt-cv-ifield'><p class=\"pt-cv-title\"><a href=\"https:\/\/lajes.rn.gov.br\/transparente\/index\/portaria-no-123-2026-dispoe-sobre-a-nomeacao-doa-servidora-tereza-katia-de-almeida-e-da-outras-providencias\/\" class=\"_self\" target=\"_self\" >PORTARIA N\u00ba 123\/2026 &#8211; Disp\u00f5e sobre a nomea\u00e7\u00e3o do(a) servidor(a) TEREZA KATIA DE ALMEIDA e d\u00e1 outras provid\u00eancias.<\/a><\/p><\/div><\/div>\n<div class=\"col-md-12 col-sm-12 col-xs-12 pt-cv-content-item pt-cv-1-col\" ><div class='pt-cv-ifield'><p class=\"pt-cv-title\"><a href=\"https:\/\/lajes.rn.gov.br\/transparente\/index\/portaria-no-120-2026-dispoe-sobre-a-substituicao-de-membro-do-conselho-municipal-de-protecao-e-defesa-civil-compdec-do-municipio-de-lajes-rn\/\" class=\"_self\" target=\"_self\" >PORTARIA N\u00ba 120\/2026 &#8211; Disp\u00f5e sobre a substitui\u00e7\u00e3o de membro do Conselho Municipal de Prote\u00e7\u00e3o e Defesa Civil \u2013COMPDEC do munic\u00edpio de Lajes\/RN.<\/a><\/p><\/div><\/div>\n<div class=\"col-md-12 col-sm-12 col-xs-12 pt-cv-content-item pt-cv-1-col\" ><div class='pt-cv-ifield'><p class=\"pt-cv-title\"><a href=\"https:\/\/lajes.rn.gov.br\/transparente\/index\/portaria-no-119-2026-dispoe-sobre-a-concessao-de-diarias-e-da-outras-providencias\/\" class=\"_self\" target=\"_self\" >PORTARIA N\u00ba 119\/2026 &#8211; Disp\u00f5e sobre a concess\u00e3o de di\u00e1rias, e d\u00e1 outras provid\u00eancias.<\/a><\/p><\/div><\/div>\n<div class=\"col-md-12 col-sm-12 col-xs-12 pt-cv-content-item pt-cv-1-col\" ><div class='pt-cv-ifield'><p class=\"pt-cv-title\"><a href=\"https:\/\/lajes.rn.gov.br\/transparente\/index\/portaria-no-121-2026-dispoe-sobre-a-concessao-de-diarias-e-da-outras-providencias\/\" class=\"_self\" target=\"_self\" >PORTARIA N\u00ba 121\/2026 &#8211; Disp\u00f5e sobre a concess\u00e3o de di\u00e1rias, e d\u00e1 outras provid\u00eancias.<\/a><\/p><\/div><\/div>\n<div class=\"col-md-12 col-sm-12 col-xs-12 pt-cv-content-item pt-cv-1-col\" ><div class='pt-cv-ifield'><p class=\"pt-cv-title\"><a href=\"https:\/\/lajes.rn.gov.br\/transparente\/index\/lei-municipal-no-1-057-2026-altera-o-anexo-ii-da-lei-municipal-no-941-2023-para-reajustar-o-valor-dos-salarios-dos-servidores-da-camara-municipal-de-lajes-rn-e-da-outras-providencias\/\" class=\"_self\" target=\"_self\" >LEI MUNICIPAL N\u00ba 1.057\/2026 &#8211; \u201cAltera o Anexo II da Lei Municipal n\u00ba 941\/2023, para reajustar o valor dos sal\u00e1rios dos servidores da C\u00e2mara Municipal de Lajes\/RN e d\u00e1 outras provid\u00eancias.\u201d<\/a><\/p><\/div><\/div>\n<div class=\"col-md-12 col-sm-12 col-xs-12 pt-cv-content-item pt-cv-1-col\" ><div class='pt-cv-ifield'><p class=\"pt-cv-title\"><a href=\"https:\/\/lajes.rn.gov.br\/transparente\/index\/lei-municipal-no-1-056-2026-dispoe-sobre-a-obrigatoriedade-de-recomposicao-do-pavimento-e-das-calcadas-por-concessionarias-de-servicos-publicos-e-empresas-privadas-que-realizam-intervencoes-em-vias\/\" class=\"_self\" target=\"_self\" >LEI MUNICIPAL N\u00ba 1.056\/2026 &#8211; Disp\u00f5e sobre a obrigatoriedade de recomposi\u00e7\u00e3o do pavimento e das cal\u00e7adas por concession\u00e1rias de servi\u00e7os p\u00fablicos e empresas privadas que realizam interven\u00e7\u00f5es em vias e logradouros p\u00fablicos, e d\u00e1 outras provid\u00eancias.<\/a><\/p><\/div><\/div>\n<div class=\"col-md-12 col-sm-12 col-xs-12 pt-cv-content-item pt-cv-1-col\" ><div class='pt-cv-ifield'><p class=\"pt-cv-title\"><a href=\"https:\/\/lajes.rn.gov.br\/transparente\/index\/portaria-no-115-2026-dispoe-sobre-a-concessao-de-beneficio-eventual-de-auxilio-moradia-na-forma-de-aluguel-social-para-familias-em-situacao-de-vulnerabilidade-do-municipio-de-lajes-rn\/\" class=\"_self\" target=\"_self\" >PORTARIA N\u00ba 115\/2026 &#8211; Disp\u00f5e sobre a concess\u00e3o de benef\u00edcio eventual de aux\u00edlio moradia na forma de aluguel social para fam\u00edlias em situa\u00e7\u00e3o de vulnerabilidade do munic\u00edpio de Lajes\/RN.<\/a><\/p><\/div><\/div><\/div><\/div>\n<div class=\" pt-cv-pagination-wrapper\"><ul class=\"pt-cv-pagination pt-cv-ajax pagination\" data-totalpages=\"67\" data-currentpage=\"1\" data-sid=\"c97ebf5x9a\" data-unid=\"\" data-isblock=\"\" data-postid=\"\"><li class=\"active\"><a href=\"#\">1<\/a><\/li>\n\t<li ><a class=\"\" href=\"https:\/\/lajes.rn.gov.br\/transparente\/index\/wp-json\/wp\/v2\/pages\/435\/?_page=2\">2<\/a><\/li>\n\t<li ><a class=\"\" href=\"https:\/\/lajes.rn.gov.br\/transparente\/index\/wp-json\/wp\/v2\/pages\/435\/?_page=3\">3<\/a><\/li>\n\t<li ><a href=\"#\">&hellip;<\/a><\/li>\n\t<li ><a class=\"\" href=\"https:\/\/lajes.rn.gov.br\/transparente\/index\/wp-json\/wp\/v2\/pages\/435\/?_page=67\">67<\/a><\/li>\n\t<li ><a class=\" \" href=\"https:\/\/lajes.rn.gov.br\/transparente\/index\/wp-json\/wp\/v2\/pages\/435\/?_page=2\">&rsaquo;<\/a><\/li>\n\t<\/ul><img decoding=\"async\" width=\"15\" height=\"15\" class=\"pt-cv-spinner\" alt=\"Carregando...;\" src=\"data:image\/gif;base64,R0lGODlhDwAPALMPAMrKygwMDJOTkz09PZWVla+vr3p6euTk5M7OzuXl5TMzMwAAAJmZmWZmZszMzP\/\/\/yH\/C05FVFNDQVBFMi4wAwEAAAAh+QQFCgAPACwAAAAADwAPAAAEQvDJaZaZOIcV8iQK8VRX4iTYoAwZ4iCYoAjZ4RxejhVNoT+mRGP4cyF4Pp0N98sBGIBMEMOotl6YZ3S61Bmbkm4mAgAh+QQFCgAPACwAAAAADQANAAAENPDJSRSZeA418itN8QiK8BiLITVsFiyBBIoYqnoewAD4xPw9iY4XLGYSjkQR4UAUD45DLwIAIfkEBQoADwAsAAAAAA8ACQAABC\/wyVlamTi3nSdgwFNdhEJgTJoNyoB9ISYoQmdjiZPcj7EYCAeCF1gEDo4Dz2eIAAAh+QQFCgAPACwCAAAADQANAAAEM\/DJBxiYeLKdX3IJZT1FU0iIg2RNKx3OkZVnZ98ToRD4MyiDnkAh6BkNC0MvsAj0kMpHBAAh+QQFCgAPACwGAAAACQAPAAAEMDC59KpFDll73HkAA2wVY5KgiK5b0RRoI6MuzG6EQqCDMlSGheEhUAgqgUUAFRySIgAh+QQFCgAPACwCAAIADQANAAAEM\/DJKZNLND\/kkKaHc3xk+QAMYDKsiaqmZCxGVjSFFCxB1vwy2oOgIDxuucxAMTAJFAJNBAAh+QQFCgAPACwAAAYADwAJAAAEMNAs86q1yaWwwv2Ig0jUZx3OYa4XoRAfwADXoAwfo1+CIjyFRuEho60aSNYlOPxEAAAh+QQFCgAPACwAAAIADQANAAAENPA9s4y8+IUVcqaWJ4qEQozSoAzoIyhCK2NFU2SJk0hNnyEOhKR2AzAAj4Pj4GE4W0bkJQIAOw==\" \/><div class=\"clear pt-cv-clear-pagination\"><\/div><\/div><\/div>\n","protected":false},"excerpt":{"rendered":"<p>|\u00a0XML\u2193\u00a0| \u00a0CSV\u2193\u00a0| PDF\u2193\u00a0\u00a0| IMPRIMIR\u2193\u00a0\u00a0| &nbsp;<\/p>\n","protected":false},"author":3,"featured_media":0,"parent":0,"menu_order":0,"comment_status":"closed","ping_status":"closed","template":"","meta":{"ocean_post_layout":"","ocean_both_sidebars_style":"","ocean_both_sidebars_content_width":0,"ocean_both_sidebars_sidebars_width":0,"ocean_sidebar":"0","ocean_second_sidebar":"0","ocean_disable_margins":"enable","ocean_add_body_class":"","ocean_shortcode_before_top_bar":"","ocean_shortcode_after_top_bar":"","ocean_shortcode_before_header":"","ocean_shortcode_after_header":"","ocean_has_shortcode":"","ocean_shortcode_after_title":"","ocean_shortcode_before_footer_widgets":"","ocean_shortcode_after_footer_widgets":"","ocean_shortcode_before_footer_bottom":"","ocean_shortcode_after_footer_bottom":"","ocean_display_top_bar":"default","ocean_display_header":"default","ocean_header_style":"","ocean_center_header_left_menu":"0","ocean_custom_header_template":"0","ocean_custom_logo":0,"ocean_custom_retina_logo":0,"ocean_custom_logo_max_width":0,"ocean_custom_logo_tablet_max_width":0,"ocean_custom_logo_mobile_max_width":0,"ocean_custom_logo_max_height":0,"ocean_custom_logo_tablet_max_height":0,"ocean_custom_logo_mobile_max_height":0,"ocean_header_custom_menu":"0","ocean_menu_typo_font_family":"0","ocean_menu_typo_font_subset":"","ocean_menu_typo_font_size":0,"ocean_menu_typo_font_size_tablet":0,"ocean_menu_typo_font_size_mobile":0,"ocean_menu_typo_font_size_unit":"px","ocean_menu_typo_font_weight":"","ocean_menu_typo_font_weight_tablet":"","ocean_menu_typo_font_weight_mobile":"","ocean_menu_typo_transform":"","ocean_menu_typo_transform_tablet":"","ocean_menu_typo_transform_mobile":"","ocean_menu_typo_line_height":0,"ocean_menu_typo_line_height_tablet":0,"ocean_menu_typo_line_height_mobile":0,"ocean_menu_typo_line_height_unit":"","ocean_menu_typo_spacing":0,"ocean_menu_typo_spacing_tablet":0,"ocean_menu_typo_spacing_mobile":0,"ocean_menu_typo_spacing_unit":"","ocean_menu_link_color":"","ocean_menu_link_color_hover":"","ocean_menu_link_color_active":"","ocean_menu_link_background":"","ocean_menu_link_hover_background":"","ocean_menu_link_active_background":"","ocean_menu_social_links_bg":"","ocean_menu_social_hover_links_bg":"","ocean_menu_social_links_color":"","ocean_menu_social_hover_links_color":"","ocean_disable_title":"default","ocean_disable_heading":"default","ocean_post_title":"","ocean_post_subheading":"","ocean_post_title_style":"","ocean_post_title_background_color":"","ocean_post_title_background":0,"ocean_post_title_bg_image_position":"","ocean_post_title_bg_image_attachment":"","ocean_post_title_bg_image_repeat":"","ocean_post_title_bg_image_size":"","ocean_post_title_height":0,"ocean_post_title_bg_overlay":0.5,"ocean_post_title_bg_overlay_color":"","ocean_disable_breadcrumbs":"default","ocean_breadcrumbs_color":"","ocean_breadcrumbs_separator_color":"","ocean_breadcrumbs_links_color":"","ocean_breadcrumbs_links_hover_color":"","ocean_display_footer_widgets":"default","ocean_display_footer_bottom":"default","ocean_custom_footer_template":"0","footnotes":""},"class_list":["post-435","page","type-page","status-publish","hentry","entry"],"_links":{"self":[{"href":"https:\/\/lajes.rn.gov.br\/transparente\/index\/wp-json\/wp\/v2\/pages\/435","targetHints":{"allow":["GET"]}}],"collection":[{"href":"https:\/\/lajes.rn.gov.br\/transparente\/index\/wp-json\/wp\/v2\/pages"}],"about":[{"href":"https:\/\/lajes.rn.gov.br\/transparente\/index\/wp-json\/wp\/v2\/types\/page"}],"author":[{"embeddable":true,"href":"https:\/\/lajes.rn.gov.br\/transparente\/index\/wp-json\/wp\/v2\/users\/3"}],"replies":[{"embeddable":true,"href":"https:\/\/lajes.rn.gov.br\/transparente\/index\/wp-json\/wp\/v2\/comments?post=435"}],"version-history":[{"count":3,"href":"https:\/\/lajes.rn.gov.br\/transparente\/index\/wp-json\/wp\/v2\/pages\/435\/revisions"}],"predecessor-version":[{"id":36834,"href":"https:\/\/lajes.rn.gov.br\/transparente\/index\/wp-json\/wp\/v2\/pages\/435\/revisions\/36834"}],"wp:attachment":[{"href":"https:\/\/lajes.rn.gov.br\/transparente\/index\/wp-json\/wp\/v2\/media?parent=435"}],"curies":[{"name":"wp","href":"https:\/\/api.w.org\/{rel}","templated":true}]}}