{"id":432,"date":"2023-01-19T17:05:33","date_gmt":"2023-01-19T20:05:33","guid":{"rendered":"https:\/\/lajes.ticetb.com.br\/transparente\/index\/?page_id=432"},"modified":"2025-04-25T09:23:02","modified_gmt":"2025-04-25T12:23:02","slug":"atos-normativos","status":"publish","type":"page","link":"https:\/\/lajes.rn.gov.br\/transparente\/index\/atos-normativos\/","title":{"rendered":"Atos Normativos"},"content":{"rendered":"<div align=\"right\">|\u00a0<strong><a href=\"\/feed\" target=\"_blank\" rel=\"noopener\">XML\u2193<\/a><\/strong>\u00a0| <a href=\"https:\/\/lajes.rn.gov.br\/transparente\/index\/wp-content\/uploads\/2025\/04\/export.csv\" target=\"_blank\" rel=\"noopener\">\u00a0<strong>CSV\u2193<\/strong><\/a>\u00a0| <a href=\"?print=pdf\" target=\"_blank\" rel=\"noopener\"><strong>PDF<\/strong>\u2193<\/a>\u00a0\u00a0| <a href=\"?print=print\" target=\"_blank\" rel=\"noopener\"><strong>IMPRIMIR<\/strong>\u2193<\/a>\u00a0\u00a0|<\/div>\n<p>&nbsp;<\/p>\n<div class=\"pt-cv-wrapper\"><div class=\"pt-cv-view pt-cv-grid pt-cv-colsys\" id=\"pt-cv-view-25df083cgs\"><div data-id=\"pt-cv-page-1\" class=\"pt-cv-page\" data-cvc=\"1\"><div class=\"col-md-12 col-sm-12 col-xs-12 pt-cv-content-item pt-cv-1-col\" ><div class='pt-cv-ifield'><p class=\"pt-cv-title\"><a href=\"https:\/\/lajes.rn.gov.br\/transparente\/index\/anexo-de-riscos-fiscais-demonstrativo-de-riscos-fiscais-e-providencias-2024\/\" class=\"_self\" target=\"_self\" >ANEXO DE RISCOS FISCAIS &#8211; DEMONSTRATIVO DE RISCOS FISCAIS E PROVID\u00caNCIAS 2024<\/a><\/p><\/div><\/div>\n<div class=\"col-md-12 col-sm-12 col-xs-12 pt-cv-content-item pt-cv-1-col\" ><div class='pt-cv-ifield'><p class=\"pt-cv-title\"><a href=\"https:\/\/lajes.rn.gov.br\/transparente\/index\/instrucao-normativa-conjunta-no-01-2025-segov-seplan-cgm\/\" class=\"_self\" target=\"_self\" >INSTRU\u00c7\u00c3O NORMATIVA CONJUNTA N\u00ba 01\/2025 \u2013 SEGOV\/SEPLAN\/CGM<\/a><\/p><\/div><\/div>\n<div class=\"col-md-12 col-sm-12 col-xs-12 pt-cv-content-item pt-cv-1-col\" ><div class='pt-cv-ifield'><p class=\"pt-cv-title\"><a href=\"https:\/\/lajes.rn.gov.br\/transparente\/index\/instrucao-normativa-no-03-de-05-de-junho-2025-controladoria-geral-do-municipio-de-lajes-rn\/\" class=\"_self\" target=\"_self\" >INSTRU\u00c7\u00c3O NORMATIVA N\u00ba 03 DE 05 DE JUNHO 2025 \u2013 CONTROLADORIA GERAL DO MUNIC\u00cdPIO DE LAJES\/RN<\/a><\/p><\/div><\/div>\n<div class=\"col-md-12 col-sm-12 col-xs-12 pt-cv-content-item pt-cv-1-col\" ><div class='pt-cv-ifield'><p class=\"pt-cv-title\"><a href=\"https:\/\/lajes.rn.gov.br\/transparente\/index\/instrucao-normativa-no-03-2025-controladoria-geral-do-municipio-de-lajes-rn\/\" class=\"_self\" target=\"_self\" >INSTRU\u00c7\u00c3O NORMATIVA N\u00ba 03\/2025 \u2013 CONTROLADORIA GERAL DO MUNIC\u00cdPIO DE LAJES\/RN<\/a><\/p><\/div><\/div>\n<div class=\"col-md-12 col-sm-12 col-xs-12 pt-cv-content-item pt-cv-1-col\" ><div class='pt-cv-ifield'><p class=\"pt-cv-title\"><a href=\"https:\/\/lajes.rn.gov.br\/transparente\/index\/oficio-circular-no-001-2025-assunto-divulgacao-da-declaracao-de-elegibilidade-programa-minha-casa-minha-vida-far\/\" class=\"_self\" target=\"_self\" >OF\u00cdCIO CIRCULAR N\u00ba 001\/2025 &#8211; Assunto: Divulga\u00e7\u00e3o da Declara\u00e7\u00e3o de Elegibilidade \u2013 Programa Minha Casa, Minha Vida (FAR)<\/a><\/p><\/div><\/div>\n<div class=\"col-md-12 col-sm-12 col-xs-12 pt-cv-content-item pt-cv-1-col\" ><div class='pt-cv-ifield'><p class=\"pt-cv-title\"><a href=\"https:\/\/lajes.rn.gov.br\/transparente\/index\/instrucao-normativa-no-002-2025-pgm\/\" class=\"_self\" target=\"_self\" >INSTRU\u00c7\u00c3O NORMATIVA N\u00ba 002\/2025 \u2013 PGM<\/a><\/p><\/div><\/div>\n<div class=\"col-md-12 col-sm-12 col-xs-12 pt-cv-content-item pt-cv-1-col\" ><div class='pt-cv-ifield'><p class=\"pt-cv-title\"><a href=\"https:\/\/lajes.rn.gov.br\/transparente\/index\/oficio-no-027-2025-gp-ao-excelentissimo-senhor-senador-rodrigo-pacheco\/\" class=\"_self\" target=\"_self\" >OF\u00cdCIO N\u00ba 027\/2025 \u2013 GP &#8211; Ao Excelent\u00edssimo Senhor SENADOR RODRIGO PACHECO<\/a><\/p><\/div><\/div>\n<div class=\"col-md-12 col-sm-12 col-xs-12 pt-cv-content-item pt-cv-1-col\" ><div class='pt-cv-ifield'><p class=\"pt-cv-title\"><a href=\"https:\/\/lajes.rn.gov.br\/transparente\/index\/instrucao-normativa-no-01-2025-pgm-estabelece-normas-e-fluxos-processuais-para-a-emissao-das-manifestacoes-juridicas-no-ambito-da-procuradoria-geral-do-municipio-de-lajes-rn\/\" class=\"_self\" target=\"_self\" >INSTRU\u00c7\u00c3O NORMATIVA N\u00ba 01\/2025 \u2013 PGM &#8211; Estabelece normas e fluxos processuais para a emiss\u00e3o das manifesta\u00e7\u00f5es jur\u00eddicas no \u00e2mbito da Procuradoria Geral do Munic\u00edpio de Lajes\/RN.<\/a><\/p><\/div><\/div>\n<div class=\"col-md-12 col-sm-12 col-xs-12 pt-cv-content-item pt-cv-1-col\" ><div class='pt-cv-ifield'><p class=\"pt-cv-title\"><a href=\"https:\/\/lajes.rn.gov.br\/transparente\/index\/instrucao-normativa-no-001-2025-dispoe-sobre-as-normas-a-serem-observadas-em-situacoes-de-falecimento-no-ambito-das-unidades-escolares-da-rede-municipal-de-educacao-de-lajes-rn\/\" class=\"_self\" target=\"_self\" >INSTRU\u00c7\u00c3O NORMATIVA N\u00ba 001\/2025 &#8211; DISP\u00d5E SOBRE AS NORMAS A SEREM OBSERVADAS EM SITUA\u00c7\u00d5ES DE FALECIMENTO NO \u00c2MBITO DAS UNIDADES ESCOLARES DA REDE MUNICIPAL DE EDUCA\u00c7\u00c3O DE LAJES\/RN.<\/a><\/p><\/div><\/div>\n<div class=\"col-md-12 col-sm-12 col-xs-12 pt-cv-content-item pt-cv-1-col\" ><div class='pt-cv-ifield'><p class=\"pt-cv-title\"><a href=\"https:\/\/lajes.rn.gov.br\/transparente\/index\/oficio-circular-no-002-2024-assunto-orientacoes-sobre-condutas-relacionadas-aos-servidores-publicos-em-atencao-ao-processo-eleitoral-de-2024\/\" class=\"_self\" target=\"_self\" >OF\u00cdCIO CIRCULAR N\u00ba 002\/2024 &#8211; Assunto: Orienta\u00e7\u00f5es sobre condutas relacionadas aos servidores p\u00fablicos, em aten\u00e7\u00e3o ao Processo Eleitoral de 2024.<\/a><\/p><\/div><\/div>\n<div class=\"col-md-12 col-sm-12 col-xs-12 pt-cv-content-item pt-cv-1-col\" ><div class='pt-cv-ifield'><p class=\"pt-cv-title\"><a href=\"https:\/\/lajes.rn.gov.br\/transparente\/index\/termo-de-fomento-no-001-2024-republicado-por-incorrecao\/\" class=\"_self\" target=\"_self\" >TERMO DE FOMENTO N\u00ba 001\/2024 *REPUBLICADO POR INCORRE\u00c7\u00c3O<\/a><\/p><\/div><\/div>\n<div class=\"col-md-12 col-sm-12 col-xs-12 pt-cv-content-item pt-cv-1-col\" ><div class='pt-cv-ifield'><p class=\"pt-cv-title\"><a href=\"https:\/\/lajes.rn.gov.br\/transparente\/index\/termo-de-fomento-no-001-2024-termo-de-fomento-mutuo-entre-a-prefeitura-municipal-de-lajes-rn-e-a-associacao-norteriograndense-de-criadores-de-caprinos-e-ovinos\/\" class=\"_self\" target=\"_self\" >TERMO DE FOMENTO N\u00ba 001\/2024 &#8211; \u201cTERMO DE FOMENTO M\u00daTUO ENTRE A PREFEITURA MUNICIPAL DE LAJES\/RN E A ASSOCIA\u00c7\u00c3O NORTERIOGRANDENSE DE CRIADORES DE CAPRINOS E OVINOS\u201d<\/a><\/p><\/div><\/div>\n<div class=\"col-md-12 col-sm-12 col-xs-12 pt-cv-content-item pt-cv-1-col\" ><div class='pt-cv-ifield'><p class=\"pt-cv-title\"><a href=\"https:\/\/lajes.rn.gov.br\/transparente\/index\/termo-de-desapropriacao-amigavel-no-002-2024\/\" class=\"_self\" target=\"_self\" >TERMO DE DESAPROPRIA\u00c7\u00c3O AMIG\u00c1VEL N\u00ba 002\/2024<\/a><\/p><\/div><\/div>\n<div class=\"col-md-12 col-sm-12 col-xs-12 pt-cv-content-item pt-cv-1-col\" ><div class='pt-cv-ifield'><p class=\"pt-cv-title\"><a href=\"https:\/\/lajes.rn.gov.br\/transparente\/index\/instrucao-normativa-n-01-2024-cgm-dispoe-sobre-procedimento-excepcional-de-reconhecimento-de-divida-dos-orgaos-integrantes-da-administracao-municipal-de-lajes-e-da-outras-providencias\/\" class=\"_self\" target=\"_self\" >INSTRU\u00c7\u00c3O NORMATIVA N\u00b0. 01\/2024 &#8211; CGM &#8211; DISP\u00d5E SOBRE PROCEDIMENTO EXCEPCIONAL DE RECONHECIMENTO DE D\u00cdVIDA DOS \u00d3RG\u00c3OS INTEGRANTES DA ADMINISTRA\u00c7\u00c3O MUNICIPAL DE LAJES E D\u00c1 OUTRAS PROVID\u00caNCIAS.<\/a><\/p><\/div><\/div>\n<div class=\"col-md-12 col-sm-12 col-xs-12 pt-cv-content-item pt-cv-1-col\" ><div class='pt-cv-ifield'><p class=\"pt-cv-title\"><a href=\"https:\/\/lajes.rn.gov.br\/transparente\/index\/instrucao-normativa-n-003-2023-cgm\/\" class=\"_self\" target=\"_self\" >INSTRU\u00c7\u00c3O NORMATIVA N\u00b0 003\/2023-CGM<\/a><\/p><\/div><\/div><\/div><\/div>\n<div class=\" pt-cv-pagination-wrapper\"><ul class=\"pt-cv-pagination pt-cv-ajax pagination\" data-totalpages=\"2\" data-currentpage=\"1\" data-sid=\"25df083cgs\" data-unid=\"\" data-isblock=\"\" data-postid=\"\"><li class=\"active\"><a href=\"#\">1<\/a><\/li>\n\t<li ><a class=\"\" href=\"https:\/\/lajes.rn.gov.br\/transparente\/index\/wp-json\/wp\/v2\/pages\/432\/?_page=2\">2<\/a><\/li>\n\t<li ><a class=\" \" href=\"https:\/\/lajes.rn.gov.br\/transparente\/index\/wp-json\/wp\/v2\/pages\/432\/?_page=2\">&rsaquo;<\/a><\/li>\n\t<\/ul><img decoding=\"async\" width=\"15\" height=\"15\" class=\"pt-cv-spinner\" alt=\"Carregando...;\" src=\"data:image\/gif;base64,R0lGODlhDwAPALMPAMrKygwMDJOTkz09PZWVla+vr3p6euTk5M7OzuXl5TMzMwAAAJmZmWZmZszMzP\/\/\/yH\/C05FVFNDQVBFMi4wAwEAAAAh+QQFCgAPACwAAAAADwAPAAAEQvDJaZaZOIcV8iQK8VRX4iTYoAwZ4iCYoAjZ4RxejhVNoT+mRGP4cyF4Pp0N98sBGIBMEMOotl6YZ3S61Bmbkm4mAgAh+QQFCgAPACwAAAAADQANAAAENPDJSRSZeA418itN8QiK8BiLITVsFiyBBIoYqnoewAD4xPw9iY4XLGYSjkQR4UAUD45DLwIAIfkEBQoADwAsAAAAAA8ACQAABC\/wyVlamTi3nSdgwFNdhEJgTJoNyoB9ISYoQmdjiZPcj7EYCAeCF1gEDo4Dz2eIAAAh+QQFCgAPACwCAAAADQANAAAEM\/DJBxiYeLKdX3IJZT1FU0iIg2RNKx3OkZVnZ98ToRD4MyiDnkAh6BkNC0MvsAj0kMpHBAAh+QQFCgAPACwGAAAACQAPAAAEMDC59KpFDll73HkAA2wVY5KgiK5b0RRoI6MuzG6EQqCDMlSGheEhUAgqgUUAFRySIgAh+QQFCgAPACwCAAIADQANAAAEM\/DJKZNLND\/kkKaHc3xk+QAMYDKsiaqmZCxGVjSFFCxB1vwy2oOgIDxuucxAMTAJFAJNBAAh+QQFCgAPACwAAAYADwAJAAAEMNAs86q1yaWwwv2Ig0jUZx3OYa4XoRAfwADXoAwfo1+CIjyFRuEho60aSNYlOPxEAAAh+QQFCgAPACwAAAIADQANAAAENPA9s4y8+IUVcqaWJ4qEQozSoAzoIyhCK2NFU2SJk0hNnyEOhKR2AzAAj4Pj4GE4W0bkJQIAOw==\" \/><div class=\"clear pt-cv-clear-pagination\"><\/div><\/div><\/div>\n","protected":false},"excerpt":{"rendered":"<p>|\u00a0XML\u2193\u00a0| \u00a0CSV\u2193\u00a0| PDF\u2193\u00a0\u00a0| IMPRIMIR\u2193\u00a0\u00a0| &nbsp;<\/p>\n","protected":false},"author":3,"featured_media":0,"parent":0,"menu_order":0,"comment_status":"closed","ping_status":"closed","template":"","meta":{"ocean_post_layout":"","ocean_both_sidebars_style":"","ocean_both_sidebars_content_width":0,"ocean_both_sidebars_sidebars_width":0,"ocean_sidebar":"0","ocean_second_sidebar":"0","ocean_disable_margins":"enable","ocean_add_body_class":"","ocean_shortcode_before_top_bar":"","ocean_shortcode_after_top_bar":"","ocean_shortcode_before_header":"","ocean_shortcode_after_header":"","ocean_has_shortcode":"","ocean_shortcode_after_title":"","ocean_shortcode_before_footer_widgets":"","ocean_shortcode_after_footer_widgets":"","ocean_shortcode_before_footer_bottom":"","ocean_shortcode_after_footer_bottom":"","ocean_display_top_bar":"default","ocean_display_header":"default","ocean_header_style":"","ocean_center_header_left_menu":"0","ocean_custom_header_template":"0","ocean_custom_logo":0,"ocean_custom_retina_logo":0,"ocean_custom_logo_max_width":0,"ocean_custom_logo_tablet_max_width":0,"ocean_custom_logo_mobile_max_width":0,"ocean_custom_logo_max_height":0,"ocean_custom_logo_tablet_max_height":0,"ocean_custom_logo_mobile_max_height":0,"ocean_header_custom_menu":"0","ocean_menu_typo_font_family":"0","ocean_menu_typo_font_subset":"","ocean_menu_typo_font_size":0,"ocean_menu_typo_font_size_tablet":0,"ocean_menu_typo_font_size_mobile":0,"ocean_menu_typo_font_size_unit":"px","ocean_menu_typo_font_weight":"","ocean_menu_typo_font_weight_tablet":"","ocean_menu_typo_font_weight_mobile":"","ocean_menu_typo_transform":"","ocean_menu_typo_transform_tablet":"","ocean_menu_typo_transform_mobile":"","ocean_menu_typo_line_height":0,"ocean_menu_typo_line_height_tablet":0,"ocean_menu_typo_line_height_mobile":0,"ocean_menu_typo_line_height_unit":"","ocean_menu_typo_spacing":0,"ocean_menu_typo_spacing_tablet":0,"ocean_menu_typo_spacing_mobile":0,"ocean_menu_typo_spacing_unit":"","ocean_menu_link_color":"","ocean_menu_link_color_hover":"","ocean_menu_link_color_active":"","ocean_menu_link_background":"","ocean_menu_link_hover_background":"","ocean_menu_link_active_background":"","ocean_menu_social_links_bg":"","ocean_menu_social_hover_links_bg":"","ocean_menu_social_links_color":"","ocean_menu_social_hover_links_color":"","ocean_disable_title":"default","ocean_disable_heading":"default","ocean_post_title":"","ocean_post_subheading":"","ocean_post_title_style":"","ocean_post_title_background_color":"","ocean_post_title_background":0,"ocean_post_title_bg_image_position":"","ocean_post_title_bg_image_attachment":"","ocean_post_title_bg_image_repeat":"","ocean_post_title_bg_image_size":"","ocean_post_title_height":0,"ocean_post_title_bg_overlay":0.5,"ocean_post_title_bg_overlay_color":"","ocean_disable_breadcrumbs":"default","ocean_breadcrumbs_color":"","ocean_breadcrumbs_separator_color":"","ocean_breadcrumbs_links_color":"","ocean_breadcrumbs_links_hover_color":"","ocean_display_footer_widgets":"default","ocean_display_footer_bottom":"default","ocean_custom_footer_template":"0","footnotes":""},"class_list":["post-432","page","type-page","status-publish","hentry","entry"],"_links":{"self":[{"href":"https:\/\/lajes.rn.gov.br\/transparente\/index\/wp-json\/wp\/v2\/pages\/432","targetHints":{"allow":["GET"]}}],"collection":[{"href":"https:\/\/lajes.rn.gov.br\/transparente\/index\/wp-json\/wp\/v2\/pages"}],"about":[{"href":"https:\/\/lajes.rn.gov.br\/transparente\/index\/wp-json\/wp\/v2\/types\/page"}],"author":[{"embeddable":true,"href":"https:\/\/lajes.rn.gov.br\/transparente\/index\/wp-json\/wp\/v2\/users\/3"}],"replies":[{"embeddable":true,"href":"https:\/\/lajes.rn.gov.br\/transparente\/index\/wp-json\/wp\/v2\/comments?post=432"}],"version-history":[{"count":5,"href":"https:\/\/lajes.rn.gov.br\/transparente\/index\/wp-json\/wp\/v2\/pages\/432\/revisions"}],"predecessor-version":[{"id":36835,"href":"https:\/\/lajes.rn.gov.br\/transparente\/index\/wp-json\/wp\/v2\/pages\/432\/revisions\/36835"}],"wp:attachment":[{"href":"https:\/\/lajes.rn.gov.br\/transparente\/index\/wp-json\/wp\/v2\/media?parent=432"}],"curies":[{"name":"wp","href":"https:\/\/api.w.org\/{rel}","templated":true}]}}