{"id":412,"date":"2023-01-19T16:56:33","date_gmt":"2023-01-19T19:56:33","guid":{"rendered":"https:\/\/lajes.ticetb.com.br\/transparente\/index\/?page_id=412"},"modified":"2025-04-25T09:24:59","modified_gmt":"2025-04-25T12:24:59","slug":"decretos-2021","status":"publish","type":"page","link":"https:\/\/lajes.rn.gov.br\/transparente\/index\/decretos-2021\/","title":{"rendered":"Decretos 2021"},"content":{"rendered":"<div align=\"right\">|\u00a0<strong><a href=\"\/feed\" target=\"_blank\" rel=\"noopener\">XML\u2193<\/a><\/strong>\u00a0| <a href=\"https:\/\/lajes.rn.gov.br\/transparente\/index\/wp-content\/uploads\/2025\/04\/export.csv\" target=\"_blank\" rel=\"noopener\">\u00a0<strong>CSV\u2193<\/strong><\/a>\u00a0| <a href=\"?print=pdf\" target=\"_blank\" rel=\"noopener\"><strong>PDF<\/strong>\u2193<\/a>\u00a0\u00a0| <a href=\"?print=print\" target=\"_blank\" rel=\"noopener\"><strong>IMPRIMIR<\/strong>\u2193<\/a>\u00a0\u00a0|<\/div>\n<p>&nbsp;<\/p>\n<div class=\"pt-cv-wrapper\"><div class=\"pt-cv-view pt-cv-grid pt-cv-colsys\" id=\"pt-cv-view-064a78adkg\"><div data-id=\"pt-cv-page-1\" class=\"pt-cv-page\" data-cvc=\"1\"><div class=\"col-md-12 col-sm-12 col-xs-12 pt-cv-content-item pt-cv-1-col\" ><div class='pt-cv-ifield'><p class=\"pt-cv-title\"><a href=\"https:\/\/lajes.rn.gov.br\/transparente\/index\/decreto-municipal-no-032-2021-gp-dispoe-sobre-a-concessao-de-diarias-na-administracao-publica-municipal-e-da-outras-providencias\/\" class=\"_self\" target=\"_self\" >DECRETO MUNICIPAL N\u00ba 032\/2021 \u2013 GP &#8211; Disp\u00f5e sobre a concess\u00e3o de di\u00e1rias na administra\u00e7\u00e3o p\u00fablica municipal, e d\u00e1 outras provid\u00eancias.<\/a><\/p><\/div><\/div>\n<div class=\"col-md-12 col-sm-12 col-xs-12 pt-cv-content-item pt-cv-1-col\" ><div class='pt-cv-ifield'><p class=\"pt-cv-title\"><a href=\"https:\/\/lajes.rn.gov.br\/transparente\/index\/decreto-municipal-no-053-2021-gp-declara-situacao-de-emergencia-no-municipio-de-lajes-estado-do-rio-grande-do-norte-em-decorrencia-do-desastre-natural-climatologico-por-estiagem-prolongada-que-p\/\" class=\"_self\" target=\"_self\" >DECRETO MUNICIPAL N\u00ba 053\/2021 &#8211; GP &#8211; Declara situa\u00e7\u00e3o de emerg\u00eancia no Munic\u00edpio de Lajes, Estado do Rio Grande do Norte, em decorr\u00eancia do desastre natural climatol\u00f3gico por estiagem prolongada que provoca a redu\u00e7\u00e3o sustentada das reservas h\u00eddricas existentes (COBRADE\/1.4.1.2.0 \u2013 Seca), e d\u00e1 outras provid\u00eancias.<\/a><\/p><\/div><\/div>\n<div class=\"col-md-12 col-sm-12 col-xs-12 pt-cv-content-item pt-cv-1-col\" ><div class='pt-cv-ifield'><p class=\"pt-cv-title\"><a href=\"https:\/\/lajes.rn.gov.br\/transparente\/index\/decreto-municipal-n-052-2021-gp-prorroga-o-decreto-municipal-n-043-2021-que-dispoe-sobre-o-programa-de-incentivo-a-regularidade-fiscal-do-municipio-de-lajes-estado-do-rio-gran\/\" class=\"_self\" target=\"_self\" >DECRETO MUNICIPAL N\u00b0 052\/2021 \u2013 GP &#8211; Prorroga o Decreto Municipal n\u00b0 043\/2021 que disp\u00f5e sobre o Programa de Incentivo \u00e0 Regularidade Fiscal do Munic\u00edpio de Lajes, Estado do Rio Grande do Norte.<\/a><\/p><\/div><\/div>\n<div class=\"col-md-12 col-sm-12 col-xs-12 pt-cv-content-item pt-cv-1-col\" ><div class='pt-cv-ifield'><p class=\"pt-cv-title\"><a href=\"https:\/\/lajes.rn.gov.br\/transparente\/index\/decreto-municipal-n-051-2021-gp-estabelece-feriado-nos-dias-24-e-31-de-dezembro-2021-e-da-outras-providencias\/\" class=\"_self\" target=\"_self\" >DECRETO MUNICIPAL N\u00b0 051\/2021 \u2013 GP &#8211; Estabelece\u00a0feriado nos dias 24 e 31 de dezembro 2021, e d\u00e1 outras providencias.<\/a><\/p><\/div><\/div>\n<div class=\"col-md-12 col-sm-12 col-xs-12 pt-cv-content-item pt-cv-1-col\" ><div class='pt-cv-ifield'><p class=\"pt-cv-title\"><a href=\"https:\/\/lajes.rn.gov.br\/transparente\/index\/decreto-municipal-no-050-2021-gp-dispoe-sobre-a-abertura-de-credito-adicional-suplementar-alteracao-de-qdd-para-reforco-da-dotacao-orcamentaria-para-os-fins-que-especifica-e-das-outras-pr\/\" class=\"_self\" target=\"_self\" >DECRETO MUNICIPAL N\u00ba 050\/2021 \u2013 GP &#8211; Disp\u00f5e sobre a abertura de Cr\u00e9dito Adicional Suplementar\/Altera\u00e7\u00e3o de QDD, para refor\u00e7o da dota\u00e7\u00e3o or\u00e7ament\u00e1ria para os fins que especifica e das outras provid\u00eancias.<\/a><\/p><\/div><\/div>\n<div class=\"col-md-12 col-sm-12 col-xs-12 pt-cv-content-item pt-cv-1-col\" ><div class='pt-cv-ifield'><p class=\"pt-cv-title\"><a href=\"https:\/\/lajes.rn.gov.br\/transparente\/index\/decreto-municipal-no-049-2021-gp-dispoe-sobre-a-abertura-de-credito-adicional-suplementar-alteracao-de-qdd-para-reforco-da-dotacao-orcamentaria-para-os-fins-que-especifica-e-das-outras-pr\/\" class=\"_self\" target=\"_self\" >DECRETO MUNICIPAL N\u00ba 049\/2021 \u2013 GP &#8211; Disp\u00f5e sobre a abertura de Cr\u00e9dito Adicional Suplementar\/Altera\u00e7\u00e3o de QDD, para refor\u00e7o da dota\u00e7\u00e3o or\u00e7ament\u00e1ria para os fins que especifica e das outras provid\u00eancias.<\/a><\/p><\/div><\/div>\n<div class=\"col-md-12 col-sm-12 col-xs-12 pt-cv-content-item pt-cv-1-col\" ><div class='pt-cv-ifield'><p class=\"pt-cv-title\"><a href=\"https:\/\/lajes.rn.gov.br\/transparente\/index\/decreto-municipal-n-048-2021-gp-estabelece-feriado-no-dia-08-de-dezembro-de-2021-e-da-outras-providencias\/\" class=\"_self\" target=\"_self\" >DECRETO MUNICIPAL N\u00b0 048\/2021 \u2013 GP &#8211; Estabelece\u00a0feriado no dia 08 de dezembro de 2021, e d\u00e1 outras providencias.<\/a><\/p><\/div><\/div>\n<div class=\"col-md-12 col-sm-12 col-xs-12 pt-cv-content-item pt-cv-1-col\" ><div class='pt-cv-ifield'><p class=\"pt-cv-title\"><a href=\"https:\/\/lajes.rn.gov.br\/transparente\/index\/decreto-municipal-n-047-2021-gp-republicado-por-incorrecao\/\" class=\"_self\" target=\"_self\" >DECRETO MUNICIPAL N\u00b0 047\/2021 \u2013 GP \u2013 REPUBLICADO POR INCORRE\u00c7\u00c3O<\/a><\/p><\/div><\/div>\n<div class=\"col-md-12 col-sm-12 col-xs-12 pt-cv-content-item pt-cv-1-col\" ><div class='pt-cv-ifield'><p class=\"pt-cv-title\"><a href=\"https:\/\/lajes.rn.gov.br\/transparente\/index\/decreto-municipal-n-046-2021-gp-dispoe-sobre-a-criacao-e-nomeacao-dos-membros-do-comite-de-investimentos-do-fundo-de-previdencia-social-do-municipio-de-lajes-prevlajes-e-da-outras-provide\/\" class=\"_self\" target=\"_self\" >DECRETO MUNICIPAL N\u00b0 046\/2021 &#8211; GP &#8211; Disp\u00f5e sobre a cria\u00e7\u00e3o e nomea\u00e7\u00e3o dos membros do Comit\u00ea de Investimentos do Fundo de Previd\u00eancia Social do Munic\u00edpio de Lajes &#8211; PrevLajes, e d\u00e1 outras provid\u00eancias.<\/a><\/p><\/div><\/div>\n<div class=\"col-md-12 col-sm-12 col-xs-12 pt-cv-content-item pt-cv-1-col\" ><div class='pt-cv-ifield'><p class=\"pt-cv-title\"><a href=\"https:\/\/lajes.rn.gov.br\/transparente\/index\/decreto-municipal-n-045-2021-gp-institui-a-comissao-disciplinar-do-esporte-municipal-de-lajes-rn-e-da-outras-providencias\/\" class=\"_self\" target=\"_self\" >DECRETO MUNICIPAL N\u00b0 045\/2021 \u2013 GP &#8211; \u201cInstitui a comiss\u00e3o disciplinar do esporte municipal de Lajes\/RN, e d\u00e1 outras provid\u00eancias\u201d.<\/a><\/p><\/div><\/div>\n<div class=\"col-md-12 col-sm-12 col-xs-12 pt-cv-content-item pt-cv-1-col\" ><div class='pt-cv-ifield'><p class=\"pt-cv-title\"><a href=\"https:\/\/lajes.rn.gov.br\/transparente\/index\/decreto-municipal-n-044-2021-gp-dispoe-sobre-a-determinacao-de-ponto-facultativo-nas-reparticoes-publicas-municipais-no-dia-29-de-outubro-de-2021-e-da-outras-providencias\/\" class=\"_self\" target=\"_self\" >DECRETO MUNICIPAL N\u00b0 044\/2021 \u2013 GP &#8211; Disp\u00f5e sobre a determina\u00e7\u00e3o de Ponto Facultativo nas Reparti\u00e7\u00f5es P\u00fablicas Municipais no Dia 29 de outubro de 2021, e d\u00e1 outras providencias.<\/a><\/p><\/div><\/div>\n<div class=\"col-md-12 col-sm-12 col-xs-12 pt-cv-content-item pt-cv-1-col\" ><div class='pt-cv-ifield'><p class=\"pt-cv-title\"><a href=\"https:\/\/lajes.rn.gov.br\/transparente\/index\/decreto-municipal-no-043-2021-gp-dispoe-sobre-o-programa-de-incentivo-a-regularidade-fiscal-do-municipio-de-lajes-estado-do-rio-grande-do-norte-e-da-outras-providencias\/\" class=\"_self\" target=\"_self\" >DECRETO MUNICIPAL N\u00ba 043\/2021 \u2013 GP &#8211; Disp\u00f5e sobre o Programa de Incentivo \u00e0 Regularidade Fiscal do Munic\u00edpio de Lajes, Estado do Rio Grande do Norte e d\u00e1 outras provid\u00eancias.<\/a><\/p><\/div><\/div>\n<div class=\"col-md-12 col-sm-12 col-xs-12 pt-cv-content-item pt-cv-1-col\" ><div class='pt-cv-ifield'><p class=\"pt-cv-title\"><a href=\"https:\/\/lajes.rn.gov.br\/transparente\/index\/decreto-municipal-no-042-2021-gp-dispoe-sobre-a-abertura-de-credito-adicional-suplementar-alteracao-de-qdd-para-reforco-da-dotacao-orcamentaria-para-os-fins-que-especifica-e-da-outras-pro\/\" class=\"_self\" target=\"_self\" >DECRETO MUNICIPAL N\u00ba 042\/2021 \u2013 GP &#8211; Disp\u00f5e sobre a abertura de Cr\u00e9dito Adicional Suplementar\/Altera\u00e7\u00e3o de QDD, para refor\u00e7o da dota\u00e7\u00e3o or\u00e7ament\u00e1ria para os fins que especifica e da outras provid\u00eancias.<\/a><\/p><\/div><\/div>\n<div class=\"col-md-12 col-sm-12 col-xs-12 pt-cv-content-item pt-cv-1-col\" ><div class='pt-cv-ifield'><p class=\"pt-cv-title\"><a href=\"https:\/\/lajes.rn.gov.br\/transparente\/index\/decreto-municipal-n-041-2021-gp-cria-e-regulamenta-o-nucleo-municipal-de-regularizacao-fundiaria-no-municipio-de-lajes-outras-providencias\/\" class=\"_self\" target=\"_self\" >DECRETO MUNICIPAL N\u00b0 041\/2021 \u2013 GP &#8211; Cria e regulamenta o n\u00facleo municipal de regulariza\u00e7\u00e3o fundi\u00e1ria no munic\u00edpio de lajes outras provid\u00eancias.<\/a><\/p><\/div><\/div>\n<div class=\"col-md-12 col-sm-12 col-xs-12 pt-cv-content-item pt-cv-1-col\" ><div class='pt-cv-ifield'><p class=\"pt-cv-title\"><a href=\"https:\/\/lajes.rn.gov.br\/transparente\/index\/decreto-municipal-n-040-2021-gp-dispoe-sobre-a-determinacao-de-ponto-facultativo-nas-reparticoes-publicas-municipais-no-dia-01-de-novembro-de-2021-e-da-outras-providencias\/\" class=\"_self\" target=\"_self\" >DECRETO MUNICIPAL N\u00b0 040\/2021 \u2013 GP &#8211; Disp\u00f5e sobre a determina\u00e7\u00e3o de Ponto Facultativo nas Reparti\u00e7\u00f5es P\u00fablicas Municipais no Dia 01 de novembro de 2021, e d\u00e1 outras providencias.<\/a><\/p><\/div><\/div><\/div><\/div>\n<div class=\" pt-cv-pagination-wrapper\"><ul class=\"pt-cv-pagination pt-cv-ajax pagination\" data-totalpages=\"4\" data-currentpage=\"1\" data-sid=\"064a78adkg\" data-unid=\"\" data-isblock=\"\" data-postid=\"\"><li class=\"active\"><a href=\"#\">1<\/a><\/li>\n\t<li ><a class=\"\" href=\"https:\/\/lajes.rn.gov.br\/transparente\/index\/wp-json\/wp\/v2\/pages\/412\/?_page=2\">2<\/a><\/li>\n\t<li ><a class=\"\" href=\"https:\/\/lajes.rn.gov.br\/transparente\/index\/wp-json\/wp\/v2\/pages\/412\/?_page=3\">3<\/a><\/li>\n\t<li ><a class=\"\" href=\"https:\/\/lajes.rn.gov.br\/transparente\/index\/wp-json\/wp\/v2\/pages\/412\/?_page=4\">4<\/a><\/li>\n\t<li ><a class=\" \" href=\"https:\/\/lajes.rn.gov.br\/transparente\/index\/wp-json\/wp\/v2\/pages\/412\/?_page=2\">&rsaquo;<\/a><\/li>\n\t<\/ul><img decoding=\"async\" width=\"15\" height=\"15\" class=\"pt-cv-spinner\" alt=\"Carregando...;\" src=\"data:image\/gif;base64,R0lGODlhDwAPALMPAMrKygwMDJOTkz09PZWVla+vr3p6euTk5M7OzuXl5TMzMwAAAJmZmWZmZszMzP\/\/\/yH\/C05FVFNDQVBFMi4wAwEAAAAh+QQFCgAPACwAAAAADwAPAAAEQvDJaZaZOIcV8iQK8VRX4iTYoAwZ4iCYoAjZ4RxejhVNoT+mRGP4cyF4Pp0N98sBGIBMEMOotl6YZ3S61Bmbkm4mAgAh+QQFCgAPACwAAAAADQANAAAENPDJSRSZeA418itN8QiK8BiLITVsFiyBBIoYqnoewAD4xPw9iY4XLGYSjkQR4UAUD45DLwIAIfkEBQoADwAsAAAAAA8ACQAABC\/wyVlamTi3nSdgwFNdhEJgTJoNyoB9ISYoQmdjiZPcj7EYCAeCF1gEDo4Dz2eIAAAh+QQFCgAPACwCAAAADQANAAAEM\/DJBxiYeLKdX3IJZT1FU0iIg2RNKx3OkZVnZ98ToRD4MyiDnkAh6BkNC0MvsAj0kMpHBAAh+QQFCgAPACwGAAAACQAPAAAEMDC59KpFDll73HkAA2wVY5KgiK5b0RRoI6MuzG6EQqCDMlSGheEhUAgqgUUAFRySIgAh+QQFCgAPACwCAAIADQANAAAEM\/DJKZNLND\/kkKaHc3xk+QAMYDKsiaqmZCxGVjSFFCxB1vwy2oOgIDxuucxAMTAJFAJNBAAh+QQFCgAPACwAAAYADwAJAAAEMNAs86q1yaWwwv2Ig0jUZx3OYa4XoRAfwADXoAwfo1+CIjyFRuEho60aSNYlOPxEAAAh+QQFCgAPACwAAAIADQANAAAENPA9s4y8+IUVcqaWJ4qEQozSoAzoIyhCK2NFU2SJk0hNnyEOhKR2AzAAj4Pj4GE4W0bkJQIAOw==\" \/><div class=\"clear pt-cv-clear-pagination\"><\/div><\/div><\/div>\n","protected":false},"excerpt":{"rendered":"<p>|\u00a0XML\u2193\u00a0| \u00a0CSV\u2193\u00a0| PDF\u2193\u00a0\u00a0| IMPRIMIR\u2193\u00a0\u00a0| &nbsp;<\/p>\n","protected":false},"author":3,"featured_media":0,"parent":0,"menu_order":0,"comment_status":"closed","ping_status":"closed","template":"","meta":{"ocean_post_layout":"","ocean_both_sidebars_style":"","ocean_both_sidebars_content_width":0,"ocean_both_sidebars_sidebars_width":0,"ocean_sidebar":"0","ocean_second_sidebar":"0","ocean_disable_margins":"enable","ocean_add_body_class":"","ocean_shortcode_before_top_bar":"","ocean_shortcode_after_top_bar":"","ocean_shortcode_before_header":"","ocean_shortcode_after_header":"","ocean_has_shortcode":"","ocean_shortcode_after_title":"","ocean_shortcode_before_footer_widgets":"","ocean_shortcode_after_footer_widgets":"","ocean_shortcode_before_footer_bottom":"","ocean_shortcode_after_footer_bottom":"","ocean_display_top_bar":"default","ocean_display_header":"default","ocean_header_style":"","ocean_center_header_left_menu":"0","ocean_custom_header_template":"0","ocean_custom_logo":0,"ocean_custom_retina_logo":0,"ocean_custom_logo_max_width":0,"ocean_custom_logo_tablet_max_width":0,"ocean_custom_logo_mobile_max_width":0,"ocean_custom_logo_max_height":0,"ocean_custom_logo_tablet_max_height":0,"ocean_custom_logo_mobile_max_height":0,"ocean_header_custom_menu":"0","ocean_menu_typo_font_family":"0","ocean_menu_typo_font_subset":"","ocean_menu_typo_font_size":0,"ocean_menu_typo_font_size_tablet":0,"ocean_menu_typo_font_size_mobile":0,"ocean_menu_typo_font_size_unit":"px","ocean_menu_typo_font_weight":"","ocean_menu_typo_font_weight_tablet":"","ocean_menu_typo_font_weight_mobile":"","ocean_menu_typo_transform":"","ocean_menu_typo_transform_tablet":"","ocean_menu_typo_transform_mobile":"","ocean_menu_typo_line_height":0,"ocean_menu_typo_line_height_tablet":0,"ocean_menu_typo_line_height_mobile":0,"ocean_menu_typo_line_height_unit":"","ocean_menu_typo_spacing":0,"ocean_menu_typo_spacing_tablet":0,"ocean_menu_typo_spacing_mobile":0,"ocean_menu_typo_spacing_unit":"","ocean_menu_link_color":"","ocean_menu_link_color_hover":"","ocean_menu_link_color_active":"","ocean_menu_link_background":"","ocean_menu_link_hover_background":"","ocean_menu_link_active_background":"","ocean_menu_social_links_bg":"","ocean_menu_social_hover_links_bg":"","ocean_menu_social_links_color":"","ocean_menu_social_hover_links_color":"","ocean_disable_title":"default","ocean_disable_heading":"default","ocean_post_title":"","ocean_post_subheading":"","ocean_post_title_style":"","ocean_post_title_background_color":"","ocean_post_title_background":0,"ocean_post_title_bg_image_position":"","ocean_post_title_bg_image_attachment":"","ocean_post_title_bg_image_repeat":"","ocean_post_title_bg_image_size":"","ocean_post_title_height":0,"ocean_post_title_bg_overlay":0.5,"ocean_post_title_bg_overlay_color":"","ocean_disable_breadcrumbs":"default","ocean_breadcrumbs_color":"","ocean_breadcrumbs_separator_color":"","ocean_breadcrumbs_links_color":"","ocean_breadcrumbs_links_hover_color":"","ocean_display_footer_widgets":"default","ocean_display_footer_bottom":"default","ocean_custom_footer_template":"0","footnotes":""},"class_list":["post-412","page","type-page","status-publish","hentry","entry"],"_links":{"self":[{"href":"https:\/\/lajes.rn.gov.br\/transparente\/index\/wp-json\/wp\/v2\/pages\/412","targetHints":{"allow":["GET"]}}],"collection":[{"href":"https:\/\/lajes.rn.gov.br\/transparente\/index\/wp-json\/wp\/v2\/pages"}],"about":[{"href":"https:\/\/lajes.rn.gov.br\/transparente\/index\/wp-json\/wp\/v2\/types\/page"}],"author":[{"embeddable":true,"href":"https:\/\/lajes.rn.gov.br\/transparente\/index\/wp-json\/wp\/v2\/users\/3"}],"replies":[{"embeddable":true,"href":"https:\/\/lajes.rn.gov.br\/transparente\/index\/wp-json\/wp\/v2\/comments?post=412"}],"version-history":[{"count":6,"href":"https:\/\/lajes.rn.gov.br\/transparente\/index\/wp-json\/wp\/v2\/pages\/412\/revisions"}],"predecessor-version":[{"id":36840,"href":"https:\/\/lajes.rn.gov.br\/transparente\/index\/wp-json\/wp\/v2\/pages\/412\/revisions\/36840"}],"wp:attachment":[{"href":"https:\/\/lajes.rn.gov.br\/transparente\/index\/wp-json\/wp\/v2\/media?parent=412"}],"curies":[{"name":"wp","href":"https:\/\/api.w.org\/{rel}","templated":true}]}}