{"id":381,"date":"2023-01-19T16:39:01","date_gmt":"2023-01-19T19:39:01","guid":{"rendered":"https:\/\/lajes.ticetb.com.br\/transparente\/index\/?page_id=381"},"modified":"2025-04-25T09:30:39","modified_gmt":"2025-04-25T12:30:39","slug":"leis-municipais-2013","status":"publish","type":"page","link":"https:\/\/lajes.rn.gov.br\/transparente\/index\/leis-municipais-2013\/","title":{"rendered":"Leis Municipais 2013"},"content":{"rendered":"<div align=\"right\">|\u00a0<strong><a href=\"\/feed\" target=\"_blank\" rel=\"noopener\">XML\u2193<\/a><\/strong>\u00a0| <a href=\"https:\/\/lajes.rn.gov.br\/transparente\/index\/wp-content\/uploads\/2025\/04\/export.csv\" target=\"_blank\" rel=\"noopener\">\u00a0<strong>CSV\u2193<\/strong><\/a>\u00a0| <a href=\"?print=pdf\" target=\"_blank\" rel=\"noopener\"><strong>PDF<\/strong>\u2193<\/a>\u00a0\u00a0| <a href=\"?print=print\" target=\"_blank\" rel=\"noopener\"><strong>IMPRIMIR<\/strong>\u2193<\/a>\u00a0\u00a0|<\/div>\n<p>&nbsp;<\/p>\n<div class=\"pt-cv-wrapper\"><div class=\"pt-cv-view pt-cv-grid pt-cv-colsys\" id=\"pt-cv-view-d455478sc8\"><div data-id=\"pt-cv-page-1\" class=\"pt-cv-page\" data-cvc=\"1\"><div class=\"col-md-12 col-sm-12 col-xs-12 pt-cv-content-item pt-cv-1-col\" ><div class='pt-cv-ifield'><p class=\"pt-cv-title\"><a href=\"https:\/\/lajes.rn.gov.br\/transparente\/index\/lei-no-565-2013-dispoe-sobre-a-concessao-de-folga-ao-servidor-publico-municipal-do-municipio-de-lajes-rn-no-dia-do-seu-aniversario\/\" class=\"_self\" target=\"_self\" >LEI N\u00ba 565\/2013 &#8211; Disp\u00f5e sobre a Concess\u00e3o de Folga ao Servidor P\u00fablico Municipal do Munic\u00edpio de Lajes\/RN, no Dia do seu Anivers\u00e1rio.<\/a><\/p><\/div><\/div>\n<div class=\"col-md-12 col-sm-12 col-xs-12 pt-cv-content-item pt-cv-1-col\" ><div class='pt-cv-ifield'><p class=\"pt-cv-title\"><a href=\"https:\/\/lajes.rn.gov.br\/transparente\/index\/lei-no-562-2013-autoriza-o-poder-executivo-a-conceder-gratificacao-mensal-para-os-membros-da-comissao-permanente-de-licitacao-e-para-o-pregoeiro-do-municipio-de-lajes-rn-e-da-outras-providencias\/\" class=\"_self\" target=\"_self\" >LEI N\u00ba 562\/2013 &#8211; Autoriza o Poder Executivo a conceder gratifica\u00e7\u00e3o mensal, para os membros da Comiss\u00e3o Permanente de Licita\u00e7\u00e3o e para o Pregoeiro do Munic\u00edpio de Lajes\/RN e d\u00e1 outras provid\u00eancias.<\/a><\/p><\/div><\/div>\n<div class=\"col-md-12 col-sm-12 col-xs-12 pt-cv-content-item pt-cv-1-col\" ><div class='pt-cv-ifield'><p class=\"pt-cv-title\"><a href=\"https:\/\/lajes.rn.gov.br\/transparente\/index\/lei-no-595-2013-institui-o-auxilio-alimentacao-e-auxilio-moradia-no-ambito-do-municipio-de-lajes-rn-aos-medicos-participantes-do-projeto-mais-medicos-para-o-brasil-instituido-pela-medida-provisoria\/\" class=\"_self\" target=\"_self\" >LEI N\u00ba 595\/2013 &#8211; Institui o Auxilio Alimenta\u00e7\u00e3o e Auxilio Moradia no \u00e2mbito do Munic\u00edpio de Lajes\/RN aos M\u00e9dicos participantes do Projeto Mais M\u00e9dicos para o Brasil, institu\u00eddo pela Medida Provis\u00f3ria n\u00ba 621, de 08 de Julho de 2013 e d\u00e1 outras provid\u00eancias.<\/a><\/p><\/div><\/div>\n<div class=\"col-md-12 col-sm-12 col-xs-12 pt-cv-content-item pt-cv-1-col\" ><div class='pt-cv-ifield'><p class=\"pt-cv-title\"><a href=\"https:\/\/lajes.rn.gov.br\/transparente\/index\/lei-no-594-2013-denomina-a-sede-da-prefeitura-municipal-de-lajes-rn-palacio-alzira-soriano-e-da-outras-providencias\/\" class=\"_self\" target=\"_self\" >LEI N\u00ba 594\/2013 &#8211; Denomina a sede da Prefeitura Municipal de Lajes\/RN \u201cPAL\u00c1CIO ALZIRA SORIANO\u201d e d\u00e1 outras provid\u00eancias.<\/a><\/p><\/div><\/div>\n<div class=\"col-md-12 col-sm-12 col-xs-12 pt-cv-content-item pt-cv-1-col\" ><div class='pt-cv-ifield'><p class=\"pt-cv-title\"><a href=\"https:\/\/lajes.rn.gov.br\/transparente\/index\/lei-no-592-2013-institui-no-municipio-de-lajes-rn-a-semana-municipal-de-informacao-e-divulgacao-da-saude-do-homem-a-ser-comemorado-anualmente-na-semana-que-antecede-o-dia-dos-pai\/\" class=\"_self\" target=\"_self\" >LEI N\u00ba 592\/2013 &#8211; Institui no Munic\u00edpio de Lajes\/RN a \u201cSemana Municipal de Informa\u00e7\u00e3o e Divulga\u00e7\u00e3o da Sa\u00fade do Homem\u201d, a ser comemorado anualmente, na semana que antecede o Dia dos Pais, e d\u00e1 outras provid\u00eancias.<\/a><\/p><\/div><\/div>\n<div class=\"col-md-12 col-sm-12 col-xs-12 pt-cv-content-item pt-cv-1-col\" ><div class='pt-cv-ifield'><p class=\"pt-cv-title\"><a href=\"https:\/\/lajes.rn.gov.br\/transparente\/index\/lei-no-591-2013-estima-a-receita-e-fixa-a-despesa-do-municipio-de-lajes-estado-do-rio-grande-do-norte-para-o-exercicio-financeiro-de-2014\/\" class=\"_self\" target=\"_self\" >LEI N\u00ba 591\/2013 &#8211; Estima a Receita e fixa a Despesa do munic\u00edpio de Lajes, Estado do Rio Grande do Norte para o exerc\u00edcio financeiro de 2014.<\/a><\/p><\/div><\/div>\n<div class=\"col-md-12 col-sm-12 col-xs-12 pt-cv-content-item pt-cv-1-col\" ><div class='pt-cv-ifield'><p class=\"pt-cv-title\"><a href=\"https:\/\/lajes.rn.gov.br\/transparente\/index\/lei-no-593-2013-dispoe-sobre-a-politica-publica-municipal-de-assistencia-social-reformula-estrutura-do-conselho-municipal-de-assistencia-social-cmas-e-da-outras-providencias\/\" class=\"_self\" target=\"_self\" >LEI N\u00ba 593\/2013 &#8211; Disp\u00f5e sobre a pol\u00edtica p\u00fablica municipal de assist\u00eancia social, reformula estrutura do Conselho Municipal de Assist\u00eancia Social (CMAS), e d\u00e1 outras provid\u00eancias.<\/a><\/p><\/div><\/div>\n<div class=\"col-md-12 col-sm-12 col-xs-12 pt-cv-content-item pt-cv-1-col\" ><div class='pt-cv-ifield'><p class=\"pt-cv-title\"><a href=\"https:\/\/lajes.rn.gov.br\/transparente\/index\/lei-no-590-2013-dispoe-sobre-o-plano-plurianual-do-municipio-para-o-quadrienio-2014-2017-e-da-outras-providencias\/\" class=\"_self\" target=\"_self\" >LEI N\u00ba 590\/2013 &#8211; Disp\u00f5e sobre o Plano Plurianual do Munic\u00edpio para o quadri\u00eanio 2014-2017 e d\u00e1 outras provid\u00eancias.<\/a><\/p><\/div><\/div>\n<div class=\"col-md-12 col-sm-12 col-xs-12 pt-cv-content-item pt-cv-1-col\" ><div class='pt-cv-ifield'><p class=\"pt-cv-title\"><a href=\"https:\/\/lajes.rn.gov.br\/transparente\/index\/lei-no-590-2013-ppa-2014-2017\/\" class=\"_self\" target=\"_self\" >LEI N\u00ba 590\/2013 &#8211; PPA 2014-2017<\/a><\/p><\/div><\/div>\n<div class=\"col-md-12 col-sm-12 col-xs-12 pt-cv-content-item pt-cv-1-col\" ><div class='pt-cv-ifield'><p class=\"pt-cv-title\"><a href=\"https:\/\/lajes.rn.gov.br\/transparente\/index\/lei-no-589-2013-declara-de-utilidade-publica-a-associacao-agricola-dos-agricultores-e-agricultoras-familiares-olho-dagua-da-boa-vista\/\" class=\"_self\" target=\"_self\" >LEI N\u00ba 589\/2013 &#8211; Declara de Utilidade P\u00fablica a Associa\u00e7\u00e3o Agr\u00edcola dos Agricultores e Agricultoras Familiares Olho D\u2019\u00e1gua da Boa Vista.<\/a><\/p><\/div><\/div>\n<div class=\"col-md-12 col-sm-12 col-xs-12 pt-cv-content-item pt-cv-1-col\" ><div class='pt-cv-ifield'><p class=\"pt-cv-title\"><a href=\"https:\/\/lajes.rn.gov.br\/transparente\/index\/lei-no-588-2013-institui-o-conselho-municipal-de-desenvolvimento-rural-sustentavel-e-solidario-cmdrs-revoga-a-lei-no-296-1995-e-lei-municipal-no-417-2005-e-da-outras-providencias\/\" class=\"_self\" target=\"_self\" >LEI N\u00ba 588\/2013 &#8211; Institui o Conselho Municipal de Desenvolvimento Rural Sustent\u00e1vel e Solid\u00e1rio (CMDRS), Revoga a Lei n\u00ba 296\/1995 e Lei Municipal n\u00ba 417\/2005, e d\u00e1 outras provid\u00eancias.<\/a><\/p><\/div><\/div>\n<div class=\"col-md-12 col-sm-12 col-xs-12 pt-cv-content-item pt-cv-1-col\" ><div class='pt-cv-ifield'><p class=\"pt-cv-title\"><a href=\"https:\/\/lajes.rn.gov.br\/transparente\/index\/lei-no-587-2013-altera-a-lei-municipal-no-521-de-06-de-outubro-de-2010-e-da-outras-providencias\/\" class=\"_self\" target=\"_self\" >LEI N\u00ba 587\/2013 &#8211; Altera a Lei Municipal n\u00ba 521 de 06 de Outubro de 2010, e d\u00e1 outras provid\u00eancias.<\/a><\/p><\/div><\/div>\n<div class=\"col-md-12 col-sm-12 col-xs-12 pt-cv-content-item pt-cv-1-col\" ><div class='pt-cv-ifield'><p class=\"pt-cv-title\"><a href=\"https:\/\/lajes.rn.gov.br\/transparente\/index\/lei-no-586-2013-cria-o-conselho-municipal-de-turismo\/\" class=\"_self\" target=\"_self\" >LEI N\u00ba 586\/2013 &#8211; Cria o Conselho Municipal de Turismo.<\/a><\/p><\/div><\/div>\n<div class=\"col-md-12 col-sm-12 col-xs-12 pt-cv-content-item pt-cv-1-col\" ><div class='pt-cv-ifield'><p class=\"pt-cv-title\"><a href=\"https:\/\/lajes.rn.gov.br\/transparente\/index\/lei-no-586-2013-dispoe-sobre-a-criacao-do-conselho-municipal-de-seguranca-publica-e-da-outras-providencias\/\" class=\"_self\" target=\"_self\" >LEI N\u00ba 586\/2013 &#8211; Disp\u00f5e sobre a cria\u00e7\u00e3o do Conselho Municipal de Seguran\u00e7a P\u00fablica e da outras provid\u00eancias.<\/a><\/p><\/div><\/div>\n<div class=\"col-md-12 col-sm-12 col-xs-12 pt-cv-content-item pt-cv-1-col\" ><div class='pt-cv-ifield'><p class=\"pt-cv-title\"><a href=\"https:\/\/lajes.rn.gov.br\/transparente\/index\/lei-no-585-2013-dispoe-sobre-a-criacao-do-conselho-municipal-de-juventude-no-ambito-do-municipio-de-lajes-rn-e-da-outras-providencias\/\" class=\"_self\" target=\"_self\" >LEI N\u00ba 585\/2013 &#8211; Disp\u00f5e sobre a cria\u00e7\u00e3o do Conselho Municipal de Juventude no \u00e2mbito do munic\u00edpio de Lajes\/RN e da outras provid\u00eancias<\/a><\/p><\/div><\/div>\n<div class=\"col-md-12 col-sm-12 col-xs-12 pt-cv-content-item pt-cv-1-col\" ><div class='pt-cv-ifield'><p class=\"pt-cv-title\"><a href=\"https:\/\/lajes.rn.gov.br\/transparente\/index\/lei-no-584-2013-abre-ao-orcamento-geral-do-municipio-credito-especial-suplementar-no-valor-global-de-r-935-00000-novecentos-e-trinta-e-cinco-mil-reais-para-reforco-de-dotacoes-constantes-da-le\/\" class=\"_self\" target=\"_self\" >LEI N\u00ba 584\/2013 &#8211; Abre ao Or\u00e7amento Geral do Munic\u00edpio, cr\u00e9dito especial suplementar no valor global de R$ 935.000,00 (novecentos e trinta e cinco mil reais), para refor\u00e7o de dota\u00e7\u00f5es constantes da Lei Or\u00e7ament\u00e1ria vigente.<\/a><\/p><\/div><\/div>\n<div class=\"col-md-12 col-sm-12 col-xs-12 pt-cv-content-item pt-cv-1-col\" ><div class='pt-cv-ifield'><p class=\"pt-cv-title\"><a href=\"https:\/\/lajes.rn.gov.br\/transparente\/index\/lei-no-583-2013-autoriza-o-poder-executivo-a-proceder-em-carater-de-excepcional-interesse-publico-a-contratacao-de-servicos-pessoais-para-a-prestacao-continuada-dos-servicos-essenciais-de-interes\/\" class=\"_self\" target=\"_self\" >LEI N\u00ba 583\/2013 &#8211; Autoriza o Poder Executivo a proceder, em car\u00e1ter de excepcional interesse p\u00fablico, \u00e0 contrata\u00e7\u00e3o de servi\u00e7os pessoais, para a presta\u00e7\u00e3o continuada dos servi\u00e7os essenciais de interesse p\u00fablico do Munic\u00edpio de Lajes\/RN e da outras provid\u00eancias.<\/a><\/p><\/div><\/div>\n<div class=\"col-md-12 col-sm-12 col-xs-12 pt-cv-content-item pt-cv-1-col\" ><div class='pt-cv-ifield'><p class=\"pt-cv-title\"><a href=\"https:\/\/lajes.rn.gov.br\/transparente\/index\/lei-no-582-2013-altera-os-vencimentos-basicos-de-categorias-profissionais-do-municipio-de-lajes-rn-e-da-outras-providencias\/\" class=\"_self\" target=\"_self\" >LEI N\u00ba 582\/2013 &#8211; Altera os vencimentos b\u00e1sicos de categorias profissionais do Munic\u00edpio de Lajes\/RN e da outras provid\u00eancias.<\/a><\/p><\/div><\/div>\n<div class=\"col-md-12 col-sm-12 col-xs-12 pt-cv-content-item pt-cv-1-col\" ><div class='pt-cv-ifield'><p class=\"pt-cv-title\"><a href=\"https:\/\/lajes.rn.gov.br\/transparente\/index\/lei-no-581-2013-dispoe-sobre-a-utilizacao-do-uso-do-maquinario-publico-do-municipio-de-lajes-rn-para-fins-de-prestacao-de-servico-a-particular-e-da-outras-providencias\/\" class=\"_self\" target=\"_self\" >LEI N\u00ba 581\/2013 &#8211; Disp\u00f5e sobre a utiliza\u00e7\u00e3o do uso do Maquin\u00e1rio P\u00fablico do munic\u00edpio de Lajes\/RN para fins de presta\u00e7\u00e3o de servi\u00e7o \u00e0 particular e da outras provid\u00eancias.<\/a><\/p><\/div><\/div>\n<div class=\"col-md-12 col-sm-12 col-xs-12 pt-cv-content-item pt-cv-1-col\" ><div class='pt-cv-ifield'><p class=\"pt-cv-title\"><a href=\"https:\/\/lajes.rn.gov.br\/transparente\/index\/lei-no-580-2013-dispoe-sobre-a-criacao-do-conselho-municipal-de-seguranca-publica-e-da-outras-providencias\/\" class=\"_self\" target=\"_self\" >LEI N\u00ba 580\/2013 &#8211; Disp\u00f5e sobre a cria\u00e7\u00e3o do Conselho Municipal de Seguran\u00e7a Publica e da outras provid\u00eancias.<\/a><\/p><\/div><\/div><\/div><\/div>\n<div class=\" pt-cv-pagination-wrapper\"><ul class=\"pt-cv-pagination pt-cv-ajax pagination\" data-totalpages=\"3\" data-currentpage=\"1\" data-sid=\"d455478sc8\" data-unid=\"\" data-isblock=\"\" data-postid=\"\"><li class=\"active\"><a href=\"#\">1<\/a><\/li>\n\t<li ><a class=\"\" href=\"https:\/\/lajes.rn.gov.br\/transparente\/index\/wp-json\/wp\/v2\/pages\/381\/?_page=2\">2<\/a><\/li>\n\t<li ><a class=\"\" href=\"https:\/\/lajes.rn.gov.br\/transparente\/index\/wp-json\/wp\/v2\/pages\/381\/?_page=3\">3<\/a><\/li>\n\t<li ><a class=\" \" href=\"https:\/\/lajes.rn.gov.br\/transparente\/index\/wp-json\/wp\/v2\/pages\/381\/?_page=2\">&rsaquo;<\/a><\/li>\n\t<\/ul><img decoding=\"async\" width=\"15\" height=\"15\" class=\"pt-cv-spinner\" alt=\"Carregando...;\" src=\"data:image\/gif;base64,R0lGODlhDwAPALMPAMrKygwMDJOTkz09PZWVla+vr3p6euTk5M7OzuXl5TMzMwAAAJmZmWZmZszMzP\/\/\/yH\/C05FVFNDQVBFMi4wAwEAAAAh+QQFCgAPACwAAAAADwAPAAAEQvDJaZaZOIcV8iQK8VRX4iTYoAwZ4iCYoAjZ4RxejhVNoT+mRGP4cyF4Pp0N98sBGIBMEMOotl6YZ3S61Bmbkm4mAgAh+QQFCgAPACwAAAAADQANAAAENPDJSRSZeA418itN8QiK8BiLITVsFiyBBIoYqnoewAD4xPw9iY4XLGYSjkQR4UAUD45DLwIAIfkEBQoADwAsAAAAAA8ACQAABC\/wyVlamTi3nSdgwFNdhEJgTJoNyoB9ISYoQmdjiZPcj7EYCAeCF1gEDo4Dz2eIAAAh+QQFCgAPACwCAAAADQANAAAEM\/DJBxiYeLKdX3IJZT1FU0iIg2RNKx3OkZVnZ98ToRD4MyiDnkAh6BkNC0MvsAj0kMpHBAAh+QQFCgAPACwGAAAACQAPAAAEMDC59KpFDll73HkAA2wVY5KgiK5b0RRoI6MuzG6EQqCDMlSGheEhUAgqgUUAFRySIgAh+QQFCgAPACwCAAIADQANAAAEM\/DJKZNLND\/kkKaHc3xk+QAMYDKsiaqmZCxGVjSFFCxB1vwy2oOgIDxuucxAMTAJFAJNBAAh+QQFCgAPACwAAAYADwAJAAAEMNAs86q1yaWwwv2Ig0jUZx3OYa4XoRAfwADXoAwfo1+CIjyFRuEho60aSNYlOPxEAAAh+QQFCgAPACwAAAIADQANAAAENPA9s4y8+IUVcqaWJ4qEQozSoAzoIyhCK2NFU2SJk0hNnyEOhKR2AzAAj4Pj4GE4W0bkJQIAOw==\" \/><div class=\"clear pt-cv-clear-pagination\"><\/div><\/div><\/div>\n<p>&nbsp;<\/p>\n<p>&nbsp;<\/p>\n<p>&nbsp;<\/p>\n<p>&nbsp;<\/p>\n<p>&nbsp;<\/p>\n<p>&nbsp;<\/p>\n<p>&nbsp;<\/p>\n<p>&nbsp;<\/p>\n<p>&nbsp;<\/p>\n<p>&nbsp;<\/p>\n<p>&nbsp;<\/p>\n<p>&nbsp;<\/p>\n<p>&nbsp;<\/p>\n<p>&nbsp;<\/p>\n<p>&nbsp;<\/p>\n<p>&nbsp;<\/p>\n<p>&nbsp;<\/p>\n<p>&nbsp;<\/p>\n<p>&nbsp;<\/p>\n<p>&nbsp;<\/p>\n<p>&nbsp;<\/p>\n<p>&nbsp;<\/p>\n<p>&nbsp;<\/p>\n<p>&nbsp;<\/p>\n","protected":false},"excerpt":{"rendered":"<p>|\u00a0XML\u2193\u00a0| \u00a0CSV\u2193\u00a0| PDF\u2193\u00a0\u00a0| IMPRIMIR\u2193\u00a0\u00a0| &nbsp; &nbsp; &nbsp; &nbsp; &nbsp; &nbsp; &nbsp; &nbsp; &nbsp; &nbsp; &nbsp; &nbsp; &nbsp; &nbsp; &nbsp; &nbsp; &nbsp; &nbsp; &nbsp; &nbsp; &nbsp; &nbsp; &nbsp; &nbsp; &nbsp;<\/p>\n","protected":false},"author":3,"featured_media":0,"parent":0,"menu_order":0,"comment_status":"closed","ping_status":"closed","template":"","meta":{"ocean_post_layout":"","ocean_both_sidebars_style":"","ocean_both_sidebars_content_width":0,"ocean_both_sidebars_sidebars_width":0,"ocean_sidebar":"0","ocean_second_sidebar":"0","ocean_disable_margins":"enable","ocean_add_body_class":"","ocean_shortcode_before_top_bar":"","ocean_shortcode_after_top_bar":"","ocean_shortcode_before_header":"","ocean_shortcode_after_header":"","ocean_has_shortcode":"","ocean_shortcode_after_title":"","ocean_shortcode_before_footer_widgets":"","ocean_shortcode_after_footer_widgets":"","ocean_shortcode_before_footer_bottom":"","ocean_shortcode_after_footer_bottom":"","ocean_display_top_bar":"default","ocean_display_header":"default","ocean_header_style":"","ocean_center_header_left_menu":"0","ocean_custom_header_template":"0","ocean_custom_logo":0,"ocean_custom_retina_logo":0,"ocean_custom_logo_max_width":0,"ocean_custom_logo_tablet_max_width":0,"ocean_custom_logo_mobile_max_width":0,"ocean_custom_logo_max_height":0,"ocean_custom_logo_tablet_max_height":0,"ocean_custom_logo_mobile_max_height":0,"ocean_header_custom_menu":"0","ocean_menu_typo_font_family":"0","ocean_menu_typo_font_subset":"","ocean_menu_typo_font_size":0,"ocean_menu_typo_font_size_tablet":0,"ocean_menu_typo_font_size_mobile":0,"ocean_menu_typo_font_size_unit":"px","ocean_menu_typo_font_weight":"","ocean_menu_typo_font_weight_tablet":"","ocean_menu_typo_font_weight_mobile":"","ocean_menu_typo_transform":"","ocean_menu_typo_transform_tablet":"","ocean_menu_typo_transform_mobile":"","ocean_menu_typo_line_height":0,"ocean_menu_typo_line_height_tablet":0,"ocean_menu_typo_line_height_mobile":0,"ocean_menu_typo_line_height_unit":"","ocean_menu_typo_spacing":0,"ocean_menu_typo_spacing_tablet":0,"ocean_menu_typo_spacing_mobile":0,"ocean_menu_typo_spacing_unit":"","ocean_menu_link_color":"","ocean_menu_link_color_hover":"","ocean_menu_link_color_active":"","ocean_menu_link_background":"","ocean_menu_link_hover_background":"","ocean_menu_link_active_background":"","ocean_menu_social_links_bg":"","ocean_menu_social_hover_links_bg":"","ocean_menu_social_links_color":"","ocean_menu_social_hover_links_color":"","ocean_disable_title":"default","ocean_disable_heading":"default","ocean_post_title":"","ocean_post_subheading":"","ocean_post_title_style":"","ocean_post_title_background_color":"","ocean_post_title_background":0,"ocean_post_title_bg_image_position":"","ocean_post_title_bg_image_attachment":"","ocean_post_title_bg_image_repeat":"","ocean_post_title_bg_image_size":"","ocean_post_title_height":0,"ocean_post_title_bg_overlay":0.5,"ocean_post_title_bg_overlay_color":"","ocean_disable_breadcrumbs":"default","ocean_breadcrumbs_color":"","ocean_breadcrumbs_separator_color":"","ocean_breadcrumbs_links_color":"","ocean_breadcrumbs_links_hover_color":"","ocean_display_footer_widgets":"default","ocean_display_footer_bottom":"default","ocean_custom_footer_template":"0","footnotes":""},"class_list":["post-381","page","type-page","status-publish","hentry","entry"],"_links":{"self":[{"href":"https:\/\/lajes.rn.gov.br\/transparente\/index\/wp-json\/wp\/v2\/pages\/381","targetHints":{"allow":["GET"]}}],"collection":[{"href":"https:\/\/lajes.rn.gov.br\/transparente\/index\/wp-json\/wp\/v2\/pages"}],"about":[{"href":"https:\/\/lajes.rn.gov.br\/transparente\/index\/wp-json\/wp\/v2\/types\/page"}],"author":[{"embeddable":true,"href":"https:\/\/lajes.rn.gov.br\/transparente\/index\/wp-json\/wp\/v2\/users\/3"}],"replies":[{"embeddable":true,"href":"https:\/\/lajes.rn.gov.br\/transparente\/index\/wp-json\/wp\/v2\/comments?post=381"}],"version-history":[{"count":7,"href":"https:\/\/lajes.rn.gov.br\/transparente\/index\/wp-json\/wp\/v2\/pages\/381\/revisions"}],"predecessor-version":[{"id":36851,"href":"https:\/\/lajes.rn.gov.br\/transparente\/index\/wp-json\/wp\/v2\/pages\/381\/revisions\/36851"}],"wp:attachment":[{"href":"https:\/\/lajes.rn.gov.br\/transparente\/index\/wp-json\/wp\/v2\/media?parent=381"}],"curies":[{"name":"wp","href":"https:\/\/api.w.org\/{rel}","templated":true}]}}