{"id":377,"date":"2023-01-19T16:38:08","date_gmt":"2023-01-19T19:38:08","guid":{"rendered":"https:\/\/lajes.ticetb.com.br\/transparente\/index\/?page_id=377"},"modified":"2025-04-25T09:31:08","modified_gmt":"2025-04-25T12:31:08","slug":"leis-municipais-2014","status":"publish","type":"page","link":"https:\/\/lajes.rn.gov.br\/transparente\/index\/leis-municipais-2014\/","title":{"rendered":"Leis Municipais 2014"},"content":{"rendered":"<div align=\"right\">|\u00a0<strong><a href=\"\/feed\" target=\"_blank\" rel=\"noopener\">XML\u2193<\/a><\/strong>\u00a0| <a href=\"https:\/\/lajes.rn.gov.br\/transparente\/index\/wp-content\/uploads\/2025\/04\/export.csv\" target=\"_blank\" rel=\"noopener\">\u00a0<strong>CSV\u2193<\/strong><\/a>\u00a0| <a href=\"?print=pdf\" target=\"_blank\" rel=\"noopener\"><strong>PDF<\/strong>\u2193<\/a>\u00a0\u00a0| <a href=\"?print=print\" target=\"_blank\" rel=\"noopener\"><strong>IMPRIMIR<\/strong>\u2193<\/a>\u00a0\u00a0|<\/div>\n<p>&nbsp;<\/p>\n<div class=\"pt-cv-wrapper\"><div class=\"pt-cv-view pt-cv-grid pt-cv-colsys\" id=\"pt-cv-view-6f510cemc5\"><div data-id=\"pt-cv-page-1\" class=\"pt-cv-page\" data-cvc=\"1\"><div class=\"col-md-12 col-sm-12 col-xs-12 pt-cv-content-item pt-cv-1-col\" ><div class='pt-cv-ifield'><p class=\"pt-cv-title\"><a href=\"https:\/\/lajes.rn.gov.br\/transparente\/index\/lei-complementar-no-003-2014-atualiza-o-codigo-tributario-do-municipio-de-lajes-estado-do-rio-grande-do-norte\/\" class=\"_self\" target=\"_self\" >LEI COMPLEMENTAR N\u00ba 003\/2014 &#8211; ATUALIZA O C\u00d3DIGO TRIBUT\u00c1RIO DO MUNIC\u00cdPIO DE LAJES, ESTADO DO RIO GRANDE DO NORTE.<\/a><\/p><\/div><\/div>\n<div class=\"col-md-12 col-sm-12 col-xs-12 pt-cv-content-item pt-cv-1-col\" ><div class='pt-cv-ifield'><p class=\"pt-cv-title\"><a href=\"https:\/\/lajes.rn.gov.br\/transparente\/index\/lei-no-648-2014-dispoe-sobre-o-servico-de-acolhimento-familiar-provisorio-de-criancas-e-adolescentes-em-situacao-de-privacao-temporaria-do-convivio-com-a-familia-de-origem-denominado-servico-famili\/\" class=\"_self\" target=\"_self\" >LEI N\u00ba 648\/2014 &#8211; Disp\u00f5e sobre o Servi\u00e7o de Acolhimento Familiar Provis\u00f3rio de Crian\u00e7as e Adolescentes em Situa\u00e7\u00e3o de Priva\u00e7\u00e3o Tempor\u00e1ria do Conv\u00edvio com a Fam\u00edlia de Origem, Denominado Servi\u00e7o Fam\u00edlia Acolhedora.<\/a><\/p><\/div><\/div>\n<div class=\"col-md-12 col-sm-12 col-xs-12 pt-cv-content-item pt-cv-1-col\" ><div class='pt-cv-ifield'><p class=\"pt-cv-title\"><a href=\"https:\/\/lajes.rn.gov.br\/transparente\/index\/lei-no-649-2014-dispoe-sobre-a-operacionalizacao-do-programa-nacional-de-melhoria-do-acesso-e-da-qualidade-da-atencao-basica-pmaq-ab-do-ministerio-da-saude-no-ambito-do-municipio-de-lajes-revoga\/\" class=\"_self\" target=\"_self\" >LEI N\u00ba 649\/2014 &#8211; Disp\u00f5e sobre a operacionaliza\u00e7\u00e3o do Programa Nacional de Melhoria do Acesso e da Qualidade da Aten\u00e7\u00e3o B\u00e1sica (PMAQ-AB) do Minist\u00e9rio da Sa\u00fade no \u00e2mbito do Munic\u00edpio de Lajes, revoga as Leis Municipais n\u00ba 546\/2012 e n\u00b0 553\/2012 e d\u00e1 outras provid\u00eancias.<\/a><\/p><\/div><\/div>\n<div class=\"col-md-12 col-sm-12 col-xs-12 pt-cv-content-item pt-cv-1-col\" ><div class='pt-cv-ifield'><p class=\"pt-cv-title\"><a href=\"https:\/\/lajes.rn.gov.br\/transparente\/index\/lei-complementar-no-001-2014-altera-o-anexo-unico-da-lei-no-500-2009-e-da-outras-providencias\/\" class=\"_self\" target=\"_self\" >LEI COMPLEMENTAR N\u00ba 001\/2014 &#8211; Altera o Anexo \u00danico da Lei n\u00ba 500\/2009 e d\u00e1 Outras Provid\u00eancias.<\/a><\/p><\/div><\/div>\n<div class=\"col-md-12 col-sm-12 col-xs-12 pt-cv-content-item pt-cv-1-col\" ><div class='pt-cv-ifield'><p class=\"pt-cv-title\"><a href=\"https:\/\/lajes.rn.gov.br\/transparente\/index\/lei-complementar-no-002-2014-atualiza-o-valor-da-verba-indenizatoria\/\" class=\"_self\" target=\"_self\" >LEI COMPLEMENTAR N\u00ba 002\/2014 &#8211; Atualiza o valor da Verba Indenizat\u00f3ria.<\/a><\/p><\/div><\/div>\n<div class=\"col-md-12 col-sm-12 col-xs-12 pt-cv-content-item pt-cv-1-col\" ><div class='pt-cv-ifield'><p class=\"pt-cv-title\"><a href=\"https:\/\/lajes.rn.gov.br\/transparente\/index\/lei-no-650-2014-cria-o-sistema-de-transporte-coletivo-do-municipio-de-lajes-rn-e-determina-outras-providencias\/\" class=\"_self\" target=\"_self\" >LEI N\u00ba 650\/2014 &#8211; CRIA O SISTEMA DE TRANSPORTE COLETIVO DO MUNIC\u00cdPIO DE LAJES\/RN E DETERMINA OUTRAS PROVID\u00caNCIAS.<\/a><\/p><\/div><\/div>\n<div class=\"col-md-12 col-sm-12 col-xs-12 pt-cv-content-item pt-cv-1-col\" ><div class='pt-cv-ifield'><p class=\"pt-cv-title\"><a href=\"https:\/\/lajes.rn.gov.br\/transparente\/index\/lei-no-645-2014-republicacao-por-incorrecao\/\" class=\"_self\" target=\"_self\" >LEI N\u00ba 645\/2014 &#8211; *Republica\u00e7\u00e3o por incorre\u00e7\u00e3o<\/a><\/p><\/div><\/div>\n<div class=\"col-md-12 col-sm-12 col-xs-12 pt-cv-content-item pt-cv-1-col\" ><div class='pt-cv-ifield'><p class=\"pt-cv-title\"><a href=\"https:\/\/lajes.rn.gov.br\/transparente\/index\/lei-no-646-2014-autoriza-o-poder-executivo-a-proceder-em-carater-de-excepcional-e-interesse-publico-a-contratacao-de-servicos-pessoais-para-prestacao-continuada-de-servicos-essenciais-de-interess\/\" class=\"_self\" target=\"_self\" >LEI N\u00ba 646\/2014 &#8211; Autoriza o Poder Executivo a proceder, em car\u00e1ter de excepcional e interesse p\u00fablico, \u00e0 Contrata\u00e7\u00e3o de Servi\u00e7os Pessoais, para Presta\u00e7\u00e3o Continuada de Servi\u00e7os Essenciais de Interesse P\u00fablico do Munic\u00edpio de Lajes\/RN.<\/a><\/p><\/div><\/div>\n<div class=\"col-md-12 col-sm-12 col-xs-12 pt-cv-content-item pt-cv-1-col\" ><div class='pt-cv-ifield'><p class=\"pt-cv-title\"><a href=\"https:\/\/lajes.rn.gov.br\/transparente\/index\/lei-n-644-2014-estima-a-receita-e-fixa-a-despesa-do-municipio-de-lajes-estado-do-rio-grande-do-norte-para-o-exercicio-financeiro-de-2015\/\" class=\"_self\" target=\"_self\" >LEI N\u00b0 644\/2014 &#8211; Estima a Receita e Fixa a Despesa do Munic\u00edpio de Lajes, Estado do Rio Grande do Norte para o Exerc\u00edcio Financeiro de 2015.<\/a><\/p><\/div><\/div>\n<div class=\"col-md-12 col-sm-12 col-xs-12 pt-cv-content-item pt-cv-1-col\" ><div class='pt-cv-ifield'><p class=\"pt-cv-title\"><a href=\"https:\/\/lajes.rn.gov.br\/transparente\/index\/lei-no-643-2014-dispoe-sobre-a-doacao-de-imovel-ao-cartorio-fatima-rovane-medeiros-servico-notarial-e-registral-de-lajes-rn-e-da-outras-providencias\/\" class=\"_self\" target=\"_self\" >LEI N\u00ba 643\/2014 &#8211; Disp\u00f5e sobre a doa\u00e7\u00e3o de im\u00f3vel ao Cart\u00f3rio F\u00e1tima Rovane Medeiros Servi\u00e7o Notarial e Registral de Lajes, RN, e d\u00e1 outras provid\u00eancias.<\/a><\/p><\/div><\/div>\n<div class=\"col-md-12 col-sm-12 col-xs-12 pt-cv-content-item pt-cv-1-col\" ><div class='pt-cv-ifield'><p class=\"pt-cv-title\"><a href=\"https:\/\/lajes.rn.gov.br\/transparente\/index\/lei-no-642-2014-autoriza-a-concessao-de-uso-de-bem-publico-e-da-outras-providencias\/\" class=\"_self\" target=\"_self\" >LEI N\u00ba 642\/2014 &#8211; Autoriza a Concess\u00e3o de Uso de Bem P\u00fablico e d\u00e1 outras provid\u00eancias.<\/a><\/p><\/div><\/div>\n<div class=\"col-md-12 col-sm-12 col-xs-12 pt-cv-content-item pt-cv-1-col\" ><div class='pt-cv-ifield'><p class=\"pt-cv-title\"><a href=\"https:\/\/lajes.rn.gov.br\/transparente\/index\/lei-no-640-2014-altera-a-lei-municipal-no-520-de-06-de-outubro-de-2010-e-da-outras-providencias\/\" class=\"_self\" target=\"_self\" >LEI N\u00ba 640\/2014 &#8211; Altera a Lei Municipal n\u00ba 520 de 06 de outubro de 2010, e d\u00e1 outras provid\u00eancias.<\/a><\/p><\/div><\/div>\n<div class=\"col-md-12 col-sm-12 col-xs-12 pt-cv-content-item pt-cv-1-col\" ><div class='pt-cv-ifield'><p class=\"pt-cv-title\"><a href=\"https:\/\/lajes.rn.gov.br\/transparente\/index\/lei-no-641-2014-autoriza-a-abertura-de-credito-especial-a-dotacao-do-orcamento-vigente-e-contem-outras-providencias\/\" class=\"_self\" target=\"_self\" >LEI N\u00ba 641\/2014 &#8211; Autoriza a abertura de Cr\u00e9dito Especial \u00e0 dota\u00e7\u00e3o do or\u00e7amento vigente, e cont\u00eam outras providencias.<\/a><\/p><\/div><\/div>\n<div class=\"col-md-12 col-sm-12 col-xs-12 pt-cv-content-item pt-cv-1-col\" ><div class='pt-cv-ifield'><p class=\"pt-cv-title\"><a href=\"https:\/\/lajes.rn.gov.br\/transparente\/index\/lei-no-639-2014-autoriza-o-poder-executivo-a-proceder-em-carater-de-excepcional-interesse-publico-a-contratacao-de-servicos-pessoais-para-a-prestacao-continuada-dos-servicos-essenciais-de-interes\/\" class=\"_self\" target=\"_self\" >LEI N\u00ba 639\/2014 &#8211; Autoriza o Poder Executivo a proceder, em car\u00e1ter de excepcional interesse p\u00fablico, \u00e0 contrata\u00e7\u00e3o de servi\u00e7os pessoais, para a presta\u00e7\u00e3o continuada dos servi\u00e7os essenciais de interesse p\u00fablico do Munic\u00edpio de Lajes\/RN e da outras provid\u00eancias.<\/a><\/p><\/div><\/div>\n<div class=\"col-md-12 col-sm-12 col-xs-12 pt-cv-content-item pt-cv-1-col\" ><div class='pt-cv-ifield'><p class=\"pt-cv-title\"><a href=\"https:\/\/lajes.rn.gov.br\/transparente\/index\/lei-no-638-2014-autoriza-o-poder-executivo-a-contratar-operacao-de-credito-interno-no-valor-de-r-765-00000-setecentos-e-sessenta-e-cinco-mil-reais-e-da-outras-providencias\/\" class=\"_self\" target=\"_self\" >LEI N\u00ba 638\/2014 &#8211; Autoriza o Poder Executivo a contratar opera\u00e7\u00e3o de Cr\u00e9dito Interno no valor de R$ 765.000,00 (setecentos e sessenta e cinco mil reais) e d\u00e1 outras providencias.<\/a><\/p><\/div><\/div>\n<div class=\"col-md-12 col-sm-12 col-xs-12 pt-cv-content-item pt-cv-1-col\" ><div class='pt-cv-ifield'><p class=\"pt-cv-title\"><a href=\"https:\/\/lajes.rn.gov.br\/transparente\/index\/lei-municipal-no-637-2014-dispoe-sobre-a-criacao-do-conselho-municipal-de-defesa-dos-direitos-da-pessoa-deficiente-comudef\/\" class=\"_self\" target=\"_self\" >LEI MUNICIPAL N\u00ba 637\/2014 &#8211; Disp\u00f5e sobre a cria\u00e7\u00e3o do Conselho Municipal de Defesa dos Direitos da Pessoa Deficiente \u2013 COMUDEF<\/a><\/p><\/div><\/div>\n<div class=\"col-md-12 col-sm-12 col-xs-12 pt-cv-content-item pt-cv-1-col\" ><div class='pt-cv-ifield'><p class=\"pt-cv-title\"><a href=\"https:\/\/lajes.rn.gov.br\/transparente\/index\/lei-municipal-no-635-2014-dispoe-sobre-a-proibicao-do-fechamento-de-predio-publico-por-periodo-superior-a-12-meses-no-ambito-do-municipio-de-lajes-rn-e-da-outras-providencias\/\" class=\"_self\" target=\"_self\" >LEI MUNICIPAL N\u00ba 635\/2014 &#8211; DISP\u00d5E SOBRE A PROIBI\u00c7\u00c3O DO FECHAMENTO DE PR\u00c9DIO P\u00daBLICO POR PER\u00cdODO SUPERIOR A 12 MESES NO \u00c2MBITO DO MUNIC\u00cdPIO DE LAJES\/RN, E DA OUTRAS PROVID\u00caNCIAS\u201d.<\/a><\/p><\/div><\/div>\n<div class=\"col-md-12 col-sm-12 col-xs-12 pt-cv-content-item pt-cv-1-col\" ><div class='pt-cv-ifield'><p class=\"pt-cv-title\"><a href=\"https:\/\/lajes.rn.gov.br\/transparente\/index\/lei-municipal-no-633-2014-dispoe-sobre-aquisicao-dos-dispositivos-de-retencao-de-criancas-para-veiculos-automotores-e-da-outras-providencias\/\" class=\"_self\" target=\"_self\" >LEI MUNICIPAL N\u00ba 633\/2014 &#8211; DISP\u00d5E SOBRE AQUISI\u00c7\u00c3O DOS DISPOSITIVOS DE RETEN\u00c7\u00c3O DE CRIAN\u00c7AS PARA VE\u00cdCULOS AUTOMOTORES, E DA OUTRAS PROVID\u00caNCIAS<\/a><\/p><\/div><\/div>\n<div class=\"col-md-12 col-sm-12 col-xs-12 pt-cv-content-item pt-cv-1-col\" ><div class='pt-cv-ifield'><p class=\"pt-cv-title\"><a href=\"https:\/\/lajes.rn.gov.br\/transparente\/index\/lei-municipal-no-636-2014-denominacao-de-logradouro-de-publico-e-da-outras-providencias\/\" class=\"_self\" target=\"_self\" >LEI MUNICIPAL N\u00ba 636\/2014 &#8211; Denomina\u00e7\u00e3o de logradouro de p\u00fablico e d\u00e1 outras provid\u00eancias.<\/a><\/p><\/div><\/div>\n<div class=\"col-md-12 col-sm-12 col-xs-12 pt-cv-content-item pt-cv-1-col\" ><div class='pt-cv-ifield'><p class=\"pt-cv-title\"><a href=\"https:\/\/lajes.rn.gov.br\/transparente\/index\/lei-municipal-no-634-2014-dispoe-sobre-a-utilizacao-de-predios-publicos-por-tempo-determinado-para-realizacao-de-eventos-educativos-esportivos-culturais-religiosos-ou-de-outra-natureza-que-vise-o\/\" class=\"_self\" target=\"_self\" >LEI MUNICIPAL N\u00ba 634\/2014 &#8211; DISP\u00d5E SOBRE A UTILIZA\u00c7\u00c3O DE PR\u00c9DIOS P\u00daBLICOS POR TEMPO DETERMINADO PARA REALIZA\u00c7\u00c3O DE EVENTOS EDUCATIVOS, ESPORTIVOS, CULTURAIS, RELIGIOSOS OU DE OUTRA NATUREZA QUE VISE O INTERESSE P\u00daBLICO NO \u00c2MBITO DO MUNIC\u00cdPIO DE LAJES\/RN, E DA OUTRAS PROVID\u00caNCIAS<\/a><\/p><\/div><\/div><\/div><\/div>\n<div class=\" pt-cv-pagination-wrapper\"><ul class=\"pt-cv-pagination pt-cv-ajax pagination\" data-totalpages=\"3\" data-currentpage=\"1\" data-sid=\"6f510cemc5\" data-unid=\"\" data-isblock=\"\" data-postid=\"\"><li class=\"active\"><a href=\"#\">1<\/a><\/li>\n\t<li ><a class=\"\" href=\"https:\/\/lajes.rn.gov.br\/transparente\/index\/wp-json\/wp\/v2\/pages\/377\/?_page=2\">2<\/a><\/li>\n\t<li ><a class=\"\" href=\"https:\/\/lajes.rn.gov.br\/transparente\/index\/wp-json\/wp\/v2\/pages\/377\/?_page=3\">3<\/a><\/li>\n\t<li ><a class=\" \" href=\"https:\/\/lajes.rn.gov.br\/transparente\/index\/wp-json\/wp\/v2\/pages\/377\/?_page=2\">&rsaquo;<\/a><\/li>\n\t<\/ul><img decoding=\"async\" width=\"15\" height=\"15\" class=\"pt-cv-spinner\" alt=\"Carregando...;\" src=\"data:image\/gif;base64,R0lGODlhDwAPALMPAMrKygwMDJOTkz09PZWVla+vr3p6euTk5M7OzuXl5TMzMwAAAJmZmWZmZszMzP\/\/\/yH\/C05FVFNDQVBFMi4wAwEAAAAh+QQFCgAPACwAAAAADwAPAAAEQvDJaZaZOIcV8iQK8VRX4iTYoAwZ4iCYoAjZ4RxejhVNoT+mRGP4cyF4Pp0N98sBGIBMEMOotl6YZ3S61Bmbkm4mAgAh+QQFCgAPACwAAAAADQANAAAENPDJSRSZeA418itN8QiK8BiLITVsFiyBBIoYqnoewAD4xPw9iY4XLGYSjkQR4UAUD45DLwIAIfkEBQoADwAsAAAAAA8ACQAABC\/wyVlamTi3nSdgwFNdhEJgTJoNyoB9ISYoQmdjiZPcj7EYCAeCF1gEDo4Dz2eIAAAh+QQFCgAPACwCAAAADQANAAAEM\/DJBxiYeLKdX3IJZT1FU0iIg2RNKx3OkZVnZ98ToRD4MyiDnkAh6BkNC0MvsAj0kMpHBAAh+QQFCgAPACwGAAAACQAPAAAEMDC59KpFDll73HkAA2wVY5KgiK5b0RRoI6MuzG6EQqCDMlSGheEhUAgqgUUAFRySIgAh+QQFCgAPACwCAAIADQANAAAEM\/DJKZNLND\/kkKaHc3xk+QAMYDKsiaqmZCxGVjSFFCxB1vwy2oOgIDxuucxAMTAJFAJNBAAh+QQFCgAPACwAAAYADwAJAAAEMNAs86q1yaWwwv2Ig0jUZx3OYa4XoRAfwADXoAwfo1+CIjyFRuEho60aSNYlOPxEAAAh+QQFCgAPACwAAAIADQANAAAENPA9s4y8+IUVcqaWJ4qEQozSoAzoIyhCK2NFU2SJk0hNnyEOhKR2AzAAj4Pj4GE4W0bkJQIAOw==\" \/><div class=\"clear pt-cv-clear-pagination\"><\/div><\/div><\/div>\n<p>&nbsp;<\/p>\n<p>&nbsp;<\/p>\n<p>&nbsp;<\/p>\n<p>&nbsp;<\/p>\n<p>&nbsp;<\/p>\n<p>&nbsp;<\/p>\n<p>&nbsp;<\/p>\n<p>&nbsp;<\/p>\n<p>&nbsp;<\/p>\n<p>&nbsp;<\/p>\n<p>&nbsp;<\/p>\n<p>&nbsp;<\/p>\n<p>&nbsp;<\/p>\n<p>&nbsp;<\/p>\n<p>&nbsp;<\/p>\n<p>&nbsp;<\/p>\n<p>&nbsp;<\/p>\n<p>&nbsp;<\/p>\n<p>&nbsp;<\/p>\n<p>&nbsp;<\/p>\n<p>&nbsp;<\/p>\n<p>&nbsp;<\/p>\n<p>&nbsp;<\/p>\n<p>&nbsp;<\/p>\n","protected":false},"excerpt":{"rendered":"<p>|\u00a0XML\u2193\u00a0| \u00a0CSV\u2193\u00a0| PDF\u2193\u00a0\u00a0| IMPRIMIR\u2193\u00a0\u00a0| &nbsp; &nbsp; &nbsp; &nbsp; &nbsp; &nbsp; &nbsp; &nbsp; &nbsp; &nbsp; &nbsp; &nbsp; &nbsp; &nbsp; &nbsp; &nbsp; &nbsp; &nbsp; &nbsp; &nbsp; &nbsp; &nbsp; &nbsp; &nbsp; &nbsp;<\/p>\n","protected":false},"author":3,"featured_media":0,"parent":0,"menu_order":0,"comment_status":"closed","ping_status":"closed","template":"","meta":{"ocean_post_layout":"","ocean_both_sidebars_style":"","ocean_both_sidebars_content_width":0,"ocean_both_sidebars_sidebars_width":0,"ocean_sidebar":"0","ocean_second_sidebar":"0","ocean_disable_margins":"enable","ocean_add_body_class":"","ocean_shortcode_before_top_bar":"","ocean_shortcode_after_top_bar":"","ocean_shortcode_before_header":"","ocean_shortcode_after_header":"","ocean_has_shortcode":"","ocean_shortcode_after_title":"","ocean_shortcode_before_footer_widgets":"","ocean_shortcode_after_footer_widgets":"","ocean_shortcode_before_footer_bottom":"","ocean_shortcode_after_footer_bottom":"","ocean_display_top_bar":"default","ocean_display_header":"default","ocean_header_style":"","ocean_center_header_left_menu":"0","ocean_custom_header_template":"0","ocean_custom_logo":0,"ocean_custom_retina_logo":0,"ocean_custom_logo_max_width":0,"ocean_custom_logo_tablet_max_width":0,"ocean_custom_logo_mobile_max_width":0,"ocean_custom_logo_max_height":0,"ocean_custom_logo_tablet_max_height":0,"ocean_custom_logo_mobile_max_height":0,"ocean_header_custom_menu":"0","ocean_menu_typo_font_family":"0","ocean_menu_typo_font_subset":"","ocean_menu_typo_font_size":0,"ocean_menu_typo_font_size_tablet":0,"ocean_menu_typo_font_size_mobile":0,"ocean_menu_typo_font_size_unit":"px","ocean_menu_typo_font_weight":"","ocean_menu_typo_font_weight_tablet":"","ocean_menu_typo_font_weight_mobile":"","ocean_menu_typo_transform":"","ocean_menu_typo_transform_tablet":"","ocean_menu_typo_transform_mobile":"","ocean_menu_typo_line_height":0,"ocean_menu_typo_line_height_tablet":0,"ocean_menu_typo_line_height_mobile":0,"ocean_menu_typo_line_height_unit":"","ocean_menu_typo_spacing":0,"ocean_menu_typo_spacing_tablet":0,"ocean_menu_typo_spacing_mobile":0,"ocean_menu_typo_spacing_unit":"","ocean_menu_link_color":"","ocean_menu_link_color_hover":"","ocean_menu_link_color_active":"","ocean_menu_link_background":"","ocean_menu_link_hover_background":"","ocean_menu_link_active_background":"","ocean_menu_social_links_bg":"","ocean_menu_social_hover_links_bg":"","ocean_menu_social_links_color":"","ocean_menu_social_hover_links_color":"","ocean_disable_title":"default","ocean_disable_heading":"default","ocean_post_title":"","ocean_post_subheading":"","ocean_post_title_style":"","ocean_post_title_background_color":"","ocean_post_title_background":0,"ocean_post_title_bg_image_position":"","ocean_post_title_bg_image_attachment":"","ocean_post_title_bg_image_repeat":"","ocean_post_title_bg_image_size":"","ocean_post_title_height":0,"ocean_post_title_bg_overlay":0.5,"ocean_post_title_bg_overlay_color":"","ocean_disable_breadcrumbs":"default","ocean_breadcrumbs_color":"","ocean_breadcrumbs_separator_color":"","ocean_breadcrumbs_links_color":"","ocean_breadcrumbs_links_hover_color":"","ocean_display_footer_widgets":"default","ocean_display_footer_bottom":"default","ocean_custom_footer_template":"0","footnotes":""},"class_list":["post-377","page","type-page","status-publish","hentry","entry"],"_links":{"self":[{"href":"https:\/\/lajes.rn.gov.br\/transparente\/index\/wp-json\/wp\/v2\/pages\/377","targetHints":{"allow":["GET"]}}],"collection":[{"href":"https:\/\/lajes.rn.gov.br\/transparente\/index\/wp-json\/wp\/v2\/pages"}],"about":[{"href":"https:\/\/lajes.rn.gov.br\/transparente\/index\/wp-json\/wp\/v2\/types\/page"}],"author":[{"embeddable":true,"href":"https:\/\/lajes.rn.gov.br\/transparente\/index\/wp-json\/wp\/v2\/users\/3"}],"replies":[{"embeddable":true,"href":"https:\/\/lajes.rn.gov.br\/transparente\/index\/wp-json\/wp\/v2\/comments?post=377"}],"version-history":[{"count":4,"href":"https:\/\/lajes.rn.gov.br\/transparente\/index\/wp-json\/wp\/v2\/pages\/377\/revisions"}],"predecessor-version":[{"id":36852,"href":"https:\/\/lajes.rn.gov.br\/transparente\/index\/wp-json\/wp\/v2\/pages\/377\/revisions\/36852"}],"wp:attachment":[{"href":"https:\/\/lajes.rn.gov.br\/transparente\/index\/wp-json\/wp\/v2\/media?parent=377"}],"curies":[{"name":"wp","href":"https:\/\/api.w.org\/{rel}","templated":true}]}}