{"id":37456,"date":"2025-05-28T02:29:05","date_gmt":"2025-05-28T05:29:05","guid":{"rendered":"https:\/\/lajes.rn.gov.br\/transparente\/index\/?page_id=37456"},"modified":"2025-05-28T02:36:38","modified_gmt":"2025-05-28T05:36:38","slug":"incentivos-a-projetos-culturais","status":"publish","type":"page","link":"https:\/\/lajes.rn.gov.br\/transparente\/index\/incentivos-a-projetos-culturais\/","title":{"rendered":"Incentivos a projetos culturais"},"content":{"rendered":"<p><a title=\"Inscri\u00e7\u00f5es abertas para oficineiros de Artesanato e Reciclagem!\" role=\"link\" href=\"https:\/\/lajes.rn.gov.br\/inscricoes-abertas-para-oficineiros-de-artesanato-e-reciclagem\/\" rel=\"bookmark\" data-raofz=\"24\">Inscri\u00e7\u00f5es abertas para oficineiros de Artesanato e Reciclagem!<\/a><\/p>\n<hr \/>\n<h3>ALDIR BLANC<\/h3>\n<p><a title=\"Plant\u00e3o tira-d\u00favidas da Lei Aldir Blanc.\" role=\"link\" href=\"https:\/\/lajes.rn.gov.br\/plantao-tira-duvidas-da-lei-aldir-blanc\/\" rel=\"bookmark\" data-raofz=\"24\">Plant\u00e3o tira-d\u00favidas da Lei Aldir Blanc.<\/a><\/p>\n<p><a title=\"Prefeitura de Lajes realiza Ato de Assinaturas da Lei Aldir Blanc com artistas e coletivos culturais\" role=\"link\" href=\"https:\/\/lajes.rn.gov.br\/prefeitura-de-lajes-realiza-ato-de-assinaturas-da-lei-aldir-blanc-com-artistas-e-coletivos-culturais\/\" rel=\"bookmark\" data-raofz=\"24\">Prefeitura de Lajes realiza Ato de Assinaturas da Lei Aldir Blanc com artistas e coletivos culturais<\/a><\/p>\n<p><a title=\"Prefeitura de Lajes realiza Ato de Assinaturas da Lei Aldir Blanc com artistas e coletivos culturais\" role=\"link\" href=\"https:\/\/lajes.rn.gov.br\/prefeitura-de-lajes-realiza-ato-de-assinaturas-da-lei-aldir-blanc-com-artistas-e-coletivos-culturais\/\" rel=\"bookmark\" data-raofz=\"24\">Prefeitura de Lajes realiza Ato de Assinaturas da Lei Aldir Blanc com artistas e coletivos culturais<\/a><\/p>\n<p><a title=\"Plant\u00e3o tira-d\u00favidas da Lei Aldir Blanc.\" role=\"link\" href=\"https:\/\/lajes.rn.gov.br\/plantao-tira-duvidas-da-lei-aldir-blanc\/\" rel=\"bookmark\" data-raofz=\"24\">Plant\u00e3o tira-d\u00favidas da Lei Aldir Blanc.<\/a><\/p>\n<p><a title=\"Inscri\u00e7\u00f5es abertas para oficineiros de Artesanato e Reciclagem!\" role=\"link\" href=\"https:\/\/lajes.rn.gov.br\/inscricoes-abertas-para-oficineiros-de-artesanato-e-reciclagem\/\" rel=\"bookmark\" data-raofz=\"24\">Inscri\u00e7\u00f5es abertas para oficineiros de Artesanato e Reciclagem!<\/a><\/p>\n<p><a title=\"PORTARIA N\u00ba 344\/2024 - \u201cInstitui a Comiss\u00e3o de An\u00e1lise do M\u00e9rito Cultural do Edital de Chamamento P\u00fablico n\u00b0 003.2024 \u2013 Credenciamento de Monitoria em forma de oficinas sequenciais de teatro e dan\u00e7a popular atrav\u00e9s do fomento \u00e0 cultura \u2013 Lei Aldir Blanc \u2013 Lajes\/RN.\u201d\" href=\"https:\/\/lajes.rn.gov.br\/transparente\/index\/portaria-no-344-2024-institui-a-comissao-de-analise-do-merito-cultural-do-edital-de-chamamento-publico-n-003-2024-credenciamento-de-monitoria-em-forma-de-oficinas-sequenciai\/\" target=\"_blank\" rel=\"noopener\">PORTARIA N\u00ba 344\/2024 &#8211; \u201cInstitui a Comiss\u00e3o de An\u00e1lise do M\u00e9rito Cultural do Edital de Chamamento P\u00fablico n\u00b0 003.2024 \u2013 Credenciamento de Monitoria em forma de oficinas sequenciais de teatro e dan\u00e7a popular atrav\u00e9s do fomento \u00e0 cultura \u2013 Lei Aldir Blanc \u2013 Lajes\/RN.\u201d<\/a><\/p>\n<p><a title=\"RESULTADO DA ETAPA DE AVALIA\u00c7\u00c3O E SELE\u00c7\u00c3O DO EDITAL 001\/2024 - SELE\u00c7\u00c3O DE PROJETOS PARA EXECU\u00c7\u00c3O AUDIOVISUAL DA LEI ALDIR BLANC NO MUNIC\u00cdPIO DE LAJES\/RN\" href=\"https:\/\/lajes.rn.gov.br\/transparente\/index\/resultado-da-etapa-de-avaliacao-e-selecao-do-edital-001-2024-selecao-de-projetos-para-execucao-audiovisual-da-lei-aldir-blanc-no-municipio-de-lajes-rn\/\" target=\"_blank\" rel=\"noopener\">RESULTADO DA ETAPA DE AVALIA\u00c7\u00c3O E SELE\u00c7\u00c3O DO EDITAL 001\/2024 &#8211; SELE\u00c7\u00c3O DE PROJETOS PARA EXECU\u00c7\u00c3O AUDIOVISUAL DA LEI ALDIR BLANC NO MUNIC\u00cdPIO DE LAJES\/RN<\/a><\/p>\n<p><a title=\"EDITAL DE CHAMAMENTO P\u00daBLICO N\u00b0 002\/2024 - \u201cDisp\u00f5e sobre o credenciamento de oficineiros atrav\u00e9s do fomento \u00e0 cultura Lei Aldir Blanc - Lajes\/RN, e d\u00e1 outras provid\u00eancias.\u201d\" href=\"https:\/\/lajes.rn.gov.br\/transparente\/index\/edital-de-chamamento-publico-n-002-2024-dispoe-sobre-o-credenciamento-de-oficineiros-atraves-do-fomento-a-cultura-lei-aldir-blanc-lajes-rn-e-da-outras-providencias\/\" target=\"_blank\" rel=\"noopener\">EDITAL DE CHAMAMENTO P\u00daBLICO N\u00b0 002\/2024 &#8211; \u201cDisp\u00f5e sobre o credenciamento de oficineiros atrav\u00e9s do fomento \u00e0 cultura Lei Aldir Blanc &#8211; Lajes\/RN, e d\u00e1 outras provid\u00eancias.\u201d<\/a><\/p>\n<p><a title=\"PORTARIA N\u00ba 315\/2024 - \u201cINSTITUI A COMISS\u00c3O DE AN\u00c1LISE DO M\u00c9RITO CULTURAL DO EDITAL DE CHAMAMENTO P\u00daBLICO 001\/2024 \u2013 PR\u00caMIO JO\u00c3O BATISTA MARTINS DE FOMENTO \u00c0 CULTURA DA LEI ALDIR BLANC - LAJES\/RN.\u201d\" href=\"https:\/\/lajes.rn.gov.br\/transparente\/index\/portaria-no-315-2024-institui-a-comissao-de-analise-do-merito-cultural-do-edital-de-chamamento-publico-001-2024-premio-joao-batista-martins-de-fomento-a-cultura-da-lei-aldir-blanc\/\" target=\"_blank\" rel=\"noopener\">PORTARIA N\u00ba 315\/2024 &#8211; \u201cINSTITUI A COMISS\u00c3O DE AN\u00c1LISE DO M\u00c9RITO CULTURAL DO EDITAL DE CHAMAMENTO P\u00daBLICO 001\/2024 \u2013 PR\u00caMIO JO\u00c3O BATISTA MARTINS DE FOMENTO \u00c0 CULTURA DA LEI ALDIR BLANC &#8211; LAJES\/RN.\u201d<\/a><\/p>\n<p>&nbsp;<\/p>\n<hr \/>\n<p><strong>PAULO GUSTAVO<\/strong><\/p>\n<p><a title=\"I ENCONTRO DE CULTURA DE LAJES\" role=\"link\" href=\"https:\/\/lajes.rn.gov.br\/i-encontro-de-cultura-de-lajes\/\" rel=\"bookmark\" data-raofz=\"24\">I ENCONTRO DE CULTURA DE LAJES<\/a><\/p>\n<p><a title=\"1\u00b0 ENCONTRO DA CULTURA DE LAJES\" role=\"link\" href=\"https:\/\/lajes.rn.gov.br\/1-encontro-da-cultura-de-lajes\/\" rel=\"bookmark\" data-raofz=\"24\">1\u00b0 ENCONTRO DA CULTURA DE LAJES<\/a><\/p>\n<p><a title=\"Aten\u00e7\u00e3o, lajenses\" role=\"link\" href=\"https:\/\/lajes.rn.gov.br\/atencao-lajenses-3\/\" rel=\"bookmark\" data-raofz=\"24\">Aten\u00e7\u00e3o, lajenses<\/a><\/p>\n<p><a title=\"ATEN\u00c7\u00c3O PARTICIPANTES!\" role=\"link\" href=\"https:\/\/lajes.rn.gov.br\/atencao-participantes\/\" rel=\"bookmark\" data-raofz=\"24\">ATEN\u00c7\u00c3O PARTICIPANTES!<\/a><\/p>\n<p><a title=\"Esclarecimento de d\u00favidas para os cidad\u00e3os, especialmente os agentes de cultura, em rela\u00e7\u00e3o \u00e0 Lei Paulo Gustavo.\" role=\"link\" href=\"https:\/\/lajes.rn.gov.br\/esclarecimento-de-duvidas-para-os-cidadaos-especialmente-os-agentes-de-cultura-em-relacao-a-lei-paulo-gustavo\/\" rel=\"bookmark\" data-raofz=\"24\">Esclarecimento de d\u00favidas para os cidad\u00e3os, especialmente os agentes de cultura, em rela\u00e7\u00e3o \u00e0 Lei Paulo Gustavo.<\/a><\/p>\n<p><a title=\"Aten\u00e7\u00e3o, comunidade! As inscri\u00e7\u00f5es para as Oficinas da Lei Paulo Gustavo est\u00e3o abertas!\" role=\"link\" href=\"https:\/\/lajes.rn.gov.br\/atencao-comunidade-as-inscricoes-para-as-oficinas-da-lei-paulo-gustavo-estao-abertas\/\" rel=\"bookmark\" data-raofz=\"24\">Aten\u00e7\u00e3o, comunidade! As inscri\u00e7\u00f5es para as Oficinas da Lei Paulo Gustavo est\u00e3o abertas!<\/a><\/p>\n<p><a title=\"PORTARIA N\u00ba 305\/2024 - \u201cInstitui a Comiss\u00e3o de Monitoramento e Avalia\u00e7\u00e3o de Resultados do edital n\u00ba 004\/2023 - sele\u00e7\u00e3o de projetos para execu\u00e7\u00e3o audiovisual da Lei 195\/2022 \u2013 Lei Paulo Gustavo - no munic\u00edpio de Lajes\/RN, e d\u00e1 outras provid\u00eancias.\u201d\" href=\"https:\/\/lajes.rn.gov.br\/transparente\/index\/portaria-no-305-2024-institui-a-comissao-de-monitoramento-e-avaliacao-de-resultados-do-edital-no-004-2023-selecao-de-projetos-para-execucao-audiovisual-da-lei-195-2022-lei-paulo\/\" target=\"_blank\" rel=\"noopener\">PORTARIA N\u00ba 305\/2024 &#8211; \u201cInstitui a Comiss\u00e3o de Monitoramento e Avalia\u00e7\u00e3o de Resultados do edital n\u00ba 004\/2023 &#8211; sele\u00e7\u00e3o de projetos para execu\u00e7\u00e3o audiovisual da Lei 195\/2022 \u2013 Lei Paulo Gustavo &#8211; no munic\u00edpio de Lajes\/RN, e d\u00e1 outras provid\u00eancias.\u201d<\/a><\/p>\n<p><a title=\"RESULTADO FINAL DA ETAPA DE AVALIA\u00c7\u00c3O E SELE\u00c7\u00c3O DO EDITAL 005\/2023 - SELE\u00c7\u00c3O DE PROJETOS PARA EXECU\u00c7\u00c3O DO PR\u00caMIO JO\u00c3O BATISTA MARTINS DE FOMENTO A CULTURA DA LEI PAULO GUSTAVO DE LAJES\/RN\" href=\"https:\/\/lajes.rn.gov.br\/transparente\/index\/resultado-final-da-etapa-de-avaliacao-e-selecao-do-edital-005-2023-selecao-de-projetos-para-execucao-do-premio-joao-batista-martins-de-fomento-a-cultura-da-lei-paulo-gustavo-de-lajes-rn\/\" target=\"_blank\" rel=\"noopener\">RESULTADO FINAL DA ETAPA DE AVALIA\u00c7\u00c3O E SELE\u00c7\u00c3O DO EDITAL 005\/2023 &#8211; SELE\u00c7\u00c3O DE PROJETOS PARA EXECU\u00c7\u00c3O DO PR\u00caMIO JO\u00c3O BATISTA MARTINS DE FOMENTO A CULTURA DA LEI PAULO GUSTAVO DE LAJES\/RN<\/a><\/p>\n<p><a title=\"RESULTADO FINAL DA ETAPA DE AVALIA\u00c7\u00c3O E SELE\u00c7\u00c3O DO EDITAL 004\/2023 - SELE\u00c7\u00c3O DE PROJETOS PARA EXECU\u00c7\u00c3O AUDIOVISUAL DA LEI PAULO GUSTAVO NO MUNIC\u00cdPIO DE LAJES\/RN\" href=\"https:\/\/lajes.rn.gov.br\/transparente\/index\/resultado-final-da-etapa-de-avaliacao-e-selecao-do-edital-004-2023-selecao-de-projetos-para-execucao-audiovisual-da-lei-paulo-gustavo-no-municipio-de-lajes-rn-2\/\" target=\"_blank\" rel=\"noopener\">RESULTADO FINAL DA ETAPA DE AVALIA\u00c7\u00c3O E SELE\u00c7\u00c3O DO EDITAL 004\/2023 &#8211; SELE\u00c7\u00c3O DE PROJETOS PARA EXECU\u00c7\u00c3O AUDIOVISUAL DA LEI PAULO GUSTAVO NO MUNIC\u00cdPIO DE LAJES\/RN<\/a><\/p>\n<p><a title=\"PORTARIA N\u00ba 424\/2023 - \u201cInstitui a comiss\u00e3o de an\u00e1lise do m\u00e9rito cultural do edital de chamamento p\u00fablico para credenciamento n\u00ba 004\/2023 - sele\u00e7\u00e3o de projetos para execu\u00e7\u00e3o audiovisual - Lei Paulo Gustavo - Lajes\/RN.\u201d\" href=\"https:\/\/lajes.rn.gov.br\/transparente\/index\/portaria-no-424-2023-institui-a-comissao-de-analise-do-merito-cultural-do-edital-de-chamamento-publico-para-credenciamento-no-004-2023-selecao-de-projetos-para-execucao-audiovisual-lei\/\" target=\"_blank\" rel=\"noopener\">PORTARIA N\u00ba 424\/2023 &#8211; \u201cInstitui a comiss\u00e3o de an\u00e1lise do m\u00e9rito cultural do edital de chamamento p\u00fablico para credenciamento n\u00ba 004\/2023 &#8211; sele\u00e7\u00e3o de projetos para execu\u00e7\u00e3o audiovisual &#8211; Lei Paulo Gustavo &#8211; Lajes\/RN.\u201d<\/a><\/p>\n<p><a title=\"EDITAL DE CREDENCIAMENTO 04\/2023 - SELE\u00c7\u00c3O DE PROJETOS PARA EXECU\u00c7\u00c3O AUDIOVISUAL DA LEI PAULO GUSTAVO\" href=\"https:\/\/lajes.rn.gov.br\/transparente\/index\/edital-de-credenciamento-04-2023-selecao-de-projetos-para-execucao-audiovisual-da-lei-paulo-gustavo\/\" target=\"_blank\" rel=\"noopener\">EDITAL DE CREDENCIAMENTO 04\/2023 &#8211; SELE\u00c7\u00c3O DE PROJETOS PARA EXECU\u00c7\u00c3O AUDIOVISUAL DA LEI PAULO GUSTAVO<\/a><\/p>\n<p><a title=\"EDITAL DE CREDENCIAMENTO 03\/2023 - PR\u00caMIO JO\u00c3O BATISTA MARTINS DE FOMENTO \u00c0 CULTURA  LEI PAULO GUSTAVO\" href=\"https:\/\/lajes.rn.gov.br\/transparente\/index\/edital-de-credenciamento-03-2023-premio-joao-batista-martins-de-fomento-a-cultura-lei-paulo-gustavo\/\" target=\"_blank\" rel=\"noopener\">EDITAL DE CREDENCIAMENTO 03\/2023 &#8211; PR\u00caMIO JO\u00c3O BATISTA MARTINS DE FOMENTO \u00c0 CULTURA LEI PAULO GUSTAVO<\/a><\/p>\n<p>&nbsp;<\/p>\n","protected":false},"excerpt":{"rendered":"<p>Inscri\u00e7\u00f5es abertas para oficineiros de Artesanato e Reciclagem! ALDIR BLANC Plant\u00e3o tira-d\u00favidas da Lei Aldir Blanc. Prefeitura de Lajes realiza Ato de Assinaturas da Lei Aldir Blanc com artistas e coletivos culturais Prefeitura de Lajes realiza Ato de Assinaturas da Lei Aldir Blanc com artistas e coletivos culturais Plant\u00e3o tira-d\u00favidas da Lei Aldir Blanc. Inscri\u00e7\u00f5es [&hellip;]<\/p>\n","protected":false},"author":3,"featured_media":0,"parent":0,"menu_order":0,"comment_status":"closed","ping_status":"closed","template":"","meta":{"ocean_post_layout":"","ocean_both_sidebars_style":"","ocean_both_sidebars_content_width":0,"ocean_both_sidebars_sidebars_width":0,"ocean_sidebar":"0","ocean_second_sidebar":"0","ocean_disable_margins":"enable","ocean_add_body_class":"","ocean_shortcode_before_top_bar":"","ocean_shortcode_after_top_bar":"","ocean_shortcode_before_header":"","ocean_shortcode_after_header":"","ocean_has_shortcode":"","ocean_shortcode_after_title":"","ocean_shortcode_before_footer_widgets":"","ocean_shortcode_after_footer_widgets":"","ocean_shortcode_before_footer_bottom":"","ocean_shortcode_after_footer_bottom":"","ocean_display_top_bar":"default","ocean_display_header":"default","ocean_header_style":"","ocean_center_header_left_menu":"0","ocean_custom_header_template":"0","ocean_custom_logo":0,"ocean_custom_retina_logo":0,"ocean_custom_logo_max_width":0,"ocean_custom_logo_tablet_max_width":0,"ocean_custom_logo_mobile_max_width":0,"ocean_custom_logo_max_height":0,"ocean_custom_logo_tablet_max_height":0,"ocean_custom_logo_mobile_max_height":0,"ocean_header_custom_menu":"0","ocean_menu_typo_font_family":"0","ocean_menu_typo_font_subset":"","ocean_menu_typo_font_size":0,"ocean_menu_typo_font_size_tablet":0,"ocean_menu_typo_font_size_mobile":0,"ocean_menu_typo_font_size_unit":"px","ocean_menu_typo_font_weight":"","ocean_menu_typo_font_weight_tablet":"","ocean_menu_typo_font_weight_mobile":"","ocean_menu_typo_transform":"","ocean_menu_typo_transform_tablet":"","ocean_menu_typo_transform_mobile":"","ocean_menu_typo_line_height":0,"ocean_menu_typo_line_height_tablet":0,"ocean_menu_typo_line_height_mobile":0,"ocean_menu_typo_line_height_unit":"","ocean_menu_typo_spacing":0,"ocean_menu_typo_spacing_tablet":0,"ocean_menu_typo_spacing_mobile":0,"ocean_menu_typo_spacing_unit":"","ocean_menu_link_color":"","ocean_menu_link_color_hover":"","ocean_menu_link_color_active":"","ocean_menu_link_background":"","ocean_menu_link_hover_background":"","ocean_menu_link_active_background":"","ocean_menu_social_links_bg":"","ocean_menu_social_hover_links_bg":"","ocean_menu_social_links_color":"","ocean_menu_social_hover_links_color":"","ocean_disable_title":"default","ocean_disable_heading":"default","ocean_post_title":"","ocean_post_subheading":"","ocean_post_title_style":"","ocean_post_title_background_color":"","ocean_post_title_background":0,"ocean_post_title_bg_image_position":"","ocean_post_title_bg_image_attachment":"","ocean_post_title_bg_image_repeat":"","ocean_post_title_bg_image_size":"","ocean_post_title_height":0,"ocean_post_title_bg_overlay":0.5,"ocean_post_title_bg_overlay_color":"","ocean_disable_breadcrumbs":"default","ocean_breadcrumbs_color":"","ocean_breadcrumbs_separator_color":"","ocean_breadcrumbs_links_color":"","ocean_breadcrumbs_links_hover_color":"","ocean_display_footer_widgets":"default","ocean_display_footer_bottom":"default","ocean_custom_footer_template":"0","footnotes":""},"class_list":["post-37456","page","type-page","status-publish","hentry","entry"],"_links":{"self":[{"href":"https:\/\/lajes.rn.gov.br\/transparente\/index\/wp-json\/wp\/v2\/pages\/37456","targetHints":{"allow":["GET"]}}],"collection":[{"href":"https:\/\/lajes.rn.gov.br\/transparente\/index\/wp-json\/wp\/v2\/pages"}],"about":[{"href":"https:\/\/lajes.rn.gov.br\/transparente\/index\/wp-json\/wp\/v2\/types\/page"}],"author":[{"embeddable":true,"href":"https:\/\/lajes.rn.gov.br\/transparente\/index\/wp-json\/wp\/v2\/users\/3"}],"replies":[{"embeddable":true,"href":"https:\/\/lajes.rn.gov.br\/transparente\/index\/wp-json\/wp\/v2\/comments?post=37456"}],"version-history":[{"count":4,"href":"https:\/\/lajes.rn.gov.br\/transparente\/index\/wp-json\/wp\/v2\/pages\/37456\/revisions"}],"predecessor-version":[{"id":37460,"href":"https:\/\/lajes.rn.gov.br\/transparente\/index\/wp-json\/wp\/v2\/pages\/37456\/revisions\/37460"}],"wp:attachment":[{"href":"https:\/\/lajes.rn.gov.br\/transparente\/index\/wp-json\/wp\/v2\/media?parent=37456"}],"curies":[{"name":"wp","href":"https:\/\/api.w.org\/{rel}","templated":true}]}}