{"id":366,"date":"2023-01-19T16:25:37","date_gmt":"2023-01-19T19:25:37","guid":{"rendered":"https:\/\/lajes.ticetb.com.br\/transparente\/index\/?page_id=366"},"modified":"2025-04-25T09:34:11","modified_gmt":"2025-04-25T12:34:11","slug":"leis-municipais-2017","status":"publish","type":"page","link":"https:\/\/lajes.rn.gov.br\/transparente\/index\/leis-municipais-2017\/","title":{"rendered":"Leis Municipais 2017"},"content":{"rendered":"<div align=\"right\">|\u00a0<strong><a href=\"\/feed\" target=\"_blank\" rel=\"noopener\">XML\u2193<\/a><\/strong>\u00a0| <a href=\"https:\/\/lajes.rn.gov.br\/transparente\/index\/wp-content\/uploads\/2025\/04\/export.csv\" target=\"_blank\" rel=\"noopener\">\u00a0<strong>CSV\u2193<\/strong><\/a>\u00a0| <a href=\"?print=pdf\" target=\"_blank\" rel=\"noopener\"><strong>PDF<\/strong>\u2193<\/a>\u00a0\u00a0| <a href=\"?print=print\" target=\"_blank\" rel=\"noopener\"><strong>IMPRIMIR<\/strong>\u2193<\/a>\u00a0\u00a0|<\/div>\n<p>&nbsp;<\/p>\n<div class=\"pt-cv-wrapper\"><div class=\"pt-cv-view pt-cv-grid pt-cv-colsys\" id=\"pt-cv-view-bdb3616mzl\"><div data-id=\"pt-cv-page-1\" class=\"pt-cv-page\" data-cvc=\"1\"><div class=\"col-md-12 col-sm-12 col-xs-12 pt-cv-content-item pt-cv-1-col\" ><div class='pt-cv-ifield'><p class=\"pt-cv-title\"><a href=\"https:\/\/lajes.rn.gov.br\/transparente\/index\/lei-790-2017-estima-a-receita-e-fixa-a-despesa-do-municipio-de-lajes-estado-do-rio-grande-do-norte-para-o-exercicio-financeiro-de-2018\/\" class=\"_self\" target=\"_self\" >LEI 790\/2017 &#8211; ESTIMA A RECEITA E FIXA A DESPESA DO MUNIC\u00cdPIO DE LAJES, ESTADO DO RIO GRANDE DO NORTE, PARA O EXERC\u00cdCIO FINANCEIRO DE 2018.<\/a><\/p><\/div><\/div>\n<div class=\"col-md-12 col-sm-12 col-xs-12 pt-cv-content-item pt-cv-1-col\" ><div class='pt-cv-ifield'><p class=\"pt-cv-title\"><a href=\"https:\/\/lajes.rn.gov.br\/transparente\/index\/lei-no-789-2017-ppa-2018-2021\/\" class=\"_self\" target=\"_self\" >LEI N\u00ba 789\/2017 &#8211; PPA 2018-2021<\/a><\/p><\/div><\/div>\n<div class=\"col-md-12 col-sm-12 col-xs-12 pt-cv-content-item pt-cv-1-col\" ><div class='pt-cv-ifield'><p class=\"pt-cv-title\"><a href=\"https:\/\/lajes.rn.gov.br\/transparente\/index\/lei-municipal-no-788-2017-determina-a-obrigatoriedade-de-disponibilizacao-de-oportunidade-para-apresentacao-de-grupos-bandas-cantores-ou-instrumentistas-locais-na-abertura-de-eventos-musicais-que\/\" class=\"_self\" target=\"_self\" >LEI MUNICIPAL N\u00ba 788\/2017 &#8211; Determina a obrigatoriedade de disponibiliza\u00e7\u00e3o de oportunidade para apresenta\u00e7\u00e3o de grupos, bandas, cantores ou instrumentistas locais na abertura de eventos musicais que contem com financiamento p\u00fablico municipal e d\u00e1 outras provid\u00eancias.<\/a><\/p><\/div><\/div>\n<div class=\"col-md-12 col-sm-12 col-xs-12 pt-cv-content-item pt-cv-1-col\" ><div class='pt-cv-ifield'><p class=\"pt-cv-title\"><a href=\"https:\/\/lajes.rn.gov.br\/transparente\/index\/lei-municipal-no-787-2017-altera-os-artigos-7o-12o-e-25o-paragrafo-unico-da-lei-no-500-2009-e-da-outras-providencias\/\" class=\"_self\" target=\"_self\" >LEI MUNICIPAL N\u00ba 787\/2017 &#8211; Altera os Artigos 7\u00ba, 12\u00ba e 25\u00ba, Par\u00e1grafo \u00danico da Lei n\u00ba 500\/2009, e d\u00e1 outras provid\u00eancias.<\/a><\/p><\/div><\/div>\n<div class=\"col-md-12 col-sm-12 col-xs-12 pt-cv-content-item pt-cv-1-col\" ><div class='pt-cv-ifield'><p class=\"pt-cv-title\"><a href=\"https:\/\/lajes.rn.gov.br\/transparente\/index\/lei-complementar-no-008-2017-dispoe-sobre-a-criacao-de-cargos-e-vagas-no-quadro-de-servidores-do-municipio-de-lajes-rn-autoriza-a-realizacao-do-respectivo-concurso-publico-e-da-outras-providencias\/\" class=\"_self\" target=\"_self\" >LEI COMPLEMENTAR N\u00ba 008\/2017 &#8211; Disp\u00f5e sobre a cria\u00e7\u00e3o de cargos e vagas no quadro de servidores do Munic\u00edpio de Lajes RN, autoriza a realiza\u00e7\u00e3o do respectivo concurso p\u00fablico e d\u00e1 outras provid\u00eancias.<\/a><\/p><\/div><\/div>\n<div class=\"col-md-12 col-sm-12 col-xs-12 pt-cv-content-item pt-cv-1-col\" ><div class='pt-cv-ifield'><p class=\"pt-cv-title\"><a href=\"https:\/\/lajes.rn.gov.br\/transparente\/index\/lei-municipal-no-786-2017-autoriza-o-poder-executivo-a-proceder-negociacao-e-parcelamento-de-debitos-previdenciarios-junto-ao-inss-e-prevlajes\/\" class=\"_self\" target=\"_self\" >LEI MUNICIPAL N\u00ba 786\/2017 &#8211; Autoriza o Poder Executivo a Proceder Negocia\u00e7\u00e3o e Parcelamento de D\u00e9bitos Previdenci\u00e1rios, junto ao INSS e PREVLAJES.<\/a><\/p><\/div><\/div>\n<div class=\"col-md-12 col-sm-12 col-xs-12 pt-cv-content-item pt-cv-1-col\" ><div class='pt-cv-ifield'><p class=\"pt-cv-title\"><a href=\"https:\/\/lajes.rn.gov.br\/transparente\/index\/lei-municipal-no-785-2017-altera-o-artigo-8o-da-lei-no-748-2016-de-29-12-2016-e-da-outras-providencias\/\" class=\"_self\" target=\"_self\" >LEI MUNICIPAL N\u00ba 785\/2017 &#8211; Altera o Artigo 8\u00ba da Lei n\u00ba 748\/2016, de 29\/12\/2016 e d\u00e1 outras provid\u00eancias.<\/a><\/p><\/div><\/div>\n<div class=\"col-md-12 col-sm-12 col-xs-12 pt-cv-content-item pt-cv-1-col\" ><div class='pt-cv-ifield'><p class=\"pt-cv-title\"><a href=\"https:\/\/lajes.rn.gov.br\/transparente\/index\/lei-municipal-no-784-2017-institui-o-programa-de-incentivo-a-doacao-de-sangue-entre-os-servidores-municipais\/\" class=\"_self\" target=\"_self\" >LEI MUNICIPAL N\u00ba 784\/2017 &#8211; Institui o Programa de Incentivo \u00e0 Doa\u00e7\u00e3o de Sangue entre os Servidores Municipais.<\/a><\/p><\/div><\/div>\n<div class=\"col-md-12 col-sm-12 col-xs-12 pt-cv-content-item pt-cv-1-col\" ><div class='pt-cv-ifield'><p class=\"pt-cv-title\"><a href=\"https:\/\/lajes.rn.gov.br\/transparente\/index\/lei-municipal-no-783-2017-institui-o-programa-permanente-de-incentivo-a-leitura\/\" class=\"_self\" target=\"_self\" >LEI MUNICIPAL N\u00ba 783\/2017 &#8211; Institui o Programa Permanente de Incentivo \u00e0 Leitura.<\/a><\/p><\/div><\/div>\n<div class=\"col-md-12 col-sm-12 col-xs-12 pt-cv-content-item pt-cv-1-col\" ><div class='pt-cv-ifield'><p class=\"pt-cv-title\"><a href=\"https:\/\/lajes.rn.gov.br\/transparente\/index\/lei-municipal-no-782-2017-dispoe-sobre-incentivo-ao-esporte-e-a-cultura-no-ambito-do-municipio-de-lajes-rn-e-da-outras-providencias\/\" class=\"_self\" target=\"_self\" >LEI MUNICIPAL N\u00ba 782\/2017 &#8211; Disp\u00f5e sobre Incentivo ao Esporte e a Cultura, no \u00e2mbito do munic\u00edpio de Lajes RN e d\u00e1 outras providencias.<\/a><\/p><\/div><\/div>\n<div class=\"col-md-12 col-sm-12 col-xs-12 pt-cv-content-item pt-cv-1-col\" ><div class='pt-cv-ifield'><p class=\"pt-cv-title\"><a href=\"https:\/\/lajes.rn.gov.br\/transparente\/index\/lei-municipal-complementar-no-007-2017-dispoe-sobre-a-atualizacao-da-lei-complementar-no-003-2014-codigo-tributario-do-municipio-de-lajes-nos-termos-da-lei-complementar-157-2016-onde-autoriza-a\/\" class=\"_self\" target=\"_self\" >LEI MUNICIPAL COMPLEMENTAR N\u00ba 007\/2017 &#8211; Disp\u00f5e sobre a atualiza\u00e7\u00e3o da Lei Complementar n\u00ba 003\/2014, (C\u00f3digo Tribut\u00e1rio do Munic\u00edpio de Lajes), nos termos da Lei Complementar 157\/2016, onde autoriza a cobran\u00e7a do ISS, assim como outros benef\u00edcios fiscais para esta municipalidade e d\u00e1 outras provid\u00eancias.<\/a><\/p><\/div><\/div>\n<div class=\"col-md-12 col-sm-12 col-xs-12 pt-cv-content-item pt-cv-1-col\" ><div class='pt-cv-ifield'><p class=\"pt-cv-title\"><a href=\"https:\/\/lajes.rn.gov.br\/transparente\/index\/lei-complementar-no-006-2017-dispoe-sobre-a-efetivacao-dos-agentes-de-combate-as-endemias-por-forca-da-emenda-constitucional-n-51-2006-e-lei-federal-n-11-350-2006-e-da-outras-providenci\/\" class=\"_self\" target=\"_self\" >LEI COMPLEMENTAR N\u00ba 006\/2017 &#8211; Disp\u00f5e sobre a efetiva\u00e7\u00e3o dos Agentes de Combate \u00e0s Endemias, por for\u00e7a da Emenda Constitucional n\u00b0 51\/2006 e Lei Federal n\u00b0 11.350\/2006 e d\u00e1 outras provid\u00eancias.<\/a><\/p><\/div><\/div>\n<div class=\"col-md-12 col-sm-12 col-xs-12 pt-cv-content-item pt-cv-1-col\" ><div class='pt-cv-ifield'><p class=\"pt-cv-title\"><a href=\"https:\/\/lajes.rn.gov.br\/transparente\/index\/lei-no-781-2017-autoriza-o-poder-executivo-abrir-credito-especial-no-valor-de-r-390-00000-trezentos-e-noventa-mil-reais-e-da-outras-providencias\/\" class=\"_self\" target=\"_self\" >LEI N\u00ba 781\/2017 &#8211; Autoriza o Poder Executivo Abrir Cr\u00e9dito Especial no valor de R$ 390.000,00 (trezentos e noventa mil reais) e da Outras Provid\u00eancias.<\/a><\/p><\/div><\/div>\n<div class=\"col-md-12 col-sm-12 col-xs-12 pt-cv-content-item pt-cv-1-col\" ><div class='pt-cv-ifield'><p class=\"pt-cv-title\"><a href=\"https:\/\/lajes.rn.gov.br\/transparente\/index\/lei-no-778-2017-altera-cargos-em-comissao-criados-pela-lei-no-500-2009-e-da-outras-providencias\/\" class=\"_self\" target=\"_self\" >LEI N\u00ba 778\/2017 &#8211; Altera Cargos em Comiss\u00e3o Criados pela Lei n\u00ba 500\/2009, e d\u00e1 outras provid\u00eancias.<\/a><\/p><\/div><\/div>\n<div class=\"col-md-12 col-sm-12 col-xs-12 pt-cv-content-item pt-cv-1-col\" ><div class='pt-cv-ifield'><p class=\"pt-cv-title\"><a href=\"https:\/\/lajes.rn.gov.br\/transparente\/index\/lei-no-777-2017-autoriza-o-poder-executivo-alienar-bens-moveis-e-da-outras-providencias\/\" class=\"_self\" target=\"_self\" >LEI N\u00ba 777\/2017 &#8211; Autoriza o Poder Executivo Alienar Bens M\u00f3veis e d\u00e1 Outras Provid\u00eancias.<\/a><\/p><\/div><\/div>\n<div class=\"col-md-12 col-sm-12 col-xs-12 pt-cv-content-item pt-cv-1-col\" ><div class='pt-cv-ifield'><p class=\"pt-cv-title\"><a href=\"https:\/\/lajes.rn.gov.br\/transparente\/index\/lei-no-779-2017-dispoe-sobre-a-denominacao-de-logradouro-publico-e-da-outras-providencias\/\" class=\"_self\" target=\"_self\" >LEI N\u00ba 779\/2017 &#8211; Disp\u00f5e Sobre a Denomina\u00e7\u00e3o de Logradouro P\u00fablico e d\u00e1 Outras Provid\u00eancias.<\/a><\/p><\/div><\/div>\n<div class=\"col-md-12 col-sm-12 col-xs-12 pt-cv-content-item pt-cv-1-col\" ><div class='pt-cv-ifield'><p class=\"pt-cv-title\"><a href=\"https:\/\/lajes.rn.gov.br\/transparente\/index\/lei-no-775-2017-institui-dentro-do-calendario-de-eventos-municipal-o-dia-municipal-do-moto-taxista\/\" class=\"_self\" target=\"_self\" >LEI N\u00ba 775\/2017 &#8211; Institui dentro do Calend\u00e1rio de Eventos Municipal o Dia Municipal do Moto taxista.<\/a><\/p><\/div><\/div>\n<div class=\"col-md-12 col-sm-12 col-xs-12 pt-cv-content-item pt-cv-1-col\" ><div class='pt-cv-ifield'><p class=\"pt-cv-title\"><a href=\"https:\/\/lajes.rn.gov.br\/transparente\/index\/lei-no-776-2017-dispoe-sobre-a-denominacao-de-logradouro-publico-e-da-outras-providencias\/\" class=\"_self\" target=\"_self\" >LEI N\u00ba 776\/2017 &#8211; Disp\u00f5e sobre a Denomina\u00e7\u00e3o de Logradouro P\u00fablico e d\u00e1 Outras Provid\u00eancias.<\/a><\/p><\/div><\/div>\n<div class=\"col-md-12 col-sm-12 col-xs-12 pt-cv-content-item pt-cv-1-col\" ><div class='pt-cv-ifield'><p class=\"pt-cv-title\"><a href=\"https:\/\/lajes.rn.gov.br\/transparente\/index\/lei-no-774-2017-autoriza-o-poder-executivo-municipal-a-celebrar-convenio-de-cooperacao-com-o-estado-do-rio-grande-do-norte-para-o-fim-de-estabelecer-uma-cooperacao-federativa-da-organizacao-regula\/\" class=\"_self\" target=\"_self\" >LEI N\u00ba 774\/2017 &#8211; Autoriza o Poder Executivo Municipal a celebrar Conv\u00eanio de Coopera\u00e7\u00e3o com o Estado do Rio Grande do Norte, para o fim de estabelecer uma coopera\u00e7\u00e3o federativa da organiza\u00e7\u00e3o, regula\u00e7\u00e3o, fiscaliza\u00e7\u00e3o e presta\u00e7\u00e3o dos servi\u00e7os p\u00fablicos municipais de abastecimento de \u00e1gua e de esgotamento sanit\u00e1rio, e d\u00e1 outras provid\u00eancias.<\/a><\/p><\/div><\/div>\n<div class=\"col-md-12 col-sm-12 col-xs-12 pt-cv-content-item pt-cv-1-col\" ><div class='pt-cv-ifield'><p class=\"pt-cv-title\"><a href=\"https:\/\/lajes.rn.gov.br\/transparente\/index\/lei-no-773-2017-altera-a-denominacao-de-cargo-em-comissao-do-gabinete-do-prefeito-anexo-da-lei-no-500-2009-e-da-outras-providencias\/\" class=\"_self\" target=\"_self\" >LEI N\u00ba 773\/2017 &#8211; Altera a Denomina\u00e7\u00e3o de Cargo em Comiss\u00e3o, do Gabinete do Prefeito, Anexo da Lei n\u00ba 500\/2009, e da Outras Provid\u00eancias.<\/a><\/p><\/div><\/div><\/div><\/div>\n<div class=\" pt-cv-pagination-wrapper\"><ul class=\"pt-cv-pagination pt-cv-ajax pagination\" data-totalpages=\"3\" data-currentpage=\"1\" data-sid=\"bdb3616mzl\" data-unid=\"\" data-isblock=\"\" data-postid=\"\"><li class=\"active\"><a href=\"#\">1<\/a><\/li>\n\t<li ><a class=\"\" href=\"https:\/\/lajes.rn.gov.br\/transparente\/index\/wp-json\/wp\/v2\/pages\/366\/?_page=2\">2<\/a><\/li>\n\t<li ><a class=\"\" href=\"https:\/\/lajes.rn.gov.br\/transparente\/index\/wp-json\/wp\/v2\/pages\/366\/?_page=3\">3<\/a><\/li>\n\t<li ><a class=\" \" href=\"https:\/\/lajes.rn.gov.br\/transparente\/index\/wp-json\/wp\/v2\/pages\/366\/?_page=2\">&rsaquo;<\/a><\/li>\n\t<\/ul><img decoding=\"async\" width=\"15\" height=\"15\" class=\"pt-cv-spinner\" alt=\"Carregando...;\" src=\"data:image\/gif;base64,R0lGODlhDwAPALMPAMrKygwMDJOTkz09PZWVla+vr3p6euTk5M7OzuXl5TMzMwAAAJmZmWZmZszMzP\/\/\/yH\/C05FVFNDQVBFMi4wAwEAAAAh+QQFCgAPACwAAAAADwAPAAAEQvDJaZaZOIcV8iQK8VRX4iTYoAwZ4iCYoAjZ4RxejhVNoT+mRGP4cyF4Pp0N98sBGIBMEMOotl6YZ3S61Bmbkm4mAgAh+QQFCgAPACwAAAAADQANAAAENPDJSRSZeA418itN8QiK8BiLITVsFiyBBIoYqnoewAD4xPw9iY4XLGYSjkQR4UAUD45DLwIAIfkEBQoADwAsAAAAAA8ACQAABC\/wyVlamTi3nSdgwFNdhEJgTJoNyoB9ISYoQmdjiZPcj7EYCAeCF1gEDo4Dz2eIAAAh+QQFCgAPACwCAAAADQANAAAEM\/DJBxiYeLKdX3IJZT1FU0iIg2RNKx3OkZVnZ98ToRD4MyiDnkAh6BkNC0MvsAj0kMpHBAAh+QQFCgAPACwGAAAACQAPAAAEMDC59KpFDll73HkAA2wVY5KgiK5b0RRoI6MuzG6EQqCDMlSGheEhUAgqgUUAFRySIgAh+QQFCgAPACwCAAIADQANAAAEM\/DJKZNLND\/kkKaHc3xk+QAMYDKsiaqmZCxGVjSFFCxB1vwy2oOgIDxuucxAMTAJFAJNBAAh+QQFCgAPACwAAAYADwAJAAAEMNAs86q1yaWwwv2Ig0jUZx3OYa4XoRAfwADXoAwfo1+CIjyFRuEho60aSNYlOPxEAAAh+QQFCgAPACwAAAIADQANAAAENPA9s4y8+IUVcqaWJ4qEQozSoAzoIyhCK2NFU2SJk0hNnyEOhKR2AzAAj4Pj4GE4W0bkJQIAOw==\" \/><div class=\"clear pt-cv-clear-pagination\"><\/div><\/div><\/div>\n<p>&nbsp;<\/p>\n<p>&nbsp;<\/p>\n<p>&nbsp;<\/p>\n<p>&nbsp;<\/p>\n<p>&nbsp;<\/p>\n<p>&nbsp;<\/p>\n<p>&nbsp;<\/p>\n<p>&nbsp;<\/p>\n<p>&nbsp;<\/p>\n<p>&nbsp;<\/p>\n<p>&nbsp;<\/p>\n<p>&nbsp;<\/p>\n<p>&nbsp;<\/p>\n<p>&nbsp;<\/p>\n<p>&nbsp;<\/p>\n<p>&nbsp;<\/p>\n<p>&nbsp;<\/p>\n<p>&nbsp;<\/p>\n<p>&nbsp;<\/p>\n<p>&nbsp;<\/p>\n<p>&nbsp;<\/p>\n<p>&nbsp;<\/p>\n<p>&nbsp;<\/p>\n<p>&nbsp;<\/p>\n","protected":false},"excerpt":{"rendered":"<p>|\u00a0XML\u2193\u00a0| \u00a0CSV\u2193\u00a0| PDF\u2193\u00a0\u00a0| IMPRIMIR\u2193\u00a0\u00a0| &nbsp; &nbsp; &nbsp; &nbsp; &nbsp; &nbsp; &nbsp; &nbsp; &nbsp; &nbsp; &nbsp; &nbsp; &nbsp; &nbsp; &nbsp; &nbsp; &nbsp; &nbsp; &nbsp; &nbsp; &nbsp; &nbsp; &nbsp; &nbsp; &nbsp;<\/p>\n","protected":false},"author":3,"featured_media":0,"parent":0,"menu_order":0,"comment_status":"closed","ping_status":"closed","template":"","meta":{"ocean_post_layout":"","ocean_both_sidebars_style":"","ocean_both_sidebars_content_width":0,"ocean_both_sidebars_sidebars_width":0,"ocean_sidebar":"0","ocean_second_sidebar":"0","ocean_disable_margins":"enable","ocean_add_body_class":"","ocean_shortcode_before_top_bar":"","ocean_shortcode_after_top_bar":"","ocean_shortcode_before_header":"","ocean_shortcode_after_header":"","ocean_has_shortcode":"","ocean_shortcode_after_title":"","ocean_shortcode_before_footer_widgets":"","ocean_shortcode_after_footer_widgets":"","ocean_shortcode_before_footer_bottom":"","ocean_shortcode_after_footer_bottom":"","ocean_display_top_bar":"default","ocean_display_header":"default","ocean_header_style":"","ocean_center_header_left_menu":"0","ocean_custom_header_template":"0","ocean_custom_logo":0,"ocean_custom_retina_logo":0,"ocean_custom_logo_max_width":0,"ocean_custom_logo_tablet_max_width":0,"ocean_custom_logo_mobile_max_width":0,"ocean_custom_logo_max_height":0,"ocean_custom_logo_tablet_max_height":0,"ocean_custom_logo_mobile_max_height":0,"ocean_header_custom_menu":"0","ocean_menu_typo_font_family":"0","ocean_menu_typo_font_subset":"","ocean_menu_typo_font_size":0,"ocean_menu_typo_font_size_tablet":0,"ocean_menu_typo_font_size_mobile":0,"ocean_menu_typo_font_size_unit":"px","ocean_menu_typo_font_weight":"","ocean_menu_typo_font_weight_tablet":"","ocean_menu_typo_font_weight_mobile":"","ocean_menu_typo_transform":"","ocean_menu_typo_transform_tablet":"","ocean_menu_typo_transform_mobile":"","ocean_menu_typo_line_height":0,"ocean_menu_typo_line_height_tablet":0,"ocean_menu_typo_line_height_mobile":0,"ocean_menu_typo_line_height_unit":"","ocean_menu_typo_spacing":0,"ocean_menu_typo_spacing_tablet":0,"ocean_menu_typo_spacing_mobile":0,"ocean_menu_typo_spacing_unit":"","ocean_menu_link_color":"","ocean_menu_link_color_hover":"","ocean_menu_link_color_active":"","ocean_menu_link_background":"","ocean_menu_link_hover_background":"","ocean_menu_link_active_background":"","ocean_menu_social_links_bg":"","ocean_menu_social_hover_links_bg":"","ocean_menu_social_links_color":"","ocean_menu_social_hover_links_color":"","ocean_disable_title":"default","ocean_disable_heading":"default","ocean_post_title":"","ocean_post_subheading":"","ocean_post_title_style":"","ocean_post_title_background_color":"","ocean_post_title_background":0,"ocean_post_title_bg_image_position":"","ocean_post_title_bg_image_attachment":"","ocean_post_title_bg_image_repeat":"","ocean_post_title_bg_image_size":"","ocean_post_title_height":0,"ocean_post_title_bg_overlay":0.5,"ocean_post_title_bg_overlay_color":"","ocean_disable_breadcrumbs":"default","ocean_breadcrumbs_color":"","ocean_breadcrumbs_separator_color":"","ocean_breadcrumbs_links_color":"","ocean_breadcrumbs_links_hover_color":"","ocean_display_footer_widgets":"default","ocean_display_footer_bottom":"default","ocean_custom_footer_template":"0","footnotes":""},"class_list":["post-366","page","type-page","status-publish","hentry","entry"],"_links":{"self":[{"href":"https:\/\/lajes.rn.gov.br\/transparente\/index\/wp-json\/wp\/v2\/pages\/366","targetHints":{"allow":["GET"]}}],"collection":[{"href":"https:\/\/lajes.rn.gov.br\/transparente\/index\/wp-json\/wp\/v2\/pages"}],"about":[{"href":"https:\/\/lajes.rn.gov.br\/transparente\/index\/wp-json\/wp\/v2\/types\/page"}],"author":[{"embeddable":true,"href":"https:\/\/lajes.rn.gov.br\/transparente\/index\/wp-json\/wp\/v2\/users\/3"}],"replies":[{"embeddable":true,"href":"https:\/\/lajes.rn.gov.br\/transparente\/index\/wp-json\/wp\/v2\/comments?post=366"}],"version-history":[{"count":4,"href":"https:\/\/lajes.rn.gov.br\/transparente\/index\/wp-json\/wp\/v2\/pages\/366\/revisions"}],"predecessor-version":[{"id":36855,"href":"https:\/\/lajes.rn.gov.br\/transparente\/index\/wp-json\/wp\/v2\/pages\/366\/revisions\/36855"}],"wp:attachment":[{"href":"https:\/\/lajes.rn.gov.br\/transparente\/index\/wp-json\/wp\/v2\/media?parent=366"}],"curies":[{"name":"wp","href":"https:\/\/api.w.org\/{rel}","templated":true}]}}