{"id":34013,"date":"2024-06-26T14:35:03","date_gmt":"2024-06-26T17:35:03","guid":{"rendered":"https:\/\/lajes.rn.gov.br\/transparente\/index\/?page_id=34013"},"modified":"2025-04-24T14:37:49","modified_gmt":"2025-04-24T17:37:49","slug":"decretos-2024","status":"publish","type":"page","link":"https:\/\/lajes.rn.gov.br\/transparente\/index\/decretos-2024\/","title":{"rendered":"Decretos 2024"},"content":{"rendered":"<div align=\"right\">|\u00a0<strong><a href=\"\/feed\" target=\"_blank\" rel=\"noopener\">XML\u2193<\/a><\/strong>\u00a0| <a href=\"https:\/\/lajes.rn.gov.br\/transparente\/index\/wp-content\/uploads\/2025\/04\/export.csv\" target=\"_blank\" rel=\"noopener\">\u00a0<strong>CSV\u2193<\/strong><\/a>\u00a0| <a href=\"?print=pdf\" target=\"_blank\" rel=\"noopener\"><strong>PDF<\/strong>\u2193<\/a>\u00a0\u00a0| <a href=\"?print=print\" target=\"_blank\" rel=\"noopener\"><strong>IMPRIMIR<\/strong>\u2193<\/a>\u00a0\u00a0|<\/div>\n<div class=\"pt-cv-wrapper\"><div class=\"pt-cv-view pt-cv-grid pt-cv-colsys\" id=\"pt-cv-view-581ba6c0ts\"><div data-id=\"pt-cv-page-1\" class=\"pt-cv-page\" data-cvc=\"1\"><div class=\"col-md-12 col-sm-12 col-xs-12 pt-cv-content-item pt-cv-1-col\" ><div class='pt-cv-ifield'><p class=\"pt-cv-title\"><a href=\"https:\/\/lajes.rn.gov.br\/transparente\/index\/decreto-municipal-no-038-2024-estabelece-os-feriados-municipais-nacionais-e-os-dias-de-ponto-facultativo-no-ano-de-2025-e-da-outras-providencias\/\" class=\"_self\" target=\"_self\" >DECRETO MUNICIPAL N\u00ba 038\/2024 &#8211; Estabelece\u00a0os\u00a0feriados municipais, nacionais e os dias de ponto facultativo no ano de 2025, e d\u00e1 outras providencias.<\/a><\/p><\/div><\/div>\n<div class=\"col-md-12 col-sm-12 col-xs-12 pt-cv-content-item pt-cv-1-col\" ><div class='pt-cv-ifield'><p class=\"pt-cv-title\"><a href=\"https:\/\/lajes.rn.gov.br\/transparente\/index\/decreto-no-040-2024-abre-credito-suplementar-no-valor-de-r-200-00000-para-os-fins-que-especifica-e-da-outras-providencias\/\" class=\"_self\" target=\"_self\" >DECRETO N\u00ba 040\/2024 &#8211; \u201cAbre Cr\u00e9dito Suplementar no valor de R$ 200.000,00, para os fins que especifica e d\u00e1 outras provid\u00eancias\u201d.<\/a><\/p><\/div><\/div>\n<div class=\"col-md-12 col-sm-12 col-xs-12 pt-cv-content-item pt-cv-1-col\" ><div class='pt-cv-ifield'><p class=\"pt-cv-title\"><a href=\"https:\/\/lajes.rn.gov.br\/transparente\/index\/decreto-no-39-2024-abre-credito-suplementar-no-valor-de-r-275-20000-para-os-fins-queespecifica-e-da-outras-providencias\/\" class=\"_self\" target=\"_self\" >DECRETO N\u00ba 39\/2024 &#8211; Abre Cr\u00e9dito Suplementar no valor de R$ 275.200,00, para os fins queespec\u00edfica e d\u00e1 outras provid\u00eancias.<\/a><\/p><\/div><\/div>\n<div class=\"col-md-12 col-sm-12 col-xs-12 pt-cv-content-item pt-cv-1-col\" ><div class='pt-cv-ifield'><p class=\"pt-cv-title\"><a href=\"https:\/\/lajes.rn.gov.br\/transparente\/index\/decreto-municipal-no-025-2024-abre-credito-adicional-suplementar-ao-orcamento-do-exercicio-de-2024-e-da-outras-providencias\/\" class=\"_self\" target=\"_self\" >DECRETO MUNICIPAL N\u00ba 025\/2024 &#8211; \u201cAbre Cr\u00e9dito Adicional Suplementar ao Or\u00e7amento do exerc\u00edcio de 2024 e d\u00e1 outras providencias.\u201d<\/a><\/p><\/div><\/div>\n<div class=\"col-md-12 col-sm-12 col-xs-12 pt-cv-content-item pt-cv-1-col\" ><div class='pt-cv-ifield'><p class=\"pt-cv-title\"><a href=\"https:\/\/lajes.rn.gov.br\/transparente\/index\/decreto-municipal-no-037-2024-estabelece-ponto-facultativo-no-ambito-do-municipio-de-lajes-rn-e-da-outras-providencias\/\" class=\"_self\" target=\"_self\" >DECRETO MUNICIPAL N\u00ba 037\/2024 &#8211; \u201cEstabelece Ponto Facultativo no \u00e2mbito do munic\u00edpio de Lajes\/RN e d\u00e1 outras providencias.\u201d<\/a><\/p><\/div><\/div>\n<div class=\"col-md-12 col-sm-12 col-xs-12 pt-cv-content-item pt-cv-1-col\" ><div class='pt-cv-ifield'><p class=\"pt-cv-title\"><a href=\"https:\/\/lajes.rn.gov.br\/transparente\/index\/decreto-municipal-n-36-2024-declara-emergencia-no-municipio-de-lajes-estado-do-rio-grande-do-norte-em-decorrencia-do-desastre-natural-climatologico-de-seca-que-provoca-a-reducao-sustentada-d\/\" class=\"_self\" target=\"_self\" >DECRETO MUNICIPAL N\u00b0 36\/2024 &#8211; Declara emerg\u00eancia no Munic\u00edpio de Lajes, Estado do Rio Grande do Norte, em decorr\u00eancia do desastre natural climatol\u00f3gico de seca que provoca a redu\u00e7\u00e3o sustentada das reservas h\u00eddricas existentes (COBRADE\/1.4.1.2.0 \u2013 Seca), e d\u00e1 outras provid\u00eancias.<\/a><\/p><\/div><\/div>\n<div class=\"col-md-12 col-sm-12 col-xs-12 pt-cv-content-item pt-cv-1-col\" ><div class='pt-cv-ifield'><p class=\"pt-cv-title\"><a href=\"https:\/\/lajes.rn.gov.br\/transparente\/index\/decreto-municipal-n-033-2024-estabelece-o-expediente-interno-da-prefeitura-municipal-de-lajes-rn-e-da-outras-providencias\/\" class=\"_self\" target=\"_self\" >DECRETO MUNICIPAL N\u00b0 033\/2024 &#8211; \u201cEstabelece o expediente interno da Prefeitura Municipal de Lajes\/RN, e d\u00e1 outras provid\u00eancias.\u201d<\/a><\/p><\/div><\/div>\n<div class=\"col-md-12 col-sm-12 col-xs-12 pt-cv-content-item pt-cv-1-col\" ><div class='pt-cv-ifield'><p class=\"pt-cv-title\"><a href=\"https:\/\/lajes.rn.gov.br\/transparente\/index\/decreto-municipal-n-035-2024-abre-credito-suplementar-no-valor-de-r-230-00000-para-os-fins-que-especifica-e-da-outras-providencias\/\" class=\"_self\" target=\"_self\" >DECRETO MUNICIPAL N\u00b0 035\/2024 &#8211; \u201cAbre Cr\u00e9dito Suplementar no valor de R$ 230.000,00, para os fins que especifica e d\u00e1 outras provid\u00eancias.\u201d<\/a><\/p><\/div><\/div>\n<div class=\"col-md-12 col-sm-12 col-xs-12 pt-cv-content-item pt-cv-1-col\" ><div class='pt-cv-ifield'><p class=\"pt-cv-title\"><a href=\"https:\/\/lajes.rn.gov.br\/transparente\/index\/decreto-municipal-n-034-2024-dispoe-sobre-as-normas-relativas-ao-encerramento-de-exercicio-financeiro-de-2024-e-da-outras-providencias\/\" class=\"_self\" target=\"_self\" >DECRETO MUNICIPAL N\u00b0 034\/2024 &#8211; \u201cDisp\u00f5e sobre as normas relativas ao encerramento de exerc\u00edcio financeiro de 2024, e d\u00e1 outras provid\u00eancias.\u201d<\/a><\/p><\/div><\/div>\n<div class=\"col-md-12 col-sm-12 col-xs-12 pt-cv-content-item pt-cv-1-col\" ><div class='pt-cv-ifield'><p class=\"pt-cv-title\"><a href=\"https:\/\/lajes.rn.gov.br\/transparente\/index\/decreto-municipal-n-033-2024-republicado-por-incorrecao\/\" class=\"_self\" target=\"_self\" >DECRETO MUNICIPAL N\u00b0 033\/2024 &#8211; * REPUBLICADO POR INCORRE\u00c7\u00c3O<\/a><\/p><\/div><\/div>\n<div class=\"col-md-12 col-sm-12 col-xs-12 pt-cv-content-item pt-cv-1-col\" ><div class='pt-cv-ifield'><p class=\"pt-cv-title\"><a href=\"https:\/\/lajes.rn.gov.br\/transparente\/index\/decreto-municipal-n-032-2024-abre-credito-suplementar-no-valor-de-r-496-00000-para-os-fins-que-especifica-e-da-outras-providencias\/\" class=\"_self\" target=\"_self\" >DECRETO MUNICIPAL N\u00b0 032\/2024 &#8211; \u201cAbre Cr\u00e9dito Suplementar no valor de R$ 496.000,00, para os fins que especifica e d\u00e1 outras provid\u00eancias.\u201d<\/a><\/p><\/div><\/div>\n<div class=\"col-md-12 col-sm-12 col-xs-12 pt-cv-content-item pt-cv-1-col\" ><div class='pt-cv-ifield'><p class=\"pt-cv-title\"><a href=\"https:\/\/lajes.rn.gov.br\/transparente\/index\/decreto-municipal-n-031-2024-declara-emergencia-no-municipio-de-lajes-estado-do-rio-grande-do-norte-em-decorrencia-do-desastre-natural-climatologico-de-seca-que-provoca-a-reducao-sustentada\/\" class=\"_self\" target=\"_self\" >DECRETO MUNICIPAL N\u00b0 031\/2024 &#8211; Declara emerg\u00eancia no Munic\u00edpio de Lajes, Estado do Rio Grande do Norte, em decorr\u00eancia do desastre natural climatol\u00f3gico de seca que provoca a redu\u00e7\u00e3o sustentada das reservas h\u00eddricas existentes (COBRADE\/1.4.1.2.0 \u2013 Seca), e d\u00e1 outras provid\u00eancias.<\/a><\/p><\/div><\/div>\n<div class=\"col-md-12 col-sm-12 col-xs-12 pt-cv-content-item pt-cv-1-col\" ><div class='pt-cv-ifield'><p class=\"pt-cv-title\"><a href=\"https:\/\/lajes.rn.gov.br\/transparente\/index\/decreto-municipal-no-030-2024-estabelece-transferencia-do-ponto-facultativo-no-ambito-do-municipio-de-lajes-rn-e-da-outras-providencias\/\" class=\"_self\" target=\"_self\" >DECRETO MUNICIPAL N\u00ba 030\/2024 &#8211; \u201cEstabelece transfer\u00eancia do ponto facultativo no \u00e2mbito do munic\u00edpio de Lajes\/RN e d\u00e1 outras providencias.\u201d<\/a><\/p><\/div><\/div>\n<div class=\"col-md-12 col-sm-12 col-xs-12 pt-cv-content-item pt-cv-1-col\" ><div class='pt-cv-ifield'><p class=\"pt-cv-title\"><a href=\"https:\/\/lajes.rn.gov.br\/transparente\/index\/decreto-municipal-n-028-2024-renova-a-vigencia-do-decreto-municipal-no-014-de-02-de-maio-de-2024-que-declarou-situacao-de-emergencia-no-municipio-de-lajes-rn-em-decorrencia-do-desastre-natura\/\" class=\"_self\" target=\"_self\" >DECRETO MUNICIPAL N\u00b0 028\/2024 &#8211; Renova a vig\u00eancia do Decreto Municipal n\u00ba 014 de 02 de maio de 2024, que declarou situa\u00e7\u00e3o de emerg\u00eancia no Munic\u00edpio de Lajes\/RN em decorr\u00eancia do desastre natural climatol\u00f3gico por estiagem prolongada.<\/a><\/p><\/div><\/div>\n<div class=\"col-md-12 col-sm-12 col-xs-12 pt-cv-content-item pt-cv-1-col\" ><div class='pt-cv-ifield'><p class=\"pt-cv-title\"><a href=\"https:\/\/lajes.rn.gov.br\/transparente\/index\/decreto-municipal-n-029-2024-dispoe-sobre-a-criacao-e-funcionamento-da-comissao-disciplinar-do-esporte-municipal-de-lajes-rn-e-da-outras-providencias\/\" class=\"_self\" target=\"_self\" >DECRETO MUNICIPAL N\u00b0 029\/2024 &#8211; \u201cDisp\u00f5e sobre a cria\u00e7\u00e3o e funcionamento da Comiss\u00e3o Disciplinar do Esporte Municipal de Lajes\/RN e d\u00e1 outras provid\u00eancias\u201d.<\/a><\/p><\/div><\/div>\n<div class=\"col-md-12 col-sm-12 col-xs-12 pt-cv-content-item pt-cv-1-col\" ><div class='pt-cv-ifield'><p class=\"pt-cv-title\"><a href=\"https:\/\/lajes.rn.gov.br\/transparente\/index\/decreto-municipal-no-027-2024-abre-credito-adicional-suplementar-ao-orcamento-do-exercicio-de-2024-no-valor-de-r-200-00000-para-os-fins-que-especifica-e-da-outras-providencias\/\" class=\"_self\" target=\"_self\" >DECRETO MUNICIPAL N\u00ba 027\/2024 &#8211; \u201cAbre Cr\u00e9dito Adicional Suplementar ao Or\u00e7amento do exerc\u00edcio de 2024 no valor de R$ 200.000,00 para os fins que especifica e d\u00e1 outras provid\u00eancias.\u201d<\/a><\/p><\/div><\/div>\n<div class=\"col-md-12 col-sm-12 col-xs-12 pt-cv-content-item pt-cv-1-col\" ><div class='pt-cv-ifield'><p class=\"pt-cv-title\"><a href=\"https:\/\/lajes.rn.gov.br\/transparente\/index\/decreto-municipal-no-026-2024-abre-credito-adicional-suplementar-ao-orcamento-do-exercicio-de-2024-no-valor-de-r-1-081-81300-para-os-fins-que-especifica-e-da-outras-providencias\/\" class=\"_self\" target=\"_self\" >DECRETO MUNICIPAL N\u00ba 026\/2024 &#8211; \u201cAbre Cr\u00e9dito Adicional Suplementar ao Or\u00e7amento do exerc\u00edcio de 2024 no valor de R$ 1.081.813,00 para os fins que especifica e d\u00e1 outras providencias.\u201d<\/a><\/p><\/div><\/div>\n<div class=\"col-md-12 col-sm-12 col-xs-12 pt-cv-content-item pt-cv-1-col\" ><div class='pt-cv-ifield'><p class=\"pt-cv-title\"><a href=\"https:\/\/lajes.rn.gov.br\/transparente\/index\/decreto-municipal-no-022-2024-dispoe-sobre-a-revogacao-do-decreto-municipal-no-018-2024-que-abre-credito-adicional-suplementar-ao-orcamento-do-exercicio-de-2024-e-da-outras-provide\/\" class=\"_self\" target=\"_self\" >DECRETO MUNICIPAL N\u00ba 022\/2024 &#8211; \u201cDisp\u00f5e sobre a revoga\u00e7\u00e3o do Decreto Municipal n\u00ba 018\/2024 que \u2018Abre Cr\u00e9dito Adicional Suplementar ao Or\u00e7amento do exerc\u00edcio de 2024 e d\u00e1 outras providencias\u2019.\u201d<\/a><\/p><\/div><\/div>\n<div class=\"col-md-12 col-sm-12 col-xs-12 pt-cv-content-item pt-cv-1-col\" ><div class='pt-cv-ifield'><p class=\"pt-cv-title\"><a href=\"https:\/\/lajes.rn.gov.br\/transparente\/index\/decreto-municipal-no-024-2024-dispoe-sobre-a-revogacao-do-decreto-municipal-no-021-2024-que-abre-credito-adicional-suplementar-ao-orcamento-do-exercicio-de-2024-no-valor-de-r-200\/\" class=\"_self\" target=\"_self\" >DECRETO MUNICIPAL N\u00ba 024\/2024 &#8211; \u201cDisp\u00f5e sobre a revoga\u00e7\u00e3o do Decreto Municipal n\u00ba 021\/2024 que \u2018Abre Cr\u00e9dito Adicional Suplementar ao Or\u00e7amento do exerc\u00edcio de 2024 no valor de R$ 200.000,00 para os fins que especifica e d\u00e1 outras provid\u00eancias\u2019.\u201d<\/a><\/p><\/div><\/div>\n<div class=\"col-md-12 col-sm-12 col-xs-12 pt-cv-content-item pt-cv-1-col\" ><div class='pt-cv-ifield'><p class=\"pt-cv-title\"><a href=\"https:\/\/lajes.rn.gov.br\/transparente\/index\/decreto-municipal-no-023-2024-dispoe-sobre-a-revogacao-do-decreto-municipal-no-020-2024-que-abre-credito-adicional-suplementar-ao-orcamento-do-exercicio-de-2024-no-valor-de-r-1-08\/\" class=\"_self\" target=\"_self\" >DECRETO MUNICIPAL N\u00ba 023\/2024 &#8211; \u201cDisp\u00f5e sobre a revoga\u00e7\u00e3o do Decreto Municipal n\u00ba 020\/2024 que \u2018Abre Cr\u00e9dito Adicional Suplementar ao Or\u00e7amento do exerc\u00edcio de 2024 no valor de R$ 1.081.813,00 para os fins que especifica e d\u00e1 outras providencias\u2019.\u201d<\/a><\/p><\/div><\/div>\n<div class=\"col-md-12 col-sm-12 col-xs-12 pt-cv-content-item pt-cv-1-col\" ><div class='pt-cv-ifield'><p class=\"pt-cv-title\"><a href=\"https:\/\/lajes.rn.gov.br\/transparente\/index\/decreto-municipal-no-20-2024-abre-credito-adicional-suplementar-ao-orcamento-do-exercicio-de-2024-no-valor-de-r-1-081-81300-para-os-fins-que-especifica-e-da-outras-providencias\/\" class=\"_self\" target=\"_self\" >DECRETO MUNICIPAL N\u00ba 20\/2024 &#8211; \u201cAbre Cr\u00e9dito Adicional Suplementar ao Or\u00e7amento do exerc\u00edcio de 2024 no valor de R$ 1.081.813,00 para os fins que especifica e d\u00e1 outras providencias.\u201d<\/a><\/p><\/div><\/div>\n<div class=\"col-md-12 col-sm-12 col-xs-12 pt-cv-content-item pt-cv-1-col\" ><div class='pt-cv-ifield'><p class=\"pt-cv-title\"><a href=\"https:\/\/lajes.rn.gov.br\/transparente\/index\/decreto-municipal-no-21-2024-abre-credito-adicional-suplementar-ao-orcamento-do-exercicio-de-2024-no-valor-de-r-200-00000-para-os-fins-que-especifica-e-da-outras-providencias\/\" class=\"_self\" target=\"_self\" >DECRETO MUNICIPAL N\u00ba 21\/2024 &#8211; \u201cAbre Cr\u00e9dito Adicional Suplementar ao Or\u00e7amento do exerc\u00edcio de 2024 no valor de R$ 200.000,00 para os fins que especifica e d\u00e1 outras provid\u00eancias.\u201d<\/a><\/p><\/div><\/div>\n<div class=\"col-md-12 col-sm-12 col-xs-12 pt-cv-content-item pt-cv-1-col\" ><div class='pt-cv-ifield'><p class=\"pt-cv-title\"><a href=\"https:\/\/lajes.rn.gov.br\/transparente\/index\/decreto-n-019-2024-declara-de-utilidade-publica-para-fins-de-desapropriacao-amigavel-ou-judicial-imovel-na-forma-como-menciona-e-da-outras-providencias\/\" class=\"_self\" target=\"_self\" >DECRETO N. 019\/2024 &#8211; Declara de utilidade p\u00fablica para fins de desapropria\u00e7\u00e3o amig\u00e1vel ou judicial, im\u00f3vel na forma como menciona e d\u00e1 outras provid\u00eancias.<\/a><\/p><\/div><\/div>\n<div class=\"col-md-12 col-sm-12 col-xs-12 pt-cv-content-item pt-cv-1-col\" ><div class='pt-cv-ifield'><p class=\"pt-cv-title\"><a href=\"https:\/\/lajes.rn.gov.br\/transparente\/index\/decreto-municipal-no-018-2024-abre-credito-adicional-suplementar-ao-orcamento-do-exercicio-de-2024-e-da-outras-providencias\/\" class=\"_self\" target=\"_self\" >DECRETO MUNICIPAL N\u00ba 018\/2024 &#8211; \u201cAbre Cr\u00e9dito Adicional Suplementar ao Or\u00e7amento do exerc\u00edcio de 2024 e d\u00e1 outras providencias.\u201d<\/a><\/p><\/div><\/div>\n<div class=\"col-md-12 col-sm-12 col-xs-12 pt-cv-content-item pt-cv-1-col\" ><div class='pt-cv-ifield'><p class=\"pt-cv-title\"><a href=\"https:\/\/lajes.rn.gov.br\/transparente\/index\/decreto-municipal-no-018-2024-republicado-por-incorrecao\/\" class=\"_self\" target=\"_self\" >DECRETO MUNICIPAL N\u00ba 018\/2024. *REPUBLICADO POR INCORRE\u00c7\u00c3O<\/a><\/p><\/div><\/div><\/div><\/div>\n<div class=\" pt-cv-pagination-wrapper\"><ul class=\"pt-cv-pagination pt-cv-ajax pagination\" data-totalpages=\"2\" data-currentpage=\"1\" data-sid=\"581ba6c0ts\" data-unid=\"\" data-isblock=\"\" data-postid=\"\"><li class=\"active\"><a href=\"#\">1<\/a><\/li>\n\t<li ><a class=\"\" href=\"https:\/\/lajes.rn.gov.br\/transparente\/index\/wp-json\/wp\/v2\/pages\/34013\/?_page=2\">2<\/a><\/li>\n\t<li ><a class=\" \" href=\"https:\/\/lajes.rn.gov.br\/transparente\/index\/wp-json\/wp\/v2\/pages\/34013\/?_page=2\">&rsaquo;<\/a><\/li>\n\t<\/ul><img decoding=\"async\" width=\"15\" height=\"15\" class=\"pt-cv-spinner\" alt=\"Carregando...;\" src=\"data:image\/gif;base64,R0lGODlhDwAPALMPAMrKygwMDJOTkz09PZWVla+vr3p6euTk5M7OzuXl5TMzMwAAAJmZmWZmZszMzP\/\/\/yH\/C05FVFNDQVBFMi4wAwEAAAAh+QQFCgAPACwAAAAADwAPAAAEQvDJaZaZOIcV8iQK8VRX4iTYoAwZ4iCYoAjZ4RxejhVNoT+mRGP4cyF4Pp0N98sBGIBMEMOotl6YZ3S61Bmbkm4mAgAh+QQFCgAPACwAAAAADQANAAAENPDJSRSZeA418itN8QiK8BiLITVsFiyBBIoYqnoewAD4xPw9iY4XLGYSjkQR4UAUD45DLwIAIfkEBQoADwAsAAAAAA8ACQAABC\/wyVlamTi3nSdgwFNdhEJgTJoNyoB9ISYoQmdjiZPcj7EYCAeCF1gEDo4Dz2eIAAAh+QQFCgAPACwCAAAADQANAAAEM\/DJBxiYeLKdX3IJZT1FU0iIg2RNKx3OkZVnZ98ToRD4MyiDnkAh6BkNC0MvsAj0kMpHBAAh+QQFCgAPACwGAAAACQAPAAAEMDC59KpFDll73HkAA2wVY5KgiK5b0RRoI6MuzG6EQqCDMlSGheEhUAgqgUUAFRySIgAh+QQFCgAPACwCAAIADQANAAAEM\/DJKZNLND\/kkKaHc3xk+QAMYDKsiaqmZCxGVjSFFCxB1vwy2oOgIDxuucxAMTAJFAJNBAAh+QQFCgAPACwAAAYADwAJAAAEMNAs86q1yaWwwv2Ig0jUZx3OYa4XoRAfwADXoAwfo1+CIjyFRuEho60aSNYlOPxEAAAh+QQFCgAPACwAAAIADQANAAAENPA9s4y8+IUVcqaWJ4qEQozSoAzoIyhCK2NFU2SJk0hNnyEOhKR2AzAAj4Pj4GE4W0bkJQIAOw==\" \/><div class=\"clear pt-cv-clear-pagination\"><\/div><\/div><\/div>\n","protected":false},"excerpt":{"rendered":"<p>|\u00a0XML\u2193\u00a0| \u00a0CSV\u2193\u00a0| PDF\u2193\u00a0\u00a0| IMPRIMIR\u2193\u00a0\u00a0|<\/p>\n","protected":false},"author":3,"featured_media":0,"parent":0,"menu_order":0,"comment_status":"closed","ping_status":"closed","template":"","meta":{"ocean_post_layout":"","ocean_both_sidebars_style":"","ocean_both_sidebars_content_width":0,"ocean_both_sidebars_sidebars_width":0,"ocean_sidebar":"0","ocean_second_sidebar":"0","ocean_disable_margins":"enable","ocean_add_body_class":"","ocean_shortcode_before_top_bar":"","ocean_shortcode_after_top_bar":"","ocean_shortcode_before_header":"","ocean_shortcode_after_header":"","ocean_has_shortcode":"","ocean_shortcode_after_title":"","ocean_shortcode_before_footer_widgets":"","ocean_shortcode_after_footer_widgets":"","ocean_shortcode_before_footer_bottom":"","ocean_shortcode_after_footer_bottom":"","ocean_display_top_bar":"default","ocean_display_header":"default","ocean_header_style":"","ocean_center_header_left_menu":"0","ocean_custom_header_template":"0","ocean_custom_logo":0,"ocean_custom_retina_logo":0,"ocean_custom_logo_max_width":0,"ocean_custom_logo_tablet_max_width":0,"ocean_custom_logo_mobile_max_width":0,"ocean_custom_logo_max_height":0,"ocean_custom_logo_tablet_max_height":0,"ocean_custom_logo_mobile_max_height":0,"ocean_header_custom_menu":"0","ocean_menu_typo_font_family":"0","ocean_menu_typo_font_subset":"","ocean_menu_typo_font_size":0,"ocean_menu_typo_font_size_tablet":0,"ocean_menu_typo_font_size_mobile":0,"ocean_menu_typo_font_size_unit":"px","ocean_menu_typo_font_weight":"","ocean_menu_typo_font_weight_tablet":"","ocean_menu_typo_font_weight_mobile":"","ocean_menu_typo_transform":"","ocean_menu_typo_transform_tablet":"","ocean_menu_typo_transform_mobile":"","ocean_menu_typo_line_height":0,"ocean_menu_typo_line_height_tablet":0,"ocean_menu_typo_line_height_mobile":0,"ocean_menu_typo_line_height_unit":"","ocean_menu_typo_spacing":0,"ocean_menu_typo_spacing_tablet":0,"ocean_menu_typo_spacing_mobile":0,"ocean_menu_typo_spacing_unit":"","ocean_menu_link_color":"","ocean_menu_link_color_hover":"","ocean_menu_link_color_active":"","ocean_menu_link_background":"","ocean_menu_link_hover_background":"","ocean_menu_link_active_background":"","ocean_menu_social_links_bg":"","ocean_menu_social_hover_links_bg":"","ocean_menu_social_links_color":"","ocean_menu_social_hover_links_color":"","ocean_disable_title":"default","ocean_disable_heading":"default","ocean_post_title":"","ocean_post_subheading":"","ocean_post_title_style":"","ocean_post_title_background_color":"","ocean_post_title_background":0,"ocean_post_title_bg_image_position":"","ocean_post_title_bg_image_attachment":"","ocean_post_title_bg_image_repeat":"","ocean_post_title_bg_image_size":"","ocean_post_title_height":0,"ocean_post_title_bg_overlay":0.5,"ocean_post_title_bg_overlay_color":"","ocean_disable_breadcrumbs":"default","ocean_breadcrumbs_color":"","ocean_breadcrumbs_separator_color":"","ocean_breadcrumbs_links_color":"","ocean_breadcrumbs_links_hover_color":"","ocean_display_footer_widgets":"default","ocean_display_footer_bottom":"default","ocean_custom_footer_template":"0","footnotes":""},"class_list":["post-34013","page","type-page","status-publish","hentry","entry"],"_links":{"self":[{"href":"https:\/\/lajes.rn.gov.br\/transparente\/index\/wp-json\/wp\/v2\/pages\/34013","targetHints":{"allow":["GET"]}}],"collection":[{"href":"https:\/\/lajes.rn.gov.br\/transparente\/index\/wp-json\/wp\/v2\/pages"}],"about":[{"href":"https:\/\/lajes.rn.gov.br\/transparente\/index\/wp-json\/wp\/v2\/types\/page"}],"author":[{"embeddable":true,"href":"https:\/\/lajes.rn.gov.br\/transparente\/index\/wp-json\/wp\/v2\/users\/3"}],"replies":[{"embeddable":true,"href":"https:\/\/lajes.rn.gov.br\/transparente\/index\/wp-json\/wp\/v2\/comments?post=34013"}],"version-history":[{"count":5,"href":"https:\/\/lajes.rn.gov.br\/transparente\/index\/wp-json\/wp\/v2\/pages\/34013\/revisions"}],"predecessor-version":[{"id":36650,"href":"https:\/\/lajes.rn.gov.br\/transparente\/index\/wp-json\/wp\/v2\/pages\/34013\/revisions\/36650"}],"wp:attachment":[{"href":"https:\/\/lajes.rn.gov.br\/transparente\/index\/wp-json\/wp\/v2\/media?parent=34013"}],"curies":[{"name":"wp","href":"https:\/\/api.w.org\/{rel}","templated":true}]}}