{"id":33991,"date":"2024-06-26T10:46:31","date_gmt":"2024-06-26T13:46:31","guid":{"rendered":"https:\/\/lajes.rn.gov.br\/transparente\/index\/?page_id=33991"},"modified":"2025-04-24T14:40:34","modified_gmt":"2025-04-24T17:40:34","slug":"leis-municipais-2024","status":"publish","type":"page","link":"https:\/\/lajes.rn.gov.br\/transparente\/index\/leis-municipais-2024\/","title":{"rendered":"Leis Municipais 2024"},"content":{"rendered":"<div align=\"right\">|\u00a0<strong><a href=\"\/feed\" target=\"_blank\" rel=\"noopener\">XML\u2193<\/a><\/strong>\u00a0| <a href=\"https:\/\/lajes.rn.gov.br\/transparente\/index\/wp-content\/uploads\/2025\/04\/export.csv\" target=\"_blank\" rel=\"noopener\">\u00a0<strong>CSV\u2193<\/strong><\/a>\u00a0| <a href=\"?print=pdf\" target=\"_blank\" rel=\"noopener\"><strong>PDF<\/strong>\u2193<\/a>\u00a0\u00a0| <a href=\"?print=print\" target=\"_blank\" rel=\"noopener\"><strong>IMPRIMIR<\/strong>\u2193<\/a>\u00a0\u00a0|<\/div>\n<div class=\"pt-cv-wrapper\"><div class=\"pt-cv-view pt-cv-blockgrid iscvblock iscvhybrid list1 layout1\" id=\"pt-cv-view-556894db0u\"><div data-id=\"pt-cv-page-1\" class=\"pt-cv-page\" data-cvc=\"1\"><div class=\" pt-cv-content-item pt-cv-2-col\" ><p class=\"pt-cv-title\"><a href=\"https:\/\/lajes.rn.gov.br\/transparente\/index\/lei-municipal-no-1-006-2024-estima-a-receita-e-fixa-a-despesa-do-municipio-de-lajes-estado-do-rio-grande-do-norte-para-o-exercicio-financeiro-de-2025\/\" class=\"_self\" target=\"_self\" >LEI MUNICIPAL N\u00ba 1.006\/2024 &#8211; \u201cEstima a receita e fixa a despesa do Munic\u00edpio de Lajes, Estado do Rio Grande do Norte, para o exerc\u00edcio financeiro de 2025.\u201d<\/a><\/p><\/div>\n<div class=\" pt-cv-content-item pt-cv-2-col\" ><p class=\"pt-cv-title\"><a href=\"https:\/\/lajes.rn.gov.br\/transparente\/index\/lei-municipal-n-1-005-2024-dispoe-sobre-o-sistema-municipal-de-cultura-do-municipio-de-lajes-e-da-outras-providencias\/\" class=\"_self\" target=\"_self\" >LEI MUNICIPAL N\u00b0 1.005\/2024 &#8211; \u201cDisp\u00f5e sobre o Sistema Municipal de Cultura do Munic\u00edpio de Lajes, e d\u00e1 outras provid\u00eancias.\u201d<\/a><\/p><\/div>\n<div class=\" pt-cv-content-item pt-cv-2-col\" ><p class=\"pt-cv-title\"><a href=\"https:\/\/lajes.rn.gov.br\/transparente\/index\/lei-complementar-municipal-n-001-2024-altera-a-lei-complementar-no-935-de-30-de-dezembro-de-2022-que-dispoe-sobre-a-estrutura-organizacional-da-administracao-municipal-de-l\/\" class=\"_self\" target=\"_self\" >LEI COMPLEMENTAR MUNICIPAL N\u00b0 001\/2024 &#8211; \u201cAltera a Lei Complementar n\u00ba 935, de 30 de dezembro de 2022, que \u201cDisp\u00f5e sobre a Estrutura Organizacional da Administra\u00e7\u00e3o Municipal de Lajes, atrav\u00e9s da extin\u00e7\u00e3o e cria\u00e7\u00e3o de cargos, \u00f3rg\u00e3os e secretarias, altera o quadro de cargos em comiss\u00e3o, fun\u00e7\u00f5es gratificadas, revoga a Lei n\u00ba 500\/2009.\u201d<\/a><\/p><\/div>\n<div class=\" pt-cv-content-item pt-cv-2-col\" ><p class=\"pt-cv-title\"><a href=\"https:\/\/lajes.rn.gov.br\/transparente\/index\/lei-municipal-n-1-004-2024-estabelece-percentual-minimo-de-50-de-destinacao-de-cargos-comissionados-da-administracao-publica-direta-no-municipio-de-lajes-rn-para-mulheres\/\" class=\"_self\" target=\"_self\" >LEI MUNICIPAL N\u00b0 1.004\/2024 &#8211; \u201cEstabelece percentual m\u00ednimo de 50% de destina\u00e7\u00e3o de cargos comissionados da administra\u00e7\u00e3o p\u00fablica direta no Munic\u00edpio de Lajes\/RN para mulheres.\u201d<\/a><\/p><\/div>\n<div class=\" pt-cv-content-item pt-cv-2-col\" ><p class=\"pt-cv-title\"><a href=\"https:\/\/lajes.rn.gov.br\/transparente\/index\/lei-municipal-n-1-003-2024-dispoe-sobre-as-diretrizes-orcamentarias-para-o-exercicio-de-2025-e-da-outras-providencias\/\" class=\"_self\" target=\"_self\" >LEI MUNICIPAL N\u00b0 1.003\/2024 &#8211; \u201cDisp\u00f5e sobre as diretrizes or\u00e7ament\u00e1rias para o exerc\u00edcio de 2025 e d\u00e1 outras provid\u00eancias.\u201d<\/a><\/p><\/div>\n<div class=\" pt-cv-content-item pt-cv-2-col\" ><p class=\"pt-cv-title\"><a href=\"https:\/\/lajes.rn.gov.br\/transparente\/index\/lei-municipal-n-1-002-2024-dispoe-sobre-a-autorizacao-de-doacao-do-terreno-especificado-ao-longo-deste-corpo-legislativo-a-associacao-de-apoio-as-cidades-comunidades-e-assentamentos\/\" class=\"_self\" target=\"_self\" >LEI MUNICIPAL N\u00b0 1.002\/2024 &#8211; \u201cDisp\u00f5e sobre a autoriza\u00e7\u00e3o de doa\u00e7\u00e3o do terreno especificado ao longo deste corpo legislativo \u00e0 ASSOCIA\u00c7\u00c3O DE APOIO AS CIDADES, COMUNIDADES E ASSENTAMENTOS &#8211; ARCA, no \u00e2mbito do Programa Habitacional do Governo Federal, denominado Programa Minha Casa, Minha Vida \u2013 Entidades (MCMV- Entidades), pelo Munic\u00edpio de Lajes\/RN, e d\u00e1 outras provid\u00eancias.\u201d<\/a><\/p><\/div>\n<div class=\" pt-cv-content-item pt-cv-2-col\" ><p class=\"pt-cv-title\"><a href=\"https:\/\/lajes.rn.gov.br\/transparente\/index\/lei-municipal-n-1-001-2024-dispoe-sobre-a-instituicao-do-incentivo-do-componente-de-qualidade-na-atencao-primaria-em-saude-aps-no-ambito-do-sistema-unico-de-saude-no-municipio-de-l\/\" class=\"_self\" target=\"_self\" >LEI MUNICIPAL N\u00b0 1.001\/2024 &#8211; \u201cDisp\u00f5e sobre a institui\u00e7\u00e3o do Incentivo do Componente de Qualidade na Aten\u00e7\u00e3o Prim\u00e1ria em Sa\u00fade (APS), no \u00e2mbito do sistema \u00danico de Sa\u00fade no Munic\u00edpio de Lajes\/RN, e d\u00e1 outras provid\u00eancias.\u201d<\/a><\/p><\/div>\n<div class=\" pt-cv-content-item pt-cv-2-col\" ><p class=\"pt-cv-title\"><a href=\"https:\/\/lajes.rn.gov.br\/transparente\/index\/lei-municipal-n-999-2024-dispoe-sobre-a-criacao-de-um-credito-adicional-suplementar-destinado-ao-orcamento-do-fundo-municipal-de-saude\/\" class=\"_self\" target=\"_self\" >LEI MUNICIPAL N\u00b0 999\/2024 &#8211; Disp\u00f5e sobre a cria\u00e7\u00e3o de um Cr\u00e9dito Adicional Suplementar destinado ao or\u00e7amento do Fundo Municipal de Sa\u00fade<\/a><\/p><\/div>\n<div class=\" pt-cv-content-item pt-cv-2-col\" ><p class=\"pt-cv-title\"><a href=\"https:\/\/lajes.rn.gov.br\/transparente\/index\/lei-municipal-n-1-000-2024-dispoe-sobre-a-abertura-de-um-credito-adicional-suplementar-no-orcamento-do-fundo-municipal-de-saude-no-valor-total-de-r-200-00000-duzentos-mil-reais\/\" class=\"_self\" target=\"_self\" >LEI MUNICIPAL N\u00b0 1.000\/2024 &#8211; Disp\u00f5e sobre a abertura de um Cr\u00e9dito Adicional Suplementar no or\u00e7amento do Fundo Municipal de Sa\u00fade, no valor total de R$ 200.000,00 (duzentos mil reais)<\/a><\/p><\/div>\n<div class=\" pt-cv-content-item pt-cv-2-col\" ><p class=\"pt-cv-title\"><a href=\"https:\/\/lajes.rn.gov.br\/transparente\/index\/lei-municipal-n-996-2024-dispoe-sobre-a-abertura-de-credito-adicional-suplementar-alteracao-de-qdd-para-reforco-da-dotacao-orcamentaria-para-os-fins-que-especifica-e-da-outras-provi\/\" class=\"_self\" target=\"_self\" >LEI MUNICIPAL N\u00b0 996\/2024 &#8211; \u201cDisp\u00f5e sobre a abertura de Cr\u00e9dito Adicional Suplementar\/Altera\u00e7\u00e3o de QDD, para refor\u00e7o da dota\u00e7\u00e3o or\u00e7ament\u00e1ria para os fins que especifica, e d\u00e1 outras provid\u00eancias.\u201d<\/a><\/p><\/div>\n<div class=\" pt-cv-content-item pt-cv-2-col\" ><p class=\"pt-cv-title\"><a href=\"https:\/\/lajes.rn.gov.br\/transparente\/index\/lei-municipal-n-995-2024-dispoe-sobre-a-abertura-de-credito-adicional-especial-ao-orcamento-anual-de-2024-no-valor-de-r-91-87714-noventa-e-um-mil-oitocentas-e-setenta-e-sete-reais\/\" class=\"_self\" target=\"_self\" >LEI MUNICIPAL N\u00b0 995\/2024 &#8211; \u201cDisp\u00f5e sobre a abertura de cr\u00e9dito adicional especial ao or\u00e7amento anual de 2024 no valor de R$ 91.877,14 (noventa e um mil oitocentas e setenta e sete reais e quatorze centavos), e d\u00e1 outras provid\u00eancias.\u201d<\/a><\/p><\/div>\n<div class=\" pt-cv-content-item pt-cv-2-col\" ><p class=\"pt-cv-title\"><a href=\"https:\/\/lajes.rn.gov.br\/transparente\/index\/lei-municipal-n-993-2024-dispoe-sobre-a-denominacao-do-canteiro-localizado-no-bairro-sao-judas-tadeu-onde-sera-construida-a-estatua-em-homenagem-a-alzira-soriano-como-praca\/\" class=\"_self\" target=\"_self\" >LEI MUNICIPAL N\u00b0 993\/2024 &#8211; \u201cDisp\u00f5e sobre a denomina\u00e7\u00e3o do canteiro localizado no bairro S\u00e3o Judas Tadeu, onde ser\u00e1 constru\u00edda a est\u00e1tua em homenagem a Alzira Soriano, como \u201cPra\u00e7a Professor Jo\u00e3o Batista Cortez\u201d, e d\u00e1 outras provid\u00eancias.\u201d<\/a><\/p><\/div>\n<div class=\" pt-cv-content-item pt-cv-2-col\" ><p class=\"pt-cv-title\"><a href=\"https:\/\/lajes.rn.gov.br\/transparente\/index\/lei-municipal-n-994-2024-dispoe-sobre-a-abertura-de-credito-adicional-suplementar-alteracao-de-qdd-para-reforco-da-dotacao-orcamentaria-para-os-fins-que-especifica-e-da-outras-provi\/\" class=\"_self\" target=\"_self\" >LEI MUNICIPAL N\u00b0 994\/2024 &#8211; \u201cDisp\u00f5e sobre a abertura de Cr\u00e9dito Adicional Suplementar\/Altera\u00e7\u00e3o de QDD, para refor\u00e7o da dota\u00e7\u00e3o or\u00e7ament\u00e1ria para os fins que especifica, e d\u00e1 outras provid\u00eancias.\u201d<\/a><\/p><\/div>\n<div class=\" pt-cv-content-item pt-cv-2-col\" ><p class=\"pt-cv-title\"><a href=\"https:\/\/lajes.rn.gov.br\/transparente\/index\/lei-municipal-n-998-2024-dispoe-sobre-a-abertura-de-um-credito-adicional-suplementar-no-orcamento-do-fundo-municipal-de-saude\/\" class=\"_self\" target=\"_self\" >LEI MUNICIPAL N\u00b0 998\/2024 &#8211; Disp\u00f5e sobre a abertura de um Cr\u00e9dito Adicional Suplementar no or\u00e7amento do Fundo Municipal de Sa\u00fade<\/a><\/p><\/div>\n<div class=\" pt-cv-content-item pt-cv-2-col\" ><p class=\"pt-cv-title\"><a href=\"https:\/\/lajes.rn.gov.br\/transparente\/index\/lei-municipal-n-991-2024-institui-o-dia-de-luta-contra-a-lgbt-fobia-no-municipio-de-lajes-rn-e-da-outras-providencias\/\" class=\"_self\" target=\"_self\" >LEI MUNICIPAL N\u00b0 991\/2024 &#8211; \u201cInstitui o \u2018Dia de luta contra a LGBT Fobia no munic\u00edpio de Lajes\/RN, e d\u00e1 outras provid\u00eancias.\u201d<\/a><\/p><\/div>\n<div class=\" pt-cv-content-item pt-cv-2-col\" ><p class=\"pt-cv-title\"><a href=\"https:\/\/lajes.rn.gov.br\/transparente\/index\/lei-municipal-n-992-2024-proibe-o-manuseio-a-utilizacao-a-queima-e-a-soltura-de-fogos-de-estampido-e-de-artificio-assim-como-de-quaisquer-artefatos-pirotecnicos-de-efeito-sonoro-ru\/\" class=\"_self\" target=\"_self\" >LEI MUNICIPAL N\u00b0 992\/2024 &#8211; \u201cPro\u00edbe o manuseio, a utiliza\u00e7\u00e3o, a queima e a soltura de fogos de estampido e de artif\u00edcio, assim como de quaisquer artefatos pirot\u00e9cnicos de efeito sonoro ruidoso no munic\u00edpio de Lajes\/RN, e d\u00e1 outras provid\u00eancias.\u201d<\/a><\/p><\/div>\n<div class=\" pt-cv-content-item pt-cv-2-col\" ><p class=\"pt-cv-title\"><a href=\"https:\/\/lajes.rn.gov.br\/transparente\/index\/lei-municipal-n-989-2024-fixa-os-subsidios-dos-vereadores-da-camara-municipal-de-lajes-rn-para-a-legislatura-01-01-2025-a-31-12-2028-e-da-outras-providencias\/\" class=\"_self\" target=\"_self\" >LEI MUNICIPAL N\u00b0 989\/2024 &#8211; \u201cFixa os subs\u00eddios dos Vereadores da C\u00e2mara Municipal de Lajes\/RN para a Legislatura 01\/01\/2025 a 31\/12\/2028, e d\u00e1 outras provid\u00eancias.\u201d<\/a><\/p><\/div>\n<div class=\" pt-cv-content-item pt-cv-2-col\" ><p class=\"pt-cv-title\"><a href=\"https:\/\/lajes.rn.gov.br\/transparente\/index\/lei-municipal-n-988-2024-dispoe-sobre-a-realizacao-do-processo-seletivo-simplificado-para-cadastro-de-reserva-com-o-objetivo-de-contratacao-por-tempo-determinado-de-profissiona\/\" class=\"_self\" target=\"_self\" >LEI MUNICIPAL N\u00b0 988\/2024 &#8211; \u201cDisp\u00f5e sobre a realiza\u00e7\u00e3o do processo seletivo simplificado, para cadastro de reserva,\u00a0com o objetivo de contrata\u00e7\u00e3o por tempo determinado de profissionais para atender a necessidade tempor\u00e1ria de excepcional interesse p\u00fablico do munic\u00edpio, nos termos do Artigo 37, inciso IX, da constitui\u00e7\u00e3o federal e da Lei Municipal n\u00ba 850\/2019, e d\u00e1 outras provid\u00eancias.\u201d<\/a><\/p><\/div>\n<div class=\" pt-cv-content-item pt-cv-2-col\" ><p class=\"pt-cv-title\"><a href=\"https:\/\/lajes.rn.gov.br\/transparente\/index\/lei-municipal-n-986-2024-institui-a-carteira-de-identificacao-do-autista-cia-do-municipio-de-lajes-rn-e-da-outras-providencias\/\" class=\"_self\" target=\"_self\" >LEI MUNICIPAL N\u00b0 986\/2024 &#8211; \u201cInstitui a Carteira de Identifica\u00e7\u00e3o do Autista (CIA) do munic\u00edpio de Lajes\/RN e d\u00e1 outras provid\u00eancias.\u201d<\/a><\/p><\/div>\n<div class=\" pt-cv-content-item pt-cv-2-col\" ><p class=\"pt-cv-title\"><a href=\"https:\/\/lajes.rn.gov.br\/transparente\/index\/lei-municipal-n-987-2024-dispoe-sobre-a-alteracao-da-denominacao-da-praca-aluizio-alves-para-praca-joao-barbosa-da-silva\/\" class=\"_self\" target=\"_self\" >LEI MUNICIPAL N\u00b0 987\/2024 &#8211; \u201cDisp\u00f5e sobre a altera\u00e7\u00e3o da denomina\u00e7\u00e3o da Pra\u00e7a Alu\u00edzio Alves para Pra\u00e7a Jo\u00e3o Barbosa da Silva.\u201d<\/a><\/p><\/div>\n<div class=\" pt-cv-content-item pt-cv-2-col\" ><p class=\"pt-cv-title\"><a href=\"https:\/\/lajes.rn.gov.br\/transparente\/index\/lei-municipal-n-986-2024-institui-a-carteira-de-identificacao-do-autista-cia-do-municipio-de-lajes-rn-e-da-outras-providencias-2\/\" class=\"_self\" target=\"_self\" >LEI MUNICIPAL N\u00b0 986\/2024 &#8211; \u201cInstitui a Carteira de Identifica\u00e7\u00e3o do Autista (CIA) do munic\u00edpio de Lajes\/RN e d\u00e1 outras provid\u00eancias.\u201d<\/a><\/p><\/div>\n<div class=\" pt-cv-content-item pt-cv-2-col\" ><p class=\"pt-cv-title\"><a href=\"https:\/\/lajes.rn.gov.br\/transparente\/index\/lei-municipal-n-987-2024-dispoe-sobre-a-alteracao-da-denominacao-da-praca-aluizio-alves-para-praca-joao-barbosa-da-silva-2\/\" class=\"_self\" target=\"_self\" >LEI MUNICIPAL N\u00b0 987\/2024 &#8211; \u201cDisp\u00f5e sobre a altera\u00e7\u00e3o da denomina\u00e7\u00e3o da Pra\u00e7a Alu\u00edzio Alves para Pra\u00e7a Jo\u00e3o Barbosa da Silva.\u201d<\/a><\/p><\/div>\n<div class=\" pt-cv-content-item pt-cv-2-col\" ><p class=\"pt-cv-title\"><a href=\"https:\/\/lajes.rn.gov.br\/transparente\/index\/lei-municipal-n-983-2024-institui-e-inclui-no-calendario-oficial-de-eventos-e-festas-do-municipio-de-lajes-rn-o-dia-municipal-do-capoeirista-e-da-outras-providencias-2\/\" class=\"_self\" target=\"_self\" >LEI MUNICIPAL N\u00b0 983\/2024 &#8211; \u201cInstitui e inclui no calend\u00e1rio oficial de eventos e festas, do munic\u00edpio de Lajes\/RN, o dia municipal do capoeirista e d\u00e1 outras provid\u00eancias.\u201d<\/a><\/p><\/div>\n<div class=\" pt-cv-content-item pt-cv-2-col\" ><p class=\"pt-cv-title\"><a href=\"https:\/\/lajes.rn.gov.br\/transparente\/index\/lei-municipal-n-983-2024-institui-e-inclui-no-calendario-oficial-de-eventos-e-festas-do-municipio-de-lajes-rn-o-dia-municipal-do-capoeirista-e-da-outras-providencias\/\" class=\"_self\" target=\"_self\" >LEI MUNICIPAL N\u00b0 983\/2024 &#8211; \u201cInstitui e inclui no calend\u00e1rio oficial de eventos e festas, do munic\u00edpio de Lajes\/RN, o dia municipal do capoeirista e d\u00e1 outras provid\u00eancias.\u201d<\/a><\/p><\/div>\n<div class=\" pt-cv-content-item pt-cv-2-col\" ><p class=\"pt-cv-title\"><a href=\"https:\/\/lajes.rn.gov.br\/transparente\/index\/lei-municipal-n-985-2024-reajusta-o-salario-base-dos-profissionais-de-nivel-superior-servidores-publicos-efetivos-e-temporarios-nas-areas-de-psicologia-assistencia-social-fonoaudi\/\" class=\"_self\" target=\"_self\" >LEI MUNICIPAL N\u00b0 985\/2024 &#8211; \u201cReajusta o sal\u00e1rio base dos profissionais de n\u00edvel superior, servidores p\u00fablicos efetivos e tempor\u00e1rios, nas \u00e1reas de Psicologia, Assist\u00eancia Social, Fonoaudiologia, Auditoria Fiscal, Farm\u00e1cia Bioqu\u00edmica, Nutri\u00e7\u00e3o, Fisioterapia e Profissionais com forma\u00e7\u00e3o em Pedagogia que atuam, exclusivamente, em equipes multiprofissionais das Secretarias do Munic\u00edpio de Lajes\/RN, e d\u00e1 outras provid\u00eancias.\u201d<\/a><\/p><\/div><\/div><\/div>\n<div class=\" pt-cv-pagination-wrapper\"><ul class=\"pt-cv-pagination pt-cv-ajax pagination\" data-totalpages=\"2\" data-currentpage=\"1\" data-sid=\"556894db0u\" data-unid=\"\" data-isblock=\"\" data-postid=\"\"><li class=\"active\"><a href=\"#\">1<\/a><\/li>\n\t<li ><a class=\"\" href=\"https:\/\/lajes.rn.gov.br\/transparente\/index\/wp-json\/wp\/v2\/pages\/33991\/?_page=2\">2<\/a><\/li>\n\t<li ><a class=\" \" href=\"https:\/\/lajes.rn.gov.br\/transparente\/index\/wp-json\/wp\/v2\/pages\/33991\/?_page=2\">&rsaquo;<\/a><\/li>\n\t<\/ul><img decoding=\"async\" width=\"15\" height=\"15\" class=\"pt-cv-spinner\" alt=\"Carregando...;\" src=\"data:image\/gif;base64,R0lGODlhDwAPALMPAMrKygwMDJOTkz09PZWVla+vr3p6euTk5M7OzuXl5TMzMwAAAJmZmWZmZszMzP\/\/\/yH\/C05FVFNDQVBFMi4wAwEAAAAh+QQFCgAPACwAAAAADwAPAAAEQvDJaZaZOIcV8iQK8VRX4iTYoAwZ4iCYoAjZ4RxejhVNoT+mRGP4cyF4Pp0N98sBGIBMEMOotl6YZ3S61Bmbkm4mAgAh+QQFCgAPACwAAAAADQANAAAENPDJSRSZeA418itN8QiK8BiLITVsFiyBBIoYqnoewAD4xPw9iY4XLGYSjkQR4UAUD45DLwIAIfkEBQoADwAsAAAAAA8ACQAABC\/wyVlamTi3nSdgwFNdhEJgTJoNyoB9ISYoQmdjiZPcj7EYCAeCF1gEDo4Dz2eIAAAh+QQFCgAPACwCAAAADQANAAAEM\/DJBxiYeLKdX3IJZT1FU0iIg2RNKx3OkZVnZ98ToRD4MyiDnkAh6BkNC0MvsAj0kMpHBAAh+QQFCgAPACwGAAAACQAPAAAEMDC59KpFDll73HkAA2wVY5KgiK5b0RRoI6MuzG6EQqCDMlSGheEhUAgqgUUAFRySIgAh+QQFCgAPACwCAAIADQANAAAEM\/DJKZNLND\/kkKaHc3xk+QAMYDKsiaqmZCxGVjSFFCxB1vwy2oOgIDxuucxAMTAJFAJNBAAh+QQFCgAPACwAAAYADwAJAAAEMNAs86q1yaWwwv2Ig0jUZx3OYa4XoRAfwADXoAwfo1+CIjyFRuEho60aSNYlOPxEAAAh+QQFCgAPACwAAAIADQANAAAENPA9s4y8+IUVcqaWJ4qEQozSoAzoIyhCK2NFU2SJk0hNnyEOhKR2AzAAj4Pj4GE4W0bkJQIAOw==\" \/><div class=\"clear pt-cv-clear-pagination\"><\/div><\/div><\/div>\t\t\t<style type=\"text\/css\" id=\"pt-cv-inline-style-cc2bebc3mc\">\n#pt-cv-view-556894db0u .pt-cv-thumb-wrapper:not(.miniwrap) { width: 40%; }#pt-cv-view-556894db0u .pt-cv-thumbnail:not(.pt-cv-thumbnailsm) { height: 300px; }#pt-cv-view-556894db0u > .pt-cv-page {grid-template-columns: repeat(1, 1fr);grid-gap: 15px;}\n@media all and (max-width: 1024px) { \n#pt-cv-view-556894db0u > .pt-cv-page {grid-template-columns: repeat(1, 1fr);}\n} \n@media all and (max-width: 767px) { \n#pt-cv-view-556894db0u > .pt-cv-page {grid-template-columns: repeat(1, 1fr);}\n} <\/style>\r\n\t\t\t\n<p>&nbsp;<\/p>\n<p>&nbsp;<\/p>\n","protected":false},"excerpt":{"rendered":"<p>|\u00a0XML\u2193\u00a0| \u00a0CSV\u2193\u00a0| PDF\u2193\u00a0\u00a0| IMPRIMIR\u2193\u00a0\u00a0| &nbsp; &nbsp;<\/p>\n","protected":false},"author":3,"featured_media":0,"parent":0,"menu_order":0,"comment_status":"closed","ping_status":"closed","template":"","meta":{"ocean_post_layout":"","ocean_both_sidebars_style":"","ocean_both_sidebars_content_width":0,"ocean_both_sidebars_sidebars_width":0,"ocean_sidebar":"0","ocean_second_sidebar":"0","ocean_disable_margins":"enable","ocean_add_body_class":"","ocean_shortcode_before_top_bar":"","ocean_shortcode_after_top_bar":"","ocean_shortcode_before_header":"","ocean_shortcode_after_header":"","ocean_has_shortcode":"","ocean_shortcode_after_title":"","ocean_shortcode_before_footer_widgets":"","ocean_shortcode_after_footer_widgets":"","ocean_shortcode_before_footer_bottom":"","ocean_shortcode_after_footer_bottom":"","ocean_display_top_bar":"default","ocean_display_header":"default","ocean_header_style":"","ocean_center_header_left_menu":"0","ocean_custom_header_template":"0","ocean_custom_logo":0,"ocean_custom_retina_logo":0,"ocean_custom_logo_max_width":0,"ocean_custom_logo_tablet_max_width":0,"ocean_custom_logo_mobile_max_width":0,"ocean_custom_logo_max_height":0,"ocean_custom_logo_tablet_max_height":0,"ocean_custom_logo_mobile_max_height":0,"ocean_header_custom_menu":"0","ocean_menu_typo_font_family":"0","ocean_menu_typo_font_subset":"","ocean_menu_typo_font_size":0,"ocean_menu_typo_font_size_tablet":0,"ocean_menu_typo_font_size_mobile":0,"ocean_menu_typo_font_size_unit":"px","ocean_menu_typo_font_weight":"","ocean_menu_typo_font_weight_tablet":"","ocean_menu_typo_font_weight_mobile":"","ocean_menu_typo_transform":"","ocean_menu_typo_transform_tablet":"","ocean_menu_typo_transform_mobile":"","ocean_menu_typo_line_height":0,"ocean_menu_typo_line_height_tablet":0,"ocean_menu_typo_line_height_mobile":0,"ocean_menu_typo_line_height_unit":"","ocean_menu_typo_spacing":0,"ocean_menu_typo_spacing_tablet":0,"ocean_menu_typo_spacing_mobile":0,"ocean_menu_typo_spacing_unit":"","ocean_menu_link_color":"","ocean_menu_link_color_hover":"","ocean_menu_link_color_active":"","ocean_menu_link_background":"","ocean_menu_link_hover_background":"","ocean_menu_link_active_background":"","ocean_menu_social_links_bg":"","ocean_menu_social_hover_links_bg":"","ocean_menu_social_links_color":"","ocean_menu_social_hover_links_color":"","ocean_disable_title":"default","ocean_disable_heading":"default","ocean_post_title":"","ocean_post_subheading":"","ocean_post_title_style":"","ocean_post_title_background_color":"","ocean_post_title_background":0,"ocean_post_title_bg_image_position":"","ocean_post_title_bg_image_attachment":"","ocean_post_title_bg_image_repeat":"","ocean_post_title_bg_image_size":"","ocean_post_title_height":0,"ocean_post_title_bg_overlay":0.5,"ocean_post_title_bg_overlay_color":"","ocean_disable_breadcrumbs":"default","ocean_breadcrumbs_color":"","ocean_breadcrumbs_separator_color":"","ocean_breadcrumbs_links_color":"","ocean_breadcrumbs_links_hover_color":"","ocean_display_footer_widgets":"default","ocean_display_footer_bottom":"default","ocean_custom_footer_template":"0","footnotes":""},"class_list":["post-33991","page","type-page","status-publish","hentry","entry"],"_links":{"self":[{"href":"https:\/\/lajes.rn.gov.br\/transparente\/index\/wp-json\/wp\/v2\/pages\/33991","targetHints":{"allow":["GET"]}}],"collection":[{"href":"https:\/\/lajes.rn.gov.br\/transparente\/index\/wp-json\/wp\/v2\/pages"}],"about":[{"href":"https:\/\/lajes.rn.gov.br\/transparente\/index\/wp-json\/wp\/v2\/types\/page"}],"author":[{"embeddable":true,"href":"https:\/\/lajes.rn.gov.br\/transparente\/index\/wp-json\/wp\/v2\/users\/3"}],"replies":[{"embeddable":true,"href":"https:\/\/lajes.rn.gov.br\/transparente\/index\/wp-json\/wp\/v2\/comments?post=33991"}],"version-history":[{"count":8,"href":"https:\/\/lajes.rn.gov.br\/transparente\/index\/wp-json\/wp\/v2\/pages\/33991\/revisions"}],"predecessor-version":[{"id":36653,"href":"https:\/\/lajes.rn.gov.br\/transparente\/index\/wp-json\/wp\/v2\/pages\/33991\/revisions\/36653"}],"wp:attachment":[{"href":"https:\/\/lajes.rn.gov.br\/transparente\/index\/wp-json\/wp\/v2\/media?parent=33991"}],"curies":[{"name":"wp","href":"https:\/\/api.w.org\/{rel}","templated":true}]}}