{"id":33905,"date":"2024-06-17T16:04:35","date_gmt":"2024-06-17T19:04:35","guid":{"rendered":"https:\/\/lajes.rn.gov.br\/transparente\/index\/?page_id=33905"},"modified":"2025-05-27T23:39:51","modified_gmt":"2025-05-28T02:39:51","slug":"lista-dos-fiscais-de-contrato-2023","status":"publish","type":"page","link":"https:\/\/lajes.rn.gov.br\/transparente\/index\/lista-dos-fiscais-de-contrato-2023\/","title":{"rendered":"Lista dos Fiscais de Contratos 2023"},"content":{"rendered":"<p style=\"text-align: right;\">|\u00a0<strong><a href=\"\/feed\" target=\"_blank\" rel=\"noopener\">XML\u2193<\/a><\/strong> |\u00a0<a href=\"?print=pdf\" target=\"_blank\" rel=\"noopener\"><strong>PDF<\/strong>\u2193<\/a>\u00a0\u00a0| <a href=\"?print=print\" target=\"_blank\" rel=\"noopener\"><strong>IMPRIMIR<\/strong>\u2193<\/a>\u00a0\u00a0|<\/p>\n<p data-raofz=\"14\"><a href=\"https:\/\/lajes.rn.gov.br\/transparente\/index\/portaria-no-268-2023-republicado-por-incorrecao\/\">PORTARIA N\u00ba 268, DE 23 DE MAIO DE 2023\u00a0<i data-raofz=\"14\">\u201c<\/i><i data-raofz=\"14\">Designar os fiscais de contratos no \u00e2mbito das secretarias municipais e d\u00e1 outras provid\u00eancias.\u201d<\/i><\/a><\/p>\n<p data-raofz=\"14\"><b>1. GABINETE DO PREFEITO:<\/b><\/p>\n<p data-raofz=\"14\">TITULAR \u2013 ROBSON AUGUSTO COSME DE SOUZA<\/p>\n<p data-raofz=\"14\">SUPLENTE \u2013 RODRIGO CARVALHO DA SILVA<\/p>\n<p data-raofz=\"14\"><b>2.SECRETARIA MUNICIPAL DE ADMINISTRA\u00c7\u00c3O, COMUNICA\u00c7\u00c3O E SEGURAN\u00c7A P\u00daBLICA<\/b><\/p>\n<p data-raofz=\"14\">TITULAR \u2013 H\u00c9RICA LET\u00cdCIA SOARES DE LIMA<\/p>\n<p data-raofz=\"14\">SUPLENTE \u2013 ALAN HELTON DO NASCIMENTO<\/p>\n<p data-raofz=\"14\"><b>3.SECRETARIA MUNICIPAL DE ECONOMIA, PLANEJAMENTO E FINAN\u00c7AS:<\/b><\/p>\n<p data-raofz=\"14\">TITULAR \u2013 ELIENE BARBOSA DE LIMA<\/p>\n<p data-raofz=\"14\">SUPLENTE \u2013 CRISTIANO DE SOUZA MOURA<\/p>\n<p data-raofz=\"14\"><b>4.SECRETARIA MUNICIPAL DE JUVENTUDE, ESPORTE E LAZER:<\/b><\/p>\n<p data-raofz=\"14\">TITULAR \u2013 JADY BORGES DE SOUZA ALVES<\/p>\n<p data-raofz=\"14\">SUPLENTE \u2013 THALES VIN\u00cdCIUS FERNANDES BARBOSA<\/p>\n<p data-raofz=\"14\"><b>5.SECRETARIA MUNICIPAL DE DESENVOLVIMENTO RURAL E AGRICULTURA FAMILIAR:<\/b><\/p>\n<p data-raofz=\"14\">TITULAR \u2013 MARIA DE CONCEI\u00c7\u00c3O FERNANDES NECO<\/p>\n<p data-raofz=\"14\">SUPLENTE \u2013 FERNANDO VICTOR ARA\u00daJO RODRIGUES DA SILVA<\/p>\n<p data-raofz=\"14\"><b>6.SECRETARIA MUNICIPAL DE INFRAESTRUTURA E SERVI\u00c7OS URBANOS:<\/b><\/p>\n<p data-raofz=\"14\">TITULAR \u2013 RAIMUNDO DEN\u00cdLSON BARBOSA<\/p>\n<p data-raofz=\"14\">SUPLENTE \u2013 LAERTON PESSOA DE OLIVEIRA<\/p>\n<p data-raofz=\"14\"><b>7.SECRETARIA MUNICIPAL DE EDUCA\u00c7\u00c3O:<\/b><\/p>\n<p data-raofz=\"14\">TITULAR \u2013 JACCSON MATHEUS LOUREN\u00c7O DA CRUZ<\/p>\n<p data-raofz=\"14\">SUPLENTE \u2013 DOMINGOS FELIPE PORFIRIO DE MELO<\/p>\n<p data-raofz=\"14\"><b>8.SECRETARIA MUNICIPAL DE SA\u00daDE:<\/b><\/p>\n<p data-raofz=\"14\">TITULAR \u2013 TALLISON SALVIANO PEREIRA<\/p>\n<p data-raofz=\"14\">SUPLENTE \u2013 RENATA THUIZA RODRIGUES DAMASCENO NUNES<\/p>\n<p data-raofz=\"14\"><b>9.SECRETARIA MUNICIPAL TRANSPORTES E MOBILIDADE URBANA:<\/b><\/p>\n<p data-raofz=\"14\">TITULAR \u2013 RAPHAEL OTHON SANTOS DE SOUZA<\/p>\n<p data-raofz=\"14\">SUPLENTE \u2013 DIOGO MILITAO LOPES DE ARA\u00daJO<\/p>\n<p data-raofz=\"14\"><b>10.SECRETARIA MUNICIPAL TURISMO, CULTURA E MEIO AMBIENTE:<\/b><\/p>\n<p data-raofz=\"14\">TITULAR \u2013 EDILENE VICTOR DE LIMA LEMOS<\/p>\n<p data-raofz=\"14\">SUPLENTE \u2013 RAIANE KARLA DA SILVA LAURENTINO<\/p>\n<p data-raofz=\"14\"><b>11.SECRETARIA MUNICIPAL DO DESENVOLVIMENTO SOCIAL, TRABALHO E HABITA\u00c7\u00c3O:<\/b><\/p>\n<p data-raofz=\"14\">TITULAR \u2013 JAILSON DA SILVA ROCHA<\/p>\n<p data-raofz=\"14\">SUPLENTE \u2013 MARIA DA CONCEI\u00c7\u00c3O DE LIMA<\/p>\n<p data-raofz=\"14\"><b>12. CONTROLADORIA GERAL DO MUNICIPIO:<\/b><\/p>\n<p data-raofz=\"14\">TITULAR \u2013 ARN\u00d3BIO DA SILVA TRINDADE JUNIOR<\/p>\n<p data-raofz=\"14\">SUPLENTE \u2013 OSCAR TEIXEIRA DE MELO NETO<\/p>\n<p data-raofz=\"14\"><b>13. PROCURADORIA GERAL DO MUNICIPIO:<\/b><\/p>\n<p data-raofz=\"14\">TITULAR \u2013 RAPHAEL ANDERSON LOPES DE SENA<\/p>\n<p data-raofz=\"14\">SUPLENTE \u2013 FRANCISCA REJANE DA SILVA MOREIRA<\/p>\n","protected":false},"excerpt":{"rendered":"<p>|\u00a0XML\u2193 |\u00a0PDF\u2193\u00a0\u00a0| IMPRIMIR\u2193\u00a0\u00a0| PORTARIA N\u00ba 268, DE 23 DE MAIO DE 2023\u00a0\u201cDesignar os fiscais de contratos no \u00e2mbito das secretarias municipais e d\u00e1 outras provid\u00eancias.\u201d 1. GABINETE DO PREFEITO: TITULAR \u2013 ROBSON AUGUSTO COSME DE SOUZA SUPLENTE \u2013 RODRIGO CARVALHO DA SILVA 2.SECRETARIA MUNICIPAL DE ADMINISTRA\u00c7\u00c3O, COMUNICA\u00c7\u00c3O E SEGURAN\u00c7A P\u00daBLICA TITULAR \u2013 H\u00c9RICA LET\u00cdCIA SOARES [&hellip;]<\/p>\n","protected":false},"author":3,"featured_media":0,"parent":0,"menu_order":0,"comment_status":"closed","ping_status":"closed","template":"","meta":{"ocean_post_layout":"","ocean_both_sidebars_style":"","ocean_both_sidebars_content_width":0,"ocean_both_sidebars_sidebars_width":0,"ocean_sidebar":"0","ocean_second_sidebar":"0","ocean_disable_margins":"enable","ocean_add_body_class":"","ocean_shortcode_before_top_bar":"","ocean_shortcode_after_top_bar":"","ocean_shortcode_before_header":"","ocean_shortcode_after_header":"","ocean_has_shortcode":"","ocean_shortcode_after_title":"","ocean_shortcode_before_footer_widgets":"","ocean_shortcode_after_footer_widgets":"","ocean_shortcode_before_footer_bottom":"","ocean_shortcode_after_footer_bottom":"","ocean_display_top_bar":"default","ocean_display_header":"default","ocean_header_style":"","ocean_center_header_left_menu":"0","ocean_custom_header_template":"0","ocean_custom_logo":0,"ocean_custom_retina_logo":0,"ocean_custom_logo_max_width":0,"ocean_custom_logo_tablet_max_width":0,"ocean_custom_logo_mobile_max_width":0,"ocean_custom_logo_max_height":0,"ocean_custom_logo_tablet_max_height":0,"ocean_custom_logo_mobile_max_height":0,"ocean_header_custom_menu":"0","ocean_menu_typo_font_family":"0","ocean_menu_typo_font_subset":"","ocean_menu_typo_font_size":0,"ocean_menu_typo_font_size_tablet":0,"ocean_menu_typo_font_size_mobile":0,"ocean_menu_typo_font_size_unit":"px","ocean_menu_typo_font_weight":"","ocean_menu_typo_font_weight_tablet":"","ocean_menu_typo_font_weight_mobile":"","ocean_menu_typo_transform":"","ocean_menu_typo_transform_tablet":"","ocean_menu_typo_transform_mobile":"","ocean_menu_typo_line_height":0,"ocean_menu_typo_line_height_tablet":0,"ocean_menu_typo_line_height_mobile":0,"ocean_menu_typo_line_height_unit":"","ocean_menu_typo_spacing":0,"ocean_menu_typo_spacing_tablet":0,"ocean_menu_typo_spacing_mobile":0,"ocean_menu_typo_spacing_unit":"","ocean_menu_link_color":"","ocean_menu_link_color_hover":"","ocean_menu_link_color_active":"","ocean_menu_link_background":"","ocean_menu_link_hover_background":"","ocean_menu_link_active_background":"","ocean_menu_social_links_bg":"","ocean_menu_social_hover_links_bg":"","ocean_menu_social_links_color":"","ocean_menu_social_hover_links_color":"","ocean_disable_title":"default","ocean_disable_heading":"default","ocean_post_title":"","ocean_post_subheading":"","ocean_post_title_style":"","ocean_post_title_background_color":"","ocean_post_title_background":0,"ocean_post_title_bg_image_position":"","ocean_post_title_bg_image_attachment":"","ocean_post_title_bg_image_repeat":"","ocean_post_title_bg_image_size":"","ocean_post_title_height":0,"ocean_post_title_bg_overlay":0.5,"ocean_post_title_bg_overlay_color":"","ocean_disable_breadcrumbs":"default","ocean_breadcrumbs_color":"","ocean_breadcrumbs_separator_color":"","ocean_breadcrumbs_links_color":"","ocean_breadcrumbs_links_hover_color":"","ocean_display_footer_widgets":"default","ocean_display_footer_bottom":"default","ocean_custom_footer_template":"0","footnotes":""},"class_list":["post-33905","page","type-page","status-publish","hentry","entry"],"_links":{"self":[{"href":"https:\/\/lajes.rn.gov.br\/transparente\/index\/wp-json\/wp\/v2\/pages\/33905","targetHints":{"allow":["GET"]}}],"collection":[{"href":"https:\/\/lajes.rn.gov.br\/transparente\/index\/wp-json\/wp\/v2\/pages"}],"about":[{"href":"https:\/\/lajes.rn.gov.br\/transparente\/index\/wp-json\/wp\/v2\/types\/page"}],"author":[{"embeddable":true,"href":"https:\/\/lajes.rn.gov.br\/transparente\/index\/wp-json\/wp\/v2\/users\/3"}],"replies":[{"embeddable":true,"href":"https:\/\/lajes.rn.gov.br\/transparente\/index\/wp-json\/wp\/v2\/comments?post=33905"}],"version-history":[{"count":12,"href":"https:\/\/lajes.rn.gov.br\/transparente\/index\/wp-json\/wp\/v2\/pages\/33905\/revisions"}],"predecessor-version":[{"id":37372,"href":"https:\/\/lajes.rn.gov.br\/transparente\/index\/wp-json\/wp\/v2\/pages\/33905\/revisions\/37372"}],"wp:attachment":[{"href":"https:\/\/lajes.rn.gov.br\/transparente\/index\/wp-json\/wp\/v2\/media?parent=33905"}],"curies":[{"name":"wp","href":"https:\/\/api.w.org\/{rel}","templated":true}]}}