{"id":33409,"date":"2024-05-15T23:12:05","date_gmt":"2024-05-16T02:12:05","guid":{"rendered":"https:\/\/lajes.rn.gov.br\/transparente\/index\/?page_id=33409"},"modified":"2025-04-24T14:15:53","modified_gmt":"2025-04-24T17:15:53","slug":"projetos-culturais","status":"publish","type":"page","link":"https:\/\/lajes.rn.gov.br\/transparente\/index\/projetos-culturais\/","title":{"rendered":"Projetos Culturais"},"content":{"rendered":"<div align=\"right\">|\u00a0<strong><a href=\"\/feed\" target=\"_blank\" rel=\"noopener\">XML\u2193<\/a><\/strong>\u00a0| <a href=\"https:\/\/lajes.rn.gov.br\/transparente\/index\/wp-content\/uploads\/2025\/04\/export.csv\" target=\"_blank\" rel=\"noopener\">\u00a0<strong>CSV\u2193<\/strong><\/a>\u00a0| <a href=\"?print=pdf\" target=\"_blank\" rel=\"noopener\"><strong>PDF<\/strong>\u2193<\/a>\u00a0\u00a0| <a href=\"?print=print\" target=\"_blank\" rel=\"noopener\"><strong>IMPRIMIR<\/strong>\u2193<\/a>\u00a0\u00a0|<\/div>\n<p>&nbsp;<\/p>\n<p><strong>INCENTIVO CULTURAL: <\/strong>LEI PAULO GUSTAVO<\/p>\n<p><strong>CLASSIFICA\u00c7\u00c3O DO RECURSO: <\/strong>FEDERAL<\/p>\n<p><strong>EXERC\u00cdCIOS: <\/strong>2023 \/ 2024<\/p>\n<p><strong>\u00a0<\/strong><\/p>\n<p><strong>PR\u00caMIO: <\/strong>JO\u00c3O BATISTA MARTINS DE FOMENTO \u00c0 CULTURA<\/p>\n<p><strong>VALOR: <\/strong>R$ 34.867,75<\/p>\n<p><strong>PROGRAMA: <\/strong>2208 &#8211; Apoio \u00e0s demais \u00c1reas da Cultura, que n\u00e3o seja audiovisual<\/p>\n<p><strong>ELEMENTO: <\/strong>33.90.31 &#8211; Premia\u00e7\u00f5es Culturais, Art\u00edsticas, Cient\u00edficas, Desportivas e Outras<\/p>\n<p>&nbsp;<\/p>\n<table>\n<tbody>\n<tr>\n<td colspan=\"2\" width=\"566\"><strong>CATEGORIA: <\/strong>Artesanato<\/p>\n<p><strong>VALOR CAPTADO: <\/strong>R$ 13.000,00<\/p>\n<p><strong>DATA DA CAPTA\u00c7\u00c3O: <\/strong>Exerc\u00edcios de 2023 e 2024<\/td>\n<\/tr>\n<tr>\n<td width=\"444\"><strong>BENEFICI\u00c1RIO<\/strong><\/td>\n<td width=\"122\"><strong>VALOR<\/strong><\/td>\n<\/tr>\n<tr>\n<td width=\"444\">Dalvanira Quirino da Silva e Silva<\/td>\n<td width=\"122\">R$ 1.000,00<\/td>\n<\/tr>\n<tr>\n<td width=\"444\">Jos\u00e9 Leandro de Souza<\/td>\n<td width=\"122\">R$ 1.000,00<\/td>\n<\/tr>\n<tr>\n<td width=\"444\">Damiana Victor dos S. Lima<\/td>\n<td width=\"122\">R$ 1.000,00<\/td>\n<\/tr>\n<tr>\n<td width=\"444\">Rejane de Oliveira<\/td>\n<td width=\"122\">R$ 1.000,00<\/td>\n<\/tr>\n<tr>\n<td width=\"444\">Maria Rosimar da Silva<\/td>\n<td width=\"122\">R$ 1.000,00<\/td>\n<\/tr>\n<tr>\n<td width=\"444\">Josefa Cassiano da Silva<\/td>\n<td width=\"122\">R$ 1.000,00<\/td>\n<\/tr>\n<tr>\n<td width=\"444\">Ediv\u00e2nia de Lima Silva<\/td>\n<td width=\"122\">R$ 1.000,00<\/td>\n<\/tr>\n<tr>\n<td width=\"444\">Paula Rutimeri de Lima<\/td>\n<td width=\"122\">R$ 1.000,00<\/td>\n<\/tr>\n<tr>\n<td width=\"444\">Jenilson Carlos dos Santos<\/td>\n<td width=\"122\">R$ 1.000,00<\/td>\n<\/tr>\n<tr>\n<td width=\"444\">Janikelly Mirelly Silva dos Santos<\/td>\n<td width=\"122\">R$ 1.000,00<\/td>\n<\/tr>\n<tr>\n<td width=\"444\">Celia Maria dos Santos<\/td>\n<td width=\"122\">R$ 1.000,00<\/td>\n<\/tr>\n<tr>\n<td width=\"444\">Ant\u00f4nia Pereira de Medeiros<\/td>\n<td width=\"122\">R$ 1.000,00<\/td>\n<\/tr>\n<tr>\n<td width=\"444\">Francisca Alenilda da Silva<\/td>\n<td width=\"122\">R$ 1.000,00<\/td>\n<\/tr>\n<tr>\n<td colspan=\"2\" width=\"566\"><\/td>\n<\/tr>\n<tr>\n<td width=\"444\"><strong>STATUS<\/strong><\/td>\n<td width=\"122\">EM EXECU\u00c7\u00c3O<\/td>\n<\/tr>\n<\/tbody>\n<\/table>\n<p><strong>\u00a0<\/strong><\/p>\n<table>\n<tbody>\n<tr>\n<td colspan=\"2\" width=\"566\"><strong>CATEGORIA: <\/strong>Artes Visuais<\/p>\n<p><strong>VALOR CAPTADO: <\/strong>R$ 3.000,00<\/p>\n<p><strong>DATA DA CAPTA\u00c7\u00c3O: <\/strong>Exerc\u00edcios de 2023 e 2024<\/td>\n<\/tr>\n<tr>\n<td width=\"444\"><strong>BENEFICI\u00c1RIO<\/strong><\/td>\n<td width=\"122\"><strong>VALOR<\/strong><\/td>\n<\/tr>\n<tr>\n<td width=\"444\">Everton Luiz do Nascimento Fernandes<\/td>\n<td width=\"122\">R$ 1.000,00<\/td>\n<\/tr>\n<tr>\n<td width=\"444\">Maria Isabeli Silva Fernandes<\/td>\n<td width=\"122\">R$ 1.000,00<\/td>\n<\/tr>\n<tr>\n<td width=\"444\">Ana Lu\u00edza Cavalcante da Silva<\/td>\n<td width=\"122\">R$ 1.000,00<\/td>\n<\/tr>\n<tr>\n<td colspan=\"2\" width=\"566\"><\/td>\n<\/tr>\n<tr>\n<td width=\"444\"><strong>STATUS<\/strong><\/td>\n<td width=\"122\">EM EXECU\u00c7\u00c3O<\/td>\n<\/tr>\n<\/tbody>\n<\/table>\n<p>&nbsp;<\/p>\n<table>\n<tbody>\n<tr>\n<td colspan=\"2\" width=\"566\"><strong>CATEGORIA: <\/strong>Literatura<\/p>\n<p><strong>VALOR CAPTADO: <\/strong>R$ 1.000,00<\/p>\n<p><strong>DATA DA CAPTA\u00c7\u00c3O: <\/strong>Exerc\u00edcios de 2023 e 2024<\/td>\n<\/tr>\n<tr>\n<td width=\"444\"><strong>BENEFICI\u00c1RIO<\/strong><\/td>\n<td width=\"122\"><strong>VALOR<\/strong><\/td>\n<\/tr>\n<tr>\n<td width=\"444\">Francisca Ivonete Barbalho de Andrade<\/td>\n<td width=\"122\">R$ 1.000,00<\/td>\n<\/tr>\n<tr>\n<td colspan=\"2\" width=\"566\"><\/td>\n<\/tr>\n<tr>\n<td width=\"444\"><strong>STATUS<\/strong><\/td>\n<td width=\"122\">EM EXECU\u00c7\u00c3O<\/td>\n<\/tr>\n<\/tbody>\n<\/table>\n<p>&nbsp;<\/p>\n<table>\n<tbody>\n<tr>\n<td colspan=\"2\" width=\"566\"><strong>CATEGORIA: <\/strong>M\u00fasica<\/p>\n<p><strong>VALOR CAPTADO: <\/strong>R$ 9.000,00<\/p>\n<p><strong>DATA DA CAPTA\u00c7\u00c3O: <\/strong>Exerc\u00edcios de 2023 e 2024<\/td>\n<\/tr>\n<tr>\n<td width=\"444\"><strong>BENEFICI\u00c1RIO<\/strong><\/td>\n<td width=\"122\"><strong>VALOR<\/strong><\/td>\n<\/tr>\n<tr>\n<td width=\"444\">Jo\u00e3o Maria da Silva<\/td>\n<td width=\"122\">R$ 1.000,00<\/td>\n<\/tr>\n<tr>\n<td width=\"444\">Micarla Almeida da Silva<\/td>\n<td width=\"122\">R$ 1.000,00<\/td>\n<\/tr>\n<tr>\n<td width=\"444\">Jos\u00e9 Alessandro da Silva<\/td>\n<td width=\"122\">R$ 1.000,00<\/td>\n<\/tr>\n<tr>\n<td width=\"444\">Alysson Sena de Lima Silva<\/td>\n<td width=\"122\">R$ 1.000,00<\/td>\n<\/tr>\n<tr>\n<td width=\"444\">Jessyan Pereira Fernandes\u00a0 da Silva<\/td>\n<td width=\"122\">R$ 1.000,00<\/td>\n<\/tr>\n<tr>\n<td width=\"444\">Felipe David Felisberto da Silva<\/td>\n<td width=\"122\">R$ 1.000,00<\/td>\n<\/tr>\n<tr>\n<td width=\"444\">Leandro Alves de Oliveira<\/td>\n<td width=\"122\">R$ 1.000,00<\/td>\n<\/tr>\n<tr>\n<td width=\"444\">Alison Felipe de Oliveira Santos<\/td>\n<td width=\"122\">R$ 1.000,00<\/td>\n<\/tr>\n<tr>\n<td width=\"444\">Francisco Lenilson de Fran\u00e7a<\/td>\n<td width=\"122\">R$ 1.000,00<\/td>\n<\/tr>\n<tr>\n<td colspan=\"2\" width=\"566\"><\/td>\n<\/tr>\n<tr>\n<td width=\"444\"><strong>STATUS<\/strong><\/td>\n<td width=\"122\">EM EXECU\u00c7\u00c3O<\/td>\n<\/tr>\n<\/tbody>\n<\/table>\n<p>&nbsp;<\/p>\n<table>\n<tbody>\n<tr>\n<td colspan=\"2\" width=\"566\"><strong>CATEGORIA: <\/strong>Grupos Musicais<\/p>\n<p><strong>VALOR CAPTADO: <\/strong>R$ 2.216,95<\/p>\n<p><strong>DATA DA CAPTA\u00c7\u00c3O: <\/strong>Exerc\u00edcios de 2023 e 2024<\/td>\n<\/tr>\n<tr>\n<td width=\"444\"><strong>BENEFICI\u00c1RIO<\/strong><\/td>\n<td width=\"122\"><strong>VALOR<\/strong><\/td>\n<\/tr>\n<tr>\n<td width=\"444\">Pedro Lucas da Silva Pegado<\/td>\n<td width=\"122\">R$ 2.216,95<\/td>\n<\/tr>\n<tr>\n<td colspan=\"2\" width=\"566\"><\/td>\n<\/tr>\n<tr>\n<td width=\"444\"><strong>STATUS<\/strong><\/td>\n<td width=\"122\">EM EXECU\u00c7\u00c3O<\/td>\n<\/tr>\n<\/tbody>\n<\/table>\n<p><strong>\u00a0<\/strong><\/p>\n<table>\n<tbody>\n<tr>\n<td colspan=\"2\" width=\"566\"><strong>CATEGORIA: <\/strong>Grupos de Dan\u00e7a<\/p>\n<p><strong>VALOR CAPTADO: <\/strong>R$ 4.433,88<\/p>\n<p><strong>DATA DA CAPTA\u00c7\u00c3O: <\/strong>Exerc\u00edcios de 2023 e 2024<\/td>\n<\/tr>\n<tr>\n<td width=\"444\"><strong>BENEFICI\u00c1RIO<\/strong><\/td>\n<td width=\"122\"><strong>VALOR<\/strong><\/td>\n<\/tr>\n<tr>\n<td width=\"444\">Jhennifer Karolay Varela de Lima Silva<\/td>\n<td width=\"122\">2.216,94<\/td>\n<\/tr>\n<tr>\n<td width=\"444\">Lu\u00eds Felipe da Silva Lima<\/td>\n<td width=\"122\">2.216,94<\/td>\n<\/tr>\n<tr>\n<td colspan=\"2\" width=\"566\"><\/td>\n<\/tr>\n<tr>\n<td width=\"444\"><strong>STATUS<\/strong><\/td>\n<td width=\"122\">EM EXECU\u00c7\u00c3O<\/td>\n<\/tr>\n<\/tbody>\n<\/table>\n<p>&nbsp;<\/p>\n<table>\n<tbody>\n<tr>\n<td colspan=\"2\" width=\"566\"><strong>CATEGORIA: <\/strong>Grupos Teatrais<\/p>\n<p><strong>VALOR CAPTADO: <\/strong>R$ 2.216,92<\/p>\n<p><strong>DATA DA CAPTA\u00c7\u00c3O: <\/strong>Exerc\u00edcios de 2023 e 2024<\/td>\n<\/tr>\n<tr>\n<td width=\"444\"><strong>BENEFICI\u00c1RIO<\/strong><\/td>\n<td width=\"122\"><strong>VALOR<\/strong><\/td>\n<\/tr>\n<tr>\n<td width=\"444\">Rubens Adriano Fernandes da Silva<\/td>\n<td width=\"122\">R$ 2.216,92<\/td>\n<\/tr>\n<tr>\n<td colspan=\"2\" width=\"566\"><\/td>\n<\/tr>\n<tr>\n<td width=\"444\"><strong>STATUS<\/strong><\/td>\n<td width=\"122\">EM EXECU\u00c7\u00c3O<\/td>\n<\/tr>\n<\/tbody>\n<\/table>\n<p><strong>PR\u00caMIO: <\/strong>JO\u00c3O BATISTA MARTINS DE FOMENTO \u00c0 CULTURA<\/p>\n<p><strong>VALOR: <\/strong>R$ 71.428,67<\/p>\n<p><strong>PROGRAMA: <\/strong>2205 \u2013 Apoio a produ\u00e7\u00f5es audiovisuais<\/p>\n<p><strong>ELEMENTO: <\/strong><\/p>\n<p>33.90.36 \u2013 Outros servi\u00e7os terceiros pessoa f\u00edsica<\/p>\n<p>33.90.39 \u2013 Outros servi\u00e7os terceiros pessoa jur\u00eddica<\/p>\n<p>&nbsp;<\/p>\n<table>\n<tbody>\n<tr>\n<td colspan=\"2\" width=\"566\"><strong>CATEGORIA: <\/strong>Produ\u00e7\u00e3o de Curta Metragem<\/p>\n<p><strong>VALOR CAPTADO: <\/strong>R$ 60.000,00<\/p>\n<p><strong>DATA DA CAPTA\u00c7\u00c3O: <\/strong>Exerc\u00edcios de 2023 e 2024<\/td>\n<\/tr>\n<tr>\n<td width=\"444\"><strong>BENEFICI\u00c1RIO<\/strong><\/td>\n<td width=\"122\"><strong>VALOR<\/strong><\/td>\n<\/tr>\n<tr>\n<td width=\"444\">Everton Luiz do Nascimento Fernandes<\/p>\n<p><strong>Uma vida para outras vidas: Vida e obra de seu Paulo do Foto<\/strong><\/td>\n<td width=\"122\">R$ 1.000,00<\/td>\n<\/tr>\n<tr>\n<td width=\"444\">Rubens Adriano Fernandes da Silva<\/p>\n<p><strong>Alzira, ra\u00edzes de coragem<\/strong><\/td>\n<td width=\"122\">R$ 10.000,00<\/td>\n<\/tr>\n<tr>\n<td width=\"444\">Maria Isabeli Silva Fernandes<\/p>\n<p><strong>Lajes, a terra dos 100 anos<\/strong><\/td>\n<td width=\"122\">R$ 10.000,00<\/td>\n<\/tr>\n<tr>\n<td width=\"444\">Jo\u00e3o Maria da Silva<\/p>\n<p><strong>Velhos carnavais\u00a0 <\/strong><\/td>\n<td width=\"122\">R$ 10.000,00<\/td>\n<\/tr>\n<tr>\n<td width=\"444\">Daniel Adeckson dos Santos Rocha<\/p>\n<p><strong>A hist\u00f3ria da ADESC\/ Lajes<\/strong><\/td>\n<td width=\"122\">R$ 10.000,00<\/td>\n<\/tr>\n<tr>\n<td width=\"444\">Natana Kisley Fernandes de Lima<\/p>\n<p><strong>Cultura Junina como acesso \u00e0 cidadania\u00a0 <\/strong><\/td>\n<td width=\"122\">R$ 10.000,00<\/td>\n<\/tr>\n<tr>\n<td colspan=\"2\" width=\"566\"><\/td>\n<\/tr>\n<tr>\n<td width=\"444\"><strong>STATUS<\/strong><\/td>\n<td width=\"122\">EM EXECU\u00c7\u00c3O<\/td>\n<\/tr>\n<\/tbody>\n<\/table>\n<p>&nbsp;<\/p>\n<table>\n<tbody>\n<tr>\n<td colspan=\"2\" width=\"566\"><strong>CATEGORIA: <\/strong>Produ\u00e7\u00e3o de Videoclipes<\/p>\n<p><strong>VALOR CAPTADO: <\/strong>R$ 4.071,99<\/p>\n<p><strong>DATA DA CAPTA\u00c7\u00c3O: <\/strong>Exerc\u00edcios de 2023 e 2024<\/td>\n<\/tr>\n<tr>\n<td width=\"444\"><strong>BENEFICI\u00c1RIO<\/strong><\/td>\n<td width=\"122\"><strong>VALOR<\/strong><\/td>\n<\/tr>\n<tr>\n<td width=\"444\">Jessyan Pereira Fernandes da Silva<\/p>\n<p><strong>Sert\u00e3o<\/strong><\/td>\n<td width=\"122\">R$ 1.357,33<\/td>\n<\/tr>\n<tr>\n<td width=\"444\">Felipe David Felisberto da Silva<\/p>\n<p><strong>Eu amo voc\u00ea<\/strong><\/td>\n<td width=\"122\">R$ 1.357,33<\/td>\n<\/tr>\n<tr>\n<td width=\"444\">Elicleide da Silva Bernardino<\/p>\n<p><strong>Serra do Feiticeiro<\/strong><\/td>\n<td width=\"122\">R$ 1.357,33<\/td>\n<\/tr>\n<tr>\n<td colspan=\"2\" width=\"566\"><\/td>\n<\/tr>\n<tr>\n<td width=\"444\"><strong>STATUS<\/strong><\/td>\n<td width=\"122\">EM EXECU\u00c7\u00c3O<\/td>\n<\/tr>\n<\/tbody>\n<\/table>\n<p>&nbsp;<\/p>\n<table>\n<tbody>\n<tr>\n<td colspan=\"2\" width=\"566\"><strong>CATEGORIA: <\/strong>Capacita\u00e7\u00e3o, forma\u00e7\u00e3o e qualifica\u00e7\u00e3o no audiovisual<\/p>\n<p><strong>VALOR CAPTADO: <\/strong>R$ 7.353,31<\/p>\n<p><strong>DATA DA CAPTA\u00c7\u00c3O: <\/strong>Exerc\u00edcios de 2023 e 2024<\/td>\n<\/tr>\n<tr>\n<td width=\"444\"><strong>BENEFICI\u00c1RIO<\/strong><\/td>\n<td width=\"122\"><strong>VALOR<\/strong><\/td>\n<\/tr>\n<tr>\n<td width=\"444\">Everton Luiz do Nascimento Fernandes &#8211; Oficinas<\/td>\n<td width=\"122\">R$ 7.353,31<\/td>\n<\/tr>\n<tr>\n<td colspan=\"2\" width=\"566\"><\/td>\n<\/tr>\n<tr>\n<td width=\"444\"><strong>STATUS<\/strong><\/td>\n<td width=\"122\">EM EXECU\u00c7\u00c3O<\/td>\n<\/tr>\n<\/tbody>\n<\/table>\n<p><strong>\u00a0<\/strong><\/p>\n<p>&nbsp;<\/p>\n","protected":false},"excerpt":{"rendered":"<p>|\u00a0XML\u2193\u00a0| \u00a0CSV\u2193\u00a0| PDF\u2193\u00a0\u00a0| IMPRIMIR\u2193\u00a0\u00a0| &nbsp; INCENTIVO CULTURAL: LEI PAULO GUSTAVO CLASSIFICA\u00c7\u00c3O DO RECURSO: FEDERAL EXERC\u00cdCIOS: 2023 \/ 2024 \u00a0 PR\u00caMIO: JO\u00c3O BATISTA MARTINS DE FOMENTO \u00c0 CULTURA VALOR: R$ 34.867,75 PROGRAMA: 2208 &#8211; Apoio \u00e0s demais \u00c1reas da Cultura, que n\u00e3o seja audiovisual ELEMENTO: 33.90.31 &#8211; Premia\u00e7\u00f5es Culturais, Art\u00edsticas, Cient\u00edficas, Desportivas e Outras &nbsp; CATEGORIA: [&hellip;]<\/p>\n","protected":false},"author":3,"featured_media":0,"parent":0,"menu_order":0,"comment_status":"closed","ping_status":"closed","template":"","meta":{"ocean_post_layout":"","ocean_both_sidebars_style":"","ocean_both_sidebars_content_width":0,"ocean_both_sidebars_sidebars_width":0,"ocean_sidebar":"0","ocean_second_sidebar":"0","ocean_disable_margins":"enable","ocean_add_body_class":"","ocean_shortcode_before_top_bar":"","ocean_shortcode_after_top_bar":"","ocean_shortcode_before_header":"","ocean_shortcode_after_header":"","ocean_has_shortcode":"","ocean_shortcode_after_title":"","ocean_shortcode_before_footer_widgets":"","ocean_shortcode_after_footer_widgets":"","ocean_shortcode_before_footer_bottom":"","ocean_shortcode_after_footer_bottom":"","ocean_display_top_bar":"default","ocean_display_header":"default","ocean_header_style":"","ocean_center_header_left_menu":"0","ocean_custom_header_template":"0","ocean_custom_logo":0,"ocean_custom_retina_logo":0,"ocean_custom_logo_max_width":0,"ocean_custom_logo_tablet_max_width":0,"ocean_custom_logo_mobile_max_width":0,"ocean_custom_logo_max_height":0,"ocean_custom_logo_tablet_max_height":0,"ocean_custom_logo_mobile_max_height":0,"ocean_header_custom_menu":"0","ocean_menu_typo_font_family":"0","ocean_menu_typo_font_subset":"","ocean_menu_typo_font_size":0,"ocean_menu_typo_font_size_tablet":0,"ocean_menu_typo_font_size_mobile":0,"ocean_menu_typo_font_size_unit":"px","ocean_menu_typo_font_weight":"","ocean_menu_typo_font_weight_tablet":"","ocean_menu_typo_font_weight_mobile":"","ocean_menu_typo_transform":"","ocean_menu_typo_transform_tablet":"","ocean_menu_typo_transform_mobile":"","ocean_menu_typo_line_height":0,"ocean_menu_typo_line_height_tablet":0,"ocean_menu_typo_line_height_mobile":0,"ocean_menu_typo_line_height_unit":"","ocean_menu_typo_spacing":0,"ocean_menu_typo_spacing_tablet":0,"ocean_menu_typo_spacing_mobile":0,"ocean_menu_typo_spacing_unit":"","ocean_menu_link_color":"","ocean_menu_link_color_hover":"","ocean_menu_link_color_active":"","ocean_menu_link_background":"","ocean_menu_link_hover_background":"","ocean_menu_link_active_background":"","ocean_menu_social_links_bg":"","ocean_menu_social_hover_links_bg":"","ocean_menu_social_links_color":"","ocean_menu_social_hover_links_color":"","ocean_disable_title":"default","ocean_disable_heading":"default","ocean_post_title":"","ocean_post_subheading":"","ocean_post_title_style":"","ocean_post_title_background_color":"","ocean_post_title_background":0,"ocean_post_title_bg_image_position":"","ocean_post_title_bg_image_attachment":"","ocean_post_title_bg_image_repeat":"","ocean_post_title_bg_image_size":"","ocean_post_title_height":0,"ocean_post_title_bg_overlay":0.5,"ocean_post_title_bg_overlay_color":"","ocean_disable_breadcrumbs":"default","ocean_breadcrumbs_color":"","ocean_breadcrumbs_separator_color":"","ocean_breadcrumbs_links_color":"","ocean_breadcrumbs_links_hover_color":"","ocean_display_footer_widgets":"default","ocean_display_footer_bottom":"default","ocean_custom_footer_template":"0","footnotes":""},"class_list":["post-33409","page","type-page","status-publish","hentry","entry"],"_links":{"self":[{"href":"https:\/\/lajes.rn.gov.br\/transparente\/index\/wp-json\/wp\/v2\/pages\/33409","targetHints":{"allow":["GET"]}}],"collection":[{"href":"https:\/\/lajes.rn.gov.br\/transparente\/index\/wp-json\/wp\/v2\/pages"}],"about":[{"href":"https:\/\/lajes.rn.gov.br\/transparente\/index\/wp-json\/wp\/v2\/types\/page"}],"author":[{"embeddable":true,"href":"https:\/\/lajes.rn.gov.br\/transparente\/index\/wp-json\/wp\/v2\/users\/3"}],"replies":[{"embeddable":true,"href":"https:\/\/lajes.rn.gov.br\/transparente\/index\/wp-json\/wp\/v2\/comments?post=33409"}],"version-history":[{"count":4,"href":"https:\/\/lajes.rn.gov.br\/transparente\/index\/wp-json\/wp\/v2\/pages\/33409\/revisions"}],"predecessor-version":[{"id":36635,"href":"https:\/\/lajes.rn.gov.br\/transparente\/index\/wp-json\/wp\/v2\/pages\/33409\/revisions\/36635"}],"wp:attachment":[{"href":"https:\/\/lajes.rn.gov.br\/transparente\/index\/wp-json\/wp\/v2\/media?parent=33409"}],"curies":[{"name":"wp","href":"https:\/\/api.w.org\/{rel}","templated":true}]}}