{"id":31398,"date":"2024-01-18T09:36:21","date_gmt":"2024-01-18T12:36:21","guid":{"rendered":"https:\/\/lajes.rn.gov.br\/transparente\/index\/?page_id=31398"},"modified":"2025-04-24T15:07:32","modified_gmt":"2025-04-24T18:07:32","slug":"portarias-2024","status":"publish","type":"page","link":"https:\/\/lajes.rn.gov.br\/transparente\/index\/portarias-2024\/","title":{"rendered":"Portarias 2024"},"content":{"rendered":"<div align=\"right\">|\u00a0<strong><a href=\"\/feed\" target=\"_blank\" rel=\"noopener\">XML\u2193<\/a><\/strong>\u00a0| <a href=\"https:\/\/lajes.rn.gov.br\/transparente\/index\/wp-content\/uploads\/2025\/04\/export.csv\" target=\"_blank\" rel=\"noopener\">\u00a0<strong>CSV\u2193<\/strong><\/a>\u00a0| <a href=\"?print=pdf\" target=\"_blank\" rel=\"noopener\"><strong>PDF<\/strong>\u2193<\/a>\u00a0\u00a0| <a href=\"?print=print\" target=\"_blank\" rel=\"noopener\"><strong>IMPRIMIR<\/strong>\u2193<\/a>\u00a0\u00a0|<\/div>\n<p>&nbsp;<\/p>\n<div class=\"pt-cv-wrapper\"><div class=\"pt-cv-view pt-cv-grid pt-cv-colsys\" id=\"pt-cv-view-676f271lz1\"><div data-id=\"pt-cv-page-1\" class=\"pt-cv-page\" data-cvc=\"1\"><div class=\"col-md-12 col-sm-12 col-xs-12 pt-cv-content-item pt-cv-1-col\" ><div class='pt-cv-ifield'><p class=\"pt-cv-title\"><a href=\"https:\/\/lajes.rn.gov.br\/transparente\/index\/portaria-no-346-2024-altera-o-quadro-de-detalhamento-das-despesas-qdd-da-unidade-orcamentaria-que-especifica-e-da-outras-providencias\/\" class=\"_self\" target=\"_self\" >PORTARIA N\u00ba 346\/2024 &#8211; Altera o \u201cQuadro de Detalhamento das Despesas &#8211; QDD\u201d da Unidade Or\u00e7ament\u00e1ria que especifica e d\u00e1 outras provid\u00eancias.<\/a><\/p><\/div><\/div>\n<div class=\"col-md-12 col-sm-12 col-xs-12 pt-cv-content-item pt-cv-1-col\" ><div class='pt-cv-ifield'><p class=\"pt-cv-title\"><a href=\"https:\/\/lajes.rn.gov.br\/transparente\/index\/portaria-no-347-2024-dispoe-sobre-exoneracao-coletiva-dos-secretarios-municipais-servidores-ocupantes-de-cargos-em-comissao-e-dos-servidores-que-exercam-funcoes-de-confianca-e-da-outras-pr\/\" class=\"_self\" target=\"_self\" >PORTARIA N\u00ba 347\/2024 &#8211; \u201cDisp\u00f5e sobre exonera\u00e7\u00e3o coletiva dos secret\u00e1rios municipais, servidores ocupantes de cargos em comiss\u00e3o e dos servidores que exer\u00e7am fun\u00e7\u00f5es de confian\u00e7a e d\u00e1 outras provid\u00eancias.\u201d<\/a><\/p><\/div><\/div>\n<div class=\"col-md-12 col-sm-12 col-xs-12 pt-cv-content-item pt-cv-1-col\" ><div class='pt-cv-ifield'><p class=\"pt-cv-title\"><a href=\"https:\/\/lajes.rn.gov.br\/transparente\/index\/portaria-no-346-2024-dispoe-sobre-a-exoneracao-da-servidora-francisca-cristiane-cavalcanti-da-silva-e-da-outras-providencias\/\" class=\"_self\" target=\"_self\" >PORTARIA N\u00ba 346\/2024 &#8211; Disp\u00f5e sobre a exonera\u00e7\u00e3o da servidora FRANCISCA CRISTIANE CAVALCANTI DA SILVA, e d\u00e1 outras provid\u00eancias.<\/a><\/p><\/div><\/div>\n<div class=\"col-md-12 col-sm-12 col-xs-12 pt-cv-content-item pt-cv-1-col\" ><div class='pt-cv-ifield'><p class=\"pt-cv-title\"><a href=\"https:\/\/lajes.rn.gov.br\/transparente\/index\/portaria-no-345-2024-altera-o-quadro-de-detalhamento-das-despesas-qdd-da-unidade-orcamentaria-que-especifica-e-da-outras-providencias\/\" class=\"_self\" target=\"_self\" >PORTARIA N\u00ba 345\/2024 &#8211; \u201cAltera o Quadro de Detalhamento das Despesas &#8211; QDD da Unidade Or\u00e7ament\u00e1ria que especifica e d\u00e1 outras provid\u00eancias\u201d.<\/a><\/p><\/div><\/div>\n<div class=\"col-md-12 col-sm-12 col-xs-12 pt-cv-content-item pt-cv-1-col\" ><div class='pt-cv-ifield'><p class=\"pt-cv-title\"><a href=\"https:\/\/lajes.rn.gov.br\/transparente\/index\/portaria-no-344-2024-institui-a-comissao-de-analise-do-merito-cultural-do-edital-de-chamamento-publico-n-003-2024-credenciamento-de-monitoria-em-forma-de-oficinas-sequenciai\/\" class=\"_self\" target=\"_self\" >PORTARIA N\u00ba 344\/2024 &#8211; \u201cInstitui a Comiss\u00e3o de An\u00e1lise do M\u00e9rito Cultural do Edital de Chamamento P\u00fablico n\u00b0 003.2024 \u2013 Credenciamento de Monitoria em forma de oficinas sequenciais de teatro e dan\u00e7a popular atrav\u00e9s do fomento \u00e0 cultura \u2013 Lei Aldir Blanc \u2013 Lajes\/RN.\u201d<\/a><\/p><\/div><\/div>\n<div class=\"col-md-12 col-sm-12 col-xs-12 pt-cv-content-item pt-cv-1-col\" ><div class='pt-cv-ifield'><p class=\"pt-cv-title\"><a href=\"https:\/\/lajes.rn.gov.br\/transparente\/index\/portaria-no-343-2024-conceder-licenca-de-interesse-particular-a-servidora-que-especifica-e-da-outras-providencias-2\/\" class=\"_self\" target=\"_self\" >PORTARIA N\u00ba 343\/2024 &#8211; Conceder licen\u00e7a de interesse particular \u00e0 servidora que especifica, e d\u00e1 outras provid\u00eancias.<\/a><\/p><\/div><\/div>\n<div class=\"col-md-12 col-sm-12 col-xs-12 pt-cv-content-item pt-cv-1-col\" ><div class='pt-cv-ifield'><p class=\"pt-cv-title\"><a href=\"https:\/\/lajes.rn.gov.br\/transparente\/index\/portaria-no-342-2024-conceder-vacancia-a-servidora-que-especifica-e-da-outras-providencias\/\" class=\"_self\" target=\"_self\" >PORTARIA N\u00ba 342\/2024 &#8211; Conceder vac\u00e2ncia \u00e0 servidora que especifica, e d\u00e1 outras provid\u00eancias.<\/a><\/p><\/div><\/div>\n<div class=\"col-md-12 col-sm-12 col-xs-12 pt-cv-content-item pt-cv-1-col\" ><div class='pt-cv-ifield'><p class=\"pt-cv-title\"><a href=\"https:\/\/lajes.rn.gov.br\/transparente\/index\/portaria-no-343-2024-conceder-licenca-de-interesse-particular-a-servidora-que-especifica-e-da-outras-providencias\/\" class=\"_self\" target=\"_self\" >PORTARIA N\u00ba 343\/2024 &#8211; Conceder licen\u00e7a de interesse particular \u00e0 servidora que especifica, e d\u00e1 outras provid\u00eancias.<\/a><\/p><\/div><\/div>\n<div class=\"col-md-12 col-sm-12 col-xs-12 pt-cv-content-item pt-cv-1-col\" ><div class='pt-cv-ifield'><p class=\"pt-cv-title\"><a href=\"https:\/\/lajes.rn.gov.br\/transparente\/index\/portaria-no-343-2024-republicado-por-incorrecao\/\" class=\"_self\" target=\"_self\" >PORTARIA N\u00ba 343\/2024 &#8211; *REPUBLICADO POR INCORRE\u00c7\u00c3O<\/a><\/p><\/div><\/div>\n<div class=\"col-md-12 col-sm-12 col-xs-12 pt-cv-content-item pt-cv-1-col\" ><div class='pt-cv-ifield'><p class=\"pt-cv-title\"><a href=\"https:\/\/lajes.rn.gov.br\/transparente\/index\/portaria-no-340-2024-designa-servidores-publicos-do-municipio-e-da-outras-providencias\/\" class=\"_self\" target=\"_self\" >PORTARIA N\u00ba 340\/2024 &#8211; \u201cDesigna servidores p\u00fablicos do munic\u00edpio, e d\u00e1 outras provid\u00eancias.\u201d<\/a><\/p><\/div><\/div>\n<div class=\"col-md-12 col-sm-12 col-xs-12 pt-cv-content-item pt-cv-1-col\" ><div class='pt-cv-ifield'><p class=\"pt-cv-title\"><a href=\"https:\/\/lajes.rn.gov.br\/transparente\/index\/portaria-no-341-2024-dispoe-sobre-a-cessao-de-servidor-municipal-e-da-outras-providencias\/\" class=\"_self\" target=\"_self\" >PORTARIA N\u00ba 341\/2024 &#8211; \u201cDisp\u00f5e sobre a cess\u00e3o de servidor municipal e d\u00e1 outras providencias.\u201d<\/a><\/p><\/div><\/div>\n<div class=\"col-md-12 col-sm-12 col-xs-12 pt-cv-content-item pt-cv-1-col\" ><div class='pt-cv-ifield'><p class=\"pt-cv-title\"><a href=\"https:\/\/lajes.rn.gov.br\/transparente\/index\/portaria-no-338-2024-dispoe-sobre-a-designacao-do-servidor-carlos-alexandre-martins-e-da-outras-providencias\/\" class=\"_self\" target=\"_self\" >PORTARIA N\u00ba 338\/2024 &#8211; Disp\u00f5e sobre a designa\u00e7\u00e3o do servidor Carlos Alexandre Martins, e d\u00e1 outras provid\u00eancias.<\/a><\/p><\/div><\/div>\n<div class=\"col-md-12 col-sm-12 col-xs-12 pt-cv-content-item pt-cv-1-col\" ><div class='pt-cv-ifield'><p class=\"pt-cv-title\"><a href=\"https:\/\/lajes.rn.gov.br\/transparente\/index\/portaria-no-339-2024-dispoe-sobre-a-designacao-do-servidor-elmo-andrade-da-silva-e-da-outras-providencias\/\" class=\"_self\" target=\"_self\" >PORTARIA N\u00ba 339\/2024 &#8211; Disp\u00f5e sobre a designa\u00e7\u00e3o do servidor Elmo Andrade da Silva, e d\u00e1 outras provid\u00eancias.<\/a><\/p><\/div><\/div>\n<div class=\"col-md-12 col-sm-12 col-xs-12 pt-cv-content-item pt-cv-1-col\" ><div class='pt-cv-ifield'><p class=\"pt-cv-title\"><a href=\"https:\/\/lajes.rn.gov.br\/transparente\/index\/portaria-no-337-2024-altera-o-quadro-de-detalhamento-das-despesas-qdd-da-unidade-orcamentaria-que-especifica-e-da-outras-providencias\/\" class=\"_self\" target=\"_self\" >PORTARIA N\u00ba 337\/2024 &#8211; \u201cAltera o Quadro de Detalhamento das Despesas &#8211; QDD da Unidade Or\u00e7ament\u00e1ria que especifica e d\u00e1 outras provid\u00eancias\u201d.<\/a><\/p><\/div><\/div>\n<div class=\"col-md-12 col-sm-12 col-xs-12 pt-cv-content-item pt-cv-1-col\" ><div class='pt-cv-ifield'><p class=\"pt-cv-title\"><a href=\"https:\/\/lajes.rn.gov.br\/transparente\/index\/portaria-no-336-2024-dispoe-sobre-a-nomeacao-do-servidor-francisco-fagner-abreu-de-oliveira-e-da-outras-providencias\/\" class=\"_self\" target=\"_self\" >PORTARIA N\u00ba 336\/2024 &#8211; Disp\u00f5e sobre a nomea\u00e7\u00e3o do servidor Francisco Fagner Abreu de Oliveira, e d\u00e1 outras provid\u00eancias.<\/a><\/p><\/div><\/div>\n<div class=\"col-md-12 col-sm-12 col-xs-12 pt-cv-content-item pt-cv-1-col\" ><div class='pt-cv-ifield'><p class=\"pt-cv-title\"><a href=\"https:\/\/lajes.rn.gov.br\/transparente\/index\/portaria-no-335-2024-dispoe-sobre-a-nomeacao-do-servidor-everton-rafael-fernandes-soares-e-da-outras-providencias\/\" class=\"_self\" target=\"_self\" >PORTARIA N\u00ba 335\/2024 &#8211; Disp\u00f5e sobre a nomea\u00e7\u00e3o do servidor Everton Rafael Fernandes Soares, e d\u00e1 outras provid\u00eancias.<\/a><\/p><\/div><\/div>\n<div class=\"col-md-12 col-sm-12 col-xs-12 pt-cv-content-item pt-cv-1-col\" ><div class='pt-cv-ifield'><p class=\"pt-cv-title\"><a href=\"https:\/\/lajes.rn.gov.br\/transparente\/index\/portaria-no-334-2024-dispoe-sobre-a-nomeacao-do-servidor-iury-lisboa-bezerra-e-da-outras-providencias\/\" class=\"_self\" target=\"_self\" >PORTARIA N\u00ba 334\/2024 &#8211; Disp\u00f5e sobre a nomea\u00e7\u00e3o do servidor Iury Lisboa Bezerra, e d\u00e1 outras provid\u00eancias.<\/a><\/p><\/div><\/div>\n<div class=\"col-md-12 col-sm-12 col-xs-12 pt-cv-content-item pt-cv-1-col\" ><div class='pt-cv-ifield'><p class=\"pt-cv-title\"><a href=\"https:\/\/lajes.rn.gov.br\/transparente\/index\/portaria-no-333-2024-republicado-por-incorrecao\/\" class=\"_self\" target=\"_self\" >PORTARIA N\u00ba 333\/2024 &#8211; *REPUBLICADO POR INCORRE\u00c7\u00c3O<\/a><\/p><\/div><\/div>\n<div class=\"col-md-12 col-sm-12 col-xs-12 pt-cv-content-item pt-cv-1-col\" ><div class='pt-cv-ifield'><p class=\"pt-cv-title\"><a href=\"https:\/\/lajes.rn.gov.br\/transparente\/index\/portaria-no-333-2024-dispoe-sobre-o-uso-dos-saldos-remanescentes-das-acoes-da-lei-de-fomento-a-cultura-no-municipio-de-lajes-rn-provenientes-da-lei-complementar-195-2022-para-execucao-dire\/\" class=\"_self\" target=\"_self\" >PORTARIA N\u00ba 333\/2024 &#8211; \u201cDisp\u00f5e sobre o uso dos saldos remanescentes das a\u00e7\u00f5es da lei de fomento \u00e0 Cultura no munic\u00edpio de Lajes RN, provenientes da Lei Complementar 195\/2022 para execu\u00e7\u00e3o direta pelo poder p\u00fablico em atendimento \u00e0s orienta\u00e7\u00f5es previstas na pr\u00f3pria lei em vigor, e d\u00e1 outras provid\u00eancias\u201d.<\/a><\/p><\/div><\/div>\n<div class=\"col-md-12 col-sm-12 col-xs-12 pt-cv-content-item pt-cv-1-col\" ><div class='pt-cv-ifield'><p class=\"pt-cv-title\"><a href=\"https:\/\/lajes.rn.gov.br\/transparente\/index\/portaria-no-332-2024-altera-o-quadro-de-detalhamento-das-despesas-qdd-da-unidade-orcamentaria-que-especifica-e-da-outras-providencias\/\" class=\"_self\" target=\"_self\" >PORTARIA N\u00ba 332\/2024 &#8211; \u201cAltera o Quadro de Detalhamento das Despesas &#8211; QDD da Unidade Or\u00e7ament\u00e1ria que especifica e d\u00e1 outras provid\u00eancias\u201d.<\/a><\/p><\/div><\/div>\n<div class=\"col-md-12 col-sm-12 col-xs-12 pt-cv-content-item pt-cv-1-col\" ><div class='pt-cv-ifield'><p class=\"pt-cv-title\"><a href=\"https:\/\/lajes.rn.gov.br\/transparente\/index\/portaria-de-aposentadoria-005-2024-dispoe-sobre-a-concessao-do-beneficio-de-aposentadoria-voluntaria-art-20o-da-ec-no-103-2019pedagio-com-proventos-integrais-em-favor-da-servidora-aldeisa-le\/\" class=\"_self\" target=\"_self\" >PORTARIA DE APOSENTADORIA 005\/2024 &#8211; Disp\u00f5e sobre a concess\u00e3o do benef\u00edcio de Aposentadoria Volunt\u00e1ria Art. 20\u00ba da EC n\u00ba 103\/2019(P\u00e9dagio com proventos Integrais).em favor da servidora\u00a0ALDEISA LEOCADIO SILVA DE SALES.<\/a><\/p><\/div><\/div>\n<div class=\"col-md-12 col-sm-12 col-xs-12 pt-cv-content-item pt-cv-1-col\" ><div class='pt-cv-ifield'><p class=\"pt-cv-title\"><a href=\"https:\/\/lajes.rn.gov.br\/transparente\/index\/portaria-no-331-2024-dispoe-sobre-a-exoneracao-da-servidora-bruna-thatiane-lima-dos-santos-e-da-outras-providencias\/\" class=\"_self\" target=\"_self\" >PORTARIA N\u00ba 331\/2024 &#8211; Disp\u00f5e sobre a exonera\u00e7\u00e3o da servidora Bruna Thatiane Lima dos Santos, e d\u00e1 outras provid\u00eancias.<\/a><\/p><\/div><\/div>\n<div class=\"col-md-12 col-sm-12 col-xs-12 pt-cv-content-item pt-cv-1-col\" ><div class='pt-cv-ifield'><p class=\"pt-cv-title\"><a href=\"https:\/\/lajes.rn.gov.br\/transparente\/index\/portaria-no-330-2024-conceder-vacancia-a-servidora-que-especifica-e-da-outras-providencias\/\" class=\"_self\" target=\"_self\" >PORTARIA N\u00ba 330\/2024 &#8211; Conceder vac\u00e2ncia \u00e0 servidora que especifica, e d\u00e1 outras provid\u00eancias.<\/a><\/p><\/div><\/div>\n<div class=\"col-md-12 col-sm-12 col-xs-12 pt-cv-content-item pt-cv-1-col\" ><div class='pt-cv-ifield'><p class=\"pt-cv-title\"><a href=\"https:\/\/lajes.rn.gov.br\/transparente\/index\/portaria-no-328-2024-dispoe-sobre-a-concessao-de-diaria-a-servidora-que-especifica-e-da-outras-providencias\/\" class=\"_self\" target=\"_self\" >PORTARIA N\u00ba 328\/2024 &#8211; \u201cDisp\u00f5e sobre a concess\u00e3o de di\u00e1ria \u00e0 servidora que especifica e d\u00e1 outras provid\u00eancias.\u201d<\/a><\/p><\/div><\/div>\n<div class=\"col-md-12 col-sm-12 col-xs-12 pt-cv-content-item pt-cv-1-col\" ><div class='pt-cv-ifield'><p class=\"pt-cv-title\"><a href=\"https:\/\/lajes.rn.gov.br\/transparente\/index\/portaria-no-329-2024-dispoe-sobre-a-concessao-de-diaria-a-servidora-que-especifica-e-da-outras-providencias\/\" class=\"_self\" target=\"_self\" >PORTARIA N\u00ba 329\/2024 &#8211; \u201cDisp\u00f5e sobre a concess\u00e3o de di\u00e1ria \u00e0 servidora que especifica e d\u00e1 outras provid\u00eancias.\u201d<\/a><\/p><\/div><\/div><\/div><\/div>\n<div class=\" pt-cv-pagination-wrapper\"><ul class=\"pt-cv-pagination pt-cv-ajax pagination\" data-totalpages=\"16\" data-currentpage=\"1\" data-sid=\"676f271lz1\" data-unid=\"\" data-isblock=\"\" data-postid=\"\"><li class=\"active\"><a href=\"#\">1<\/a><\/li>\n\t<li ><a class=\"\" href=\"https:\/\/lajes.rn.gov.br\/transparente\/index\/wp-json\/wp\/v2\/pages\/31398\/?_page=2\">2<\/a><\/li>\n\t<li ><a class=\"\" href=\"https:\/\/lajes.rn.gov.br\/transparente\/index\/wp-json\/wp\/v2\/pages\/31398\/?_page=3\">3<\/a><\/li>\n\t<li ><a href=\"#\">&hellip;<\/a><\/li>\n\t<li ><a class=\"\" href=\"https:\/\/lajes.rn.gov.br\/transparente\/index\/wp-json\/wp\/v2\/pages\/31398\/?_page=16\">16<\/a><\/li>\n\t<li ><a class=\" \" href=\"https:\/\/lajes.rn.gov.br\/transparente\/index\/wp-json\/wp\/v2\/pages\/31398\/?_page=2\">&rsaquo;<\/a><\/li>\n\t<\/ul><img decoding=\"async\" width=\"15\" height=\"15\" class=\"pt-cv-spinner\" alt=\"Carregando...;\" src=\"data:image\/gif;base64,R0lGODlhDwAPALMPAMrKygwMDJOTkz09PZWVla+vr3p6euTk5M7OzuXl5TMzMwAAAJmZmWZmZszMzP\/\/\/yH\/C05FVFNDQVBFMi4wAwEAAAAh+QQFCgAPACwAAAAADwAPAAAEQvDJaZaZOIcV8iQK8VRX4iTYoAwZ4iCYoAjZ4RxejhVNoT+mRGP4cyF4Pp0N98sBGIBMEMOotl6YZ3S61Bmbkm4mAgAh+QQFCgAPACwAAAAADQANAAAENPDJSRSZeA418itN8QiK8BiLITVsFiyBBIoYqnoewAD4xPw9iY4XLGYSjkQR4UAUD45DLwIAIfkEBQoADwAsAAAAAA8ACQAABC\/wyVlamTi3nSdgwFNdhEJgTJoNyoB9ISYoQmdjiZPcj7EYCAeCF1gEDo4Dz2eIAAAh+QQFCgAPACwCAAAADQANAAAEM\/DJBxiYeLKdX3IJZT1FU0iIg2RNKx3OkZVnZ98ToRD4MyiDnkAh6BkNC0MvsAj0kMpHBAAh+QQFCgAPACwGAAAACQAPAAAEMDC59KpFDll73HkAA2wVY5KgiK5b0RRoI6MuzG6EQqCDMlSGheEhUAgqgUUAFRySIgAh+QQFCgAPACwCAAIADQANAAAEM\/DJKZNLND\/kkKaHc3xk+QAMYDKsiaqmZCxGVjSFFCxB1vwy2oOgIDxuucxAMTAJFAJNBAAh+QQFCgAPACwAAAYADwAJAAAEMNAs86q1yaWwwv2Ig0jUZx3OYa4XoRAfwADXoAwfo1+CIjyFRuEho60aSNYlOPxEAAAh+QQFCgAPACwAAAIADQANAAAENPA9s4y8+IUVcqaWJ4qEQozSoAzoIyhCK2NFU2SJk0hNnyEOhKR2AzAAj4Pj4GE4W0bkJQIAOw==\" \/><div class=\"clear pt-cv-clear-pagination\"><\/div><\/div><\/div>\n<p>&nbsp;<\/p>\n<p>&nbsp;<\/p>\n<p>&nbsp;<\/p>\n<p>&nbsp;<\/p>\n<p>&nbsp;<\/p>\n<p>&nbsp;<\/p>\n<p>&nbsp;<\/p>\n<p>&nbsp;<\/p>\n<p>&nbsp;<\/p>\n<p>&nbsp;<\/p>\n<p>&nbsp;<\/p>\n<p>&nbsp;<\/p>\n<p>&nbsp;<\/p>\n<p>&nbsp;<\/p>\n<p>&nbsp;<\/p>\n<p>&nbsp;<\/p>\n<p>&nbsp;<\/p>\n<p>&nbsp;<\/p>\n<p>&nbsp;<\/p>\n<p>&nbsp;<\/p>\n<p>&nbsp;<\/p>\n<p>&nbsp;<\/p>\n<p>&nbsp;<\/p>\n","protected":false},"excerpt":{"rendered":"<p>|\u00a0XML\u2193\u00a0| \u00a0CSV\u2193\u00a0| PDF\u2193\u00a0\u00a0| IMPRIMIR\u2193\u00a0\u00a0| &nbsp; &nbsp; &nbsp; &nbsp; &nbsp; &nbsp; &nbsp; &nbsp; &nbsp; &nbsp; &nbsp; &nbsp; &nbsp; &nbsp; &nbsp; &nbsp; &nbsp; &nbsp; &nbsp; &nbsp; &nbsp; &nbsp; &nbsp; &nbsp;<\/p>\n","protected":false},"author":3,"featured_media":0,"parent":0,"menu_order":0,"comment_status":"closed","ping_status":"closed","template":"","meta":{"ocean_post_layout":"","ocean_both_sidebars_style":"","ocean_both_sidebars_content_width":0,"ocean_both_sidebars_sidebars_width":0,"ocean_sidebar":"0","ocean_second_sidebar":"0","ocean_disable_margins":"enable","ocean_add_body_class":"","ocean_shortcode_before_top_bar":"","ocean_shortcode_after_top_bar":"","ocean_shortcode_before_header":"","ocean_shortcode_after_header":"","ocean_has_shortcode":"","ocean_shortcode_after_title":"","ocean_shortcode_before_footer_widgets":"","ocean_shortcode_after_footer_widgets":"","ocean_shortcode_before_footer_bottom":"","ocean_shortcode_after_footer_bottom":"","ocean_display_top_bar":"default","ocean_display_header":"default","ocean_header_style":"","ocean_center_header_left_menu":"0","ocean_custom_header_template":"0","ocean_custom_logo":0,"ocean_custom_retina_logo":0,"ocean_custom_logo_max_width":0,"ocean_custom_logo_tablet_max_width":0,"ocean_custom_logo_mobile_max_width":0,"ocean_custom_logo_max_height":0,"ocean_custom_logo_tablet_max_height":0,"ocean_custom_logo_mobile_max_height":0,"ocean_header_custom_menu":"0","ocean_menu_typo_font_family":"0","ocean_menu_typo_font_subset":"","ocean_menu_typo_font_size":0,"ocean_menu_typo_font_size_tablet":0,"ocean_menu_typo_font_size_mobile":0,"ocean_menu_typo_font_size_unit":"px","ocean_menu_typo_font_weight":"","ocean_menu_typo_font_weight_tablet":"","ocean_menu_typo_font_weight_mobile":"","ocean_menu_typo_transform":"","ocean_menu_typo_transform_tablet":"","ocean_menu_typo_transform_mobile":"","ocean_menu_typo_line_height":0,"ocean_menu_typo_line_height_tablet":0,"ocean_menu_typo_line_height_mobile":0,"ocean_menu_typo_line_height_unit":"","ocean_menu_typo_spacing":0,"ocean_menu_typo_spacing_tablet":0,"ocean_menu_typo_spacing_mobile":0,"ocean_menu_typo_spacing_unit":"","ocean_menu_link_color":"","ocean_menu_link_color_hover":"","ocean_menu_link_color_active":"","ocean_menu_link_background":"","ocean_menu_link_hover_background":"","ocean_menu_link_active_background":"","ocean_menu_social_links_bg":"","ocean_menu_social_hover_links_bg":"","ocean_menu_social_links_color":"","ocean_menu_social_hover_links_color":"","ocean_disable_title":"default","ocean_disable_heading":"default","ocean_post_title":"","ocean_post_subheading":"","ocean_post_title_style":"","ocean_post_title_background_color":"","ocean_post_title_background":0,"ocean_post_title_bg_image_position":"","ocean_post_title_bg_image_attachment":"","ocean_post_title_bg_image_repeat":"","ocean_post_title_bg_image_size":"","ocean_post_title_height":0,"ocean_post_title_bg_overlay":0.5,"ocean_post_title_bg_overlay_color":"","ocean_disable_breadcrumbs":"default","ocean_breadcrumbs_color":"","ocean_breadcrumbs_separator_color":"","ocean_breadcrumbs_links_color":"","ocean_breadcrumbs_links_hover_color":"","ocean_display_footer_widgets":"default","ocean_display_footer_bottom":"default","ocean_custom_footer_template":"0","footnotes":""},"class_list":["post-31398","page","type-page","status-publish","hentry","entry"],"_links":{"self":[{"href":"https:\/\/lajes.rn.gov.br\/transparente\/index\/wp-json\/wp\/v2\/pages\/31398","targetHints":{"allow":["GET"]}}],"collection":[{"href":"https:\/\/lajes.rn.gov.br\/transparente\/index\/wp-json\/wp\/v2\/pages"}],"about":[{"href":"https:\/\/lajes.rn.gov.br\/transparente\/index\/wp-json\/wp\/v2\/types\/page"}],"author":[{"embeddable":true,"href":"https:\/\/lajes.rn.gov.br\/transparente\/index\/wp-json\/wp\/v2\/users\/3"}],"replies":[{"embeddable":true,"href":"https:\/\/lajes.rn.gov.br\/transparente\/index\/wp-json\/wp\/v2\/comments?post=31398"}],"version-history":[{"count":4,"href":"https:\/\/lajes.rn.gov.br\/transparente\/index\/wp-json\/wp\/v2\/pages\/31398\/revisions"}],"predecessor-version":[{"id":36668,"href":"https:\/\/lajes.rn.gov.br\/transparente\/index\/wp-json\/wp\/v2\/pages\/31398\/revisions\/36668"}],"wp:attachment":[{"href":"https:\/\/lajes.rn.gov.br\/transparente\/index\/wp-json\/wp\/v2\/media?parent=31398"}],"curies":[{"name":"wp","href":"https:\/\/api.w.org\/{rel}","templated":true}]}}