{"id":295,"date":"2023-01-19T15:34:01","date_gmt":"2023-01-19T18:34:01","guid":{"rendered":"https:\/\/lajes.ticetb.com.br\/transparente\/index\/?page_id=295"},"modified":"2025-04-25T09:56:44","modified_gmt":"2025-04-25T12:56:44","slug":"licitacao","status":"publish","type":"page","link":"https:\/\/lajes.rn.gov.br\/transparente\/index\/licitacao\/","title":{"rendered":"Licita\u00e7\u00e3o"},"content":{"rendered":"<div align=\"right\">|\u00a0<strong><a href=\"\/feed\" target=\"_blank\" rel=\"noopener\">XML\u2193<\/a><\/strong>\u00a0| <a href=\"https:\/\/lajes.rn.gov.br\/transparente\/index\/wp-content\/uploads\/2025\/04\/export.csv\" target=\"_blank\" rel=\"noopener\">\u00a0<strong>CSV\u2193<\/strong><\/a>\u00a0| <a href=\"?print=pdf\" target=\"_blank\" rel=\"noopener\"><strong>PDF<\/strong>\u2193<\/a>\u00a0\u00a0| <a href=\"?print=print\" target=\"_blank\" rel=\"noopener\"><strong>IMPRIMIR<\/strong>\u2193<\/a>\u00a0\u00a0|<\/div>\n<p>&nbsp;<\/p>\n<div class=\"pt-cv-wrapper\"><div class=\"pt-cv-view pt-cv-grid pt-cv-colsys\" id=\"pt-cv-view-d9dd339x5l\"><div data-id=\"pt-cv-page-1\" class=\"pt-cv-page\" data-cvc=\"1\"><div class=\"col-md-12 col-sm-12 col-xs-12 pt-cv-content-item pt-cv-1-col\" ><div class='pt-cv-ifield'><p class=\"pt-cv-title\"><a href=\"https:\/\/lajes.rn.gov.br\/transparente\/index\/aviso-de-dispensa-de-licitacao-n-12-2026\/\" class=\"_self\" target=\"_self\" >AVISO DE DISPENSA DE LICITA\u00c7\u00c3O N\u00b0 12\/2026<\/a><\/p><\/div><\/div>\n<div class=\"col-md-12 col-sm-12 col-xs-12 pt-cv-content-item pt-cv-1-col\" ><div class='pt-cv-ifield'><p class=\"pt-cv-title\"><a href=\"https:\/\/lajes.rn.gov.br\/transparente\/index\/aviso-de-licitacao-concorrencia-eletronica-no-3-2026\/\" class=\"_self\" target=\"_self\" >AVISO DE LICITA\u00c7\u00c3O &#8211; CONCORR\u00caNCIA ELETR\u00d4NICA N\u00ba 3\/2026<\/a><\/p><\/div><\/div>\n<div class=\"col-md-12 col-sm-12 col-xs-12 pt-cv-content-item pt-cv-1-col\" ><div class='pt-cv-ifield'><p class=\"pt-cv-title\"><a href=\"https:\/\/lajes.rn.gov.br\/transparente\/index\/aviso-de-dispensa-de-licitacao-n-08-2026-republicacao\/\" class=\"_self\" target=\"_self\" >AVISO DE DISPENSA DE LICITA\u00c7\u00c3O N\u00b0 08\/2026 &#8211; REPUBLICA\u00c7\u00c3O<\/a><\/p><\/div><\/div>\n<div class=\"col-md-12 col-sm-12 col-xs-12 pt-cv-content-item pt-cv-1-col\" ><div class='pt-cv-ifield'><p class=\"pt-cv-title\"><a href=\"https:\/\/lajes.rn.gov.br\/transparente\/index\/aviso-de-licitacao-pregao-eletronico-no-4-2026\/\" class=\"_self\" target=\"_self\" >AVISO DE LICITA\u00c7\u00c3O &#8211;  PREG\u00c3O ELETR\u00d4NICO N\u00ba 4\/2026<\/a><\/p><\/div><\/div>\n<div class=\"col-md-12 col-sm-12 col-xs-12 pt-cv-content-item pt-cv-1-col\" ><div class='pt-cv-ifield'><p class=\"pt-cv-title\"><a href=\"https:\/\/lajes.rn.gov.br\/transparente\/index\/aviso-de-licitacao-concorrencia-eletronica-no-2-2026\/\" class=\"_self\" target=\"_self\" >AVISO DE LICITA\u00c7\u00c3O &#8211; CONCORR\u00caNCIA ELETR\u00d4NICA N\u00ba 2\/2026<\/a><\/p><\/div><\/div>\n<div class=\"col-md-12 col-sm-12 col-xs-12 pt-cv-content-item pt-cv-1-col\" ><div class='pt-cv-ifield'><p class=\"pt-cv-title\"><a href=\"https:\/\/lajes.rn.gov.br\/transparente\/index\/aviso-de-licitacao-concorrencia-eletronica-no-1-2026\/\" class=\"_self\" target=\"_self\" >AVISO DE LICITA\u00c7\u00c3O &#8211; CONCORR\u00caNCIA ELETR\u00d4NICA N\u00ba 1\/2026<\/a><\/p><\/div><\/div>\n<div class=\"col-md-12 col-sm-12 col-xs-12 pt-cv-content-item pt-cv-1-col\" ><div class='pt-cv-ifield'><p class=\"pt-cv-title\"><a href=\"https:\/\/lajes.rn.gov.br\/transparente\/index\/aviso-de-dispensa-de-licitacao-n-11-2026\/\" class=\"_self\" target=\"_self\" >AVISO DE DISPENSA DE LICITA\u00c7\u00c3O N\u00b0 11\/2026<\/a><\/p><\/div><\/div>\n<div class=\"col-md-12 col-sm-12 col-xs-12 pt-cv-content-item pt-cv-1-col\" ><div class='pt-cv-ifield'><p class=\"pt-cv-title\"><a href=\"https:\/\/lajes.rn.gov.br\/transparente\/index\/aviso-de-dispensa-de-licitacao-n-08-2026\/\" class=\"_self\" target=\"_self\" >AVISO DE DISPENSA DE LICITA\u00c7\u00c3O N\u00b0 08\/2026<\/a><\/p><\/div><\/div>\n<div class=\"col-md-12 col-sm-12 col-xs-12 pt-cv-content-item pt-cv-1-col\" ><div class='pt-cv-ifield'><p class=\"pt-cv-title\"><a href=\"https:\/\/lajes.rn.gov.br\/transparente\/index\/aviso-de-diligencia-chamamento-publico-n-1-2026\/\" class=\"_self\" target=\"_self\" >AVISO DE DILIG\u00caNCIA &#8211; CHAMAMENTO P\u00daBLICO N\u00b0 1\/2026<\/a><\/p><\/div><\/div>\n<div class=\"col-md-12 col-sm-12 col-xs-12 pt-cv-content-item pt-cv-1-col\" ><div class='pt-cv-ifield'><p class=\"pt-cv-title\"><a href=\"https:\/\/lajes.rn.gov.br\/transparente\/index\/aviso-de-dispensa-de-licitacao-n-9-2026\/\" class=\"_self\" target=\"_self\" >AVISO DE DISPENSA DE LICITA\u00c7\u00c3O N\u00b0 9\/2026<\/a><\/p><\/div><\/div>\n<div class=\"col-md-12 col-sm-12 col-xs-12 pt-cv-content-item pt-cv-1-col\" ><div class='pt-cv-ifield'><p class=\"pt-cv-title\"><a href=\"https:\/\/lajes.rn.gov.br\/transparente\/index\/aviso-de-dispensa-de-licitacao-n-07-2026\/\" class=\"_self\" target=\"_self\" >AVISO DE DISPENSA DE LICITA\u00c7\u00c3O N\u00b0 07\/2026<\/a><\/p><\/div><\/div>\n<div class=\"col-md-12 col-sm-12 col-xs-12 pt-cv-content-item pt-cv-1-col\" ><div class='pt-cv-ifield'><p class=\"pt-cv-title\"><a href=\"https:\/\/lajes.rn.gov.br\/transparente\/index\/retificacao-do-aviso-de-licitacao-pregao-eletronico-no-002-2026\/\" class=\"_self\" target=\"_self\" >RETIFICA\u00c7\u00c3O DO AVISO DE LICITA\u00c7\u00c3O PREG\u00c3O ELETR\u00d4NICO N\u00ba 002\/2026<\/a><\/p><\/div><\/div>\n<div class=\"col-md-12 col-sm-12 col-xs-12 pt-cv-content-item pt-cv-1-col\" ><div class='pt-cv-ifield'><p class=\"pt-cv-title\"><a href=\"https:\/\/lajes.rn.gov.br\/transparente\/index\/aviso-de-licitacao-pregao-eletronico-no-002-2026\/\" class=\"_self\" target=\"_self\" >AVISO DE LICITA\u00c7\u00c3O PREG\u00c3O ELETR\u00d4NICO N\u00ba 002\/2026<\/a><\/p><\/div><\/div>\n<div class=\"col-md-12 col-sm-12 col-xs-12 pt-cv-content-item pt-cv-1-col\" ><div class='pt-cv-ifield'><p class=\"pt-cv-title\"><a href=\"https:\/\/lajes.rn.gov.br\/transparente\/index\/aviso-de-dispensa-de-licitacao-n-06-2026\/\" class=\"_self\" target=\"_self\" >AVISO DE DISPENSA DE LICITA\u00c7\u00c3O N\u00b0 06\/2026<\/a><\/p><\/div><\/div>\n<div class=\"col-md-12 col-sm-12 col-xs-12 pt-cv-content-item pt-cv-1-col\" ><div class='pt-cv-ifield'><p class=\"pt-cv-title\"><a href=\"https:\/\/lajes.rn.gov.br\/transparente\/index\/aviso-de-edital-de-chamada-publica-n-1-2026\/\" class=\"_self\" target=\"_self\" >AVISO DE EDITAL DE CHAMADA P\u00daBLICA N\u00b0 1\/2026<\/a><\/p><\/div><\/div><\/div><\/div>\n<div class=\" pt-cv-pagination-wrapper\"><ul class=\"pt-cv-pagination pt-cv-ajax pagination\" data-totalpages=\"32\" data-currentpage=\"1\" data-sid=\"d9dd339x5l\" data-unid=\"\" data-isblock=\"\" data-postid=\"\"><li class=\"active\"><a href=\"#\">1<\/a><\/li>\n\t<li ><a class=\"\" href=\"https:\/\/lajes.rn.gov.br\/transparente\/index\/wp-json\/wp\/v2\/pages\/295\/?_page=2\">2<\/a><\/li>\n\t<li ><a class=\"\" href=\"https:\/\/lajes.rn.gov.br\/transparente\/index\/wp-json\/wp\/v2\/pages\/295\/?_page=3\">3<\/a><\/li>\n\t<li ><a href=\"#\">&hellip;<\/a><\/li>\n\t<li ><a class=\"\" href=\"https:\/\/lajes.rn.gov.br\/transparente\/index\/wp-json\/wp\/v2\/pages\/295\/?_page=32\">32<\/a><\/li>\n\t<li ><a class=\" \" href=\"https:\/\/lajes.rn.gov.br\/transparente\/index\/wp-json\/wp\/v2\/pages\/295\/?_page=2\">&rsaquo;<\/a><\/li>\n\t<\/ul><img decoding=\"async\" width=\"15\" height=\"15\" class=\"pt-cv-spinner\" alt=\"Carregando...;\" src=\"data:image\/gif;base64,R0lGODlhDwAPALMPAMrKygwMDJOTkz09PZWVla+vr3p6euTk5M7OzuXl5TMzMwAAAJmZmWZmZszMzP\/\/\/yH\/C05FVFNDQVBFMi4wAwEAAAAh+QQFCgAPACwAAAAADwAPAAAEQvDJaZaZOIcV8iQK8VRX4iTYoAwZ4iCYoAjZ4RxejhVNoT+mRGP4cyF4Pp0N98sBGIBMEMOotl6YZ3S61Bmbkm4mAgAh+QQFCgAPACwAAAAADQANAAAENPDJSRSZeA418itN8QiK8BiLITVsFiyBBIoYqnoewAD4xPw9iY4XLGYSjkQR4UAUD45DLwIAIfkEBQoADwAsAAAAAA8ACQAABC\/wyVlamTi3nSdgwFNdhEJgTJoNyoB9ISYoQmdjiZPcj7EYCAeCF1gEDo4Dz2eIAAAh+QQFCgAPACwCAAAADQANAAAEM\/DJBxiYeLKdX3IJZT1FU0iIg2RNKx3OkZVnZ98ToRD4MyiDnkAh6BkNC0MvsAj0kMpHBAAh+QQFCgAPACwGAAAACQAPAAAEMDC59KpFDll73HkAA2wVY5KgiK5b0RRoI6MuzG6EQqCDMlSGheEhUAgqgUUAFRySIgAh+QQFCgAPACwCAAIADQANAAAEM\/DJKZNLND\/kkKaHc3xk+QAMYDKsiaqmZCxGVjSFFCxB1vwy2oOgIDxuucxAMTAJFAJNBAAh+QQFCgAPACwAAAYADwAJAAAEMNAs86q1yaWwwv2Ig0jUZx3OYa4XoRAfwADXoAwfo1+CIjyFRuEho60aSNYlOPxEAAAh+QQFCgAPACwAAAIADQANAAAENPA9s4y8+IUVcqaWJ4qEQozSoAzoIyhCK2NFU2SJk0hNnyEOhKR2AzAAj4Pj4GE4W0bkJQIAOw==\" \/><div class=\"clear pt-cv-clear-pagination\"><\/div><\/div><\/div>\n<div class=\"pt-cv-wrapper\"><div class=\"pt-cv-view pt-cv-grid pt-cv-colsys\" id=\"pt-cv-view-26cd8737lx\"><div data-id=\"pt-cv-page-1\" class=\"pt-cv-page\" data-cvc=\"1\"><div class=\"col-md-12 col-sm-12 col-xs-12 pt-cv-content-item pt-cv-1-col\" ><div class='pt-cv-ifield'><p class=\"pt-cv-title\"><a href=\"https:\/\/lajes.rn.gov.br\/transparente\/index\/termo-de-dispensa-de-licitacao-no-06-2026\/\" class=\"_self\" target=\"_self\" >TERMO DE DISPENSA DE LICITA\u00c7\u00c3O N\u00ba 06\/2026<\/a><\/p><\/div><\/div>\n<div class=\"col-md-12 col-sm-12 col-xs-12 pt-cv-content-item pt-cv-1-col\" ><div class='pt-cv-ifield'><p class=\"pt-cv-title\"><a href=\"https:\/\/lajes.rn.gov.br\/transparente\/index\/julgamento-de-habilitacao-dispensa-de-licitacao-n-07-2026\/\" class=\"_self\" target=\"_self\" >JULGAMENTO DE HABILITA\u00c7\u00c3O &#8211; DISPENSA DE LICITA\u00c7\u00c3O N\u00b0 07\/2026<\/a><\/p><\/div><\/div>\n<div class=\"col-md-12 col-sm-12 col-xs-12 pt-cv-content-item pt-cv-1-col\" ><div class='pt-cv-ifield'><p class=\"pt-cv-title\"><a href=\"https:\/\/lajes.rn.gov.br\/transparente\/index\/julgamento-de-habilitacao-dispensa-de-licitacao-n-06-2026\/\" class=\"_self\" target=\"_self\" >JULGAMENTO DE HABILITA\u00c7\u00c3O &#8211; DISPENSA DE LICITA\u00c7\u00c3O N\u00b0 06\/2026<\/a><\/p><\/div><\/div>\n<div class=\"col-md-12 col-sm-12 col-xs-12 pt-cv-content-item pt-cv-1-col\" ><div class='pt-cv-ifield'><p class=\"pt-cv-title\"><a href=\"https:\/\/lajes.rn.gov.br\/transparente\/index\/julgamento-da-proposta-dispensa-de-licitacao-n-06-2026\/\" class=\"_self\" target=\"_self\" >JULGAMENTO DA PROPOSTA &#8211; DISPENSA DE LICITA\u00c7\u00c3O N\u00b0 06\/2026<\/a><\/p><\/div><\/div>\n<div class=\"col-md-12 col-sm-12 col-xs-12 pt-cv-content-item pt-cv-1-col\" ><div class='pt-cv-ifield'><p class=\"pt-cv-title\"><a href=\"https:\/\/lajes.rn.gov.br\/transparente\/index\/termo-de-dispensa-de-licitacao-no-01-2026\/\" class=\"_self\" target=\"_self\" >TERMO DE DISPENSA DE LICITA\u00c7\u00c3O N\u00ba 01\/2026<\/a><\/p><\/div><\/div>\n<div class=\"col-md-12 col-sm-12 col-xs-12 pt-cv-content-item pt-cv-1-col\" ><div class='pt-cv-ifield'><p class=\"pt-cv-title\"><a href=\"https:\/\/lajes.rn.gov.br\/transparente\/index\/julgamento-da-proposta-dispensa-de-licitacao-n-01-2026\/\" class=\"_self\" target=\"_self\" >JULGAMENTO DA PROPOSTA &#8211; DISPENSA DE LICITA\u00c7\u00c3O N\u00b0 01\/2026<\/a><\/p><\/div><\/div>\n<div class=\"col-md-12 col-sm-12 col-xs-12 pt-cv-content-item pt-cv-1-col\" ><div class='pt-cv-ifield'><p class=\"pt-cv-title\"><a href=\"https:\/\/lajes.rn.gov.br\/transparente\/index\/julgamento-de-habilitacao-dispensa-de-licitacao-n-01-2026\/\" class=\"_self\" target=\"_self\" >JULGAMENTO DE HABILITA\u00c7\u00c3O &#8211; DISPENSA DE LICITA\u00c7\u00c3O N\u00b0 01\/2026<\/a><\/p><\/div><\/div>\n<div class=\"col-md-12 col-sm-12 col-xs-12 pt-cv-content-item pt-cv-1-col\" ><div class='pt-cv-ifield'><p class=\"pt-cv-title\"><a href=\"https:\/\/lajes.rn.gov.br\/transparente\/index\/termo-de-dispensa-de-licitacao-no-05-2026\/\" class=\"_self\" target=\"_self\" >TERMO DE DISPENSA DE LICITA\u00c7\u00c3O N\u00ba 05\/2026<\/a><\/p><\/div><\/div>\n<div class=\"col-md-12 col-sm-12 col-xs-12 pt-cv-content-item pt-cv-1-col\" ><div class='pt-cv-ifield'><p class=\"pt-cv-title\"><a href=\"https:\/\/lajes.rn.gov.br\/transparente\/index\/julgamento-de-habilitacao-dispensa-de-licitacao-n-05-2026\/\" class=\"_self\" target=\"_self\" >JULGAMENTO DE HABILITA\u00c7\u00c3O &#8211; DISPENSA DE LICITA\u00c7\u00c3O N\u00b0 05\/2026<\/a><\/p><\/div><\/div>\n<div class=\"col-md-12 col-sm-12 col-xs-12 pt-cv-content-item pt-cv-1-col\" ><div class='pt-cv-ifield'><p class=\"pt-cv-title\"><a href=\"https:\/\/lajes.rn.gov.br\/transparente\/index\/julgamento-das-propostas-dispensa-de-licitacao-n-05-2026\/\" class=\"_self\" target=\"_self\" >JULGAMENTO DAS PROPOSTAS &#8211; DISPENSA DE LICITA\u00c7\u00c3O N\u00b0 05\/2026<\/a><\/p><\/div><\/div>\n<div class=\"col-md-12 col-sm-12 col-xs-12 pt-cv-content-item pt-cv-1-col\" ><div class='pt-cv-ifield'><p class=\"pt-cv-title\"><a href=\"https:\/\/lajes.rn.gov.br\/transparente\/index\/dispensa-de-licitacao-no-010-2026-comercial-araujo-ltda-cnpj-52-216-408-0001-07\/\" class=\"_self\" target=\"_self\" >DISPENSA DE LICITA\u00c7\u00c3O N\u00ba 010\/2026 &#8211; COMERCIAL ARAUJO LTDA, CNPJ: 52.216.408\/0001-07<\/a><\/p><\/div><\/div>\n<div class=\"col-md-12 col-sm-12 col-xs-12 pt-cv-content-item pt-cv-1-col\" ><div class='pt-cv-ifield'><p class=\"pt-cv-title\"><a href=\"https:\/\/lajes.rn.gov.br\/transparente\/index\/termo-de-dispensa-de-licitacao-no-04-2026\/\" class=\"_self\" target=\"_self\" >TERMO DE DISPENSA DE LICITA\u00c7\u00c3O N\u00ba 04\/2026<\/a><\/p><\/div><\/div>\n<div class=\"col-md-12 col-sm-12 col-xs-12 pt-cv-content-item pt-cv-1-col\" ><div class='pt-cv-ifield'><p class=\"pt-cv-title\"><a href=\"https:\/\/lajes.rn.gov.br\/transparente\/index\/termo-de-dispensa-de-licitacao-no-03-2026\/\" class=\"_self\" target=\"_self\" >TERMO DE DISPENSA DE LICITA\u00c7\u00c3O N\u00ba 03\/2026<\/a><\/p><\/div><\/div>\n<div class=\"col-md-12 col-sm-12 col-xs-12 pt-cv-content-item pt-cv-1-col\" ><div class='pt-cv-ifield'><p class=\"pt-cv-title\"><a href=\"https:\/\/lajes.rn.gov.br\/transparente\/index\/termo-de-dispensa-de-licitacao-no-2-2026-2\/\" class=\"_self\" target=\"_self\" >TERMO DE DISPENSA DE LICITA\u00c7\u00c3O N\u00ba 2\/2026*<\/a><\/p><\/div><\/div>\n<div class=\"col-md-12 col-sm-12 col-xs-12 pt-cv-content-item pt-cv-1-col\" ><div class='pt-cv-ifield'><p class=\"pt-cv-title\"><a href=\"https:\/\/lajes.rn.gov.br\/transparente\/index\/termo-de-dispensa-de-licitacao-no-2-2026\/\" class=\"_self\" target=\"_self\" >TERMO DE DISPENSA DE LICITA\u00c7\u00c3O N\u00ba 2\/2026<\/a><\/p><\/div><\/div><\/div><\/div>\n<div class=\" pt-cv-pagination-wrapper\"><ul class=\"pt-cv-pagination pt-cv-ajax pagination\" data-totalpages=\"18\" data-currentpage=\"1\" data-sid=\"26cd8737lx\" data-unid=\"\" data-isblock=\"\" data-postid=\"\"><li class=\"active\"><a href=\"#\">1<\/a><\/li>\n\t<li ><a class=\"\" href=\"https:\/\/lajes.rn.gov.br\/transparente\/index\/wp-json\/wp\/v2\/pages\/295\/?_page=2\">2<\/a><\/li>\n\t<li ><a class=\"\" href=\"https:\/\/lajes.rn.gov.br\/transparente\/index\/wp-json\/wp\/v2\/pages\/295\/?_page=3\">3<\/a><\/li>\n\t<li ><a href=\"#\">&hellip;<\/a><\/li>\n\t<li ><a class=\"\" href=\"https:\/\/lajes.rn.gov.br\/transparente\/index\/wp-json\/wp\/v2\/pages\/295\/?_page=18\">18<\/a><\/li>\n\t<li ><a class=\" \" href=\"https:\/\/lajes.rn.gov.br\/transparente\/index\/wp-json\/wp\/v2\/pages\/295\/?_page=2\">&rsaquo;<\/a><\/li>\n\t<\/ul><img decoding=\"async\" width=\"15\" height=\"15\" class=\"pt-cv-spinner\" alt=\"Carregando...;\" src=\"data:image\/gif;base64,R0lGODlhDwAPALMPAMrKygwMDJOTkz09PZWVla+vr3p6euTk5M7OzuXl5TMzMwAAAJmZmWZmZszMzP\/\/\/yH\/C05FVFNDQVBFMi4wAwEAAAAh+QQFCgAPACwAAAAADwAPAAAEQvDJaZaZOIcV8iQK8VRX4iTYoAwZ4iCYoAjZ4RxejhVNoT+mRGP4cyF4Pp0N98sBGIBMEMOotl6YZ3S61Bmbkm4mAgAh+QQFCgAPACwAAAAADQANAAAENPDJSRSZeA418itN8QiK8BiLITVsFiyBBIoYqnoewAD4xPw9iY4XLGYSjkQR4UAUD45DLwIAIfkEBQoADwAsAAAAAA8ACQAABC\/wyVlamTi3nSdgwFNdhEJgTJoNyoB9ISYoQmdjiZPcj7EYCAeCF1gEDo4Dz2eIAAAh+QQFCgAPACwCAAAADQANAAAEM\/DJBxiYeLKdX3IJZT1FU0iIg2RNKx3OkZVnZ98ToRD4MyiDnkAh6BkNC0MvsAj0kMpHBAAh+QQFCgAPACwGAAAACQAPAAAEMDC59KpFDll73HkAA2wVY5KgiK5b0RRoI6MuzG6EQqCDMlSGheEhUAgqgUUAFRySIgAh+QQFCgAPACwCAAIADQANAAAEM\/DJKZNLND\/kkKaHc3xk+QAMYDKsiaqmZCxGVjSFFCxB1vwy2oOgIDxuucxAMTAJFAJNBAAh+QQFCgAPACwAAAYADwAJAAAEMNAs86q1yaWwwv2Ig0jUZx3OYa4XoRAfwADXoAwfo1+CIjyFRuEho60aSNYlOPxEAAAh+QQFCgAPACwAAAIADQANAAAENPA9s4y8+IUVcqaWJ4qEQozSoAzoIyhCK2NFU2SJk0hNnyEOhKR2AzAAj4Pj4GE4W0bkJQIAOw==\" \/><div class=\"clear pt-cv-clear-pagination\"><\/div><\/div><\/div>\n<div class=\"pt-cv-wrapper\"><div class=\"pt-cv-view pt-cv-grid pt-cv-colsys\" id=\"pt-cv-view-6bee574d5o\"><div data-id=\"pt-cv-page-1\" class=\"pt-cv-page\" data-cvc=\"1\"><div class=\"col-md-12 col-sm-12 col-xs-12 pt-cv-content-item pt-cv-1-col\" ><div class='pt-cv-ifield'><p class=\"pt-cv-title\"><a href=\"https:\/\/lajes.rn.gov.br\/transparente\/index\/homologacao-do-pregao-eletronico-srp-no-034-2025-pml-rn\/\" class=\"_self\" target=\"_self\" >HOMOLOGA\u00c7\u00c3O DO PREG\u00c3O ELETR\u00d4NICO SRP N\u00ba 034\/2025 \u2013 PML\/RN<\/a><\/p><\/div><\/div>\n<div class=\"col-md-12 col-sm-12 col-xs-12 pt-cv-content-item pt-cv-1-col\" ><div class='pt-cv-ifield'><p class=\"pt-cv-title\"><a href=\"https:\/\/lajes.rn.gov.br\/transparente\/index\/termo-de-homologacao-chamamento-publico-no-005-2025-credenciamento-de-artistas-locais-12\/\" class=\"_self\" target=\"_self\" >TERMO DE HOMOLOGA\u00c7\u00c3O CHAMAMENTO P\u00daBLICO N\u00ba 005\/2025 \u2013 CREDENCIAMENTO DE ART\u00cdSTAS LOCAIS<\/a><\/p><\/div><\/div>\n<div class=\"col-md-12 col-sm-12 col-xs-12 pt-cv-content-item pt-cv-1-col\" ><div class='pt-cv-ifield'><p class=\"pt-cv-title\"><a href=\"https:\/\/lajes.rn.gov.br\/transparente\/index\/homologacao-do-pregao-eletronico-srp-no-001-2026-pml-rn-republicado-por-incorrecao\/\" class=\"_self\" target=\"_self\" >HOMOLOGA\u00c7\u00c3O DO PREG\u00c3O ELETR\u00d4NICO SRP N\u00ba 001\/2026 \u2013 PML\/RN *REPUBLICADO POR INCORRE\u00c7\u00c3O<\/a><\/p><\/div><\/div>\n<div class=\"col-md-12 col-sm-12 col-xs-12 pt-cv-content-item pt-cv-1-col\" ><div class='pt-cv-ifield'><p class=\"pt-cv-title\"><a href=\"https:\/\/lajes.rn.gov.br\/transparente\/index\/homologacao-do-pregao-eletronico-srp-no-001-2026-pml-rn\/\" class=\"_self\" target=\"_self\" >HOMOLOGA\u00c7\u00c3O DO PREG\u00c3O ELETR\u00d4NICO SRP N\u00ba 001\/2026 \u2013 PML\/RN<\/a><\/p><\/div><\/div>\n<div class=\"col-md-12 col-sm-12 col-xs-12 pt-cv-content-item pt-cv-1-col\" ><div class='pt-cv-ifield'><p class=\"pt-cv-title\"><a href=\"https:\/\/lajes.rn.gov.br\/transparente\/index\/homologacao-do-pregao-eletronico-no-036-2025-pml-rn\/\" class=\"_self\" target=\"_self\" >HOMOLOGA\u00c7\u00c3O DO PREG\u00c3O ELETR\u00d4NICO N\u00ba 036\/2025 \u2013 PML\/RN<\/a><\/p><\/div><\/div>\n<div class=\"col-md-12 col-sm-12 col-xs-12 pt-cv-content-item pt-cv-1-col\" ><div class='pt-cv-ifield'><p class=\"pt-cv-title\"><a href=\"https:\/\/lajes.rn.gov.br\/transparente\/index\/termo-de-homologacao-chamamento-publico-no-005-2025-credenciamento-de-artistas-locais-11\/\" class=\"_self\" target=\"_self\" >TERMO DE HOMOLOGA\u00c7\u00c3O CHAMAMENTO P\u00daBLICO N\u00ba 005\/2025 \u2013 CREDENCIAMENTO DE ART\u00cdSTAS LOCAIS<\/a><\/p><\/div><\/div>\n<div class=\"col-md-12 col-sm-12 col-xs-12 pt-cv-content-item pt-cv-1-col\" ><div class='pt-cv-ifield'><p class=\"pt-cv-title\"><a href=\"https:\/\/lajes.rn.gov.br\/transparente\/index\/homologacao-do-pregao-eletronico-srp-no-037-2025-pml-rn\/\" class=\"_self\" target=\"_self\" >HOMOLOGA\u00c7\u00c3O DO PREG\u00c3O ELETR\u00d4NICO SRP N\u00ba 037\/2025 \u2013 PML\/RN<\/a><\/p><\/div><\/div>\n<div class=\"col-md-12 col-sm-12 col-xs-12 pt-cv-content-item pt-cv-1-col\" ><div class='pt-cv-ifield'><p class=\"pt-cv-title\"><a href=\"https:\/\/lajes.rn.gov.br\/transparente\/index\/homologacao-do-pregao-eletronico-srp-no-033-2025-pml-rn\/\" class=\"_self\" target=\"_self\" >HOMOLOGA\u00c7\u00c3O DO PREG\u00c3O ELETR\u00d4NICO SRP N\u00ba 033\/2025 \u2013 PML\/RN<\/a><\/p><\/div><\/div>\n<div class=\"col-md-12 col-sm-12 col-xs-12 pt-cv-content-item pt-cv-1-col\" ><div class='pt-cv-ifield'><p class=\"pt-cv-title\"><a href=\"https:\/\/lajes.rn.gov.br\/transparente\/index\/homologacao-do-pregao-eletronico-srp-no-032-2025-pml-rn-2\/\" class=\"_self\" target=\"_self\" >HOMOLOGA\u00c7\u00c3O DO PREG\u00c3O ELETR\u00d4NICO SRP N\u00ba 032\/2025 \u2013 PML\/RN*<\/a><\/p><\/div><\/div>\n<div class=\"col-md-12 col-sm-12 col-xs-12 pt-cv-content-item pt-cv-1-col\" ><div class='pt-cv-ifield'><p class=\"pt-cv-title\"><a href=\"https:\/\/lajes.rn.gov.br\/transparente\/index\/homologacao-do-pregao-eletronico-srp-no-032-2025-pml-rn\/\" class=\"_self\" target=\"_self\" >HOMOLOGA\u00c7\u00c3O DO PREG\u00c3O ELETR\u00d4NICO SRP N\u00ba 032\/2025 \u2013 PML\/RN<\/a><\/p><\/div><\/div>\n<div class=\"col-md-12 col-sm-12 col-xs-12 pt-cv-content-item pt-cv-1-col\" ><div class='pt-cv-ifield'><p class=\"pt-cv-title\"><a href=\"https:\/\/lajes.rn.gov.br\/transparente\/index\/termo-de-homologacao-chamamento-publico-no-005-2025-credenciamento-de-artistas-locais-10\/\" class=\"_self\" target=\"_self\" >TERMO DE HOMOLOGA\u00c7\u00c3O CHAMAMENTO P\u00daBLICO N\u00ba 005\/2025 \u2013 CREDENCIAMENTO DE ART\u00cdSTAS LOCAIS<\/a><\/p><\/div><\/div>\n<div class=\"col-md-12 col-sm-12 col-xs-12 pt-cv-content-item pt-cv-1-col\" ><div class='pt-cv-ifield'><p class=\"pt-cv-title\"><a href=\"https:\/\/lajes.rn.gov.br\/transparente\/index\/termo-de-homologacao-chamamento-publico-no-005-2025-credenciamento-de-artistas-locais-9\/\" class=\"_self\" target=\"_self\" >TERMO DE HOMOLOGA\u00c7\u00c3O CHAMAMENTO P\u00daBLICO N\u00ba 005\/2025 \u2013 CREDENCIAMENTO DE ART\u00cdSTAS LOCAIS<\/a><\/p><\/div><\/div>\n<div class=\"col-md-12 col-sm-12 col-xs-12 pt-cv-content-item pt-cv-1-col\" ><div class='pt-cv-ifield'><p class=\"pt-cv-title\"><a href=\"https:\/\/lajes.rn.gov.br\/transparente\/index\/termo-de-homologacao-chamamento-publico-no-005-2025-credenciamento-de-artistas-locais-8\/\" class=\"_self\" target=\"_self\" >TERMO DE HOMOLOGA\u00c7\u00c3O CHAMAMENTO P\u00daBLICO N\u00ba 005\/2025 \u2013 CREDENCIAMENTO DE ART\u00cdSTAS LOCAIS<\/a><\/p><\/div><\/div>\n<div class=\"col-md-12 col-sm-12 col-xs-12 pt-cv-content-item pt-cv-1-col\" ><div class='pt-cv-ifield'><p class=\"pt-cv-title\"><a href=\"https:\/\/lajes.rn.gov.br\/transparente\/index\/homologacao-do-pregao-eletronico-srp-no-031-2025-pml-rn\/\" class=\"_self\" target=\"_self\" >HOMOLOGA\u00c7\u00c3O DO PREG\u00c3O ELETR\u00d4NICO SRP N\u00ba 031\/2025 \u2013 PML\/RN<\/a><\/p><\/div><\/div>\n<div class=\"col-md-12 col-sm-12 col-xs-12 pt-cv-content-item pt-cv-1-col\" ><div class='pt-cv-ifield'><p class=\"pt-cv-title\"><a href=\"https:\/\/lajes.rn.gov.br\/transparente\/index\/termo-de-homologacao-chamamento-publico-no-005-2025-credenciamento-de-artistas-locais-6\/\" class=\"_self\" target=\"_self\" >TERMO DE HOMOLOGA\u00c7\u00c3O &#8211; CHAMAMENTO P\u00daBLICO N\u00ba 005\/2025 \u2013 CREDENCIAMENTO DE ART\u00cdSTAS LOCAIS<\/a><\/p><\/div><\/div><\/div><\/div>\n<div class=\" pt-cv-pagination-wrapper\"><ul class=\"pt-cv-pagination pt-cv-ajax pagination\" data-totalpages=\"13\" data-currentpage=\"1\" data-sid=\"6bee574d5o\" data-unid=\"\" data-isblock=\"\" data-postid=\"\"><li class=\"active\"><a href=\"#\">1<\/a><\/li>\n\t<li ><a class=\"\" href=\"https:\/\/lajes.rn.gov.br\/transparente\/index\/wp-json\/wp\/v2\/pages\/295\/?_page=2\">2<\/a><\/li>\n\t<li ><a class=\"\" href=\"https:\/\/lajes.rn.gov.br\/transparente\/index\/wp-json\/wp\/v2\/pages\/295\/?_page=3\">3<\/a><\/li>\n\t<li ><a href=\"#\">&hellip;<\/a><\/li>\n\t<li ><a class=\"\" href=\"https:\/\/lajes.rn.gov.br\/transparente\/index\/wp-json\/wp\/v2\/pages\/295\/?_page=13\">13<\/a><\/li>\n\t<li ><a class=\" \" href=\"https:\/\/lajes.rn.gov.br\/transparente\/index\/wp-json\/wp\/v2\/pages\/295\/?_page=2\">&rsaquo;<\/a><\/li>\n\t<\/ul><img decoding=\"async\" width=\"15\" height=\"15\" class=\"pt-cv-spinner\" alt=\"Carregando...;\" src=\"data:image\/gif;base64,R0lGODlhDwAPALMPAMrKygwMDJOTkz09PZWVla+vr3p6euTk5M7OzuXl5TMzMwAAAJmZmWZmZszMzP\/\/\/yH\/C05FVFNDQVBFMi4wAwEAAAAh+QQFCgAPACwAAAAADwAPAAAEQvDJaZaZOIcV8iQK8VRX4iTYoAwZ4iCYoAjZ4RxejhVNoT+mRGP4cyF4Pp0N98sBGIBMEMOotl6YZ3S61Bmbkm4mAgAh+QQFCgAPACwAAAAADQANAAAENPDJSRSZeA418itN8QiK8BiLITVsFiyBBIoYqnoewAD4xPw9iY4XLGYSjkQR4UAUD45DLwIAIfkEBQoADwAsAAAAAA8ACQAABC\/wyVlamTi3nSdgwFNdhEJgTJoNyoB9ISYoQmdjiZPcj7EYCAeCF1gEDo4Dz2eIAAAh+QQFCgAPACwCAAAADQANAAAEM\/DJBxiYeLKdX3IJZT1FU0iIg2RNKx3OkZVnZ98ToRD4MyiDnkAh6BkNC0MvsAj0kMpHBAAh+QQFCgAPACwGAAAACQAPAAAEMDC59KpFDll73HkAA2wVY5KgiK5b0RRoI6MuzG6EQqCDMlSGheEhUAgqgUUAFRySIgAh+QQFCgAPACwCAAIADQANAAAEM\/DJKZNLND\/kkKaHc3xk+QAMYDKsiaqmZCxGVjSFFCxB1vwy2oOgIDxuucxAMTAJFAJNBAAh+QQFCgAPACwAAAYADwAJAAAEMNAs86q1yaWwwv2Ig0jUZx3OYa4XoRAfwADXoAwfo1+CIjyFRuEho60aSNYlOPxEAAAh+QQFCgAPACwAAAIADQANAAAENPA9s4y8+IUVcqaWJ4qEQozSoAzoIyhCK2NFU2SJk0hNnyEOhKR2AzAAj4Pj4GE4W0bkJQIAOw==\" \/><div class=\"clear pt-cv-clear-pagination\"><\/div><\/div><\/div>\n<div class=\"pt-cv-wrapper\"><div class=\"pt-cv-view pt-cv-grid pt-cv-colsys\" id=\"pt-cv-view-6f7bc13yfj\"><div data-id=\"pt-cv-page-1\" class=\"pt-cv-page\" data-cvc=\"1\"><div class=\"col-md-12 col-sm-12 col-xs-12 pt-cv-content-item pt-cv-1-col\" ><div class='pt-cv-ifield'><p class=\"pt-cv-title\"><a href=\"https:\/\/lajes.rn.gov.br\/transparente\/index\/pregao-eletronico-srp-no-044-2023\/\" class=\"_blank\" target=\"_blank\" >PREG\u00c3O ELETR\u00d4NICO SRP N\u00ba 044\/2023<\/a><\/p><\/div><\/div>\n<div class=\"col-md-12 col-sm-12 col-xs-12 pt-cv-content-item pt-cv-1-col\" ><div class='pt-cv-ifield'><p class=\"pt-cv-title\"><a href=\"https:\/\/lajes.rn.gov.br\/transparente\/index\/notificacao-extrajudicial-no-001-2024-pregao-eletronico-no-044-2023\/\" class=\"_blank\" target=\"_blank\" >NOTIFICA\u00c7\u00c3O EXTRAJUDICIAL N\u00ba 001\/2024 &#8211; PREG\u00c3O ELETR\u00d4NICO N\u00ba 044\/2023<\/a><\/p><\/div><\/div>\n<div class=\"col-md-12 col-sm-12 col-xs-12 pt-cv-content-item pt-cv-1-col\" ><div class='pt-cv-ifield'><p class=\"pt-cv-title\"><a href=\"https:\/\/lajes.rn.gov.br\/transparente\/index\/convocacao-para-assinatura-da-ata-de-registro-de-precos-modalidade-pregao-eletronico-srp-no-050-2023\/\" class=\"_blank\" target=\"_blank\" >CONVOCA\u00c7\u00c3O PARA ASSINATURA DA ATA DE REGISTRO DE PRE\u00c7OS &#8211; MODALIDADE: Preg\u00e3o Eletr\u00f4nico SRP n\u00ba 050\/2023.<\/a><\/p><\/div><\/div>\n<div class=\"col-md-12 col-sm-12 col-xs-12 pt-cv-content-item pt-cv-1-col\" ><div class='pt-cv-ifield'><p class=\"pt-cv-title\"><a href=\"https:\/\/lajes.rn.gov.br\/transparente\/index\/homologacao-do-pregao-eletronico-srp-no-050-2023-pml-rn\/\" class=\"_blank\" target=\"_blank\" >HOMOLOGA\u00c7\u00c3O DO PREG\u00c3O ELETR\u00d4NICO SRP N\u00ba 050\/2023 \u2013 PML\/RN<\/a><\/p><\/div><\/div>\n<div class=\"col-md-12 col-sm-12 col-xs-12 pt-cv-content-item pt-cv-1-col\" ><div class='pt-cv-ifield'><p class=\"pt-cv-title\"><a href=\"https:\/\/lajes.rn.gov.br\/transparente\/index\/resultado-e-adjudicacao-do-pregao-eletronico-srp-no-050-2023-pml-rn\/\" class=\"_blank\" target=\"_blank\" >RESULTADO E ADJUDICA\u00c7\u00c3O DO PREG\u00c3O ELETR\u00d4NICO SRP N\u00ba 050\/2023 \u2013 PML\/RN<\/a><\/p><\/div><\/div>\n<div class=\"col-md-12 col-sm-12 col-xs-12 pt-cv-content-item pt-cv-1-col\" ><div class='pt-cv-ifield'><p class=\"pt-cv-title\"><a href=\"https:\/\/lajes.rn.gov.br\/transparente\/index\/resultado-e-adjudicacao-do-pregao-eletronico-srp-no-051-2023-pml-rn\/\" class=\"_blank\" target=\"_blank\" >RESULTADO E ADJUDICA\u00c7\u00c3O DO PREG\u00c3O ELETR\u00d4NICO SRP N\u00ba 051\/2023 \u2013 PML\/RN<\/a><\/p><\/div><\/div>\n<div class=\"col-md-12 col-sm-12 col-xs-12 pt-cv-content-item pt-cv-1-col\" ><div class='pt-cv-ifield'><p class=\"pt-cv-title\"><a href=\"https:\/\/lajes.rn.gov.br\/transparente\/index\/homologacao-do-pregao-eletronico-srp-no-051-2023-pml-rn\/\" class=\"_blank\" target=\"_blank\" >HOMOLOGA\u00c7\u00c3O DO PREG\u00c3O ELETR\u00d4NICO SRP N\u00ba 051\/2023 \u2013 PML\/RN<\/a><\/p><\/div><\/div>\n<div class=\"col-md-12 col-sm-12 col-xs-12 pt-cv-content-item pt-cv-1-col\" ><div class='pt-cv-ifield'><p class=\"pt-cv-title\"><a href=\"https:\/\/lajes.rn.gov.br\/transparente\/index\/convocacao-para-assinatura-da-ata-de-registro-de-precos-modalidade-pregao-eletronico-srp-no-048-2023\/\" class=\"_blank\" target=\"_blank\" >CONVOCA\u00c7\u00c3O PARA ASSINATURA DA ATA DE REGISTRO DE PRE\u00c7OS &#8211; MODALIDADE: Preg\u00e3o Eletr\u00f4nico SRP n\u00ba 048\/2023.<\/a><\/p><\/div><\/div>\n<div class=\"col-md-12 col-sm-12 col-xs-12 pt-cv-content-item pt-cv-1-col\" ><div class='pt-cv-ifield'><p class=\"pt-cv-title\"><a href=\"https:\/\/lajes.rn.gov.br\/transparente\/index\/resultado-e-adjudicacao-do-pregao-eletronico-srp-no-048-2023-pml-rn\/\" class=\"_blank\" target=\"_blank\" >RESULTADO E ADJUDICA\u00c7\u00c3O DO PREG\u00c3O ELETR\u00d4NICO SRP N\u00ba 048\/2023 \u2013 PML\/RN<\/a><\/p><\/div><\/div>\n<div class=\"col-md-12 col-sm-12 col-xs-12 pt-cv-content-item pt-cv-1-col\" ><div class='pt-cv-ifield'><p class=\"pt-cv-title\"><a href=\"https:\/\/lajes.rn.gov.br\/transparente\/index\/homologacao-do-pregao-eletronico-srp-no-048-2023-pml-rn\/\" class=\"_blank\" target=\"_blank\" >HOMOLOGA\u00c7\u00c3O DO PREG\u00c3O ELETR\u00d4NICO SRP N\u00ba 048\/2023 \u2013 PML\/RN<\/a><\/p><\/div><\/div>\n<div class=\"col-md-12 col-sm-12 col-xs-12 pt-cv-content-item pt-cv-1-col\" ><div class='pt-cv-ifield'><p class=\"pt-cv-title\"><a href=\"https:\/\/lajes.rn.gov.br\/transparente\/index\/resultado-do-pregao-eletronico-srp-no-051-2023-pml-rn\/\" class=\"_blank\" target=\"_blank\" >RESULTADO DO PREG\u00c3O ELETR\u00d4NICO SRP N\u00ba 051\/2023 \u2013 PML\/RN<\/a><\/p><\/div><\/div>\n<div class=\"col-md-12 col-sm-12 col-xs-12 pt-cv-content-item pt-cv-1-col\" ><div class='pt-cv-ifield'><p class=\"pt-cv-title\"><a href=\"https:\/\/lajes.rn.gov.br\/transparente\/index\/novo-edital-pregao-eletronico-srp-no-051-2023\/\" class=\"_blank\" target=\"_blank\" >NOVO EDITAL PREG\u00c3O ELETR\u00d4NICO SRP N\u00ba 051\/2023<\/a><\/p><\/div><\/div>\n<div class=\"col-md-12 col-sm-12 col-xs-12 pt-cv-content-item pt-cv-1-col\" ><div class='pt-cv-ifield'><p class=\"pt-cv-title\"><a href=\"https:\/\/lajes.rn.gov.br\/transparente\/index\/pregao-eletronico-srp-no-051-2023-pml-rn-2\/\" class=\"_blank\" target=\"_blank\" >PREG\u00c3O ELETR\u00d4NICO SRP &#8211; N\u00ba. 051\/2023 \u2013 PML\/RN<\/a><\/p><\/div><\/div>\n<div class=\"col-md-12 col-sm-12 col-xs-12 pt-cv-content-item pt-cv-1-col\" ><div class='pt-cv-ifield'><p class=\"pt-cv-title\"><a href=\"https:\/\/lajes.rn.gov.br\/transparente\/index\/aviso-do-pregao-eletronico-srp-no-051-2023-pml-rn-2\/\" class=\"_blank\" target=\"_blank\" >AVISO DO PREG\u00c3O ELETR\u00d4NICO SRP &#8211; N\u00ba. 051\/2023 \u2013 PML\/RN<\/a><\/p><\/div><\/div>\n<div class=\"col-md-12 col-sm-12 col-xs-12 pt-cv-content-item pt-cv-1-col\" ><div class='pt-cv-ifield'><p class=\"pt-cv-title\"><a href=\"https:\/\/lajes.rn.gov.br\/transparente\/index\/apresentacao-e-julgamento-de-recursos-administrativos-do-pregao-eletronico-srp-no-051-2023\/\" class=\"_blank\" target=\"_blank\" >APRESENTA\u00c7\u00c3O E JULGAMENTO DE RECURSOS ADMINISTRATIVOS DO PREG\u00c3O ELETR\u00d4NICO SRP N\u00ba 051\/2023<\/a><\/p><\/div><\/div>\n<div class=\"col-md-12 col-sm-12 col-xs-12 pt-cv-content-item pt-cv-1-col\" ><div class='pt-cv-ifield'><p class=\"pt-cv-title\"><a href=\"https:\/\/lajes.rn.gov.br\/transparente\/index\/homologacao-do-pregao-eletronico-srp-no-049-2023-pml-rn\/\" class=\"_blank\" target=\"_blank\" >HOMOLOGA\u00c7\u00c3O DO PREG\u00c3O ELETR\u00d4NICO SRP N\u00ba 049\/2023 \u2013 PML\/RN<\/a><\/p><\/div><\/div>\n<div class=\"col-md-12 col-sm-12 col-xs-12 pt-cv-content-item pt-cv-1-col\" ><div class='pt-cv-ifield'><p class=\"pt-cv-title\"><a href=\"https:\/\/lajes.rn.gov.br\/transparente\/index\/convocacao-para-assinatura-da-ata-de-registro-de-precos-modalidade-pregao-eletronico-srp-no-049-2023\/\" class=\"_blank\" target=\"_blank\" >CONVOCA\u00c7\u00c3O PARA ASSINATURA DA ATA DE REGISTRO DE PRE\u00c7OS &#8211; MODALIDADE: Preg\u00e3o Eletr\u00f4nico SRP n\u00ba 049\/2023.<\/a><\/p><\/div><\/div>\n<div class=\"col-md-12 col-sm-12 col-xs-12 pt-cv-content-item pt-cv-1-col\" ><div class='pt-cv-ifield'><p class=\"pt-cv-title\"><a href=\"https:\/\/lajes.rn.gov.br\/transparente\/index\/resultado-e-adjudicacao-do-pregao-eletronico-srp-no-049-2023-pml-rn\/\" class=\"_blank\" target=\"_blank\" >RESULTADO E ADJUDICA\u00c7\u00c3O DO PREG\u00c3O ELETR\u00d4NICO SRP N\u00ba 049\/2023 \u2013 PML\/RN<\/a><\/p><\/div><\/div>\n<div class=\"col-md-12 col-sm-12 col-xs-12 pt-cv-content-item pt-cv-1-col\" ><div class='pt-cv-ifield'><p class=\"pt-cv-title\"><a href=\"https:\/\/lajes.rn.gov.br\/transparente\/index\/homologacao-do-pregao-eletronico-srp-no-052-2023\/\" class=\"_blank\" target=\"_blank\" >HOMOLOGA\u00c7\u00c3O DO PREG\u00c3O ELETR\u00d4NICO SRP N\u00ba 052\/2023<\/a><\/p><\/div><\/div>\n<div class=\"col-md-12 col-sm-12 col-xs-12 pt-cv-content-item pt-cv-1-col\" ><div class='pt-cv-ifield'><p class=\"pt-cv-title\"><a href=\"https:\/\/lajes.rn.gov.br\/transparente\/index\/convocacao-para-assinatura-da-ata-de-registro-de-precos-modalidade-pregao-eletronico-srp-no-052-2023\/\" class=\"_blank\" target=\"_blank\" >CONVOCA\u00c7\u00c3O PARA ASSINATURA DA ATA DE REGISTRO DE PRE\u00c7OS &#8211; MODALIDADE: Preg\u00e3o Eletr\u00f4nico SRP n\u00ba 052\/2023.<\/a><\/p><\/div><\/div>\n<div class=\"col-md-12 col-sm-12 col-xs-12 pt-cv-content-item pt-cv-1-col\" ><div class='pt-cv-ifield'><p class=\"pt-cv-title\"><a href=\"https:\/\/lajes.rn.gov.br\/transparente\/index\/resultado-e-adjudicacao-do-pregao-eletronico-srp-no-052-2023\/\" class=\"_blank\" target=\"_blank\" >RESULTADO E ADJUDICA\u00c7\u00c3O DO PREG\u00c3O ELETR\u00d4NICO SRP N\u00ba 052\/2023<\/a><\/p><\/div><\/div>\n<div class=\"col-md-12 col-sm-12 col-xs-12 pt-cv-content-item pt-cv-1-col\" ><div class='pt-cv-ifield'><p class=\"pt-cv-title\"><a href=\"https:\/\/lajes.rn.gov.br\/transparente\/index\/pregao-eletronico-srp-no-052-2023\/\" class=\"_blank\" target=\"_blank\" >PREG\u00c3O ELETR\u00d4NICO SRP N\u00ba 052\/2023<\/a><\/p><\/div><\/div>\n<div class=\"col-md-12 col-sm-12 col-xs-12 pt-cv-content-item pt-cv-1-col\" ><div class='pt-cv-ifield'><p class=\"pt-cv-title\"><a href=\"https:\/\/lajes.rn.gov.br\/transparente\/index\/aviso-do-pregao-eletronico-srp-no-048-2023-pml-rn-2\/\" class=\"_blank\" target=\"_blank\" >AVISO DO PREG\u00c3O ELETR\u00d4NICO SRP &#8211; N\u00ba. 048\/2023 \u2013 PML\/RN<\/a><\/p><\/div><\/div>\n<div class=\"col-md-12 col-sm-12 col-xs-12 pt-cv-content-item pt-cv-1-col\" ><div class='pt-cv-ifield'><p class=\"pt-cv-title\"><a href=\"https:\/\/lajes.rn.gov.br\/transparente\/index\/apresentacao-e-julgamento-de-recursos-administrativos-do-pregao-eletronico-srp-no-052-2023\/\" class=\"_blank\" target=\"_blank\" >APRESENTA\u00c7\u00c3O E JULGAMENTO DE RECURSOS ADMINISTRATIVOS DO PREG\u00c3O ELETR\u00d4NICO SRP N\u00ba 052\/2023.<\/a><\/p><\/div><\/div>\n<div class=\"col-md-12 col-sm-12 col-xs-12 pt-cv-content-item pt-cv-1-col\" ><div class='pt-cv-ifield'><p class=\"pt-cv-title\"><a href=\"https:\/\/lajes.rn.gov.br\/transparente\/index\/pregao-eletronico-srp-no-049-2023\/\" class=\"_blank\" target=\"_blank\" >PREG\u00c3O ELETR\u00d4NICO SRP N\u00ba 049\/2023<\/a><\/p><\/div><\/div>\n<div class=\"col-md-12 col-sm-12 col-xs-12 pt-cv-content-item pt-cv-1-col\" ><div class='pt-cv-ifield'><p class=\"pt-cv-title\"><a href=\"https:\/\/lajes.rn.gov.br\/transparente\/index\/apresentacao-e-julgamento-de-recursos-administrativos-do-pregao-eletronico-srp-no-049-2023\/\" class=\"_blank\" target=\"_blank\" >APRESENTA\u00c7\u00c3O E JULGAMENTO DE RECURSOS ADMINISTRATIVOS DO PREG\u00c3O ELETR\u00d4NICO SRP N\u00ba 049\/2023<\/a><\/p><\/div><\/div>\n<div class=\"col-md-12 col-sm-12 col-xs-12 pt-cv-content-item pt-cv-1-col\" ><div class='pt-cv-ifield'><p class=\"pt-cv-title\"><a href=\"https:\/\/lajes.rn.gov.br\/transparente\/index\/aviso-do-pregao-eletronico-srp-no-050-2023-pml-rn-2\/\" class=\"_blank\" target=\"_blank\" >AVISO DO PREG\u00c3O ELETR\u00d4NICO SRP &#8211; N\u00ba. 050\/2023 \u2013 PML\/RN<\/a><\/p><\/div><\/div>\n<div class=\"col-md-12 col-sm-12 col-xs-12 pt-cv-content-item pt-cv-1-col\" ><div class='pt-cv-ifield'><p class=\"pt-cv-title\"><a href=\"https:\/\/lajes.rn.gov.br\/transparente\/index\/resultado-do-pregao-eletronico-srp-no-048-2023\/\" class=\"_blank\" target=\"_blank\" >RESULTADO DO PREG\u00c3O ELETR\u00d4NICO SRP N\u00ba 048\/2023<\/a><\/p><\/div><\/div>\n<div class=\"col-md-12 col-sm-12 col-xs-12 pt-cv-content-item pt-cv-1-col\" ><div class='pt-cv-ifield'><p class=\"pt-cv-title\"><a href=\"https:\/\/lajes.rn.gov.br\/transparente\/index\/apresentacao-e-julgamento-de-impugnacao-ao-edital-do-pregao-eletronico-srp-no-052-2023-licitacao-no-183-2023\/\" class=\"_blank\" target=\"_blank\" >APRESENTA\u00c7\u00c3O E JULGAMENTO DE IMPUGNA\u00c7\u00c3O AO EDITAL DO PREG\u00c3O ELETR\u00d4NICO SRP N\u00ba 052\/2023 \u2013 LICITA\u00c7\u00c3O N\u00ba 183\/2023<\/a><\/p><\/div><\/div>\n<div class=\"col-md-12 col-sm-12 col-xs-12 pt-cv-content-item pt-cv-1-col\" ><div class='pt-cv-ifield'><p class=\"pt-cv-title\"><a href=\"https:\/\/lajes.rn.gov.br\/transparente\/index\/apresentacao-e-julgamento-de-recursos-administrativos-do-pregao-eletronico-srp-no-048-2023\/\" class=\"_blank\" target=\"_blank\" >APRESENTA\u00c7\u00c3O E JULGAMENTO DE RECURSOS ADMINISTRATIVOS DO PREG\u00c3O ELETR\u00d4NICO SRP N\u00ba 048\/2023.<\/a><\/p><\/div><\/div><\/div><\/div>\n<div class=\" pt-cv-pagination-wrapper\"><ul class=\"pt-cv-pagination pt-cv-ajax pagination\" data-totalpages=\"14\" data-currentpage=\"1\" data-sid=\"6f7bc13yfj\" data-unid=\"\" data-isblock=\"\" data-postid=\"\"><li class=\"active\"><a href=\"#\">1<\/a><\/li>\n\t<li ><a class=\"\" href=\"https:\/\/lajes.rn.gov.br\/transparente\/index\/wp-json\/wp\/v2\/pages\/295\/?_page=2\">2<\/a><\/li>\n\t<li ><a class=\"\" href=\"https:\/\/lajes.rn.gov.br\/transparente\/index\/wp-json\/wp\/v2\/pages\/295\/?_page=3\">3<\/a><\/li>\n\t<li ><a href=\"#\">&hellip;<\/a><\/li>\n\t<li ><a class=\"\" href=\"https:\/\/lajes.rn.gov.br\/transparente\/index\/wp-json\/wp\/v2\/pages\/295\/?_page=14\">14<\/a><\/li>\n\t<li ><a class=\" \" href=\"https:\/\/lajes.rn.gov.br\/transparente\/index\/wp-json\/wp\/v2\/pages\/295\/?_page=2\">&rsaquo;<\/a><\/li>\n\t<\/ul><img decoding=\"async\" width=\"15\" height=\"15\" class=\"pt-cv-spinner\" alt=\"Carregando...;\" src=\"data:image\/gif;base64,R0lGODlhDwAPALMPAMrKygwMDJOTkz09PZWVla+vr3p6euTk5M7OzuXl5TMzMwAAAJmZmWZmZszMzP\/\/\/yH\/C05FVFNDQVBFMi4wAwEAAAAh+QQFCgAPACwAAAAADwAPAAAEQvDJaZaZOIcV8iQK8VRX4iTYoAwZ4iCYoAjZ4RxejhVNoT+mRGP4cyF4Pp0N98sBGIBMEMOotl6YZ3S61Bmbkm4mAgAh+QQFCgAPACwAAAAADQANAAAENPDJSRSZeA418itN8QiK8BiLITVsFiyBBIoYqnoewAD4xPw9iY4XLGYSjkQR4UAUD45DLwIAIfkEBQoADwAsAAAAAA8ACQAABC\/wyVlamTi3nSdgwFNdhEJgTJoNyoB9ISYoQmdjiZPcj7EYCAeCF1gEDo4Dz2eIAAAh+QQFCgAPACwCAAAADQANAAAEM\/DJBxiYeLKdX3IJZT1FU0iIg2RNKx3OkZVnZ98ToRD4MyiDnkAh6BkNC0MvsAj0kMpHBAAh+QQFCgAPACwGAAAACQAPAAAEMDC59KpFDll73HkAA2wVY5KgiK5b0RRoI6MuzG6EQqCDMlSGheEhUAgqgUUAFRySIgAh+QQFCgAPACwCAAIADQANAAAEM\/DJKZNLND\/kkKaHc3xk+QAMYDKsiaqmZCxGVjSFFCxB1vwy2oOgIDxuucxAMTAJFAJNBAAh+QQFCgAPACwAAAYADwAJAAAEMNAs86q1yaWwwv2Ig0jUZx3OYa4XoRAfwADXoAwfo1+CIjyFRuEho60aSNYlOPxEAAAh+QQFCgAPACwAAAIADQANAAAENPA9s4y8+IUVcqaWJ4qEQozSoAzoIyhCK2NFU2SJk0hNnyEOhKR2AzAAj4Pj4GE4W0bkJQIAOw==\" \/><div class=\"clear pt-cv-clear-pagination\"><\/div><\/div><\/div>\n<div class=\"pt-cv-wrapper\"><div class=\"pt-cv-view pt-cv-grid pt-cv-colsys\" id=\"pt-cv-view-edb3e5bzt7\"><div data-id=\"pt-cv-page-1\" class=\"pt-cv-page\" data-cvc=\"1\"><div class=\"col-md-12 col-sm-12 col-xs-12 pt-cv-content-item pt-cv-1-col\" ><div class='pt-cv-ifield'><p class=\"pt-cv-title\"><a href=\"https:\/\/lajes.rn.gov.br\/transparente\/index\/termo-de-homologacao-pregao-presencial-n-002-2024\/\" class=\"_self\" target=\"_self\" >TERMO DE HOMOLOGA\u00c7\u00c3O &#8211; PREG\u00c3O PRESENCIAL N\u00b0 002\/2024.<\/a><\/p><\/div><\/div>\n<div class=\"col-md-12 col-sm-12 col-xs-12 pt-cv-content-item pt-cv-1-col\" ><div class='pt-cv-ifield'><p class=\"pt-cv-title\"><a href=\"https:\/\/lajes.rn.gov.br\/transparente\/index\/termo-de-adjudicacao-pregao-presencial-n-002-2024\/\" class=\"_self\" target=\"_self\" >TERMO DE ADJUDICA\u00c7\u00c3O &#8211; PREG\u00c3O PRESENCIAL N\u00b0 002\/2024<\/a><\/p><\/div><\/div>\n<div class=\"col-md-12 col-sm-12 col-xs-12 pt-cv-content-item pt-cv-1-col\" ><div class='pt-cv-ifield'><p class=\"pt-cv-title\"><a href=\"https:\/\/lajes.rn.gov.br\/transparente\/index\/termo-de-homologacao-pregao-presencial-n-001-2024\/\" class=\"_self\" target=\"_self\" >TERMO DE HOMOLOGA\u00c7\u00c3O &#8211; PREG\u00c3O PRESENCIAL N\u00b0 001\/2024.<\/a><\/p><\/div><\/div>\n<div class=\"col-md-12 col-sm-12 col-xs-12 pt-cv-content-item pt-cv-1-col\" ><div class='pt-cv-ifield'><p class=\"pt-cv-title\"><a href=\"https:\/\/lajes.rn.gov.br\/transparente\/index\/pregao-presencial-n-001-2024\/\" class=\"_self\" target=\"_self\" >PREG\u00c3O PRESENCIAL N\u00b0 001\/2024<\/a><\/p><\/div><\/div>\n<div class=\"col-md-12 col-sm-12 col-xs-12 pt-cv-content-item pt-cv-1-col\" ><div class='pt-cv-ifield'><p class=\"pt-cv-title\"><a href=\"https:\/\/lajes.rn.gov.br\/transparente\/index\/termo-de-adjudicacao-pregao-presencial-n-001-2024\/\" class=\"_self\" target=\"_self\" >TERMO DE ADJUDICA\u00c7\u00c3O &#8211; PREG\u00c3O PRESENCIAL N\u00b0 001\/2024<\/a><\/p><\/div><\/div>\n<div class=\"col-md-12 col-sm-12 col-xs-12 pt-cv-content-item pt-cv-1-col\" ><div class='pt-cv-ifield'><p class=\"pt-cv-title\"><a href=\"https:\/\/lajes.rn.gov.br\/transparente\/index\/aviso-de-licitacao-pregao-presencial-no-001-2024-srp\/\" class=\"_self\" target=\"_self\" >AVISO DE LICITA\u00c7\u00c3O &#8211; PREG\u00c3O PRESENCIAL N\u00ba 001\/2024-SRP<\/a><\/p><\/div><\/div>\n<div class=\"col-md-12 col-sm-12 col-xs-12 pt-cv-content-item pt-cv-1-col\" ><div class='pt-cv-ifield'><p class=\"pt-cv-title\"><a href=\"https:\/\/lajes.rn.gov.br\/transparente\/index\/aviso-de-licitacao-pregao-presencial-no-002-2024-srp\/\" class=\"_self\" target=\"_self\" >AVISO DE LICITA\u00c7\u00c3O &#8211; PREG\u00c3O PRESENCIAL N\u00ba 002\/2024-SRP<\/a><\/p><\/div><\/div>\n<div class=\"col-md-12 col-sm-12 col-xs-12 pt-cv-content-item pt-cv-1-col\" ><div class='pt-cv-ifield'><p class=\"pt-cv-title\"><a href=\"https:\/\/lajes.rn.gov.br\/transparente\/index\/ata-de-registro-de-precos-no-080-2023\/\" class=\"_self\" target=\"_self\" >ATA DE REGISTRO DE PRE\u00c7OS N\u00ba 080\/2023<\/a><\/p><\/div><\/div>\n<div class=\"col-md-12 col-sm-12 col-xs-12 pt-cv-content-item pt-cv-1-col\" ><div class='pt-cv-ifield'><p class=\"pt-cv-title\"><a href=\"https:\/\/lajes.rn.gov.br\/transparente\/index\/homologacao-do-pregao-eletronico-srp-no-042-2022\/\" class=\"_self\" target=\"_self\" >HOMOLOGA\u00c7\u00c3O DO PREG\u00c3O ELETR\u00d4NICO SRP N\u00ba 042\/2022<\/a><\/p><\/div><\/div>\n<div class=\"col-md-12 col-sm-12 col-xs-12 pt-cv-content-item pt-cv-1-col\" ><div class='pt-cv-ifield'><p class=\"pt-cv-title\"><a href=\"https:\/\/lajes.rn.gov.br\/transparente\/index\/termo-de-homologacao-do-pregao-presencial-srp-no-010-2023\/\" class=\"_self\" target=\"_self\" >TERMO DE HOMOLOGA\u00c7\u00c3O DO PREG\u00c3O PRESENCIAL SRP N\u00ba 010\/2023<\/a><\/p><\/div><\/div>\n<div class=\"col-md-12 col-sm-12 col-xs-12 pt-cv-content-item pt-cv-1-col\" ><div class='pt-cv-ifield'><p class=\"pt-cv-title\"><a href=\"https:\/\/lajes.rn.gov.br\/transparente\/index\/resultado-e-adjudicacao-do-pregao-presencial-srp-no-010-2023\/\" class=\"_self\" target=\"_self\" >RESULTADO E ADJUDICA\u00c7\u00c3O DO PREG\u00c3O PRESENCIAL SRP N\u00ba 010\/2023<\/a><\/p><\/div><\/div>\n<div class=\"col-md-12 col-sm-12 col-xs-12 pt-cv-content-item pt-cv-1-col\" ><div class='pt-cv-ifield'><p class=\"pt-cv-title\"><a href=\"https:\/\/lajes.rn.gov.br\/transparente\/index\/pregao-presencial-srp-no-010-2023-pml-rn\/\" class=\"_self\" target=\"_self\" >PREG\u00c3O PRESENCIAL SRP \u2013 N\u00ba. 010\/2023 \u2013 PML\/RN<\/a><\/p><\/div><\/div>\n<div class=\"col-md-12 col-sm-12 col-xs-12 pt-cv-content-item pt-cv-1-col\" ><div class='pt-cv-ifield'><p class=\"pt-cv-title\"><a href=\"https:\/\/lajes.rn.gov.br\/transparente\/index\/edital-pregao-presencial-srp-no-010-2023-pml-rn\/\" class=\"_self\" target=\"_self\" >EDITAL PREG\u00c3O PRESENCIAL SRP \u2013 N\u00ba. 010\/2023 \u2013 PML\/RN<\/a><\/p><\/div><\/div>\n<div class=\"col-md-12 col-sm-12 col-xs-12 pt-cv-content-item pt-cv-1-col\" ><div class='pt-cv-ifield'><p class=\"pt-cv-title\"><a href=\"https:\/\/lajes.rn.gov.br\/transparente\/index\/aviso-do-pregao-presencial-srp-no-010-2023-pml-rn\/\" class=\"_self\" target=\"_self\" >AVISO DO PREG\u00c3O PRESENCIAL SRP &#8211; N\u00ba. 010\/2023 \u2013 PML\/RN<\/a><\/p><\/div><\/div>\n<div class=\"col-md-12 col-sm-12 col-xs-12 pt-cv-content-item pt-cv-1-col\" ><div class='pt-cv-ifield'><p class=\"pt-cv-title\"><a href=\"https:\/\/lajes.rn.gov.br\/transparente\/index\/termo-de-homologacao-do-pregao-presencial-srp-no-008-2023\/\" class=\"_self\" target=\"_self\" >TERMO DE HOMOLOGA\u00c7\u00c3O DO PREG\u00c3O PRESENCIAL SRP N\u00ba 008\/2023<\/a><\/p><\/div><\/div><\/div><\/div>\n<div class=\" pt-cv-pagination-wrapper\"><ul class=\"pt-cv-pagination pt-cv-ajax pagination\" data-totalpages=\"6\" data-currentpage=\"1\" data-sid=\"edb3e5bzt7\" data-unid=\"\" data-isblock=\"\" data-postid=\"\"><li class=\"active\"><a href=\"#\">1<\/a><\/li>\n\t<li ><a class=\"\" href=\"https:\/\/lajes.rn.gov.br\/transparente\/index\/wp-json\/wp\/v2\/pages\/295\/?_page=2\">2<\/a><\/li>\n\t<li ><a class=\"\" href=\"https:\/\/lajes.rn.gov.br\/transparente\/index\/wp-json\/wp\/v2\/pages\/295\/?_page=3\">3<\/a><\/li>\n\t<li ><a href=\"#\">&hellip;<\/a><\/li>\n\t<li ><a class=\"\" href=\"https:\/\/lajes.rn.gov.br\/transparente\/index\/wp-json\/wp\/v2\/pages\/295\/?_page=6\">6<\/a><\/li>\n\t<li ><a class=\" \" href=\"https:\/\/lajes.rn.gov.br\/transparente\/index\/wp-json\/wp\/v2\/pages\/295\/?_page=2\">&rsaquo;<\/a><\/li>\n\t<\/ul><img decoding=\"async\" width=\"15\" height=\"15\" class=\"pt-cv-spinner\" alt=\"Carregando...;\" src=\"data:image\/gif;base64,R0lGODlhDwAPALMPAMrKygwMDJOTkz09PZWVla+vr3p6euTk5M7OzuXl5TMzMwAAAJmZmWZmZszMzP\/\/\/yH\/C05FVFNDQVBFMi4wAwEAAAAh+QQFCgAPACwAAAAADwAPAAAEQvDJaZaZOIcV8iQK8VRX4iTYoAwZ4iCYoAjZ4RxejhVNoT+mRGP4cyF4Pp0N98sBGIBMEMOotl6YZ3S61Bmbkm4mAgAh+QQFCgAPACwAAAAADQANAAAENPDJSRSZeA418itN8QiK8BiLITVsFiyBBIoYqnoewAD4xPw9iY4XLGYSjkQR4UAUD45DLwIAIfkEBQoADwAsAAAAAA8ACQAABC\/wyVlamTi3nSdgwFNdhEJgTJoNyoB9ISYoQmdjiZPcj7EYCAeCF1gEDo4Dz2eIAAAh+QQFCgAPACwCAAAADQANAAAEM\/DJBxiYeLKdX3IJZT1FU0iIg2RNKx3OkZVnZ98ToRD4MyiDnkAh6BkNC0MvsAj0kMpHBAAh+QQFCgAPACwGAAAACQAPAAAEMDC59KpFDll73HkAA2wVY5KgiK5b0RRoI6MuzG6EQqCDMlSGheEhUAgqgUUAFRySIgAh+QQFCgAPACwCAAIADQANAAAEM\/DJKZNLND\/kkKaHc3xk+QAMYDKsiaqmZCxGVjSFFCxB1vwy2oOgIDxuucxAMTAJFAJNBAAh+QQFCgAPACwAAAYADwAJAAAEMNAs86q1yaWwwv2Ig0jUZx3OYa4XoRAfwADXoAwfo1+CIjyFRuEho60aSNYlOPxEAAAh+QQFCgAPACwAAAIADQANAAAENPA9s4y8+IUVcqaWJ4qEQozSoAzoIyhCK2NFU2SJk0hNnyEOhKR2AzAAj4Pj4GE4W0bkJQIAOw==\" \/><div class=\"clear pt-cv-clear-pagination\"><\/div><\/div><\/div>\n<div class=\"pt-cv-wrapper\"><div class=\"pt-cv-view pt-cv-grid pt-cv-colsys\" id=\"pt-cv-view-07045b70yr\"><div data-id=\"pt-cv-page-1\" class=\"pt-cv-page\" data-cvc=\"1\"><div class=\"col-md-12 col-sm-12 col-xs-12 pt-cv-content-item pt-cv-1-col\" ><div class='pt-cv-ifield'><p class=\"pt-cv-title\"><a href=\"https:\/\/lajes.rn.gov.br\/transparente\/index\/primeiro-termo-aditivo-do-contrato-administrativo-n-29-2025-prorrogacao-de-prazo\/\" class=\"_self\" target=\"_self\" >PRIMEIRO TERMO ADITIVO DO CONTRATO ADMINISTRATIVO N\u00b0 29\/2025 &#8211; PRORROGA\u00c7\u00c3O DE PRAZO<\/a><\/p><\/div><\/div>\n<div class=\"col-md-12 col-sm-12 col-xs-12 pt-cv-content-item pt-cv-1-col\" ><div class='pt-cv-ifield'><p class=\"pt-cv-title\"><a href=\"https:\/\/lajes.rn.gov.br\/transparente\/index\/primeiro-termo-aditivo-do-contrato-administrativo-n-19-2025-prorrogacao-de-prazo\/\" class=\"_self\" target=\"_self\" >PRIMEIRO TERMO ADITIVO DO CONTRATO ADMINISTRATIVO N\u00b0 19\/2025 &#8211; PRORROGA\u00c7\u00c3O DE PRAZO<\/a><\/p><\/div><\/div>\n<div class=\"col-md-12 col-sm-12 col-xs-12 pt-cv-content-item pt-cv-1-col\" ><div class='pt-cv-ifield'><p class=\"pt-cv-title\"><a href=\"https:\/\/lajes.rn.gov.br\/transparente\/index\/segundo-termo-aditivo-do-contrato-administrativo-n-22-2025-prorrogacao-de-prazo\/\" class=\"_self\" target=\"_self\" >SEGUNDO TERMO ADITIVO DO CONTRATO ADMINISTRATIVO N\u00b0 22\/2025 &#8211; PRORROGA\u00c7\u00c3O DE PRAZO<\/a><\/p><\/div><\/div>\n<div class=\"col-md-12 col-sm-12 col-xs-12 pt-cv-content-item pt-cv-1-col\" ><div class='pt-cv-ifield'><p class=\"pt-cv-title\"><a href=\"https:\/\/lajes.rn.gov.br\/transparente\/index\/primeiro-termo-aditivo-do-contrato-administrativo-n-02-2025-prorrogacao-de-prazo\/\" class=\"_self\" target=\"_self\" >PRIMEIRO TERMO ADITIVO DO CONTRATO ADMINISTRATIVO N\u00b0 02\/2025 &#8211; PRORROGA\u00c7\u00c3O DE PRAZO<\/a><\/p><\/div><\/div>\n<div class=\"col-md-12 col-sm-12 col-xs-12 pt-cv-content-item pt-cv-1-col\" ><div class='pt-cv-ifield'><p class=\"pt-cv-title\"><a href=\"https:\/\/lajes.rn.gov.br\/transparente\/index\/primeiro-termo-aditivo-do-contrato-administrativo-n-17-2025-prorrogacao-de-prazo\/\" class=\"_self\" target=\"_self\" >PRIMEIRO TERMO ADITIVO DO CONTRATO ADMINISTRATIVO N\u00b0 17\/2025 &#8211; PRORROGA\u00c7\u00c3O DE PRAZO<\/a><\/p><\/div><\/div>\n<div class=\"col-md-12 col-sm-12 col-xs-12 pt-cv-content-item pt-cv-1-col\" ><div class='pt-cv-ifield'><p class=\"pt-cv-title\"><a href=\"https:\/\/lajes.rn.gov.br\/transparente\/index\/termo-aditivo-de-prorrogacao-do-prazo-da-ata-de-registro-de-precos-no-007-2025\/\" class=\"_self\" target=\"_self\" >TERMO ADITIVO DE PRORROGA\u00c7\u00c3O DO PRAZO DA ATA DE REGISTRO DE PRE\u00c7OS N\u00ba 007\/2025<\/a><\/p><\/div><\/div>\n<div class=\"col-md-12 col-sm-12 col-xs-12 pt-cv-content-item pt-cv-1-col\" ><div class='pt-cv-ifield'><p class=\"pt-cv-title\"><a href=\"https:\/\/lajes.rn.gov.br\/transparente\/index\/termo-aditivo-de-prorrogacao-do-prazo-da-ata-de-registro-de-precos-no-006-2025\/\" class=\"_self\" target=\"_self\" >TERMO ADITIVO DE PRORROGA\u00c7\u00c3O DO PRAZO DA ATA DE REGISTRO DE PRE\u00c7OS N\u00ba 006\/2025<\/a><\/p><\/div><\/div>\n<div class=\"col-md-12 col-sm-12 col-xs-12 pt-cv-content-item pt-cv-1-col\" ><div class='pt-cv-ifield'><p class=\"pt-cv-title\"><a href=\"https:\/\/lajes.rn.gov.br\/transparente\/index\/primeiro-termo-aditivo-do-contrato-administrativo-n-03-2025-prorrogacao-de-prazo\/\" class=\"_self\" target=\"_self\" >PRIMEIRO TERMO ADITIVO DO CONTRATO ADMINISTRATIVO N\u00b0 03\/2025 &#8211; PRORROGA\u00c7\u00c3O DE PRAZO<\/a><\/p><\/div><\/div>\n<div class=\"col-md-12 col-sm-12 col-xs-12 pt-cv-content-item pt-cv-1-col\" ><div class='pt-cv-ifield'><p class=\"pt-cv-title\"><a href=\"https:\/\/lajes.rn.gov.br\/transparente\/index\/terceiro-termo-aditivo-do-contrato-administrativo-n-19-2023-prorrogacao-de-prazo\/\" class=\"_self\" target=\"_self\" >TERCEIRO TERMO ADITIVO DO CONTRATO ADMINISTRATIVO N\u00b0 19\/2023 &#8211; PRORROGA\u00c7\u00c3O DE PRAZO<\/a><\/p><\/div><\/div>\n<div class=\"col-md-12 col-sm-12 col-xs-12 pt-cv-content-item pt-cv-1-col\" ><div class='pt-cv-ifield'><p class=\"pt-cv-title\"><a href=\"https:\/\/lajes.rn.gov.br\/transparente\/index\/termo-aditivo-de-prorrogacao-do-prazo-da-ata-de-registro-de-precos-no-005-2025-2\/\" class=\"_self\" target=\"_self\" >TERMO ADITIVO DE PRORROGA\u00c7\u00c3O DO PRAZO DA ATA DE REGISTRO DE PRE\u00c7OS N\u00ba 005\/2025<\/a><\/p><\/div><\/div>\n<div class=\"col-md-12 col-sm-12 col-xs-12 pt-cv-content-item pt-cv-1-col\" ><div class='pt-cv-ifield'><p class=\"pt-cv-title\"><a href=\"https:\/\/lajes.rn.gov.br\/transparente\/index\/termo-aditivo-de-prorrogacao-do-prazo-da-ata-de-registro-de-precos-no-005-2025\/\" class=\"_self\" target=\"_self\" >TERMO ADITIVO DE PRORROGA\u00c7\u00c3O DO PRAZO DA ATA DE REGISTRO DE PRE\u00c7OS N\u00ba 005\/2025<\/a><\/p><\/div><\/div>\n<div class=\"col-md-12 col-sm-12 col-xs-12 pt-cv-content-item pt-cv-1-col\" ><div class='pt-cv-ifield'><p class=\"pt-cv-title\"><a href=\"https:\/\/lajes.rn.gov.br\/transparente\/index\/termo-aditivo-de-prorrogacao-do-prazo-da-ata-de-registro-de-precos-no-001-2025-2\/\" class=\"_self\" target=\"_self\" >TERMO ADITIVO DE PRORROGA\u00c7\u00c3O DO PRAZO DA ATA DE REGISTRO DE PRE\u00c7OS N\u00ba 001\/2025<\/a><\/p><\/div><\/div>\n<div class=\"col-md-12 col-sm-12 col-xs-12 pt-cv-content-item pt-cv-1-col\" ><div class='pt-cv-ifield'><p class=\"pt-cv-title\"><a href=\"https:\/\/lajes.rn.gov.br\/transparente\/index\/termo-aditivo-de-prorrogacao-do-prazo-da-ata-de-registro-de-precos-no-004-2025\/\" class=\"_self\" target=\"_self\" >TERMO ADITIVO DE PRORROGA\u00c7\u00c3O DO PRAZO DA ATA DE REGISTRO DE PRE\u00c7OS N\u00ba 004\/2025<\/a><\/p><\/div><\/div>\n<div class=\"col-md-12 col-sm-12 col-xs-12 pt-cv-content-item pt-cv-1-col\" ><div class='pt-cv-ifield'><p class=\"pt-cv-title\"><a href=\"https:\/\/lajes.rn.gov.br\/transparente\/index\/termo-aditivo-de-prorrogacao-do-prazo-da-ata-de-registro-de-precos-no-001-2025\/\" class=\"_self\" target=\"_self\" >TERMO ADITIVO DE PRORROGA\u00c7\u00c3O DO PRAZO DA ATA DE REGISTRO DE PRE\u00c7OS N\u00ba 001\/2025<\/a><\/p><\/div><\/div>\n<div class=\"col-md-12 col-sm-12 col-xs-12 pt-cv-content-item pt-cv-1-col\" ><div class='pt-cv-ifield'><p class=\"pt-cv-title\"><a href=\"https:\/\/lajes.rn.gov.br\/transparente\/index\/primeiro-termo-aditivo-do-contrato-administrativo-n-01-2025-prorrogacao-de-prazo\/\" class=\"_self\" target=\"_self\" >PRIMEIRO TERMO ADITIVO DO CONTRATO ADMINISTRATIVO N\u00b0 01\/2025 &#8211; PRORROGA\u00c7\u00c3O DE PRAZO<\/a><\/p><\/div><\/div><\/div><\/div>\n<div class=\" pt-cv-pagination-wrapper\"><ul class=\"pt-cv-pagination pt-cv-ajax pagination\" data-totalpages=\"16\" data-currentpage=\"1\" data-sid=\"07045b70yr\" data-unid=\"\" data-isblock=\"\" data-postid=\"\"><li class=\"active\"><a href=\"#\">1<\/a><\/li>\n\t<li ><a class=\"\" href=\"https:\/\/lajes.rn.gov.br\/transparente\/index\/wp-json\/wp\/v2\/pages\/295\/?_page=2\">2<\/a><\/li>\n\t<li ><a class=\"\" href=\"https:\/\/lajes.rn.gov.br\/transparente\/index\/wp-json\/wp\/v2\/pages\/295\/?_page=3\">3<\/a><\/li>\n\t<li ><a href=\"#\">&hellip;<\/a><\/li>\n\t<li ><a class=\"\" href=\"https:\/\/lajes.rn.gov.br\/transparente\/index\/wp-json\/wp\/v2\/pages\/295\/?_page=16\">16<\/a><\/li>\n\t<li ><a class=\" \" href=\"https:\/\/lajes.rn.gov.br\/transparente\/index\/wp-json\/wp\/v2\/pages\/295\/?_page=2\">&rsaquo;<\/a><\/li>\n\t<\/ul><img decoding=\"async\" width=\"15\" height=\"15\" class=\"pt-cv-spinner\" alt=\"Carregando...;\" src=\"data:image\/gif;base64,R0lGODlhDwAPALMPAMrKygwMDJOTkz09PZWVla+vr3p6euTk5M7OzuXl5TMzMwAAAJmZmWZmZszMzP\/\/\/yH\/C05FVFNDQVBFMi4wAwEAAAAh+QQFCgAPACwAAAAADwAPAAAEQvDJaZaZOIcV8iQK8VRX4iTYoAwZ4iCYoAjZ4RxejhVNoT+mRGP4cyF4Pp0N98sBGIBMEMOotl6YZ3S61Bmbkm4mAgAh+QQFCgAPACwAAAAADQANAAAENPDJSRSZeA418itN8QiK8BiLITVsFiyBBIoYqnoewAD4xPw9iY4XLGYSjkQR4UAUD45DLwIAIfkEBQoADwAsAAAAAA8ACQAABC\/wyVlamTi3nSdgwFNdhEJgTJoNyoB9ISYoQmdjiZPcj7EYCAeCF1gEDo4Dz2eIAAAh+QQFCgAPACwCAAAADQANAAAEM\/DJBxiYeLKdX3IJZT1FU0iIg2RNKx3OkZVnZ98ToRD4MyiDnkAh6BkNC0MvsAj0kMpHBAAh+QQFCgAPACwGAAAACQAPAAAEMDC59KpFDll73HkAA2wVY5KgiK5b0RRoI6MuzG6EQqCDMlSGheEhUAgqgUUAFRySIgAh+QQFCgAPACwCAAIADQANAAAEM\/DJKZNLND\/kkKaHc3xk+QAMYDKsiaqmZCxGVjSFFCxB1vwy2oOgIDxuucxAMTAJFAJNBAAh+QQFCgAPACwAAAYADwAJAAAEMNAs86q1yaWwwv2Ig0jUZx3OYa4XoRAfwADXoAwfo1+CIjyFRuEho60aSNYlOPxEAAAh+QQFCgAPACwAAAIADQANAAAENPA9s4y8+IUVcqaWJ4qEQozSoAzoIyhCK2NFU2SJk0hNnyEOhKR2AzAAj4Pj4GE4W0bkJQIAOw==\" \/><div class=\"clear pt-cv-clear-pagination\"><\/div><\/div><\/div>\n<div class=\"pt-cv-wrapper\"><div class=\"pt-cv-view pt-cv-grid pt-cv-colsys\" id=\"pt-cv-view-1dc39ccbg5\"><div data-id=\"pt-cv-page-1\" class=\"pt-cv-page\" data-cvc=\"1\"><div class=\"col-md-12 col-sm-12 col-xs-12 pt-cv-content-item pt-cv-1-col\" ><div class='pt-cv-ifield'><p class=\"pt-cv-title\"><a href=\"https:\/\/lajes.rn.gov.br\/transparente\/index\/termo-de-adesao-no-002-2026-processo-no-24-01-2026\/\" class=\"_self\" target=\"_self\" >TERMO DE ADES\u00c3O N\u00ba 002\/2026 &#8211; PROCESSO N\u00ba 24\/01-2026<\/a><\/p><\/div><\/div>\n<div class=\"col-md-12 col-sm-12 col-xs-12 pt-cv-content-item pt-cv-1-col\" ><div class='pt-cv-ifield'><p class=\"pt-cv-title\"><a href=\"https:\/\/lajes.rn.gov.br\/transparente\/index\/termo-de-adesao-no-001-2026-processo-no-32-12-2025\/\" class=\"_self\" target=\"_self\" >TERMO DE ADES\u00c3O N\u00ba 001\/2026 &#8211; PROCESSO N\u00ba 32\/12-2025<\/a><\/p><\/div><\/div>\n<div class=\"col-md-12 col-sm-12 col-xs-12 pt-cv-content-item pt-cv-1-col\" ><div class='pt-cv-ifield'><p class=\"pt-cv-title\"><a href=\"https:\/\/lajes.rn.gov.br\/transparente\/index\/termo-de-adesao-no-012-2025-processo-no-1-123-2025\/\" class=\"_self\" target=\"_self\" >TERMO DE ADES\u00c3O N\u00ba 012\/2025 &#8211; PROCESSO N\u00ba 1.123\/2025<\/a><\/p><\/div><\/div>\n<div class=\"col-md-12 col-sm-12 col-xs-12 pt-cv-content-item pt-cv-1-col\" ><div class='pt-cv-ifield'><p class=\"pt-cv-title\"><a href=\"https:\/\/lajes.rn.gov.br\/transparente\/index\/termo-de-adesao-no-012-2025-processo-no-1-123-2025-2\/\" class=\"_self\" target=\"_self\" >TERMO DE ADES\u00c3O N\u00ba 012\/2025 &#8211; PROCESSO N\u00ba 1.123\/2025*<\/a><\/p><\/div><\/div>\n<div class=\"col-md-12 col-sm-12 col-xs-12 pt-cv-content-item pt-cv-1-col\" ><div class='pt-cv-ifield'><p class=\"pt-cv-title\"><a href=\"https:\/\/lajes.rn.gov.br\/transparente\/index\/termo-de-adesao-no-011-2025-processo-no-1-092-2025-republicado-por-incorrecao\/\" class=\"_self\" target=\"_self\" >TERMO DE ADES\u00c3O N\u00ba 011\/2025 &#8211; PROCESSO N\u00ba 1.092\/2025 *REPUBLICADO POR INCORRE\u00c7\u00c3O<\/a><\/p><\/div><\/div>\n<div class=\"col-md-12 col-sm-12 col-xs-12 pt-cv-content-item pt-cv-1-col\" ><div class='pt-cv-ifield'><p class=\"pt-cv-title\"><a href=\"https:\/\/lajes.rn.gov.br\/transparente\/index\/termo-de-adesao-no-011-2025-processo-no-1-092-2025\/\" class=\"_self\" target=\"_self\" >TERMO DE ADES\u00c3O N\u00ba 011\/2025 &#8211; PROCESSO N\u00ba 1.092\/2025<\/a><\/p><\/div><\/div>\n<div class=\"col-md-12 col-sm-12 col-xs-12 pt-cv-content-item pt-cv-1-col\" ><div class='pt-cv-ifield'><p class=\"pt-cv-title\"><a href=\"https:\/\/lajes.rn.gov.br\/transparente\/index\/termo-de-adesao-a-nota-fiscal-de-servico-eletronica-de-padrao-nacional\/\" class=\"_self\" target=\"_self\" >TERMO DE ADES\u00c3O \u00c0 NOTA FISCAL DE SERVI\u00c7O ELETR\u00d4NICA DE PADR\u00c3O NACIONAL<\/a><\/p><\/div><\/div>\n<div class=\"col-md-12 col-sm-12 col-xs-12 pt-cv-content-item pt-cv-1-col\" ><div class='pt-cv-ifield'><p class=\"pt-cv-title\"><a href=\"https:\/\/lajes.rn.gov.br\/transparente\/index\/termo-de-adesao-processo-administrativo-no-001-2025-ata-de-registro-de-preco-no-012-2025-pregao-eletronico-para-registro-de-precos-no-012-2025-processo-no-000454-2025\/\" class=\"_self\" target=\"_self\" >TERMO DE ADES\u00c3O PROCESSO ADMINISTRATIVO: N\u00ba 001\/2025 \u2013 ATA DE REGISTRO DE PRE\u00c7O N\u00ba 012\/2025 \u2013 PREG\u00c3O ELETR\u00d4NICO PARA REGISTRO DE PRE\u00c7OS N\u00ba 012\/2025 \u2013 PROCESSO N\u00ba 000454\/2025<\/a><\/p><\/div><\/div>\n<div class=\"col-md-12 col-sm-12 col-xs-12 pt-cv-content-item pt-cv-1-col\" ><div class='pt-cv-ifield'><p class=\"pt-cv-title\"><a href=\"https:\/\/lajes.rn.gov.br\/transparente\/index\/termo-de-adesao-no-009-2025-processo-no-781-2025\/\" class=\"_self\" target=\"_self\" >TERMO DE ADES\u00c3O N\u00ba 009\/2025 &#8211; PROCESSO N\u00ba 781\/2025<\/a><\/p><\/div><\/div>\n<div class=\"col-md-12 col-sm-12 col-xs-12 pt-cv-content-item pt-cv-1-col\" ><div class='pt-cv-ifield'><p class=\"pt-cv-title\"><a href=\"https:\/\/lajes.rn.gov.br\/transparente\/index\/termo-de-adesao-no-010-2025-processo-no-907-2025\/\" class=\"_self\" target=\"_self\" >TERMO DE ADES\u00c3O N\u00ba 010\/2025 &#8211; PROCESSO N\u00ba 907\/2025<\/a><\/p><\/div><\/div>\n<div class=\"col-md-12 col-sm-12 col-xs-12 pt-cv-content-item pt-cv-1-col\" ><div class='pt-cv-ifield'><p class=\"pt-cv-title\"><a href=\"https:\/\/lajes.rn.gov.br\/transparente\/index\/termo-de-adesao-no-008-2025-processo-no-342-2025\/\" class=\"_self\" target=\"_self\" >TERMO DE ADES\u00c3O N\u00ba 008\/2025 &#8211; PROCESSO N\u00ba 342\/2025<\/a><\/p><\/div><\/div>\n<div class=\"col-md-12 col-sm-12 col-xs-12 pt-cv-content-item pt-cv-1-col\" ><div class='pt-cv-ifield'><p class=\"pt-cv-title\"><a href=\"https:\/\/lajes.rn.gov.br\/transparente\/index\/termo-de-adesao-no-006-2025-processo-no-417-2025\/\" class=\"_self\" target=\"_self\" >TERMO DE ADES\u00c3O N\u00ba 006\/2025 &#8211; PROCESSO N\u00ba 417\/2025<\/a><\/p><\/div><\/div>\n<div class=\"col-md-12 col-sm-12 col-xs-12 pt-cv-content-item pt-cv-1-col\" ><div class='pt-cv-ifield'><p class=\"pt-cv-title\"><a href=\"https:\/\/lajes.rn.gov.br\/transparente\/index\/termo-de-adesao-no-003-2025\/\" class=\"_self\" target=\"_self\" >TERMO DE ADES\u00c3O N\u00ba 003\/2025<\/a><\/p><\/div><\/div>\n<div class=\"col-md-12 col-sm-12 col-xs-12 pt-cv-content-item pt-cv-1-col\" ><div class='pt-cv-ifield'><p class=\"pt-cv-title\"><a href=\"https:\/\/lajes.rn.gov.br\/transparente\/index\/termo-de-adesao-no-005-2025-processo-no-329-2025\/\" class=\"_self\" target=\"_self\" >TERMO DE ADES\u00c3O N\u00ba 005\/2025 &#8211; PROCESSO N\u00ba 329\/2025<\/a><\/p><\/div><\/div>\n<div class=\"col-md-12 col-sm-12 col-xs-12 pt-cv-content-item pt-cv-1-col\" ><div class='pt-cv-ifield'><p class=\"pt-cv-title\"><a href=\"https:\/\/lajes.rn.gov.br\/transparente\/index\/termo-de-adesao-no-004-2025\/\" class=\"_self\" target=\"_self\" >TERMO DE ADES\u00c3O N\u00ba 004\/2025<\/a><\/p><\/div><\/div><\/div><\/div>\n<div class=\" pt-cv-pagination-wrapper\"><ul class=\"pt-cv-pagination pt-cv-ajax pagination\" data-totalpages=\"5\" data-currentpage=\"1\" data-sid=\"1dc39ccbg5\" data-unid=\"\" data-isblock=\"\" data-postid=\"\"><li class=\"active\"><a href=\"#\">1<\/a><\/li>\n\t<li ><a class=\"\" href=\"https:\/\/lajes.rn.gov.br\/transparente\/index\/wp-json\/wp\/v2\/pages\/295\/?_page=2\">2<\/a><\/li>\n\t<li ><a class=\"\" href=\"https:\/\/lajes.rn.gov.br\/transparente\/index\/wp-json\/wp\/v2\/pages\/295\/?_page=3\">3<\/a><\/li>\n\t<li ><a href=\"#\">&hellip;<\/a><\/li>\n\t<li ><a class=\"\" href=\"https:\/\/lajes.rn.gov.br\/transparente\/index\/wp-json\/wp\/v2\/pages\/295\/?_page=5\">5<\/a><\/li>\n\t<li ><a class=\" \" href=\"https:\/\/lajes.rn.gov.br\/transparente\/index\/wp-json\/wp\/v2\/pages\/295\/?_page=2\">&rsaquo;<\/a><\/li>\n\t<\/ul><img decoding=\"async\" width=\"15\" height=\"15\" class=\"pt-cv-spinner\" alt=\"Carregando...;\" src=\"data:image\/gif;base64,R0lGODlhDwAPALMPAMrKygwMDJOTkz09PZWVla+vr3p6euTk5M7OzuXl5TMzMwAAAJmZmWZmZszMzP\/\/\/yH\/C05FVFNDQVBFMi4wAwEAAAAh+QQFCgAPACwAAAAADwAPAAAEQvDJaZaZOIcV8iQK8VRX4iTYoAwZ4iCYoAjZ4RxejhVNoT+mRGP4cyF4Pp0N98sBGIBMEMOotl6YZ3S61Bmbkm4mAgAh+QQFCgAPACwAAAAADQANAAAENPDJSRSZeA418itN8QiK8BiLITVsFiyBBIoYqnoewAD4xPw9iY4XLGYSjkQR4UAUD45DLwIAIfkEBQoADwAsAAAAAA8ACQAABC\/wyVlamTi3nSdgwFNdhEJgTJoNyoB9ISYoQmdjiZPcj7EYCAeCF1gEDo4Dz2eIAAAh+QQFCgAPACwCAAAADQANAAAEM\/DJBxiYeLKdX3IJZT1FU0iIg2RNKx3OkZVnZ98ToRD4MyiDnkAh6BkNC0MvsAj0kMpHBAAh+QQFCgAPACwGAAAACQAPAAAEMDC59KpFDll73HkAA2wVY5KgiK5b0RRoI6MuzG6EQqCDMlSGheEhUAgqgUUAFRySIgAh+QQFCgAPACwCAAIADQANAAAEM\/DJKZNLND\/kkKaHc3xk+QAMYDKsiaqmZCxGVjSFFCxB1vwy2oOgIDxuucxAMTAJFAJNBAAh+QQFCgAPACwAAAYADwAJAAAEMNAs86q1yaWwwv2Ig0jUZx3OYa4XoRAfwADXoAwfo1+CIjyFRuEho60aSNYlOPxEAAAh+QQFCgAPACwAAAIADQANAAAENPA9s4y8+IUVcqaWJ4qEQozSoAzoIyhCK2NFU2SJk0hNnyEOhKR2AzAAj4Pj4GE4W0bkJQIAOw==\" \/><div class=\"clear pt-cv-clear-pagination\"><\/div><\/div><\/div>\n<div class=\"pt-cv-wrapper\"><div class=\"pt-cv-view pt-cv-grid pt-cv-colsys\" id=\"pt-cv-view-3f433e3e2q\"><div data-id=\"pt-cv-page-1\" class=\"pt-cv-page\" data-cvc=\"1\"><div class=\"col-md-12 col-sm-12 col-xs-12 pt-cv-content-item pt-cv-1-col\" ><div class='pt-cv-ifield'><p class=\"pt-cv-title\"><a href=\"https:\/\/lajes.rn.gov.br\/transparente\/index\/resultado-e-adjudicacao-do-pregao-eletronico-srp-no-033-2025-pml-rn\/\" class=\"_self\" target=\"_self\" >RESULTADO E ADJUDICA\u00c7\u00c3O DO PREG\u00c3O ELETR\u00d4NICO SRP N\u00ba 033\/2025 \u2013 PML\/RN<\/a><\/p><\/div><\/div>\n<div class=\"col-md-12 col-sm-12 col-xs-12 pt-cv-content-item pt-cv-1-col\" ><div class='pt-cv-ifield'><p class=\"pt-cv-title\"><a href=\"https:\/\/lajes.rn.gov.br\/transparente\/index\/resultado-e-adjudicacao-do-pregao-eletronico-srp-no-032-2025-pml-rn\/\" class=\"_self\" target=\"_self\" >RESULTADO E ADJUDICA\u00c7\u00c3O DO PREG\u00c3O ELETR\u00d4NICO SRP N\u00ba 032\/2025 \u2013 PML\/RN<\/a><\/p><\/div><\/div>\n<div class=\"col-md-12 col-sm-12 col-xs-12 pt-cv-content-item pt-cv-1-col\" ><div class='pt-cv-ifield'><p class=\"pt-cv-title\"><a href=\"https:\/\/lajes.rn.gov.br\/transparente\/index\/resultado-e-adjudicacao-do-pregao-eletronico-srp-no-031-2025-pml-rn\/\" class=\"_self\" target=\"_self\" >RESULTADO E ADJUDICA\u00c7\u00c3O DO PREG\u00c3O ELETR\u00d4NICO SRP N\u00ba 031\/2025 \u2013 PML\/RN<\/a><\/p><\/div><\/div>\n<div class=\"col-md-12 col-sm-12 col-xs-12 pt-cv-content-item pt-cv-1-col\" ><div class='pt-cv-ifield'><p class=\"pt-cv-title\"><a href=\"https:\/\/lajes.rn.gov.br\/transparente\/index\/resultado-e-adjudicacao-do-pregao-eletronico-srp-no-030-2025-pml-rn\/\" class=\"_self\" target=\"_self\" >RESULTADO E ADJUDICA\u00c7\u00c3O DO PREG\u00c3O ELETR\u00d4NICO SRP N\u00ba 030\/2025 \u2013 PML\/RN<\/a><\/p><\/div><\/div>\n<div class=\"col-md-12 col-sm-12 col-xs-12 pt-cv-content-item pt-cv-1-col\" ><div class='pt-cv-ifield'><p class=\"pt-cv-title\"><a href=\"https:\/\/lajes.rn.gov.br\/transparente\/index\/resultado-e-adjudicacao-do-pregao-eletronico-srp-no-029-2025-pml-rn\/\" class=\"_self\" target=\"_self\" >RESULTADO E ADJUDICA\u00c7\u00c3O DO PREG\u00c3O ELETR\u00d4NICO SRP N\u00ba 029\/2025 \u2013 PML\/RN<\/a><\/p><\/div><\/div>\n<div class=\"col-md-12 col-sm-12 col-xs-12 pt-cv-content-item pt-cv-1-col\" ><div class='pt-cv-ifield'><p class=\"pt-cv-title\"><a href=\"https:\/\/lajes.rn.gov.br\/transparente\/index\/resultado-e-adjudicacao-do-pregao-eletronico-srp-no-028-2025-pml-rn\/\" class=\"_self\" target=\"_self\" >RESULTADO E ADJUDICA\u00c7\u00c3O DO PREG\u00c3O ELETR\u00d4NICO SRP N\u00ba 028\/2025 \u2013 PML\/RN<\/a><\/p><\/div><\/div>\n<div class=\"col-md-12 col-sm-12 col-xs-12 pt-cv-content-item pt-cv-1-col\" ><div class='pt-cv-ifield'><p class=\"pt-cv-title\"><a href=\"https:\/\/lajes.rn.gov.br\/transparente\/index\/termo-de-adjudicacao-e-homologacao-da-dispensa-eletronica-no-51-2025\/\" class=\"_self\" target=\"_self\" >TERMO DE ADJUDICA\u00c7\u00c3O E HOMOLOGA\u00c7\u00c3O DA DISPENSA ELETR\u00d4NICA N\u00ba 51\/2025<\/a><\/p><\/div><\/div>\n<div class=\"col-md-12 col-sm-12 col-xs-12 pt-cv-content-item pt-cv-1-col\" ><div class='pt-cv-ifield'><p class=\"pt-cv-title\"><a href=\"https:\/\/lajes.rn.gov.br\/transparente\/index\/resultado-e-adjudicacao-do-pregao-eletronico-srp-no-020-2025-pml-rn-republicado-por-incorrecao\/\" class=\"_self\" target=\"_self\" >RESULTADO E ADJUDICA\u00c7\u00c3O DO PREG\u00c3O ELETR\u00d4NICO SRP N\u00ba 020\/2025 \u2013 PML\/RN *REPUBLICADO POR INCORRE\u00c7\u00c3O<\/a><\/p><\/div><\/div>\n<div class=\"col-md-12 col-sm-12 col-xs-12 pt-cv-content-item pt-cv-1-col\" ><div class='pt-cv-ifield'><p class=\"pt-cv-title\"><a href=\"https:\/\/lajes.rn.gov.br\/transparente\/index\/resultado-e-adjudicacao-do-pregao-eletronico-srp-no-020-2025-pml-rn\/\" class=\"_self\" target=\"_self\" >RESULTADO E ADJUDICA\u00c7\u00c3O DO PREG\u00c3O ELETR\u00d4NICO SRP N\u00ba 020\/2025 \u2013 PML\/RN<\/a><\/p><\/div><\/div>\n<div class=\"col-md-12 col-sm-12 col-xs-12 pt-cv-content-item pt-cv-1-col\" ><div class='pt-cv-ifield'><p class=\"pt-cv-title\"><a href=\"https:\/\/lajes.rn.gov.br\/transparente\/index\/termo-de-inexigibilidade-de-licitacao-no-34-2025\/\" class=\"_self\" target=\"_self\" >TERMO DE INEXIGIBILIDADE DE LICITA\u00c7\u00c3O N\u00ba 34\/2025<\/a><\/p><\/div><\/div>\n<div class=\"col-md-12 col-sm-12 col-xs-12 pt-cv-content-item pt-cv-1-col\" ><div class='pt-cv-ifield'><p class=\"pt-cv-title\"><a href=\"https:\/\/lajes.rn.gov.br\/transparente\/index\/termo-de-adjudicacao-e-homologacao-da-dispensa-eletronica-no-48-2025\/\" class=\"_self\" target=\"_self\" >TERMO DE ADJUDICA\u00c7\u00c3O E HOMOLOGA\u00c7\u00c3O DA DISPENSA ELETR\u00d4NICA N\u00ba 48\/2025<\/a><\/p><\/div><\/div>\n<div class=\"col-md-12 col-sm-12 col-xs-12 pt-cv-content-item pt-cv-1-col\" ><div class='pt-cv-ifield'><p class=\"pt-cv-title\"><a href=\"https:\/\/lajes.rn.gov.br\/transparente\/index\/termo-de-adjudicacao-e-homologacao-da-concorrencia-eletronica-no-001-2025\/\" class=\"_self\" target=\"_self\" >TERMO DE ADJUDICA\u00c7\u00c3O E HOMOLOGA\u00c7\u00c3O DA CONCORR\u00caNCIA ELETR\u00d4NICA N\u00ba 001\/2025<\/a><\/p><\/div><\/div>\n<div class=\"col-md-12 col-sm-12 col-xs-12 pt-cv-content-item pt-cv-1-col\" ><div class='pt-cv-ifield'><p class=\"pt-cv-title\"><a href=\"https:\/\/lajes.rn.gov.br\/transparente\/index\/resultado-e-adjudicacao-do-pregao-eletronico-srp-no-025-2025-pml-rn\/\" class=\"_self\" target=\"_self\" >RESULTADO E ADJUDICA\u00c7\u00c3O DO PREG\u00c3O ELETR\u00d4NICO SRP N\u00ba 025\/2025 \u2013 PML\/RN<\/a><\/p><\/div><\/div>\n<div class=\"col-md-12 col-sm-12 col-xs-12 pt-cv-content-item pt-cv-1-col\" ><div class='pt-cv-ifield'><p class=\"pt-cv-title\"><a href=\"https:\/\/lajes.rn.gov.br\/transparente\/index\/resultado-e-adjudicacao-do-pregao-eletronico-no-024-2025-pml-rn\/\" class=\"_self\" target=\"_self\" >RESULTADO E ADJUDICA\u00c7\u00c3O DO PREG\u00c3O ELETR\u00d4NICO N\u00ba 024\/2025 \u2013 PML\/RN<\/a><\/p><\/div><\/div>\n<div class=\"col-md-12 col-sm-12 col-xs-12 pt-cv-content-item pt-cv-1-col\" ><div class='pt-cv-ifield'><p class=\"pt-cv-title\"><a href=\"https:\/\/lajes.rn.gov.br\/transparente\/index\/resultado-e-adjudicacao-do-pregao-eletronico-srp-no-022-2025-pml-rn\/\" class=\"_self\" target=\"_self\" >RESULTADO E ADJUDICA\u00c7\u00c3O DO PREG\u00c3O ELETR\u00d4NICO SRP N\u00ba 022\/2025 \u2013 PML\/RN<\/a><\/p><\/div><\/div><\/div><\/div>\n<div class=\" pt-cv-pagination-wrapper\"><ul class=\"pt-cv-pagination pt-cv-ajax pagination\" data-totalpages=\"16\" data-currentpage=\"1\" data-sid=\"3f433e3e2q\" data-unid=\"\" data-isblock=\"\" data-postid=\"\"><li class=\"active\"><a href=\"#\">1<\/a><\/li>\n\t<li ><a class=\"\" href=\"https:\/\/lajes.rn.gov.br\/transparente\/index\/wp-json\/wp\/v2\/pages\/295\/?_page=2\">2<\/a><\/li>\n\t<li ><a class=\"\" href=\"https:\/\/lajes.rn.gov.br\/transparente\/index\/wp-json\/wp\/v2\/pages\/295\/?_page=3\">3<\/a><\/li>\n\t<li ><a href=\"#\">&hellip;<\/a><\/li>\n\t<li ><a class=\"\" href=\"https:\/\/lajes.rn.gov.br\/transparente\/index\/wp-json\/wp\/v2\/pages\/295\/?_page=16\">16<\/a><\/li>\n\t<li ><a class=\" \" href=\"https:\/\/lajes.rn.gov.br\/transparente\/index\/wp-json\/wp\/v2\/pages\/295\/?_page=2\">&rsaquo;<\/a><\/li>\n\t<\/ul><img decoding=\"async\" width=\"15\" height=\"15\" class=\"pt-cv-spinner\" alt=\"Carregando...;\" src=\"data:image\/gif;base64,R0lGODlhDwAPALMPAMrKygwMDJOTkz09PZWVla+vr3p6euTk5M7OzuXl5TMzMwAAAJmZmWZmZszMzP\/\/\/yH\/C05FVFNDQVBFMi4wAwEAAAAh+QQFCgAPACwAAAAADwAPAAAEQvDJaZaZOIcV8iQK8VRX4iTYoAwZ4iCYoAjZ4RxejhVNoT+mRGP4cyF4Pp0N98sBGIBMEMOotl6YZ3S61Bmbkm4mAgAh+QQFCgAPACwAAAAADQANAAAENPDJSRSZeA418itN8QiK8BiLITVsFiyBBIoYqnoewAD4xPw9iY4XLGYSjkQR4UAUD45DLwIAIfkEBQoADwAsAAAAAA8ACQAABC\/wyVlamTi3nSdgwFNdhEJgTJoNyoB9ISYoQmdjiZPcj7EYCAeCF1gEDo4Dz2eIAAAh+QQFCgAPACwCAAAADQANAAAEM\/DJBxiYeLKdX3IJZT1FU0iIg2RNKx3OkZVnZ98ToRD4MyiDnkAh6BkNC0MvsAj0kMpHBAAh+QQFCgAPACwGAAAACQAPAAAEMDC59KpFDll73HkAA2wVY5KgiK5b0RRoI6MuzG6EQqCDMlSGheEhUAgqgUUAFRySIgAh+QQFCgAPACwCAAIADQANAAAEM\/DJKZNLND\/kkKaHc3xk+QAMYDKsiaqmZCxGVjSFFCxB1vwy2oOgIDxuucxAMTAJFAJNBAAh+QQFCgAPACwAAAYADwAJAAAEMNAs86q1yaWwwv2Ig0jUZx3OYa4XoRAfwADXoAwfo1+CIjyFRuEho60aSNYlOPxEAAAh+QQFCgAPACwAAAIADQANAAAENPA9s4y8+IUVcqaWJ4qEQozSoAzoIyhCK2NFU2SJk0hNnyEOhKR2AzAAj4Pj4GE4W0bkJQIAOw==\" \/><div class=\"clear pt-cv-clear-pagination\"><\/div><\/div><\/div>\n<div class=\"pt-cv-wrapper\"><div class=\"pt-cv-view pt-cv-grid pt-cv-colsys\" id=\"pt-cv-view-568f1866hx\"><div data-id=\"pt-cv-page-1\" class=\"pt-cv-page\" data-cvc=\"1\"><div class=\"col-md-12 col-sm-12 col-xs-12 pt-cv-content-item pt-cv-1-col\" ><div class='pt-cv-ifield'><p class=\"pt-cv-title\"><a href=\"https:\/\/lajes.rn.gov.br\/transparente\/index\/termo-de-inexigibilidade-de-licitacao-no-23-2026-republicado-por-incorrecao\/\" class=\"_self\" target=\"_self\" >TERMO DE INEXIGIBILIDADE DE LICITA\u00c7\u00c3O N\u00ba 23\/2026 *REPUBLICADO POR INCORRE\u00c7\u00c3O<\/a><\/p><\/div><\/div>\n<div class=\"col-md-12 col-sm-12 col-xs-12 pt-cv-content-item pt-cv-1-col\" ><div class='pt-cv-ifield'><p class=\"pt-cv-title\"><a href=\"https:\/\/lajes.rn.gov.br\/transparente\/index\/termo-de-inexigibilidade-de-licitacao-no-22-2026\/\" class=\"_self\" target=\"_self\" >TERMO DE INEXIGIBILIDADE DE LICITA\u00c7\u00c3O N\u00ba 22\/2026<\/a><\/p><\/div><\/div>\n<div class=\"col-md-12 col-sm-12 col-xs-12 pt-cv-content-item pt-cv-1-col\" ><div class='pt-cv-ifield'><p class=\"pt-cv-title\"><a href=\"https:\/\/lajes.rn.gov.br\/transparente\/index\/termo-de-inexigibilidade-de-licitacao-no-21-2026\/\" class=\"_self\" target=\"_self\" >TERMO DE INEXIGIBILIDADE DE LICITA\u00c7\u00c3O N\u00ba 21\/2026<\/a><\/p><\/div><\/div>\n<div class=\"col-md-12 col-sm-12 col-xs-12 pt-cv-content-item pt-cv-1-col\" ><div class='pt-cv-ifield'><p class=\"pt-cv-title\"><a href=\"https:\/\/lajes.rn.gov.br\/transparente\/index\/termo-de-inexigibilidade-de-licitacao-no-19-2026\/\" class=\"_self\" target=\"_self\" >TERMO DE INEXIGIBILIDADE DE LICITA\u00c7\u00c3O N\u00ba 19\/2026<\/a><\/p><\/div><\/div>\n<div class=\"col-md-12 col-sm-12 col-xs-12 pt-cv-content-item pt-cv-1-col\" ><div class='pt-cv-ifield'><p class=\"pt-cv-title\"><a href=\"https:\/\/lajes.rn.gov.br\/transparente\/index\/termo-de-inexigibilidade-de-licitacao-no-20-2026\/\" class=\"_self\" target=\"_self\" >TERMO DE INEXIGIBILIDADE DE LICITA\u00c7\u00c3O N\u00ba 20\/2026<\/a><\/p><\/div><\/div>\n<div class=\"col-md-12 col-sm-12 col-xs-12 pt-cv-content-item pt-cv-1-col\" ><div class='pt-cv-ifield'><p class=\"pt-cv-title\"><a href=\"https:\/\/lajes.rn.gov.br\/transparente\/index\/termo-de-inexigibilidade-de-licitacao-no-17-2026\/\" class=\"_self\" target=\"_self\" >TERMO DE INEXIGIBILIDADE DE LICITA\u00c7\u00c3O N\u00ba 17\/2026<\/a><\/p><\/div><\/div>\n<div class=\"col-md-12 col-sm-12 col-xs-12 pt-cv-content-item pt-cv-1-col\" ><div class='pt-cv-ifield'><p class=\"pt-cv-title\"><a href=\"https:\/\/lajes.rn.gov.br\/transparente\/index\/termo-de-inexigibilidade-de-licitacao-no-18-2026\/\" class=\"_self\" target=\"_self\" >TERMO DE INEXIGIBILIDADE DE LICITA\u00c7\u00c3O N\u00ba 18\/2026<\/a><\/p><\/div><\/div>\n<div class=\"col-md-12 col-sm-12 col-xs-12 pt-cv-content-item pt-cv-1-col\" ><div class='pt-cv-ifield'><p class=\"pt-cv-title\"><a href=\"https:\/\/lajes.rn.gov.br\/transparente\/index\/termo-de-inexigibilidade-de-licitacao-no-01-2026-prevlajes\/\" class=\"_self\" target=\"_self\" >TERMO DE INEXIGIBILIDADE DE LICITA\u00c7\u00c3O N\u00ba 01\/2026 &#8211; PREVLAJES<\/a><\/p><\/div><\/div>\n<div class=\"col-md-12 col-sm-12 col-xs-12 pt-cv-content-item pt-cv-1-col\" ><div class='pt-cv-ifield'><p class=\"pt-cv-title\"><a href=\"https:\/\/lajes.rn.gov.br\/transparente\/index\/termo-de-inexigibilidade-de-licitacao-no-16-2026\/\" class=\"_self\" target=\"_self\" >TERMO DE INEXIGIBILIDADE DE LICITA\u00c7\u00c3O N\u00ba 16\/2026<\/a><\/p><\/div><\/div>\n<div class=\"col-md-12 col-sm-12 col-xs-12 pt-cv-content-item pt-cv-1-col\" ><div class='pt-cv-ifield'><p class=\"pt-cv-title\"><a href=\"https:\/\/lajes.rn.gov.br\/transparente\/index\/termo-de-inexigibilidade-de-licitacao-no-5-2026-2\/\" class=\"_self\" target=\"_self\" >TERMO DE INEXIGIBILIDADE DE LICITA\u00c7\u00c3O N\u00ba 5\/2026*<\/a><\/p><\/div><\/div>\n<div class=\"col-md-12 col-sm-12 col-xs-12 pt-cv-content-item pt-cv-1-col\" ><div class='pt-cv-ifield'><p class=\"pt-cv-title\"><a href=\"https:\/\/lajes.rn.gov.br\/transparente\/index\/termo-de-inexigibilidade-de-licitacao-no-14-2026\/\" class=\"_self\" target=\"_self\" >TERMO DE INEXIGIBILIDADE DE LICITA\u00c7\u00c3O N\u00ba 14\/2026<\/a><\/p><\/div><\/div>\n<div class=\"col-md-12 col-sm-12 col-xs-12 pt-cv-content-item pt-cv-1-col\" ><div class='pt-cv-ifield'><p class=\"pt-cv-title\"><a href=\"https:\/\/lajes.rn.gov.br\/transparente\/index\/termo-de-inexigibilidade-de-licitacao-no-5-2026\/\" class=\"_self\" target=\"_self\" >TERMO DE INEXIGIBILIDADE DE LICITA\u00c7\u00c3O N\u00ba 5\/2026<\/a><\/p><\/div><\/div>\n<div class=\"col-md-12 col-sm-12 col-xs-12 pt-cv-content-item pt-cv-1-col\" ><div class='pt-cv-ifield'><p class=\"pt-cv-title\"><a href=\"https:\/\/lajes.rn.gov.br\/transparente\/index\/termo-de-inexigibilidade-de-licitacao-no-10-2026\/\" class=\"_self\" target=\"_self\" >TERMO DE INEXIGIBILIDADE DE LICITA\u00c7\u00c3O N\u00ba 10\/2026<\/a><\/p><\/div><\/div>\n<div class=\"col-md-12 col-sm-12 col-xs-12 pt-cv-content-item pt-cv-1-col\" ><div class='pt-cv-ifield'><p class=\"pt-cv-title\"><a href=\"https:\/\/lajes.rn.gov.br\/transparente\/index\/termo-de-inexigibilidade-de-licitacao-no-2-2026\/\" class=\"_self\" target=\"_self\" >TERMO DE INEXIGIBILIDADE DE LICITA\u00c7\u00c3O N\u00ba 2\/2026<\/a><\/p><\/div><\/div>\n<div class=\"col-md-12 col-sm-12 col-xs-12 pt-cv-content-item pt-cv-1-col\" ><div class='pt-cv-ifield'><p class=\"pt-cv-title\"><a href=\"https:\/\/lajes.rn.gov.br\/transparente\/index\/termo-de-inexigibilidade-de-licitacao-no-9-2026\/\" class=\"_self\" target=\"_self\" >TERMO DE INEXIGIBILIDADE DE LICITA\u00c7\u00c3O N\u00ba 9\/2026<\/a><\/p><\/div><\/div><\/div><\/div>\n<div class=\" pt-cv-pagination-wrapper\"><ul class=\"pt-cv-pagination pt-cv-ajax pagination\" data-totalpages=\"10\" data-currentpage=\"1\" data-sid=\"568f1866hx\" data-unid=\"\" data-isblock=\"\" data-postid=\"\"><li class=\"active\"><a href=\"#\">1<\/a><\/li>\n\t<li ><a class=\"\" href=\"https:\/\/lajes.rn.gov.br\/transparente\/index\/wp-json\/wp\/v2\/pages\/295\/?_page=2\">2<\/a><\/li>\n\t<li ><a class=\"\" href=\"https:\/\/lajes.rn.gov.br\/transparente\/index\/wp-json\/wp\/v2\/pages\/295\/?_page=3\">3<\/a><\/li>\n\t<li ><a href=\"#\">&hellip;<\/a><\/li>\n\t<li ><a class=\"\" href=\"https:\/\/lajes.rn.gov.br\/transparente\/index\/wp-json\/wp\/v2\/pages\/295\/?_page=10\">10<\/a><\/li>\n\t<li ><a class=\" \" href=\"https:\/\/lajes.rn.gov.br\/transparente\/index\/wp-json\/wp\/v2\/pages\/295\/?_page=2\">&rsaquo;<\/a><\/li>\n\t<\/ul><img decoding=\"async\" width=\"15\" height=\"15\" class=\"pt-cv-spinner\" alt=\"Carregando...;\" src=\"data:image\/gif;base64,R0lGODlhDwAPALMPAMrKygwMDJOTkz09PZWVla+vr3p6euTk5M7OzuXl5TMzMwAAAJmZmWZmZszMzP\/\/\/yH\/C05FVFNDQVBFMi4wAwEAAAAh+QQFCgAPACwAAAAADwAPAAAEQvDJaZaZOIcV8iQK8VRX4iTYoAwZ4iCYoAjZ4RxejhVNoT+mRGP4cyF4Pp0N98sBGIBMEMOotl6YZ3S61Bmbkm4mAgAh+QQFCgAPACwAAAAADQANAAAENPDJSRSZeA418itN8QiK8BiLITVsFiyBBIoYqnoewAD4xPw9iY4XLGYSjkQR4UAUD45DLwIAIfkEBQoADwAsAAAAAA8ACQAABC\/wyVlamTi3nSdgwFNdhEJgTJoNyoB9ISYoQmdjiZPcj7EYCAeCF1gEDo4Dz2eIAAAh+QQFCgAPACwCAAAADQANAAAEM\/DJBxiYeLKdX3IJZT1FU0iIg2RNKx3OkZVnZ98ToRD4MyiDnkAh6BkNC0MvsAj0kMpHBAAh+QQFCgAPACwGAAAACQAPAAAEMDC59KpFDll73HkAA2wVY5KgiK5b0RRoI6MuzG6EQqCDMlSGheEhUAgqgUUAFRySIgAh+QQFCgAPACwCAAIADQANAAAEM\/DJKZNLND\/kkKaHc3xk+QAMYDKsiaqmZCxGVjSFFCxB1vwy2oOgIDxuucxAMTAJFAJNBAAh+QQFCgAPACwAAAYADwAJAAAEMNAs86q1yaWwwv2Ig0jUZx3OYa4XoRAfwADXoAwfo1+CIjyFRuEho60aSNYlOPxEAAAh+QQFCgAPACwAAAIADQANAAAENPA9s4y8+IUVcqaWJ4qEQozSoAzoIyhCK2NFU2SJk0hNnyEOhKR2AzAAj4Pj4GE4W0bkJQIAOw==\" \/><div class=\"clear pt-cv-clear-pagination\"><\/div><\/div><\/div>\n<div class=\"pt-cv-wrapper\"><div class=\"pt-cv-view pt-cv-grid pt-cv-colsys\" id=\"pt-cv-view-804a629blg\"><div data-id=\"pt-cv-page-1\" class=\"pt-cv-page\" data-cvc=\"1\"><div class=\"col-md-12 col-sm-12 col-xs-12 pt-cv-content-item pt-cv-1-col\" ><div class='pt-cv-ifield'><p class=\"pt-cv-title\"><a href=\"https:\/\/lajes.rn.gov.br\/transparente\/index\/termo-de-retificacao-da-ata-de-registro-de-precos-no-019-2023\/\" class=\"_self\" target=\"_self\" >TERMO DE RETIFICA\u00c7\u00c3O DA ATA DE REGISTRO DE PRE\u00c7OS N\u00ba 019\/2023<\/a><\/p><\/div><\/div><\/div><\/div><\/div>\n<div class=\"pt-cv-wrapper\"><div class=\"pt-cv-view pt-cv-grid pt-cv-colsys\" id=\"pt-cv-view-745ed19y2u\"><div data-id=\"pt-cv-page-1\" class=\"pt-cv-page\" data-cvc=\"1\"><div class=\"col-md-12 col-sm-12 col-xs-12 pt-cv-content-item pt-cv-1-col\" ><div class='pt-cv-ifield'><p class=\"pt-cv-title\"><a href=\"https:\/\/lajes.rn.gov.br\/transparente\/index\/termo-de-homologacao-e-adjudicacao-da-tomada-de-precos-no-06-2023\/\" class=\"_self\" target=\"_self\" >TERMO DE HOMOLOGA\u00c7\u00c3O E ADJUDICA\u00c7\u00c3O DA TOMADA DE PRE\u00c7OS N\u00ba 06\/2023<\/a><\/p><\/div><\/div>\n<div class=\"col-md-12 col-sm-12 col-xs-12 pt-cv-content-item pt-cv-1-col\" ><div class='pt-cv-ifield'><p class=\"pt-cv-title\"><a href=\"https:\/\/lajes.rn.gov.br\/transparente\/index\/tomada-de-precos-no-06-2023-convocacao-para-assinatura-de-contrato\/\" class=\"_self\" target=\"_self\" >TOMADA DE PRE\u00c7OS N\u00ba 06\/2023 &#8211; CONVOCA\u00c7\u00c3O PARA ASSINATURA DE CONTRATO<\/a><\/p><\/div><\/div>\n<div class=\"col-md-12 col-sm-12 col-xs-12 pt-cv-content-item pt-cv-1-col\" ><div class='pt-cv-ifield'><p class=\"pt-cv-title\"><a href=\"https:\/\/lajes.rn.gov.br\/transparente\/index\/tomada-de-precos-no-006-2023-resultado-do-julgamento-das-propostas\/\" class=\"_self\" target=\"_self\" >TOMADA DE PRE\u00c7OS N\u00ba 006\/2023 &#8211; resultado do julgamento das propostas<\/a><\/p><\/div><\/div>\n<div class=\"col-md-12 col-sm-12 col-xs-12 pt-cv-content-item pt-cv-1-col\" ><div class='pt-cv-ifield'><p class=\"pt-cv-title\"><a href=\"https:\/\/lajes.rn.gov.br\/transparente\/index\/convocacao-para-assinatura-de-contrato-tomada-de-precos-no-05-2023\/\" class=\"_self\" target=\"_self\" >CONVOCA\u00c7\u00c3O PARA ASSINATURA DE CONTRATO &#8211; TOMADA DE PRE\u00c7OS N\u00ba 05\/2023<\/a><\/p><\/div><\/div>\n<div class=\"col-md-12 col-sm-12 col-xs-12 pt-cv-content-item pt-cv-1-col\" ><div class='pt-cv-ifield'><p class=\"pt-cv-title\"><a href=\"https:\/\/lajes.rn.gov.br\/transparente\/index\/termo-de-homologacao-e-adjudicacao-da-tomada-de-precos-no-05-2023\/\" class=\"_self\" target=\"_self\" >TERMO DE HOMOLOGA\u00c7\u00c3O E ADJUDICA\u00c7\u00c3O DA TOMADA DE PRE\u00c7OS N\u00ba 05\/2023<\/a><\/p><\/div><\/div>\n<div class=\"col-md-12 col-sm-12 col-xs-12 pt-cv-content-item pt-cv-1-col\" ><div class='pt-cv-ifield'><p class=\"pt-cv-title\"><a href=\"https:\/\/lajes.rn.gov.br\/transparente\/index\/tomada-de-precos-no-006-2023\/\" class=\"_self\" target=\"_self\" >TOMADA DE PRE\u00c7OS N\u00ba 006\/2023 &#8211; LICITANTE HABILITADA<\/a><\/p><\/div><\/div>\n<div class=\"col-md-12 col-sm-12 col-xs-12 pt-cv-content-item pt-cv-1-col\" ><div class='pt-cv-ifield'><p class=\"pt-cv-title\"><a href=\"https:\/\/lajes.rn.gov.br\/transparente\/index\/aviso-de-abertura-de-proposta-precos-da-tomada-de-precos-no-004-2023\/\" class=\"_self\" target=\"_self\" >AVISO DE ABERTURA DE PROPOSTA PRE\u00c7OS DA TOMADA DE PRE\u00c7OS N\u00ba 004\/2023<\/a><\/p><\/div><\/div>\n<div class=\"col-md-12 col-sm-12 col-xs-12 pt-cv-content-item pt-cv-1-col\" ><div class='pt-cv-ifield'><p class=\"pt-cv-title\"><a href=\"https:\/\/lajes.rn.gov.br\/transparente\/index\/julgamento-de-recurso-administrativo-tomada-de-precos-04-2023\/\" class=\"_self\" target=\"_self\" >JULGAMENTO DE RECURSO ADMINISTRATIVO &#8211; TOMADA DE PRE\u00c7OS 04\/2023<\/a><\/p><\/div><\/div>\n<div class=\"col-md-12 col-sm-12 col-xs-12 pt-cv-content-item pt-cv-1-col\" ><div class='pt-cv-ifield'><p class=\"pt-cv-title\"><a href=\"https:\/\/lajes.rn.gov.br\/transparente\/index\/aviso-de-resultado-de-licitacao-da-tomada-de-precos-no-05-2023\/\" class=\"_self\" target=\"_self\" >AVISO DE RESULTADO DE LICITA\u00c7\u00c3O DA TOMADA DE PRE\u00c7OS N\u00ba 05\/2023<\/a><\/p><\/div><\/div>\n<div class=\"col-md-12 col-sm-12 col-xs-12 pt-cv-content-item pt-cv-1-col\" ><div class='pt-cv-ifield'><p class=\"pt-cv-title\"><a href=\"https:\/\/lajes.rn.gov.br\/transparente\/index\/1a-notificacao-001-2023-dep-de-engenharia\/\" class=\"_self\" target=\"_self\" >1\u00aa NOTIFICA\u00c7\u00c3O &#8211; 001\/2023 \u2013 Tomada de Pre\u00e7os n\u00ba\u00a009\/2022<\/a><\/p><\/div><\/div>\n<div class=\"col-md-12 col-sm-12 col-xs-12 pt-cv-content-item pt-cv-1-col\" ><div class='pt-cv-ifield'><p class=\"pt-cv-title\"><a href=\"https:\/\/lajes.rn.gov.br\/transparente\/index\/aviso-de-abertura-de-proposta-precos-da-tomada-de-precos-no-005-2023\/\" class=\"_self\" target=\"_self\" >AVISO DE ABERTURA DE PROPOSTA PRE\u00c7OS DA TOMADA DE PRE\u00c7OS N\u00ba 005\/2023<\/a><\/p><\/div><\/div>\n<div class=\"col-md-12 col-sm-12 col-xs-12 pt-cv-content-item pt-cv-1-col\" ><div class='pt-cv-ifield'><p class=\"pt-cv-title\"><a href=\"https:\/\/lajes.rn.gov.br\/transparente\/index\/aviso-de-abertura-de-proposta-precos-da-tomada-de-precos-no-003-2023\/\" class=\"_self\" target=\"_self\" >AVISO DE ABERTURA DE PROPOSTA PRE\u00c7OS DA TOMADA DE PRE\u00c7OS N\u00ba 003\/2023<\/a><\/p><\/div><\/div>\n<div class=\"col-md-12 col-sm-12 col-xs-12 pt-cv-content-item pt-cv-1-col\" ><div class='pt-cv-ifield'><p class=\"pt-cv-title\"><a href=\"https:\/\/lajes.rn.gov.br\/transparente\/index\/aviso-de-interposicao-de-recurso-administrativo-tomada-de-precos-no-004-2023\/\" class=\"_self\" target=\"_self\" >AVISO DE INTERPOSI\u00c7\u00c3O DE RECURSO ADMINISTRATIVO &#8211; TOMADA DE PRE\u00c7OS N\u00ba 004\/2023<\/a><\/p><\/div><\/div>\n<div class=\"col-md-12 col-sm-12 col-xs-12 pt-cv-content-item pt-cv-1-col\" ><div class='pt-cv-ifield'><p class=\"pt-cv-title\"><a href=\"https:\/\/lajes.rn.gov.br\/transparente\/index\/tomada-de-precos-no-004-2023\/\" class=\"_self\" target=\"_self\" >TOMADA DE PRE\u00c7OS N\u00ba 004\/2023<\/a><\/p><\/div><\/div>\n<div class=\"col-md-12 col-sm-12 col-xs-12 pt-cv-content-item pt-cv-1-col\" ><div class='pt-cv-ifield'><p class=\"pt-cv-title\"><a href=\"https:\/\/lajes.rn.gov.br\/transparente\/index\/resposta-a-recurso-administrativo-tomada-de-precos-no003-2023\/\" class=\"_self\" target=\"_self\" >RESPOSTA A RECURSO ADMINISTRATIVO &#8211; TOMADA DE PRE\u00c7OS N\u00ba003\/2023<\/a><\/p><\/div><\/div><\/div><\/div>\n<div class=\" pt-cv-pagination-wrapper\"><ul class=\"pt-cv-pagination pt-cv-ajax pagination\" data-totalpages=\"7\" data-currentpage=\"1\" data-sid=\"745ed19y2u\" data-unid=\"\" data-isblock=\"\" data-postid=\"\"><li class=\"active\"><a href=\"#\">1<\/a><\/li>\n\t<li ><a class=\"\" href=\"https:\/\/lajes.rn.gov.br\/transparente\/index\/wp-json\/wp\/v2\/pages\/295\/?_page=2\">2<\/a><\/li>\n\t<li ><a class=\"\" href=\"https:\/\/lajes.rn.gov.br\/transparente\/index\/wp-json\/wp\/v2\/pages\/295\/?_page=3\">3<\/a><\/li>\n\t<li ><a href=\"#\">&hellip;<\/a><\/li>\n\t<li ><a class=\"\" href=\"https:\/\/lajes.rn.gov.br\/transparente\/index\/wp-json\/wp\/v2\/pages\/295\/?_page=7\">7<\/a><\/li>\n\t<li ><a class=\" \" href=\"https:\/\/lajes.rn.gov.br\/transparente\/index\/wp-json\/wp\/v2\/pages\/295\/?_page=2\">&rsaquo;<\/a><\/li>\n\t<\/ul><img decoding=\"async\" width=\"15\" height=\"15\" class=\"pt-cv-spinner\" alt=\"Carregando...;\" src=\"data:image\/gif;base64,R0lGODlhDwAPALMPAMrKygwMDJOTkz09PZWVla+vr3p6euTk5M7OzuXl5TMzMwAAAJmZmWZmZszMzP\/\/\/yH\/C05FVFNDQVBFMi4wAwEAAAAh+QQFCgAPACwAAAAADwAPAAAEQvDJaZaZOIcV8iQK8VRX4iTYoAwZ4iCYoAjZ4RxejhVNoT+mRGP4cyF4Pp0N98sBGIBMEMOotl6YZ3S61Bmbkm4mAgAh+QQFCgAPACwAAAAADQANAAAENPDJSRSZeA418itN8QiK8BiLITVsFiyBBIoYqnoewAD4xPw9iY4XLGYSjkQR4UAUD45DLwIAIfkEBQoADwAsAAAAAA8ACQAABC\/wyVlamTi3nSdgwFNdhEJgTJoNyoB9ISYoQmdjiZPcj7EYCAeCF1gEDo4Dz2eIAAAh+QQFCgAPACwCAAAADQANAAAEM\/DJBxiYeLKdX3IJZT1FU0iIg2RNKx3OkZVnZ98ToRD4MyiDnkAh6BkNC0MvsAj0kMpHBAAh+QQFCgAPACwGAAAACQAPAAAEMDC59KpFDll73HkAA2wVY5KgiK5b0RRoI6MuzG6EQqCDMlSGheEhUAgqgUUAFRySIgAh+QQFCgAPACwCAAIADQANAAAEM\/DJKZNLND\/kkKaHc3xk+QAMYDKsiaqmZCxGVjSFFCxB1vwy2oOgIDxuucxAMTAJFAJNBAAh+QQFCgAPACwAAAYADwAJAAAEMNAs86q1yaWwwv2Ig0jUZx3OYa4XoRAfwADXoAwfo1+CIjyFRuEho60aSNYlOPxEAAAh+QQFCgAPACwAAAIADQANAAAENPA9s4y8+IUVcqaWJ4qEQozSoAzoIyhCK2NFU2SJk0hNnyEOhKR2AzAAj4Pj4GE4W0bkJQIAOw==\" \/><div class=\"clear pt-cv-clear-pagination\"><\/div><\/div><\/div>\n","protected":false},"excerpt":{"rendered":"<p>|\u00a0XML\u2193\u00a0| \u00a0CSV\u2193\u00a0| PDF\u2193\u00a0\u00a0| IMPRIMIR\u2193\u00a0\u00a0| &nbsp;<\/p>\n","protected":false},"author":3,"featured_media":0,"parent":0,"menu_order":0,"comment_status":"closed","ping_status":"closed","template":"","meta":{"ocean_post_layout":"","ocean_both_sidebars_style":"","ocean_both_sidebars_content_width":0,"ocean_both_sidebars_sidebars_width":0,"ocean_sidebar":"0","ocean_second_sidebar":"0","ocean_disable_margins":"enable","ocean_add_body_class":"","ocean_shortcode_before_top_bar":"","ocean_shortcode_after_top_bar":"","ocean_shortcode_before_header":"","ocean_shortcode_after_header":"","ocean_has_shortcode":"","ocean_shortcode_after_title":"","ocean_shortcode_before_footer_widgets":"","ocean_shortcode_after_footer_widgets":"","ocean_shortcode_before_footer_bottom":"","ocean_shortcode_after_footer_bottom":"","ocean_display_top_bar":"default","ocean_display_header":"default","ocean_header_style":"","ocean_center_header_left_menu":"0","ocean_custom_header_template":"0","ocean_custom_logo":0,"ocean_custom_retina_logo":0,"ocean_custom_logo_max_width":0,"ocean_custom_logo_tablet_max_width":0,"ocean_custom_logo_mobile_max_width":0,"ocean_custom_logo_max_height":0,"ocean_custom_logo_tablet_max_height":0,"ocean_custom_logo_mobile_max_height":0,"ocean_header_custom_menu":"0","ocean_menu_typo_font_family":"0","ocean_menu_typo_font_subset":"","ocean_menu_typo_font_size":0,"ocean_menu_typo_font_size_tablet":0,"ocean_menu_typo_font_size_mobile":0,"ocean_menu_typo_font_size_unit":"px","ocean_menu_typo_font_weight":"","ocean_menu_typo_font_weight_tablet":"","ocean_menu_typo_font_weight_mobile":"","ocean_menu_typo_transform":"","ocean_menu_typo_transform_tablet":"","ocean_menu_typo_transform_mobile":"","ocean_menu_typo_line_height":0,"ocean_menu_typo_line_height_tablet":0,"ocean_menu_typo_line_height_mobile":0,"ocean_menu_typo_line_height_unit":"","ocean_menu_typo_spacing":0,"ocean_menu_typo_spacing_tablet":0,"ocean_menu_typo_spacing_mobile":0,"ocean_menu_typo_spacing_unit":"","ocean_menu_link_color":"","ocean_menu_link_color_hover":"","ocean_menu_link_color_active":"","ocean_menu_link_background":"","ocean_menu_link_hover_background":"","ocean_menu_link_active_background":"","ocean_menu_social_links_bg":"","ocean_menu_social_hover_links_bg":"","ocean_menu_social_links_color":"","ocean_menu_social_hover_links_color":"","ocean_disable_title":"default","ocean_disable_heading":"default","ocean_post_title":"","ocean_post_subheading":"","ocean_post_title_style":"","ocean_post_title_background_color":"","ocean_post_title_background":0,"ocean_post_title_bg_image_position":"","ocean_post_title_bg_image_attachment":"","ocean_post_title_bg_image_repeat":"","ocean_post_title_bg_image_size":"","ocean_post_title_height":0,"ocean_post_title_bg_overlay":0.5,"ocean_post_title_bg_overlay_color":"","ocean_disable_breadcrumbs":"default","ocean_breadcrumbs_color":"","ocean_breadcrumbs_separator_color":"","ocean_breadcrumbs_links_color":"","ocean_breadcrumbs_links_hover_color":"","ocean_display_footer_widgets":"default","ocean_display_footer_bottom":"default","ocean_custom_footer_template":"0","footnotes":""},"class_list":["post-295","page","type-page","status-publish","hentry","entry"],"_links":{"self":[{"href":"https:\/\/lajes.rn.gov.br\/transparente\/index\/wp-json\/wp\/v2\/pages\/295","targetHints":{"allow":["GET"]}}],"collection":[{"href":"https:\/\/lajes.rn.gov.br\/transparente\/index\/wp-json\/wp\/v2\/pages"}],"about":[{"href":"https:\/\/lajes.rn.gov.br\/transparente\/index\/wp-json\/wp\/v2\/types\/page"}],"author":[{"embeddable":true,"href":"https:\/\/lajes.rn.gov.br\/transparente\/index\/wp-json\/wp\/v2\/users\/3"}],"replies":[{"embeddable":true,"href":"https:\/\/lajes.rn.gov.br\/transparente\/index\/wp-json\/wp\/v2\/comments?post=295"}],"version-history":[{"count":5,"href":"https:\/\/lajes.rn.gov.br\/transparente\/index\/wp-json\/wp\/v2\/pages\/295\/revisions"}],"predecessor-version":[{"id":36878,"href":"https:\/\/lajes.rn.gov.br\/transparente\/index\/wp-json\/wp\/v2\/pages\/295\/revisions\/36878"}],"wp:attachment":[{"href":"https:\/\/lajes.rn.gov.br\/transparente\/index\/wp-json\/wp\/v2\/media?parent=295"}],"curies":[{"name":"wp","href":"https:\/\/api.w.org\/{rel}","templated":true}]}}