{"id":29178,"date":"2023-07-21T12:40:28","date_gmt":"2023-07-21T15:40:28","guid":{"rendered":"https:\/\/lajes.rn.gov.br\/transparente\/index\/?page_id=29178"},"modified":"2025-04-24T15:25:54","modified_gmt":"2025-04-24T18:25:54","slug":"contas-do-governo-2022","status":"publish","type":"page","link":"https:\/\/lajes.rn.gov.br\/transparente\/index\/contas-do-governo-2022\/","title":{"rendered":"Contas do Governo 2022"},"content":{"rendered":"<div align=\"right\">|\u00a0<strong><a href=\"\/feed\" target=\"_blank\" rel=\"noopener\">XML\u2193<\/a><\/strong>\u00a0| <a href=\"https:\/\/lajes.rn.gov.br\/transparente\/index\/wp-content\/uploads\/2025\/04\/export.csv\" target=\"_blank\" rel=\"noopener\">\u00a0<strong>CSV\u2193<\/strong><\/a>\u00a0| <a href=\"?print=pdf\" target=\"_blank\" rel=\"noopener\"><strong>PDF<\/strong>\u2193<\/a>\u00a0\u00a0| <a href=\"?print=print\" target=\"_blank\" rel=\"noopener\"><strong>IMPRIMIR<\/strong>\u2193<\/a>\u00a0\u00a0|<\/div>\n<p>&nbsp;<\/p>\n<li><a href=\"https:\/\/lajes.rn.gov.br\/transparente\/index\/wp-content\/uploads\/2023\/07\/CONTASdeGOVERNO-Item-39-Avaliacao-do-Controle-Interno-PMLAJES-2022-1.pdf\">RELAT\u00d3RIO CIRCUNSTANCIADO DE CONTROLE INTERNO SOBRE A PRESTA\u00c7\u00c3O DE CONTAS ANUAL &#8211; FINANCEIRA, PATRIMONIAL E FISCAL<\/a><\/li>\n<li><a href=\"https:\/\/lajes.rn.gov.br\/transparente\/index\/wp-content\/uploads\/2023\/07\/QDD-2022-ATUALIZADO.pdf\">QDD &#8211; 2022 &#8211; ATUALIZADO<\/a><\/li>\n<li><a href=\"https:\/\/lajes.rn.gov.br\/transparente\/index\/wp-content\/uploads\/2023\/07\/QUADRON01DEMONSTRATIVODERESTOSAPAGARCONSOLIDADO.pdf\">QUADRO N\u00ba 01 &#8211; DEMONSTRATIVO DE RESTOS A PAGAR &#8211; CONSOLIDADO<\/a><\/li>\n<li><a href=\"https:\/\/lajes.rn.gov.br\/transparente\/index\/wp-content\/uploads\/2023\/07\/QUADRON02RELAOCONSOLIDADADERESTOSAPAGARPROCESSADOSENOPROCESSADOSNOEXERCCIOANTERIOR.pdf\">QUADRO N\u00ba 02 &#8211; RELA\u00c7\u00c3O CONSOLIDADA DE RESTOS A PAGAR PROCESSADOS E N\u00c3O PROCESSADOS NO EXERC\u00cdCIO ANTERIOR RESTOS A PAGAR PROCESSADOS E N\u00c3O PROCESSADOS INCRITOS<\/a><\/li>\n<li><a href=\"https:\/\/lajes.rn.gov.br\/transparente\/index\/wp-content\/uploads\/2023\/07\/QUADRON03SALDOSBANCRIOSEM3112DOEXERCCIOANTERIOR.pdf\">QUADRO N\u00ba 03 &#8211; SALDOS BANC\u00c1RIOS EM 31\/12 DO EXERC\u00cdCIO ANTERIOR<\/a><\/li>\n<li><a href=\"https:\/\/lajes.rn.gov.br\/transparente\/index\/wp-content\/uploads\/2023\/07\/QUADRON04DEMONSTRATIVODASORIGENSEAPLICAESDERECURSOSNOCONSIGNADOSNOORAMENTO.pdf\">QUADRO N\u00ba 04 &#8211; DEMONSTRATIVO DAS ORIGENS E APLICA\u00c7\u00d5ES DE RECURSOS N\u00c3O CONSIGNADOS NO OR\u00c7AMENTO<\/a><\/li>\n<li><a href=\"https:\/\/lajes.rn.gov.br\/transparente\/index\/wp-content\/uploads\/2023\/07\/QUADRON05CRDITOSADICIONAIS.pdf\">QUADRO N\u00ba 05 \u2013 CR\u00c9DITOS ADICIONAIS<\/a><\/li>\n<li><a href=\"https:\/\/lajes.rn.gov.br\/transparente\/index\/wp-content\/uploads\/2023\/07\/QUADRON08DEMONSTRATIVODERECOLHIMENTODASCONTRIBUIESPREVIDENCIRIASAOREGIMEPRPRIODEPREVIDNCIASOCIALRPPS.pdf\">QUADRO N\u00ba 08 &#8211; DEMONSTRATIVO DE RECOLHIMENTO DAS CONTRIBUI\u00c7\u00d5ES PREVIDENCI\u00c1RIAS<\/a><\/li>\n<li><a href=\"https:\/\/lajes.rn.gov.br\/transparente\/index\/wp-content\/uploads\/2023\/07\/QUADRON09DEMONSTRATIVODERECOLHIMENTODASCONTRIBUIESPREVIDENCIRIASAOREGIMEGERALDEPREVIDNCIASOCIALRGPS.pdf\">QUADRO N\u00ba 09 &#8211; DEMONSTRATIVO DE RECOLHIMENTO DAS CONTRIBUI\u00c7\u00d5ES PREVIDENCI\u00c1RIAS<\/a><\/li>\n<li><a href=\"https:\/\/lajes.rn.gov.br\/transparente\/index\/wp-content\/uploads\/2023\/07\/ANEXO01DEMONSTRAODARECEITAEDESPESASEGUNDOASCATEGORIASECONMICAS.pdf\">ANEXO 01 &#8211; DEMONSTRA\u00c7\u00c3O DA RECEITA E DESPESA SEGUNDO AS CATEGORIAS ECON\u00d4MICAS<\/a><\/li>\n<li><a href=\"https:\/\/lajes.rn.gov.br\/transparente\/index\/wp-content\/uploads\/2023\/07\/ANEXO02DESPESASEGUNDOASCATEGORIASECONMICASCONSOLIDADA.pdf\">ANEXO 02 &#8211; DESPESA SEGUNDO AS CATEGORIAS ECON\u00d4MICAS &#8211; CONSOLIDADA<\/a><\/li>\n<li><a href=\"https:\/\/lajes.rn.gov.br\/transparente\/index\/wp-content\/uploads\/2023\/07\/ANEXO06PROGRAMADETRABALHOPORRGOUNIDADE.pdf\">ANEXO 06 &#8211; PROGRAMA DE TRABALHO &#8211; POR \u00d3RG\u00c3O\/UNIDADE<\/a><\/li>\n<li><a href=\"https:\/\/lajes.rn.gov.br\/transparente\/index\/wp-content\/uploads\/2023\/07\/ANEXO07DEMONSTRATIVODASFUNESPROGRAMASPORPROJETOSEATIVIDADES.pdf\">ANEXO 07 &#8211; DEMONSTRATIVO DAS FUN\u00c7\u00d5ES, PROGRAMAS POR PROJETOS E ATIVIDADES<\/a><\/li>\n<li><a href=\"https:\/\/lajes.rn.gov.br\/transparente\/index\/wp-content\/uploads\/2023\/07\/ANEXO08DEMONSTRATIVODADESPESAPORFUNESSUBFUNESEPROGRAMASCONFORMEOSVNCULOCOMOSRECURSOS.pdf\">ANEXO 08 &#8211; DEMONSTRATIVO DA DESPESA POR FUN\u00c7\u00d5ES, SUBFUN\u00c7\u00d5ES E PROGRAMAS CONFORME OS V\u00cdNCULO COM OS RECURSOS<\/a><\/li>\n<li><a href=\"https:\/\/lajes.rn.gov.br\/transparente\/index\/wp-content\/uploads\/2023\/07\/ANEXO09DEMONSTRATIVODASDESPESASPORRGOEFUNES.pdf\">ANEXO 09 &#8211; DEMONSTRATIVO DAS DESPESAS POR \u00d3RG\u00c3O E FUN\u00c7\u00d5ES<\/a><\/li>\n<li><a href=\"https:\/\/lajes.rn.gov.br\/transparente\/index\/wp-content\/uploads\/2023\/07\/ANEXO10COMPARATIVODARECEITAORADACOMAARRECADADAPORCATEGORIAECONMICANATUREZA.pdf\">ANEXO 10 &#8211; COMPARATIVO DA RECEITA OR\u00c7ADA COM A ARRECADADA &#8211; POR CATEGORIA ECON\u00d4MICA\/NATUREZA<\/a><\/li>\n<li><a href=\"https:\/\/lajes.rn.gov.br\/transparente\/index\/wp-content\/uploads\/2023\/07\/ANEXO11COMPARATIVODADESPESAAUTORIZADACOMAREALIZADAPORRGOCATEGORIAECONMICANATUREZA.pdf\">ANEXO 11 &#8211; COMPARATIVO DA DESPESA AUTORIZADA COM A REALIZADA POR \u00d3RG\u00c3O\/CATEGORIA ECON\u00d4MICA\/NATUREZA<\/a><\/li>\n<li><a href=\"https:\/\/lajes.rn.gov.br\/transparente\/index\/wp-content\/uploads\/2023\/07\/ANEXO12BALANOORAMENTRIO.pdf\">ANEXO 12 &#8211; BALAN\u00c7O OR\u00c7AMENT\u00c1RIO<\/a><\/li>\n<li><a href=\"https:\/\/lajes.rn.gov.br\/transparente\/index\/wp-content\/uploads\/2023\/07\/ANEXO13BALANOFINANCEIRO.pdf\">ANEXO 13 &#8211; BALAN\u00c7O FINANCEIRO<\/a><\/li>\n<li><a href=\"https:\/\/lajes.rn.gov.br\/transparente\/index\/wp-content\/uploads\/2023\/07\/ANEXO14BALANOPATRIMONIAL.pdf\">ANEXO 14 &#8211; BALAN\u00c7O PATRIMONIAL<\/a><\/li>\n<li><a href=\"https:\/\/lajes.rn.gov.br\/transparente\/index\/wp-content\/uploads\/2023\/07\/ANEXO15DEMONSTRAODASVARIAESPATRIMONIAIS.pdf\">ANEXO &#8211; 15 &#8211; DEMONSTRAO DAS VARIAVES PATRIMONIAIS<\/a><\/li>\n<li><a href=\"https:\/\/lajes.rn.gov.br\/transparente\/index\/wp-content\/uploads\/2023\/07\/ANEXO16DEMONSTRAODADVIDAFUNDADAINTERNA.pdf\">ANEXO 16 &#8211; DEMONSTRA\u00c7\u00c3O DA D\u00cdVIDA FUNDADA INTERNA<\/a><\/li>\n<li><a href=\"https:\/\/lajes.rn.gov.br\/transparente\/index\/wp-content\/uploads\/2023\/07\/ANEXO17DEMONSTRAODADVIDAFLUTUANTE.pdf\">ANEXO 17 &#8211; DEMONSTRA\u00c7\u00c3O DA D\u00cdVIDA FLUTUANTE<\/a><\/li>\n<li><a href=\"https:\/\/lajes.rn.gov.br\/transparente\/index\/wp-content\/uploads\/2023\/07\/ANEXO18DEMONSTRAODOSFLUXOSDECAIXA.pdf\">ANEXO &#8211; 18 &#8211; DEMONSTRAO DOS FLUXOS DE CAIXA<\/a><\/li>\n<li><a href=\"https:\/\/lajes.rn.gov.br\/transparente\/index\/wp-content\/uploads\/2023\/07\/ANEXO19DEMONSTRAODASMUTAESDOPATRIMNIOLQUIDO.pdf\">ANEXO &#8211; 19 &#8211; DEMONSTRAO DAS MUTA\u00c7\u00d5ES DO PATRIMNIO LIQUIDO<\/a><\/li>\n<li><a href=\"https:\/\/lajes.rn.gov.br\/transparente\/index\/wp-content\/uploads\/2023\/07\/ANEXO_20_Balancete-Consolidado-da-Receita-e-da-Despesa-do-mes-de-Dezembro.pdf\">ANEXO &#8211; 20 &#8211; Balancete Consolidado da Receita e da Despesa do m\u00eas de Dezembro.<\/a><\/li>\n<li><a href=\"https:\/\/lajes.rn.gov.br\/transparente\/index\/wp-content\/uploads\/2023\/07\/ANEXO-21-RELATORIO-CIRCUSNTANCIADO-DO-PREFEITO.pdf\">ANEXO 21 &#8211; RELATORIO CIRCUSNTANCIADO DO PREFEITO<\/a><\/li>\n<li><a href=\"https:\/\/lajes.rn.gov.br\/transparente\/index\/wp-content\/uploads\/2023\/07\/ANEXO_28_LEIS.pdf\">ANEXO &#8211; 28 &#8211; LEIS<\/a><\/li>\n<li><a href=\"https:\/\/lajes.rn.gov.br\/transparente\/index\/wp-content\/uploads\/2023\/07\/ANEXO_32_PARECER-CONCLUSIVO_FUNDEB.pdf\">ANEXO &#8211; 32 &#8211; PARECER CONCLUSIVO &#8211; FUNDEB<\/a><\/li>\n<li><a href=\"https:\/\/lajes.rn.gov.br\/transparente\/index\/wp-content\/uploads\/2023\/07\/Anexo_36_Declaracao-da-divida-ativa-inscrita.pdf\">ANEXO_36_Declara\u00e7\u00e3o da d\u00edvida ativa inscrita<\/a><\/li>\n<li><a href=\"https:\/\/lajes.rn.gov.br\/transparente\/index\/wp-content\/uploads\/2023\/07\/ANEXO-37-ESTADO-DO-RIO-GRANDE-DO-NORTE.pdf\">ANEXO 37 &#8211; ESTADO DO RIO GRANDE DO NORTE<\/a><\/li>\n<li><a href=\"https:\/\/lajes.rn.gov.br\/transparente\/index\/wp-content\/uploads\/2023\/07\/ANEXO_38_BOLETIM.pdf\">ANEXO_38_BOLETIM<\/a><\/li>\n<li><a href=\"https:\/\/lajes.rn.gov.br\/transparente\/index\/wp-content\/uploads\/2023\/07\/Anexo_49_parecer-saudepdf.pdf\">ANEXO_49_parecer saude<\/a><\/li>\n<li><a href=\"https:\/\/lajes.rn.gov.br\/transparente\/index\/wp-content\/uploads\/2023\/07\/DEMONSTRAODADVIDAFUNDADAEXTERNA.pdf\">DEMONSTRA\u00c7\u00c3O DA D\u00cdVIDA FUNDADA EXTERNA<\/a><\/li>\n<li><a href=\"https:\/\/lajes.rn.gov.br\/transparente\/index\/wp-content\/uploads\/2023\/07\/NOTASEXPLICATIVAS.pdf\">NOTAS EXPLICATIVAS<\/a><\/li>\n<\/ul>\n<p>&nbsp;<\/p>\n<p>&nbsp;<\/p>\n<p>&nbsp;<\/p>\n<p>&nbsp;<\/p>\n<p>&nbsp;<\/p>\n<p>&nbsp;<\/p>\n<p>&nbsp;<\/p>\n<p>&nbsp;<\/p>\n<p>&nbsp;<\/p>\n<p>&nbsp;<\/p>\n<p>&nbsp;<\/p>\n<p>&nbsp;<\/p>\n<p>&nbsp;<\/p>\n<p>&nbsp;<\/p>\n<p>&nbsp;<\/p>\n<p>&nbsp;<\/p>\n<p>&nbsp;<\/p>\n<p>&nbsp;<\/p>\n<p>&nbsp;<\/p>\n<p>&nbsp;<\/p>\n<p>&nbsp;<\/p>\n<p>&nbsp;<\/p>\n<p>&nbsp;<\/p>\n<p>&nbsp;<\/p>\n","protected":false},"excerpt":{"rendered":"<p>|\u00a0XML\u2193\u00a0| \u00a0CSV\u2193\u00a0| PDF\u2193\u00a0\u00a0| IMPRIMIR\u2193\u00a0\u00a0| &nbsp; RELAT\u00d3RIO CIRCUNSTANCIADO DE CONTROLE INTERNO SOBRE A PRESTA\u00c7\u00c3O DE CONTAS ANUAL &#8211; FINANCEIRA, PATRIMONIAL E FISCAL QDD &#8211; 2022 &#8211; ATUALIZADO QUADRO N\u00ba 01 &#8211; DEMONSTRATIVO DE RESTOS A PAGAR &#8211; CONSOLIDADO QUADRO N\u00ba 02 &#8211; RELA\u00c7\u00c3O CONSOLIDADA DE RESTOS A PAGAR PROCESSADOS E N\u00c3O PROCESSADOS NO EXERC\u00cdCIO ANTERIOR RESTOS [&hellip;]<\/p>\n","protected":false},"author":3,"featured_media":0,"parent":0,"menu_order":0,"comment_status":"closed","ping_status":"closed","template":"","meta":{"ocean_post_layout":"","ocean_both_sidebars_style":"","ocean_both_sidebars_content_width":0,"ocean_both_sidebars_sidebars_width":0,"ocean_sidebar":"0","ocean_second_sidebar":"0","ocean_disable_margins":"enable","ocean_add_body_class":"","ocean_shortcode_before_top_bar":"","ocean_shortcode_after_top_bar":"","ocean_shortcode_before_header":"","ocean_shortcode_after_header":"","ocean_has_shortcode":"","ocean_shortcode_after_title":"","ocean_shortcode_before_footer_widgets":"","ocean_shortcode_after_footer_widgets":"","ocean_shortcode_before_footer_bottom":"","ocean_shortcode_after_footer_bottom":"","ocean_display_top_bar":"default","ocean_display_header":"default","ocean_header_style":"","ocean_center_header_left_menu":"0","ocean_custom_header_template":"0","ocean_custom_logo":0,"ocean_custom_retina_logo":0,"ocean_custom_logo_max_width":0,"ocean_custom_logo_tablet_max_width":0,"ocean_custom_logo_mobile_max_width":0,"ocean_custom_logo_max_height":0,"ocean_custom_logo_tablet_max_height":0,"ocean_custom_logo_mobile_max_height":0,"ocean_header_custom_menu":"0","ocean_menu_typo_font_family":"0","ocean_menu_typo_font_subset":"","ocean_menu_typo_font_size":0,"ocean_menu_typo_font_size_tablet":0,"ocean_menu_typo_font_size_mobile":0,"ocean_menu_typo_font_size_unit":"px","ocean_menu_typo_font_weight":"","ocean_menu_typo_font_weight_tablet":"","ocean_menu_typo_font_weight_mobile":"","ocean_menu_typo_transform":"","ocean_menu_typo_transform_tablet":"","ocean_menu_typo_transform_mobile":"","ocean_menu_typo_line_height":0,"ocean_menu_typo_line_height_tablet":0,"ocean_menu_typo_line_height_mobile":0,"ocean_menu_typo_line_height_unit":"","ocean_menu_typo_spacing":0,"ocean_menu_typo_spacing_tablet":0,"ocean_menu_typo_spacing_mobile":0,"ocean_menu_typo_spacing_unit":"","ocean_menu_link_color":"","ocean_menu_link_color_hover":"","ocean_menu_link_color_active":"","ocean_menu_link_background":"","ocean_menu_link_hover_background":"","ocean_menu_link_active_background":"","ocean_menu_social_links_bg":"","ocean_menu_social_hover_links_bg":"","ocean_menu_social_links_color":"","ocean_menu_social_hover_links_color":"","ocean_disable_title":"default","ocean_disable_heading":"default","ocean_post_title":"","ocean_post_subheading":"","ocean_post_title_style":"","ocean_post_title_background_color":"","ocean_post_title_background":0,"ocean_post_title_bg_image_position":"","ocean_post_title_bg_image_attachment":"","ocean_post_title_bg_image_repeat":"","ocean_post_title_bg_image_size":"","ocean_post_title_height":0,"ocean_post_title_bg_overlay":0.5,"ocean_post_title_bg_overlay_color":"","ocean_disable_breadcrumbs":"default","ocean_breadcrumbs_color":"","ocean_breadcrumbs_separator_color":"","ocean_breadcrumbs_links_color":"","ocean_breadcrumbs_links_hover_color":"","ocean_display_footer_widgets":"default","ocean_display_footer_bottom":"default","ocean_custom_footer_template":"0","footnotes":""},"class_list":["post-29178","page","type-page","status-publish","hentry","entry"],"_links":{"self":[{"href":"https:\/\/lajes.rn.gov.br\/transparente\/index\/wp-json\/wp\/v2\/pages\/29178","targetHints":{"allow":["GET"]}}],"collection":[{"href":"https:\/\/lajes.rn.gov.br\/transparente\/index\/wp-json\/wp\/v2\/pages"}],"about":[{"href":"https:\/\/lajes.rn.gov.br\/transparente\/index\/wp-json\/wp\/v2\/types\/page"}],"author":[{"embeddable":true,"href":"https:\/\/lajes.rn.gov.br\/transparente\/index\/wp-json\/wp\/v2\/users\/3"}],"replies":[{"embeddable":true,"href":"https:\/\/lajes.rn.gov.br\/transparente\/index\/wp-json\/wp\/v2\/comments?post=29178"}],"version-history":[{"count":5,"href":"https:\/\/lajes.rn.gov.br\/transparente\/index\/wp-json\/wp\/v2\/pages\/29178\/revisions"}],"predecessor-version":[{"id":36691,"href":"https:\/\/lajes.rn.gov.br\/transparente\/index\/wp-json\/wp\/v2\/pages\/29178\/revisions\/36691"}],"wp:attachment":[{"href":"https:\/\/lajes.rn.gov.br\/transparente\/index\/wp-json\/wp\/v2\/media?parent=29178"}],"curies":[{"name":"wp","href":"https:\/\/api.w.org\/{rel}","templated":true}]}}