{"id":26848,"date":"2023-04-19T00:26:18","date_gmt":"2023-04-19T03:26:18","guid":{"rendered":"https:\/\/lajes.rn.gov.br\/transparente\/index\/?page_id=26848"},"modified":"2025-05-28T00:13:59","modified_gmt":"2025-05-28T03:13:59","slug":"obras","status":"publish","type":"page","link":"https:\/\/lajes.rn.gov.br\/transparente\/index\/obras\/","title":{"rendered":"Obras"},"content":{"rendered":"<p style=\"text-align: right;\">|\u00a0<strong><a href=\"\/feed\" target=\"_blank\" rel=\"noopener\">XML\u2193<\/a><\/strong>\u00a0| <a href=\"https:\/\/lajes.rn.gov.br\/transparente\/index\/wp-content\/uploads\/2025\/05\/ObrasLajesRN.csv\" target=\"_blank\" rel=\"noopener\">\u00a0<strong>CSV\u2193<\/strong><\/a>\u00a0| <a href=\"?print=pdf\" target=\"_blank\" rel=\"noopener\"><strong>PDF<\/strong>\u2193<\/a>\u00a0\u00a0| <a href=\"?print=print\" target=\"_blank\" rel=\"noopener\"><strong>IMPRIMIR<\/strong>\u2193<\/a>\u00a0\u00a0|<\/p>\n<div class=\"indiv_tablepress tablepress_in_div\">\n<table id=\"tablepress-98\" class=\"tablepress tablepress-id-98\">\n<thead>\n<tr class=\"row-1\">\n\t<th class=\"column-1\">Objeto<\/th><th class=\"column-2\">Percentual Executado<\/th><th class=\"column-3\">Status<\/th><th class=\"column-4\">Valor (R$)<\/th><th class=\"column-5\">Data de In\u00edcio<\/th><th class=\"column-6\">Data de Finaliza\u00e7\u00e3o<\/th><th class=\"column-7\">Valor Total da Obra (R$)<\/th><th class=\"column-8\">Cronograma<\/th><th class=\"column-9\">Observa\u00e7\u00f5es<\/th>\n<\/tr>\n<\/thead>\n<tbody class=\"row-striping row-hover\">\n<tr class=\"row-2\">\n\t<td class=\"column-1\">Contrata\u00e7\u00e3o de empresa para recomposi\u00e7\u00e3o de pavimenta\u00e7\u00e3o em paralelep\u00edpedo rejuntado com argamassa<\/td><td class=\"column-2\">100%<\/td><td class=\"column-3\">Conclu\u00eddo<\/td><td class=\"column-4\">30.928,04<\/td><td class=\"column-5\">14\/06\/2021<\/td><td class=\"column-6\">13\/07\/2021<\/td><td class=\"column-7\"><\/td><td class=\"column-8\"><\/td><td class=\"column-9\"><\/td>\n<\/tr>\n<tr class=\"row-3\">\n\t<td class=\"column-1\">Urbaniza\u00e7\u00e3o do Largo da Igreja Matriz \u2013 1\u00aa etapa<\/td><td class=\"column-2\">100%<\/td><td class=\"column-3\">Conclu\u00eddo<\/td><td class=\"column-4\">31.824,88<\/td><td class=\"column-5\">13\/07\/2021<\/td><td class=\"column-6\">13\/09\/2021<\/td><td class=\"column-7\"><\/td><td class=\"column-8\"><\/td><td class=\"column-9\"><\/td>\n<\/tr>\n<tr class=\"row-4\">\n\t<td class=\"column-1\">Urbaniza\u00e7\u00e3o do Largo da Igreja Matriz \u2013 2\u00aa etapa<\/td><td class=\"column-2\">100%<\/td><td class=\"column-3\">Conclu\u00eddo<\/td><td class=\"column-4\">50.485,11<\/td><td class=\"column-5\">04\/11\/2021<\/td><td class=\"column-6\">04\/01\/2022<\/td><td class=\"column-7\"><\/td><td class=\"column-8\"><\/td><td class=\"column-9\"><\/td>\n<\/tr>\n<tr class=\"row-5\">\n\t<td class=\"column-1\">Constru\u00e7\u00e3o de unidades habitacionais para fam\u00edlias carentes<\/td><td class=\"column-2\">100%<\/td><td class=\"column-3\">Conclu\u00eddo<\/td><td class=\"column-4\">519.449,87<\/td><td class=\"column-5\">26\/11\/2021<\/td><td class=\"column-6\">29\/03\/2023<\/td><td class=\"column-7\"><\/td><td class=\"column-8\"><\/td><td class=\"column-9\"><\/td>\n<\/tr>\n<tr class=\"row-6\">\n\t<td class=\"column-1\">Contrata\u00e7\u00e3o de empresa especializada para servi\u00e7os de engenharia em pavimenta\u00e7\u00e3o para atender demandas da Secretaria Municipal de Obras<\/td><td class=\"column-2\">100%<\/td><td class=\"column-3\">Conclu\u00eddo<\/td><td class=\"column-4\">30.127,50<\/td><td class=\"column-5\">21\/06\/2022<\/td><td class=\"column-6\">31\/12\/2022<\/td><td class=\"column-7\"><\/td><td class=\"column-8\"><\/td><td class=\"column-9\"><\/td>\n<\/tr>\n<tr class=\"row-7\">\n\t<td class=\"column-1\">Conclus\u00e3o da obra de pavimenta\u00e7\u00e3o de vias e cal\u00e7adas do Conjunto Habitacional Bosque das Pedras \u2013 Lajes\/RN<\/td><td class=\"column-2\">100%<\/td><td class=\"column-3\">Conclu\u00eddo<\/td><td class=\"column-4\">93.880,80<\/td><td class=\"column-5\">01\/07\/2022<\/td><td class=\"column-6\">28\/10\/2022<\/td><td class=\"column-7\"><\/td><td class=\"column-8\"><\/td><td class=\"column-9\"><\/td>\n<\/tr>\n<tr class=\"row-8\">\n\t<td class=\"column-1\">Reforma e moderniza\u00e7\u00e3o das pra\u00e7as Get\u00falio Vargas e Sebasti\u00e3o Duda da Rocha \u2013 Lajes\/RN<\/td><td class=\"column-2\">100%<\/td><td class=\"column-3\">Conclu\u00eddo<\/td><td class=\"column-4\">264.209,43<\/td><td class=\"column-5\">30\/04\/2022<\/td><td class=\"column-6\">02\/05\/2023<\/td><td class=\"column-7\"><\/td><td class=\"column-8\"><\/td><td class=\"column-9\"><\/td>\n<\/tr>\n<tr class=\"row-9\">\n\t<td class=\"column-1\">Reforma do muro do Centro dos Idosos<\/td><td class=\"column-2\">100%<\/td><td class=\"column-3\">Conclu\u00eddo<\/td><td class=\"column-4\">55.006,20<\/td><td class=\"column-5\">14\/07\/2022<\/td><td class=\"column-6\">04\/10\/2022<\/td><td class=\"column-7\"><\/td><td class=\"column-8\"><\/td><td class=\"column-9\"><\/td>\n<\/tr>\n<tr class=\"row-10\">\n\t<td class=\"column-1\">Pavimenta\u00e7\u00e3o em paralelep\u00edpedos e drenagem superficial nas ruas \u00c1guas Marinhas, Bosque das Pedras e Ab\u00edlio Torquato de Brito \u2013 Lajes\/RN<\/td><td class=\"column-2\">100%<\/td><td class=\"column-3\">Conclu\u00eddo<\/td><td class=\"column-4\">260.579,22<\/td><td class=\"column-5\">31\/08\/2023<\/td><td class=\"column-6\">21\/11\/2023<\/td><td class=\"column-7\"><\/td><td class=\"column-8\"><\/td><td class=\"column-9\"><\/td>\n<\/tr>\n<tr class=\"row-11\">\n\t<td class=\"column-1\">Pavimenta\u00e7\u00e3o em paralelep\u00edpedos e drenagem da Rua Ari Victor e Travessa Projetada 01<\/td><td class=\"column-2\">100%<\/td><td class=\"column-3\">Conclu\u00eddo<\/td><td class=\"column-4\">299.554,61<\/td><td class=\"column-5\">31\/08\/2023<\/td><td class=\"column-6\">18\/04\/2024<\/td><td class=\"column-7\"><\/td><td class=\"column-8\"><\/td><td class=\"column-9\"><\/td>\n<\/tr>\n<tr class=\"row-12\">\n\t<td class=\"column-1\">Recomposi\u00e7\u00e3o de pavimento em paralelep\u00edpedos (tapa buraco) nas vias p\u00fablicas de Lajes\/RN<\/td><td class=\"column-2\">100%<\/td><td class=\"column-3\">Conclu\u00eddo<\/td><td class=\"column-4\">272.495,85<\/td><td class=\"column-5\">11\/01\/2023<\/td><td class=\"column-6\">10\/10\/2023<\/td><td class=\"column-7\"><\/td><td class=\"column-8\"><\/td><td class=\"column-9\"><\/td>\n<\/tr>\n<tr class=\"row-13\">\n\t<td class=\"column-1\">Pavimenta\u00e7\u00e3o de vias no Assentamento Boa Vista, zona rural de Lajes\/RN<\/td><td class=\"column-2\">100%<\/td><td class=\"column-3\">Conclu\u00eddo<\/td><td class=\"column-4\">754.788,27<\/td><td class=\"column-5\">11\/01\/2023<\/td><td class=\"column-6\">27\/07\/2023<\/td><td class=\"column-7\"><\/td><td class=\"column-8\"><\/td><td class=\"column-9\"><\/td>\n<\/tr>\n<tr class=\"row-14\">\n\t<td class=\"column-1\">Capeamento asf\u00e1ltico e tapa-buraco em diversas ruas do munic\u00edpio de Lajes\/RN<\/td><td class=\"column-2\">100%<\/td><td class=\"column-3\">Conclu\u00eddo<\/td><td class=\"column-4\">1.082.844,37<\/td><td class=\"column-5\">25\/04\/2023<\/td><td class=\"column-6\">12\/06\/2023<\/td><td class=\"column-7\"><\/td><td class=\"column-8\"><\/td><td class=\"column-9\"><\/td>\n<\/tr>\n<tr class=\"row-15\">\n\t<td class=\"column-1\">Reforma da Unidade B\u00e1sica de Sa\u00fade Mariana Gomes \u2013 Rua In\u00eas Albuquerque, Bairro Ant\u00f4nio de Melo \u2013 Lajes\/RN<\/td><td class=\"column-2\">100%<\/td><td class=\"column-3\">Conclu\u00eddo<\/td><td class=\"column-4\">288.945,50<\/td><td class=\"column-5\">17\/01\/2023<\/td><td class=\"column-6\">01\/12\/2023<\/td><td class=\"column-7\"><\/td><td class=\"column-8\"><\/td><td class=\"column-9\"><\/td>\n<\/tr>\n<tr class=\"row-16\">\n\t<td class=\"column-1\">Reforma e amplia\u00e7\u00e3o do Abatedouro P\u00fablico Municipal de Lajes<\/td><td class=\"column-2\">84,86%<\/td><td class=\"column-3\">Em execu\u00e7\u00e3o<\/td><td class=\"column-4\">447.941,14<\/td><td class=\"column-5\">12\/12\/2022<\/td><td class=\"column-6\">20\/11\/2024<\/td><td class=\"column-7\">527.838,83<\/td><td class=\"column-8\">6 meses<\/td><td class=\"column-9\"><\/td>\n<\/tr>\n<tr class=\"row-17\">\n\t<td class=\"column-1\">Constru\u00e7\u00e3o de um ponto de apoio de atendimento \u2013 PAA, no Assentamento Tr\u00eas de Agosto<\/td><td class=\"column-2\">43,64%<\/td><td class=\"column-3\">Em execu\u00e7\u00e3o<\/td><td class=\"column-4\">68.521,36<\/td><td class=\"column-5\">31\/08\/2023<\/td><td class=\"column-6\">03\/09\/2024<\/td><td class=\"column-7\">157.009,18<\/td><td class=\"column-8\">4 meses<\/td><td class=\"column-9\"><\/td>\n<\/tr>\n<tr class=\"row-18\">\n\t<td class=\"column-1\">Constru\u00e7\u00e3o de um polo b\u00e1sico da Academia da Sa\u00fade, no Assentamento Tr\u00eas de Agosto, zona rural<\/td><td class=\"column-2\">60,92%<\/td><td class=\"column-3\">Em execu\u00e7\u00e3o<\/td><td class=\"column-4\">94.418,07<\/td><td class=\"column-5\">31\/08\/2023<\/td><td class=\"column-6\">03\/09\/2024<\/td><td class=\"column-7\">154.993,56<\/td><td class=\"column-8\">4 meses<\/td><td class=\"column-9\"><\/td>\n<\/tr>\n<tr class=\"row-19\">\n\t<td class=\"column-1\">Pavimenta\u00e7\u00e3o em paralelep\u00edpedos e drenagem superficial das ruas Ab\u00edlio Torquato de Brito e Manoel Gabriel Filho \u2013 Cohab \u2013 Lajes\/RN<\/td><td class=\"column-2\">82,88%<\/td><td class=\"column-3\">Em execu\u00e7\u00e3o<\/td><td class=\"column-4\">195.514,00<\/td><td class=\"column-5\">31\/08\/2023<\/td><td class=\"column-6\">10\/12\/2024<\/td><td class=\"column-7\">243.703,44<\/td><td class=\"column-8\">8 meses<\/td><td class=\"column-9\"><\/td>\n<\/tr>\n<tr class=\"row-20\">\n\t<td class=\"column-1\">Conclus\u00e3o da constru\u00e7\u00e3o de 01 UPA Porte I<\/td><td class=\"column-2\">64,15%<\/td><td class=\"column-3\">Em execu\u00e7\u00e3o<\/td><td class=\"column-4\">526.817,23<\/td><td class=\"column-5\">13\/10\/2022<\/td><td class=\"column-6\">12\/09\/2024<\/td><td class=\"column-7\">1.099.624,00<\/td><td class=\"column-8\">5 meses<\/td><td class=\"column-9\"><\/td>\n<\/tr>\n<tr class=\"row-21\">\n\t<td class=\"column-1\">Reforma da estrutura do Aterro Controlado<\/td><td class=\"column-2\">93,84%<\/td><td class=\"column-3\">Em execu\u00e7\u00e3o<\/td><td class=\"column-4\">104.003,51<\/td><td class=\"column-5\">03\/03\/2023<\/td><td class=\"column-6\">30\/01\/2025<\/td><td class=\"column-7\">110.833,22<\/td><td class=\"column-8\">9 meses<\/td><td class=\"column-9\"><\/td>\n<\/tr>\n<tr class=\"row-22\">\n\t<td class=\"column-1\">Constru\u00e7\u00e3o de galp\u00e3o industrial para corte t\u00eaxtil<\/td><td class=\"column-2\">6,90%<\/td><td class=\"column-3\">Em inexecu\u00e7\u00e3o tempor\u00e1ria<\/td><td class=\"column-4\">209.902,20<\/td><td class=\"column-5\">14\/08\/2023<\/td><td class=\"column-6\">10\/08\/2024<\/td><td class=\"column-7\">3.048.210,79<\/td><td class=\"column-8\">Em inexecu\u00e7\u00e3o tempor\u00e1ria<\/td><td class=\"column-9\">Obra paralisada a pedido da contratada para ajustes junto \u00e0 Caixa Econ\u00f4mica Federal. Previs\u00e3o de rein\u00edcio: 15\/06\/2024<\/td>\n<\/tr>\n<tr class=\"row-23\">\n\t<td class=\"column-1\">Servi\u00e7os complementares para conclus\u00e3o da obra da UPA<\/td><td class=\"column-2\">41,61%<\/td><td class=\"column-3\">Em execu\u00e7\u00e3o<\/td><td class=\"column-4\">221.573,20<\/td><td class=\"column-5\">06\/11\/2023<\/td><td class=\"column-6\">19\/09\/2024<\/td><td class=\"column-7\">532.546,48<\/td><td class=\"column-8\">4 meses<\/td><td class=\"column-9\"><\/td>\n<\/tr>\n<tr class=\"row-24\">\n\t<td class=\"column-1\">Reforma das UBS Luiz Lopes e Pedro Lopes<\/td><td class=\"column-2\">38,26%<\/td><td class=\"column-3\">Em execu\u00e7\u00e3o<\/td><td class=\"column-4\">185.601,71<\/td><td class=\"column-5\">17\/11\/2023<\/td><td class=\"column-6\">22\/10\/2024<\/td><td class=\"column-7\">485.178,34<\/td><td class=\"column-8\">5 meses<\/td><td class=\"column-9\"><\/td>\n<\/tr>\n<tr class=\"row-25\">\n\t<td class=\"column-1\">Pavimenta\u00e7\u00e3o de ruas nos bairros Centro, S\u00e3o Judas Tadeu, Alto da Beleza e Cohab<\/td><td class=\"column-2\">Sem medi\u00e7\u00e3o<\/td><td class=\"column-3\">Em execu\u00e7\u00e3o<\/td><td class=\"column-4\">0<\/td><td class=\"column-5\">15\/03\/2024<\/td><td class=\"column-6\">31\/01\/2025<\/td><td class=\"column-7\">544.999,99<\/td><td class=\"column-8\">10 meses<\/td><td class=\"column-9\"><\/td>\n<\/tr>\n<tr class=\"row-26\">\n\t<td class=\"column-1\">Constru\u00e7\u00e3o de unidades habitacionais para fam\u00edlias carentes<\/td><td class=\"column-2\">41,67% (por demanda)<\/td><td class=\"column-3\">Em execu\u00e7\u00e3o<\/td><td class=\"column-4\">681.013,00<\/td><td class=\"column-5\">22\/05\/2023<\/td><td class=\"column-6\">21\/05\/2024<\/td><td class=\"column-7\">1.634.431,11<\/td><td class=\"column-8\">14 dias<\/td><td class=\"column-9\"><\/td>\n<\/tr>\n<\/tbody>\n<\/table>\n<\/div><!-- #tablepress-98 from cache -->\n","protected":false},"excerpt":{"rendered":"<p>|\u00a0XML\u2193\u00a0| \u00a0CSV\u2193\u00a0| PDF\u2193\u00a0\u00a0| IMPRIMIR\u2193\u00a0\u00a0|<\/p>\n","protected":false},"author":3,"featured_media":0,"parent":0,"menu_order":0,"comment_status":"closed","ping_status":"closed","template":"","meta":{"ocean_post_layout":"full-screen","ocean_both_sidebars_style":"","ocean_both_sidebars_content_width":0,"ocean_both_sidebars_sidebars_width":0,"ocean_sidebar":"0","ocean_second_sidebar":"0","ocean_disable_margins":"enable","ocean_add_body_class":"","ocean_shortcode_before_top_bar":"","ocean_shortcode_after_top_bar":"","ocean_shortcode_before_header":"","ocean_shortcode_after_header":"","ocean_has_shortcode":"","ocean_shortcode_after_title":"","ocean_shortcode_before_footer_widgets":"","ocean_shortcode_after_footer_widgets":"","ocean_shortcode_before_footer_bottom":"","ocean_shortcode_after_footer_bottom":"","ocean_display_top_bar":"default","ocean_display_header":"default","ocean_header_style":"","ocean_center_header_left_menu":"0","ocean_custom_header_template":"0","ocean_custom_logo":0,"ocean_custom_retina_logo":0,"ocean_custom_logo_max_width":0,"ocean_custom_logo_tablet_max_width":0,"ocean_custom_logo_mobile_max_width":0,"ocean_custom_logo_max_height":0,"ocean_custom_logo_tablet_max_height":0,"ocean_custom_logo_mobile_max_height":0,"ocean_header_custom_menu":"0","ocean_menu_typo_font_family":"0","ocean_menu_typo_font_subset":"","ocean_menu_typo_font_size":0,"ocean_menu_typo_font_size_tablet":0,"ocean_menu_typo_font_size_mobile":0,"ocean_menu_typo_font_size_unit":"px","ocean_menu_typo_font_weight":"","ocean_menu_typo_font_weight_tablet":"","ocean_menu_typo_font_weight_mobile":"","ocean_menu_typo_transform":"","ocean_menu_typo_transform_tablet":"","ocean_menu_typo_transform_mobile":"","ocean_menu_typo_line_height":0,"ocean_menu_typo_line_height_tablet":0,"ocean_menu_typo_line_height_mobile":0,"ocean_menu_typo_line_height_unit":"","ocean_menu_typo_spacing":0,"ocean_menu_typo_spacing_tablet":0,"ocean_menu_typo_spacing_mobile":0,"ocean_menu_typo_spacing_unit":"","ocean_menu_link_color":"","ocean_menu_link_color_hover":"","ocean_menu_link_color_active":"","ocean_menu_link_background":"","ocean_menu_link_hover_background":"","ocean_menu_link_active_background":"","ocean_menu_social_links_bg":"","ocean_menu_social_hover_links_bg":"","ocean_menu_social_links_color":"","ocean_menu_social_hover_links_color":"","ocean_disable_title":"default","ocean_disable_heading":"default","ocean_post_title":"","ocean_post_subheading":"","ocean_post_title_style":"","ocean_post_title_background_color":"","ocean_post_title_background":0,"ocean_post_title_bg_image_position":"","ocean_post_title_bg_image_attachment":"","ocean_post_title_bg_image_repeat":"","ocean_post_title_bg_image_size":"","ocean_post_title_height":0,"ocean_post_title_bg_overlay":0.5,"ocean_post_title_bg_overlay_color":"","ocean_disable_breadcrumbs":"default","ocean_breadcrumbs_color":"","ocean_breadcrumbs_separator_color":"","ocean_breadcrumbs_links_color":"","ocean_breadcrumbs_links_hover_color":"","ocean_display_footer_widgets":"default","ocean_display_footer_bottom":"default","ocean_custom_footer_template":"0","footnotes":""},"class_list":["post-26848","page","type-page","status-publish","hentry","entry"],"_links":{"self":[{"href":"https:\/\/lajes.rn.gov.br\/transparente\/index\/wp-json\/wp\/v2\/pages\/26848","targetHints":{"allow":["GET"]}}],"collection":[{"href":"https:\/\/lajes.rn.gov.br\/transparente\/index\/wp-json\/wp\/v2\/pages"}],"about":[{"href":"https:\/\/lajes.rn.gov.br\/transparente\/index\/wp-json\/wp\/v2\/types\/page"}],"author":[{"embeddable":true,"href":"https:\/\/lajes.rn.gov.br\/transparente\/index\/wp-json\/wp\/v2\/users\/3"}],"replies":[{"embeddable":true,"href":"https:\/\/lajes.rn.gov.br\/transparente\/index\/wp-json\/wp\/v2\/comments?post=26848"}],"version-history":[{"count":22,"href":"https:\/\/lajes.rn.gov.br\/transparente\/index\/wp-json\/wp\/v2\/pages\/26848\/revisions"}],"predecessor-version":[{"id":37378,"href":"https:\/\/lajes.rn.gov.br\/transparente\/index\/wp-json\/wp\/v2\/pages\/26848\/revisions\/37378"}],"wp:attachment":[{"href":"https:\/\/lajes.rn.gov.br\/transparente\/index\/wp-json\/wp\/v2\/media?parent=26848"}],"curies":[{"name":"wp","href":"https:\/\/api.w.org\/{rel}","templated":true}]}}