{"id":25792,"date":"2023-03-13T21:41:51","date_gmt":"2023-03-14T00:41:51","guid":{"rendered":"https:\/\/lajes.rn.gov.br\/transparente\/index\/?page_id=25792"},"modified":"2025-04-25T08:30:21","modified_gmt":"2025-04-25T11:30:21","slug":"perguntas-frequentes-ouvidoria","status":"publish","type":"page","link":"https:\/\/lajes.rn.gov.br\/transparente\/index\/perguntas-frequentes-ouvidoria\/","title":{"rendered":"Perguntas Frequentes ouvidoria"},"content":{"rendered":"<div align=\"right\">|\u00a0<strong><a href=\"\/feed\" target=\"_blank\" rel=\"noopener\">XML\u2193<\/a><\/strong>\u00a0| <a href=\"https:\/\/lajes.rn.gov.br\/transparente\/index\/wp-content\/uploads\/2025\/04\/export.csv\" target=\"_blank\" rel=\"noopener\">\u00a0<strong>CSV\u2193<\/strong><\/a>\u00a0| <a href=\"?print=pdf\" target=\"_blank\" rel=\"noopener\"><strong>PDF<\/strong>\u2193<\/a>\u00a0\u00a0| <a href=\"?print=print\" target=\"_blank\" rel=\"noopener\"><strong>IMPRIMIR<\/strong>\u2193<\/a>\u00a0\u00a0|<\/div>\n<p>&nbsp;<\/p>\n<h2 class=\"style1\" data-raofz=\"18\">Ouvidoria e Manifesta\u00e7\u00f5es<\/h2>\n<p class=\"style2\" data-raofz=\"14\">1 \u2013 O que \u00e9 uma ouvidoria?<\/p>\n<p class=\"style1\" data-raofz=\"14\">A ouvidoria \u00e9 um canal para voc\u00ea apresentar sugest\u00f5es, elogios, solicita\u00e7\u00f5es, reclama\u00e7\u00f5es e den\u00fancias. No servi\u00e7o p\u00fablico, a ouvidoria \u00e9 uma esp\u00e9cie de \u201cponte\u201d entre voc\u00ea e a Administra\u00e7\u00e3o P\u00fablica (que s\u00e3o os \u00f3rg\u00e3os, entidades e agentes p\u00fablicos que trabalham nos diversos setores do governo federal, estadual e municipal).<\/p>\n<p class=\"style1\" data-raofz=\"14\">A ouvidoria recebe as manifesta\u00e7\u00f5es dos cidad\u00e3os, analisa, orienta e encaminha \u00e0s \u00e1reas respons\u00e1veis pelo tratamento ou apura\u00e7\u00e3o do caso.<\/p>\n<p class=\"style1\" data-raofz=\"14\">As atividades da ouvidoria n\u00e3o se resumem a receber e encaminhar o que chega. A partir das informa\u00e7\u00f5es trazidas pelos cidad\u00e3os, a ouvidoria pode identificar melhorias, propor mudan\u00e7as, assim como apontar situa\u00e7\u00f5es irregulares no \u00f3rg\u00e3o ou entidade.<\/p>\n<p class=\"style1\" data-raofz=\"14\">Voltar para o topo<\/p>\n<p class=\"style2\" data-raofz=\"14\">2 \u2013 O que \u00e9 uma manifesta\u00e7\u00e3o?<\/p>\n<p class=\"style1\" data-raofz=\"14\">Manifestar \u00e9 o ato de expor, apresentar, declarar, tornar vis\u00edvel, publicar. A manifesta\u00e7\u00e3o \u00e9 uma forma de o cidad\u00e3o expressar para a ouvidoria seus anseios, ang\u00fastias, d\u00favidas, opini\u00f5es. Assim, pode auxiliar o Poder P\u00fablico a aprimorar a gest\u00e3o de pol\u00edticas e servi\u00e7os, ou a combater a pr\u00e1tica de atos il\u00edcitos.<\/p>\n<p class=\"style2\" data-raofz=\"14\">3 \u2013 Quais s\u00e3o os tipos de manifesta\u00e7\u00e3o?<\/p>\n<p class=\"style1\" data-raofz=\"14\">SUGEST\u00c3O: proposi\u00e7\u00e3o de ideia ou formula\u00e7\u00e3o de proposta de aprimoramento de pol\u00edticas e servi\u00e7os prestados pela Administra\u00e7\u00e3o P\u00fablica federal;<\/p>\n<p class=\"style1\" data-raofz=\"14\">ELOGIO: demonstra\u00e7\u00e3o ou reconhecimento ou satisfa\u00e7\u00e3o sobre o servi\u00e7o oferecido ou atendimento recebido;<\/p>\n<p class=\"style1\" data-raofz=\"14\">SOLICITA\u00c7\u00c3O: requerimento de ado\u00e7\u00e3o de provid\u00eancia por parte da Administra\u00e7\u00e3o;<\/p>\n<p class=\"style1\" data-raofz=\"14\">RECLAMA\u00c7\u00c3O: demonstra\u00e7\u00e3o de insatisfa\u00e7\u00e3o relativa a servi\u00e7o p\u00fablico; e<\/p>\n<p class=\"style1\" data-raofz=\"14\">DEN\u00daNCIA: comunica\u00e7\u00e3o de pr\u00e1tica de ato il\u00edcito cuja solu\u00e7\u00e3o dependa da atua\u00e7\u00e3o de \u00f3rg\u00e3o de controle interno ou externo.<\/p>\n<p class=\"style2\" data-raofz=\"14\">4 \u2013 Como posso fazer uma manifesta\u00e7\u00e3o?<\/p>\n<p class=\"style1\" data-raofz=\"14\">A manifesta\u00e7\u00e3o pode ser feita de forma presencial, pela Internet, por carta, ou por telefone, dependendo da ouvidoria de seu interesse. Para saber qual o tipo de atendimento utilizado, consulte a lista dispon\u00edvel no menu Lista de Ouvidorias.<\/p>\n<p class=\"style1\" data-raofz=\"14\"><strong>5\u00a0\u2013 Quem pode se manifestar?<\/strong><\/p>\n<p class=\"style1\" data-raofz=\"14\">Qualquer pessoa, f\u00edsica ou jur\u00eddica.<\/p>\n<p class=\"style1\" data-raofz=\"14\"><strong>6 \u2013 \u00c9 preciso se cadastrar no sistema?<\/strong><\/p>\n<p class=\"style1\" data-raofz=\"14\">N\u00e3o. \u00c9 poss\u00edvel registrar e consultar o andamento da sua manifesta\u00e7\u00e3o sem fazer cadastro no sistema. No entanto, quando voc\u00ea tem um perfil e faz\u00a0<em>login<\/em>, o hist\u00f3rico de todas as suas manifesta\u00e7\u00f5es fica dispon\u00edvel para consulta.<\/p>\n<p class=\"style1\" data-raofz=\"14\"><strong>7 \u2013 Se eu n\u00e3o quiser me identificar, posso fazer uma manifesta\u00e7\u00e3o an\u00f4nima?<\/strong><\/p>\n<p class=\"style1\" data-raofz=\"14\">Sim, mas se voc\u00ea registrar uma manifesta\u00e7\u00e3o an\u00f4nima n\u00e3o receber\u00e1 um n\u00famero de protocolo e nem receber\u00e1 resposta da ouvidoria. Voc\u00ea tamb\u00e9m pode se identificar e pedir acesso restrito aos seus dados.<\/p>\n<p class=\"style1\" data-raofz=\"14\"><strong>8 \u2013<\/strong>\u00a0<strong>\u00c9 poss\u00edvel incluir anexos na manifesta\u00e7\u00e3o?<\/strong><\/p>\n<p class=\"style1\" data-raofz=\"14\">Sim. Voc\u00ea pode incluir documentos de texto, imagens, planilhas e arquivos no formato PDF<\/p>\n<p class=\"style1\" data-raofz=\"14\"><strong>9 \u2013\u00a0Qual o prazo para receber a resposta?<\/strong><\/p>\n<p class=\"style1\" data-raofz=\"14\">O prazo para resposta \u00e9 de 20 (vinte) dias, prorrog\u00e1vel por mais 10 (dez) dias, mediante justificativa.<\/p>\n<p class=\"style1\" data-raofz=\"14\">Caso n\u00e3o seja poss\u00edvel atend\u00ea-lo dentro deste prazo, a ouvidoria dever\u00e1 informar sobre os encaminhamentos, as etapas e \u00a0os prazos previstos para uma resposta conclusiva (resposta final), ou solicitar informa\u00e7\u00f5es adicionais.<\/p>\n<p class=\"style1\" data-raofz=\"14\"><strong>10 \u2013 Quando o prazo de resposta n\u00e3o \u00e9 respeitado pela ouvidoria, como devo proceder?<\/strong><\/p>\n<p class=\"style1\" data-raofz=\"14\">Quando o prazo n\u00e3o for cumprido, voc\u00ea poder\u00e1 reclamar \u00e0 Ouvidoria-Geral da Uni\u00e3o para que as medidas sejam adotadas.<\/p>\n<p class=\"style1\" data-raofz=\"14\"><strong>11 \u2013\u00a0Onde eu posso ver a resposta?<\/strong><\/p>\n<p class=\"style1\" data-raofz=\"14\">Quando voc\u00ea fizer uma nova manifesta\u00e7\u00e3o e quando a ouvidoria responder, ser\u00e1 enviado um e-mail. Lembre-se, por\u00e9m, de que, voc\u00ea n\u00e3o receber\u00e1 resposta de uma manifesta\u00e7\u00e3o an\u00f4nima.<\/p>\n<p class=\"style1\" data-raofz=\"14\">Voc\u00ea tamb\u00e9m pode consultar o andamento e a resposta das suas manifesta\u00e7\u00f5es atrav\u00e9s do sistema. Para isso, utilize a op\u00e7\u00e3o\u00a0<strong>Consultar manifesta\u00e7\u00e3o<\/strong>.<\/p>\n<p class=\"style1\" data-raofz=\"14\"><strong>12 \u2013 Como acompanhar o andamento da minha manifesta\u00e7\u00e3o?<\/strong><\/p>\n<p class=\"style1\" data-raofz=\"14\">Acesse o sistema e clique em\u00a0<strong>Consultar manifesta\u00e7\u00e3o<\/strong>.\u00a0Se voc\u00ea for cadastrado, informe seu e-mail e senha. O sistema apresentar\u00e1 a lista das suas manifesta\u00e7\u00f5es j\u00e1 realizadas. Clique em\u00a0detalhar\u00a0para visualizar o andamento da manifesta\u00e7\u00e3o.<\/p>\n<p class=\"style1\" data-raofz=\"14\">Se voc\u00ea n\u00e3o for cadastrado, informe o n\u00famero de protocolo e o seu e-mail utilizado durante o registro da manifesta\u00e7\u00e3o.\u00a0Clique em\u00a0detalhar\u00a0para visualizar o andamento da manifesta\u00e7\u00e3o.<\/p>\n<p class=\"style1\" data-raofz=\"14\"><strong>13 \u2013 Posso\u00a0denunciar v\u00e1rios fatos em uma s\u00f3 den\u00fancia?<\/strong><\/p>\n<p class=\"style1\" data-raofz=\"14\">Para agilizar a apura\u00e7\u00e3o, solicitamos que seja feita uma manifesta\u00e7\u00e3o para cada fato diferente (sa\u00fade, educa\u00e7\u00e3o, entre outros).<\/p>\n<p class=\"style1\" data-raofz=\"14\"><strong>14 \u2013\u00a0Eu, servidor p\u00fablico, serei penalizado por fazer uma den\u00fancia?<\/strong><\/p>\n<p class=\"style1\" data-raofz=\"14\">N\u00e3o. O servidor n\u00e3o pode ser penalizado por informar sobre a pr\u00e1tica de crimes ou improbidade de que tenha conhecimento \u00e0 autoridade competente, de acordo com o artigo 126-A, da Lei n\u00ba 8.112\/90.<\/p>\n<p class=\"style1\" data-raofz=\"14\"><strong>15 \u2013\u00a0Posso desistir de den\u00fancia feita por mim? O que devo fazer?<\/strong><\/p>\n<p class=\"style1\" data-raofz=\"14\">Sim. Voc\u00ea poder\u00e1 enviar uma nova manifesta\u00e7\u00e3o, mencionando o n\u00famero de protocolo da den\u00fancia \u2013 exemplo: 00106.000XXX\/2015-XX), informando sua desist\u00eancia.<\/p>\n<p class=\"style1\" data-raofz=\"14\">No entanto, o \u00f3rg\u00e3o poder\u00e1 utilizar de tais informa\u00e7\u00f5es, caso entenda relevante, preservando a identidade do denunciante.<\/p>\n","protected":false},"excerpt":{"rendered":"<p>|\u00a0XML\u2193\u00a0| \u00a0CSV\u2193\u00a0| PDF\u2193\u00a0\u00a0| IMPRIMIR\u2193\u00a0\u00a0| &nbsp; Ouvidoria e Manifesta\u00e7\u00f5es 1 \u2013 O que \u00e9 uma ouvidoria? A ouvidoria \u00e9 um canal para voc\u00ea apresentar sugest\u00f5es, elogios, solicita\u00e7\u00f5es, reclama\u00e7\u00f5es e den\u00fancias. No servi\u00e7o p\u00fablico, a ouvidoria \u00e9 uma esp\u00e9cie de \u201cponte\u201d entre voc\u00ea e a Administra\u00e7\u00e3o P\u00fablica (que s\u00e3o os \u00f3rg\u00e3os, entidades e agentes p\u00fablicos que trabalham [&hellip;]<\/p>\n","protected":false},"author":3,"featured_media":0,"parent":0,"menu_order":0,"comment_status":"closed","ping_status":"closed","template":"","meta":{"ocean_post_layout":"","ocean_both_sidebars_style":"","ocean_both_sidebars_content_width":0,"ocean_both_sidebars_sidebars_width":0,"ocean_sidebar":"0","ocean_second_sidebar":"0","ocean_disable_margins":"enable","ocean_add_body_class":"","ocean_shortcode_before_top_bar":"","ocean_shortcode_after_top_bar":"","ocean_shortcode_before_header":"","ocean_shortcode_after_header":"","ocean_has_shortcode":"","ocean_shortcode_after_title":"","ocean_shortcode_before_footer_widgets":"","ocean_shortcode_after_footer_widgets":"","ocean_shortcode_before_footer_bottom":"","ocean_shortcode_after_footer_bottom":"","ocean_display_top_bar":"default","ocean_display_header":"default","ocean_header_style":"","ocean_center_header_left_menu":"0","ocean_custom_header_template":"0","ocean_custom_logo":0,"ocean_custom_retina_logo":0,"ocean_custom_logo_max_width":0,"ocean_custom_logo_tablet_max_width":0,"ocean_custom_logo_mobile_max_width":0,"ocean_custom_logo_max_height":0,"ocean_custom_logo_tablet_max_height":0,"ocean_custom_logo_mobile_max_height":0,"ocean_header_custom_menu":"0","ocean_menu_typo_font_family":"0","ocean_menu_typo_font_subset":"","ocean_menu_typo_font_size":0,"ocean_menu_typo_font_size_tablet":0,"ocean_menu_typo_font_size_mobile":0,"ocean_menu_typo_font_size_unit":"px","ocean_menu_typo_font_weight":"","ocean_menu_typo_font_weight_tablet":"","ocean_menu_typo_font_weight_mobile":"","ocean_menu_typo_transform":"","ocean_menu_typo_transform_tablet":"","ocean_menu_typo_transform_mobile":"","ocean_menu_typo_line_height":0,"ocean_menu_typo_line_height_tablet":0,"ocean_menu_typo_line_height_mobile":0,"ocean_menu_typo_line_height_unit":"","ocean_menu_typo_spacing":0,"ocean_menu_typo_spacing_tablet":0,"ocean_menu_typo_spacing_mobile":0,"ocean_menu_typo_spacing_unit":"","ocean_menu_link_color":"","ocean_menu_link_color_hover":"","ocean_menu_link_color_active":"","ocean_menu_link_background":"","ocean_menu_link_hover_background":"","ocean_menu_link_active_background":"","ocean_menu_social_links_bg":"","ocean_menu_social_hover_links_bg":"","ocean_menu_social_links_color":"","ocean_menu_social_hover_links_color":"","ocean_disable_title":"default","ocean_disable_heading":"default","ocean_post_title":"","ocean_post_subheading":"","ocean_post_title_style":"","ocean_post_title_background_color":"","ocean_post_title_background":0,"ocean_post_title_bg_image_position":"","ocean_post_title_bg_image_attachment":"","ocean_post_title_bg_image_repeat":"","ocean_post_title_bg_image_size":"","ocean_post_title_height":0,"ocean_post_title_bg_overlay":0.5,"ocean_post_title_bg_overlay_color":"","ocean_disable_breadcrumbs":"default","ocean_breadcrumbs_color":"","ocean_breadcrumbs_separator_color":"","ocean_breadcrumbs_links_color":"","ocean_breadcrumbs_links_hover_color":"","ocean_display_footer_widgets":"default","ocean_display_footer_bottom":"default","ocean_custom_footer_template":"0","footnotes":""},"class_list":["post-25792","page","type-page","status-publish","hentry","entry"],"_links":{"self":[{"href":"https:\/\/lajes.rn.gov.br\/transparente\/index\/wp-json\/wp\/v2\/pages\/25792","targetHints":{"allow":["GET"]}}],"collection":[{"href":"https:\/\/lajes.rn.gov.br\/transparente\/index\/wp-json\/wp\/v2\/pages"}],"about":[{"href":"https:\/\/lajes.rn.gov.br\/transparente\/index\/wp-json\/wp\/v2\/types\/page"}],"author":[{"embeddable":true,"href":"https:\/\/lajes.rn.gov.br\/transparente\/index\/wp-json\/wp\/v2\/users\/3"}],"replies":[{"embeddable":true,"href":"https:\/\/lajes.rn.gov.br\/transparente\/index\/wp-json\/wp\/v2\/comments?post=25792"}],"version-history":[{"count":3,"href":"https:\/\/lajes.rn.gov.br\/transparente\/index\/wp-json\/wp\/v2\/pages\/25792\/revisions"}],"predecessor-version":[{"id":36740,"href":"https:\/\/lajes.rn.gov.br\/transparente\/index\/wp-json\/wp\/v2\/pages\/25792\/revisions\/36740"}],"wp:attachment":[{"href":"https:\/\/lajes.rn.gov.br\/transparente\/index\/wp-json\/wp\/v2\/media?parent=25792"}],"curies":[{"name":"wp","href":"https:\/\/api.w.org\/{rel}","templated":true}]}}